{"id":131222,"date":"2021-09-06T07:00:00","date_gmt":"2021-09-06T10:00:00","guid":{"rendered":"https:\/\/sme.goiania.go.gov.br\/conexaoescola\/?post_type=ensino_fundamental&#038;p=131222"},"modified":"2021-11-25T10:52:29","modified_gmt":"2021-11-25T12:52:29","slug":"brincadeiras-e-jogos-2","status":"publish","type":"ensino_fundamental","link":"https:\/\/sme.goiania.go.gov.br\/conexaoescola\/ensino_fundamental\/brincadeiras-e-jogos-2\/","title":{"rendered":"Educa\u00e7\u00e3o F\u00edsica &#8211; Brincadeiras e Jogos"},"content":{"rendered":"\n<p class=\"has-medium-font-size\">Ol\u00e1, crian\u00e7as, tudo bem com voc\u00eas? Espero que estejam bem e animadas para brincar.<\/p>\n\n\n\n<hr class=\"wp-block-separator\"\/>\n\n\n\n<h2 class=\"has-pale-pink-background-color has-background wp-block-heading\"><strong>Atividade 1: Constru\u00e7\u00e3o do jogo das cores ou tapete do movimento.<\/strong><\/h2>\n\n\n\n<p class=\"has-medium-font-size\">Para essa atividade necessitamos da presen\u00e7a e ajuda de um adulto. Nessa atividade vamos aprender brincando com o jogo das cores ou tapete do movimento. O Jogo das cores \u00e9 uma forma de realizar exerc\u00edcio com toda fam\u00edlia. Essa brincadeira tem como objetivo trabalhar as cores, aten\u00e7\u00e3o, concentra\u00e7\u00e3o, estrat\u00e9gia, agilidade, racioc\u00ednio e a coordena\u00e7\u00e3o motora ampla.<\/p>\n\n\n\n<figure class=\"wp-block-image\"><img decoding=\"async\" src=\"https:\/\/lh6.googleusercontent.com\/0yYVhGpncKynmuwyBwPzSBHo88ajz7nYPo93Xm5XGNt17m4VLoUhHMJ07YSdTNAJQmA8goo1aY3do8qyxfgZZc-1if00lyFcDu3VzkZ-GRKmL30qwUpNTztnR6y38AFAcU7quFo=s0\" alt=\"\"\/><figcaption>Fonte: https:\/\/aldeiadospequeninos.blogs.sapo.pt\/20190.html<\/figcaption><\/figure>\n\n\n\n<p class=\"has-medium-font-size\">Ser\u00e1 que conseguiremos fazer o tapete do movimento? Ent\u00e3o vamos l\u00e1, para isso necessitamos de criatividade, coragem, paci\u00eancia e alguns materiais alternativos como folha de caderno, papel\u00e3o, l\u00e1pis de cor, giz de cera ou canetinha! Lembrando que todo o material utilizado ser\u00e1 de acordo com sua disponibilidade em casa.<\/p>\n\n\n\n<p class=\"has-medium-font-size\">1\u00ba Pegar 4 folhas ou 4 papel\u00f5es em formato de quadrado;&nbsp;<\/p>\n\n\n\n<p class=\"has-medium-font-size\">2\u00ba Colorir cada quadrado com uma das cores indicadas na imagem do tapete do movimento: vermelho, verde, azul e amarelo.<\/p>\n\n\n\n<p class=\"has-medium-font-size\">3\u00ba Monte o tapete do movimento seguindo a sequ\u00eancia das cores conforme a imagem acima.&nbsp;<\/p>\n\n\n\n<p class=\"has-medium-font-size\">4\u00ba Ligue o celular ou TV no v\u00eddeo sugerido do Jogo das cores. (ver no link disponibilizado)&nbsp;<\/p>\n\n\n\n<p class=\"has-medium-font-size\">5\u00ba Pronto agora \u00e9 s\u00f3 ir se divertir.<\/p>\n\n\n\n<p class=\"has-medium-font-size\">Lembre-se, esse tapete do movimento \u00e9 somente uma ideia, existem v\u00e1rias maneiras de se construir o jogo das cores, caso saiba alguma compartilhe com seu professor. Voc\u00ea poder\u00e1 utilizar 1 tapete de cada cor (azul, amarelo, vermelho e verde), caso n\u00e3o tenha pode ser feito com folha de papel pintada com as mesmas cores ou at\u00e9 mesmo 4 objetos que representem essas cores.<\/p>\n\n\n\n<hr class=\"wp-block-separator\"\/>\n\n\n\n<h2 class=\"has-pale-cyan-blue-background-color has-background wp-block-heading\"><strong>Atividade 2:&nbsp; Viv\u00eancia pr\u00e1tica do jogo das cores com v\u00eddeos.<\/strong><\/h2>\n\n\n\n<p class=\"has-medium-font-size\">Agora que constru\u00edmos o tapete do movimento vamos mont\u00e1-lo no ch\u00e3o e colocar o v\u00eddeo sugerido para rodar e se divertir. O ideal \u00e9 que algum adulto oriente a crian\u00e7a durante a atividade ajudando nos comandos mais r\u00e1pidos falando as cores que a crian\u00e7a precisar\u00e1 pular junto com o movimento da m\u00fasica.&nbsp;<\/p>\n\n\n\n<p class=\"has-medium-font-size\">O objetivo da brincadeira \u00e9 a crian\u00e7a pular na dire\u00e7\u00e3o da cor que o v\u00eddeo &#8220;tapete do movimento&#8221; est\u00e1 indicando.&nbsp;<\/p>\n\n\n\n<p class=\"has-medium-font-size\">Quando o v\u00eddeo mostrar uma cor (pule com os dois p\u00e9s) e ao aparecer duas cores (pula-se com um p\u00e9 em cada).&nbsp;<\/p>\n\n\n\n<p class=\"has-medium-font-size\">Se a crian\u00e7a for fazer com os tapetes ou as folhas ou papel\u00e3o pintados, a mesma pode pular em cima das cores representadas no v\u00eddeo, por\u00e9m, caso ela fa\u00e7a com os objetos, ao inv\u00e9s de pular em cima, vai pular na dire\u00e7\u00e3o do objeto com a cor correspondente indicada no v\u00eddeo.<\/p>\n\n\n\n<p class=\"has-medium-font-size\">O objetivo do jogo das cores ser\u00e1 passar por todos os n\u00edveis de movimento, pisando nas cores destacadas, de acordo com a indica\u00e7\u00e3o do v\u00eddeo! Se errar precisar\u00e1 voltar para o in\u00edcio do n\u00edvel em que estiver! Poder\u00e1 brincar sozinho ou desafiando algum outro participante.<\/p>\n\n\n\n<p>Assistam aos v\u00eddeos com o jogo das cores: <\/p>\n\n\n\n<figure class=\"wp-block-embed is-type-video is-provider-youtube wp-block-embed-youtube wp-embed-aspect-4-3 wp-has-aspect-ratio\"><div class=\"wp-block-embed__wrapper\">\n<p class=\"responsive-video-wrap clr\"><iframe title=\"TAPETE DO MOVIMENTO (JOGO DAS CORES)\" width=\"1200\" height=\"900\" src=\"https:\/\/www.youtube.com\/embed\/SWgL1jCiXKk?feature=oembed\" frameborder=\"0\" allow=\"accelerometer; autoplay; clipboard-write; encrypted-media; gyroscope; picture-in-picture\" allowfullscreen><\/iframe><\/p>\n<\/div><figcaption>&#8220;TAPETE DO MOVIMENTO (JOGO DAS CORES)&#8221; &#8211; Canal: <a href=\"https:\/\/www.youtube.com\/channel\/UCMXK7h4dnC-viFKW32qet-Q\">CELF Professores<\/a> &#8211; Link: https:\/\/www.youtube.com\/watch?v=SWgL1jCiXKk<\/figcaption><\/figure>\n\n\n\n<figure class=\"wp-block-embed is-type-video is-provider-youtube wp-block-embed-youtube wp-embed-aspect-16-9 wp-has-aspect-ratio\"><div class=\"wp-block-embed__wrapper\">\n<p class=\"responsive-video-wrap clr\"><iframe title=\"Tapete do movimento - Baby Shark\" width=\"1200\" height=\"675\" src=\"https:\/\/www.youtube.com\/embed\/MJtoUwP2xi0?feature=oembed\" frameborder=\"0\" allow=\"accelerometer; autoplay; clipboard-write; encrypted-media; gyroscope; picture-in-picture\" allowfullscreen><\/iframe><\/p>\n<\/div><figcaption>&#8220;Tapete do movimento &#8211; Baby Shark&#8221; &#8211; Canal: <a href=\"https:\/\/www.youtube.com\/channel\/UC_JrXjGA5y3cSJRZ9FFfERg\">Her\u00f3is da Educa\u00e7\u00e3o<\/a> &#8211; Link: https:\/\/www.youtube.com\/watch?v=MJtoUwP2xi0<\/figcaption><\/figure>\n\n\n\n<p class=\"has-medium-font-size\">Aproveitem esse momento de descontra\u00e7\u00e3o com a fam\u00edlia e amigos e boa divers\u00e3o.<\/p>\n\n\n\n<hr class=\"wp-block-separator\"\/>\n\n\n\n<figure class=\"wp-block-table alignfull\"><table><tbody><tr><td>Proponentes &#8211; Professores<\/td><td>Fabr\u00edcio Paes da Silva<\/td><\/tr><tr><td>Institui\u00e7\u00e3o Educacional<\/td><td>Escola Municipal Castorina Bittencourt Alves&nbsp;<\/td><\/tr><tr><td>CRE<\/td><td>Brasil Di Ramos Caiado<\/td><\/tr><tr><td>Refer\u00eancias &#8211; Texto elaborado com fins pedag\u00f3gicos.<\/td><td>Figura 1 : <a href=\"https:\/\/aldeiadospequeninos.blogs.sapo.pt\/20190.html\">https:\/\/aldeiadospequeninos.blogs.sapo.pt\/20190.html<\/a><br>V\u00eddeo 2 &#8211; https:\/\/www.youtube.com\/watch?v=MJtoUwP2xi0<\/td><\/tr><\/tbody><\/table><\/figure>\n\n\n\n<figure class=\"wp-block-table alignfull\"><table><tbody><tr><td>Ciclo da Inf\u00e2ncia\/Ciclo da Adolesc\u00eancia ou EAJA<\/td><td>Ciclo da Inf\u00e2ncia<\/td><\/tr><tr><td>Turma\/Agrupamento<\/td><td>B<\/td><\/tr><tr><td>Componente Curricular:<\/td><td>Educa\u00e7\u00e3o F\u00edsica<\/td><\/tr><tr><td>Ciclo da Inf\u00e2ncia e Adolesc\u00eancia: <br>Habilidade estruturante <br>Habilidades Complementares<br>EAJA:<br>Objetivos de Aprendizagem e Desenvolvimento<\/td><td><strong>Habilidade estruturante;<\/strong> <br>(GO-EF02EF01) Vivenciar, fruir e recriar diferentes brinquedos, brincadeiras e jogos da cultura popular, de diferentes caracter\u00edsticas, principalmente as cooperativas presentes no contexto comunit\u00e1rio e regional, reconhecendo e respeitando as diferen\u00e7as individuais.<br><strong>Habilidades Complementares:<\/strong><br>(GO-EF02EF03) Propor estrat\u00e9gias para resolver desafios de brinquedos, brincadeiras e jogos populares do contexto comunit\u00e1rio e regional, com base no reconhecimento das caracter\u00edsticas dessas pr\u00e1ticas.<\/td><\/tr><tr><td>Tem\u00e1tica<\/td><td>Brincadeiras e Jogos<\/td><\/tr><\/tbody><\/table><\/figure>\n\n\n\n<p><\/p>\n","protected":false},"author":28,"featured_media":131241,"template":"","ef_categoria":[13,17],"ef_ano":[85],"ef_componente":[97],"class_list":["post-131222","ensino_fundamental","type-ensino_fundamental","status-publish","has-post-thumbnail","hentry","ef_categoria-ciclo-da-infancia-abc","ef_categoria-corpo-e-movimento","ef_ano-2o-ano","ef_componente-educacao-fisica","entry","has-media"],"acf":[],"_links":{"self":[{"href":"https:\/\/sme.goiania.go.gov.br\/conexaoescola\/wp-json\/wp\/v2\/ensino_fundamental\/131222","targetHints":{"allow":["GET"]}}],"collection":[{"href":"https:\/\/sme.goiania.go.gov.br\/conexaoescola\/wp-json\/wp\/v2\/ensino_fundamental"}],"about":[{"href":"https:\/\/sme.goiania.go.gov.br\/conexaoescola\/wp-json\/wp\/v2\/types\/ensino_fundamental"}],"author":[{"embeddable":true,"href":"https:\/\/sme.goiania.go.gov.br\/conexaoescola\/wp-json\/wp\/v2\/users\/28"}],"version-history":[{"count":0,"href":"https:\/\/sme.goiania.go.gov.br\/conexaoescola\/wp-json\/wp\/v2\/ensino_fundamental\/131222\/revisions"}],"wp:featuredmedia":[{"embeddable":true,"href":"https:\/\/sme.goiania.go.gov.br\/conexaoescola\/wp-json\/wp\/v2\/media\/131241"}],"wp:attachment":[{"href":"https:\/\/sme.goiania.go.gov.br\/conexaoescola\/wp-json\/wp\/v2\/media?parent=131222"}],"wp:term":[{"taxonomy":"ef_categoria","embeddable":true,"href":"https:\/\/sme.goiania.go.gov.br\/conexaoescola\/wp-json\/wp\/v2\/ef_categoria?post=131222"},{"taxonomy":"ef_ano","embeddable":true,"href":"https:\/\/sme.goiania.go.gov.br\/conexaoescola\/wp-json\/wp\/v2\/ef_ano?post=131222"},{"taxonomy":"ef_componente","embeddable":true,"href":"https:\/\/sme.goiania.go.gov.br\/conexaoescola\/wp-json\/wp\/v2\/ef_componente?post=131222"}],"curies":[{"name":"wp","href":"https:\/\/api.w.org\/{rel}","templated":true}]}}