{"id":131205,"date":"2021-09-06T07:00:00","date_gmt":"2021-09-06T10:00:00","guid":{"rendered":"https:\/\/sme.goiania.go.gov.br\/conexaoescola\/?post_type=ensino_fundamental&#038;p=131205"},"modified":"2022-04-20T09:57:40","modified_gmt":"2022-04-20T12:57:40","slug":"da-destruicao-de-uma-arvore-a-arte-em-madeira","status":"publish","type":"ensino_fundamental","link":"https:\/\/sme.goiania.go.gov.br\/conexaoescola\/ensino_fundamental\/da-destruicao-de-uma-arvore-a-arte-em-madeira\/","title":{"rendered":"Arte &#8211; Da destrui\u00e7\u00e3o de uma \u00e1rvore, \u00e0 arte em madeira!"},"content":{"rendered":"\n<p class=\"has-drop-cap has-black-color has-text-color has-background has-medium-font-size\" style=\"background-color:#a4d8f9\">Ol\u00e1!<br>Tubo bem com voc\u00ea?<br>Hoje voc\u00ea ir\u00e1 conhecer mais um artista brasileiro, voc\u00ea j\u00e1 ouviu falar em C\u00edcero Alves dos Santos?<br>Ele \u00e9 mais conhecido como \u201cV\u00e9io\u201d, esse artista nasceu e cresceu em Sergipe, ele \u00e9 um agricultor, que pega os troncos das \u00e1rvores, que foram desmatadas e criar esculturas delas. \u00c9 muito interessante!!<br>Convido voc\u00ea a conhecer um pouco sobre esse brasileiro, que usa a sua criatividade para ajudar um pouco o meio ambiente.<br>Lembrando!!<br>Ele n\u00e3o derruba \u00e1rvores para fazer o seu trabalho. Vamos l\u00e1!!<\/p>\n\n\n\n<p class=\"has-black-color has-light-green-cyan-background-color has-text-color has-background has-medium-font-size\"><strong>ATIVIDADE 1<\/strong><\/p>\n\n\n\n<p class=\"has-black-color has-text-color has-medium-font-size\">&nbsp;\u201cO artista C\u00edcero Alves dos Santos transforma os galhos secos da caatinga de Sergipe em obras de arte, que j\u00e1 cruzaram o oceano\u201d.<\/p>\n\n\n\n<p class=\"has-black-color has-text-color has-medium-font-size\">Assista ao v\u00eddeo, para voc\u00ea saber mais sobre \u201cV\u00e9io,\u201d e o motivo dessa frase.&nbsp;<\/p>\n\n\n\n<p><strong>\u201cMUSEU DO SERT\u00c3O<\/strong>\u201d:<\/p>\n\n\n\n<figure class=\"wp-block-embed is-type-video is-provider-youtube wp-block-embed-youtube wp-embed-aspect-4-3 wp-has-aspect-ratio\"><div class=\"wp-block-embed__wrapper\">\n<p class=\"responsive-video-wrap clr\"><iframe title=\"MUSEU DO SERT\u00c3O\" width=\"1200\" height=\"900\" src=\"https:\/\/www.youtube.com\/embed\/yB0PAV2ecno?feature=oembed\" frameborder=\"0\" allow=\"accelerometer; autoplay; clipboard-write; encrypted-media; gyroscope; picture-in-picture\" allowfullscreen><\/iframe><\/p>\n<\/div><\/figure>\n\n\n\n<p class=\"has-black-color has-text-color has-background has-medium-font-size\" style=\"background-color:#9ed4f6\">O que voc\u00ea achou do trabalho desse artista brasileiro? Escreva um pequeno texto contando o que voc\u00ea achou de interessante no v\u00eddeo?<\/p>\n\n\n\n<div class=\"wp-block-image\"><figure class=\"aligncenter size-large\"><img fetchpriority=\"high\" decoding=\"async\" width=\"640\" height=\"480\" src=\"https:\/\/sme.goiania.go.gov.br\/conexaoescola\/wp-content\/uploads\/2021\/09\/00GTS5W6-e1630499964396.jpg\" alt=\"\" class=\"wp-image-131209\" srcset=\"https:\/\/sme.goiania.go.gov.br\/conexaoescola\/wp-content\/uploads\/2021\/09\/00GTS5W6-e1630499964396.jpg 640w, https:\/\/sme.goiania.go.gov.br\/conexaoescola\/wp-content\/uploads\/2021\/09\/00GTS5W6-e1630499964396-300x225.jpg 300w\" sizes=\"(max-width: 640px) 100vw, 640px\" \/><figcaption><a href=\"http:\/\/static.glamurama.uol.com.br\/2015\/04\/tamanhho-casa-2.jpg\" data-type=\"URL\" data-id=\"http:\/\/static.glamurama.uol.com.br\/2015\/04\/tamanhho-casa-2.jpg\" target=\"_blank\" rel=\"noreferrer noopener\">Fonte<\/a><\/figcaption><\/figure><\/div>\n\n\n\n<div class=\"wp-block-image\"><figure class=\"aligncenter size-large\"><img decoding=\"async\" width=\"640\" height=\"480\" src=\"https:\/\/sme.goiania.go.gov.br\/conexaoescola\/wp-content\/uploads\/2021\/09\/00WF2D3SX-e1630500108984.jpg\" alt=\"\" class=\"wp-image-131210\" srcset=\"https:\/\/sme.goiania.go.gov.br\/conexaoescola\/wp-content\/uploads\/2021\/09\/00WF2D3SX-e1630500108984.jpg 640w, https:\/\/sme.goiania.go.gov.br\/conexaoescola\/wp-content\/uploads\/2021\/09\/00WF2D3SX-e1630500108984-300x225.jpg 300w\" sizes=\"(max-width: 640px) 100vw, 640px\" \/><figcaption><a href=\"http:\/\/static.glamurama.uol.com.br\/2015\/04\/tamanhho-casa-2.jpg\" data-type=\"URL\" data-id=\"http:\/\/static.glamurama.uol.com.br\/2015\/04\/tamanhho-casa-2.jpg\" target=\"_blank\" rel=\"noreferrer noopener\">Fonte<\/a><\/figcaption><\/figure><\/div>\n\n\n\n<p class=\"has-black-color has-luminous-vivid-orange-background-color has-text-color has-background has-medium-font-size\"><strong>ATIVIDADE 2<\/strong><\/p>\n\n\n\n<p class=\"has-black-color has-text-color has-medium-font-size\">Assista ao v\u00eddeo, para voc\u00ea saber mais sobre \u201cV\u00e9io, &#8211; &nbsp;Escultor V\u00e9io no Ita\u00fa Cultural &#8211; Fique Ligado\u201d.<\/p>\n\n\n\n<figure class=\"wp-block-embed is-type-video is-provider-youtube wp-block-embed-youtube wp-embed-aspect-16-9 wp-has-aspect-ratio\"><div class=\"wp-block-embed__wrapper\">\nhttps:\/\/www.youtube.com\/watch?v=clLCvKIC8lE&#038;ab_channel=SarahQuines\n<\/div><\/figure>\n\n\n\n<p class=\"has-black-color has-text-color has-medium-font-size\">Observe a frase, \u201cm\u00e3os que transformam\u201d, ela foi criada pelo agricultor e artes\u00e3o C\u00edcero Alves dos Santos \u2013 o V\u00e9io. Ao analisar a frase e o v\u00eddeo percebe-se que al\u00e9m das m\u00e3os criarem algo grandioso, elas tamb\u00e9m podem destruir. Em sua opini\u00e3o, se as pessoas em vez de destru\u00edrem a natureza, elas tivessem a atitude de preservar, voc\u00ea acha que daria para viver sem desmatar as \u00e1rvores?&nbsp; Explique a sua opini\u00e3o.<\/p>\n\n\n\n<p class=\"has-black-color has-pale-pink-background-color has-text-color has-background has-medium-font-size\"><strong>ATIVIDADE 3<\/strong><\/p>\n\n\n\n<p class=\"has-black-color has-text-color has-medium-font-size\">O Brasil \u00e9 um pa\u00eds que t\u00eam muitos artistas criativos e muito bons. A arte em decorar com simplicidade \u00e9 uma das caracter\u00edsticas da idade contempor\u00e2nea, e com isso, vem cada vez mais reutilizando pe\u00e7as para compor e decorar esses ambientes. Muitas dessas obras s\u00e3o talhadas a m\u00e3o, que vem do norte do Amazonas, ao sert\u00e3o nordestino, sem contar que muitos artistas s\u00e3o aut\u00f4nomos, eles trazem na sua criatividade obras que conseguem decorar espa\u00e7os em harmonia que fica bonito.<\/p>\n\n\n\n<p class=\"has-black-color has-text-color has-medium-font-size\"><strong>Observe, a arte popular, como fica legal para decorar:<\/strong><\/p>\n\n\n\n<p class=\"has-black-color has-text-color has-medium-font-size\"><strong>Essas a escultura do C\u00edcero Alves dos Santos \u201cV\u00e9io\u201d.<\/strong><\/p>\n\n\n\n<figure class=\"wp-block-gallery columns-3 is-cropped wp-block-gallery-1 is-layout-flex wp-block-gallery-is-layout-flex\"><ul class=\"blocks-gallery-grid\"><li class=\"blocks-gallery-item\"><figure><img decoding=\"async\" width=\"710\" height=\"430\" src=\"https:\/\/sme.goiania.go.gov.br\/conexaoescola\/wp-content\/uploads\/2021\/09\/00FS5X6S3-e1630502756578.jpg\" alt=\"\" data-id=\"131219\" data-full-url=\"https:\/\/sme.goiania.go.gov.br\/conexaoescola\/wp-content\/uploads\/2021\/09\/00FS5X6S3-e1630502756578.jpg\" data-link=\"https:\/\/sme.goiania.go.gov.br\/conexaoescola\/?attachment_id=131219\" class=\"wp-image-131219\" srcset=\"https:\/\/sme.goiania.go.gov.br\/conexaoescola\/wp-content\/uploads\/2021\/09\/00FS5X6S3-e1630502756578.jpg 710w, https:\/\/sme.goiania.go.gov.br\/conexaoescola\/wp-content\/uploads\/2021\/09\/00FS5X6S3-e1630502756578-300x182.jpg 300w\" sizes=\"(max-width: 710px) 100vw, 710px\" \/><\/figure><\/li><li class=\"blocks-gallery-item\"><figure><img loading=\"lazy\" decoding=\"async\" width=\"710\" height=\"430\" src=\"https:\/\/sme.goiania.go.gov.br\/conexaoescola\/wp-content\/uploads\/2021\/09\/00FWS5X66-e1630502749979.jpg\" alt=\"\" data-id=\"131220\" data-full-url=\"https:\/\/sme.goiania.go.gov.br\/conexaoescola\/wp-content\/uploads\/2021\/09\/00FWS5X66-e1630502749979.jpg\" data-link=\"https:\/\/sme.goiania.go.gov.br\/conexaoescola\/?attachment_id=131220\" class=\"wp-image-131220\" srcset=\"https:\/\/sme.goiania.go.gov.br\/conexaoescola\/wp-content\/uploads\/2021\/09\/00FWS5X66-e1630502749979.jpg 710w, https:\/\/sme.goiania.go.gov.br\/conexaoescola\/wp-content\/uploads\/2021\/09\/00FWS5X66-e1630502749979-300x182.jpg 300w\" sizes=\"(max-width: 710px) 100vw, 710px\" \/><\/figure><\/li><li class=\"blocks-gallery-item\"><figure><img loading=\"lazy\" decoding=\"async\" width=\"710\" height=\"430\" src=\"https:\/\/sme.goiania.go.gov.br\/conexaoescola\/wp-content\/uploads\/2021\/09\/00MN23D6-e1630502741322.jpg\" alt=\"\" data-id=\"131221\" data-full-url=\"https:\/\/sme.goiania.go.gov.br\/conexaoescola\/wp-content\/uploads\/2021\/09\/00MN23D6-e1630502741322.jpg\" data-link=\"https:\/\/sme.goiania.go.gov.br\/conexaoescola\/?attachment_id=131221\" class=\"wp-image-131221\" srcset=\"https:\/\/sme.goiania.go.gov.br\/conexaoescola\/wp-content\/uploads\/2021\/09\/00MN23D6-e1630502741322.jpg 710w, https:\/\/sme.goiania.go.gov.br\/conexaoescola\/wp-content\/uploads\/2021\/09\/00MN23D6-e1630502741322-300x182.jpg 300w\" sizes=\"(max-width: 710px) 100vw, 710px\" \/><\/figure><\/li><\/ul><figcaption class=\"blocks-gallery-caption\">Em Belo Horizonte, as obras de V\u00e9io s\u00e3o representadas pela galeria Orlando Lemos. <a rel=\"noreferrer noopener\" href=\"https:\/\/www.liderinteriores.com.br\/blog\/arte-popular-para-decorar\/\" data-type=\"URL\" data-id=\"https:\/\/www.liderinteriores.com.br\/blog\/arte-popular-para-decorar\/\" target=\"_blank\">Fonte<\/a><\/figcaption><\/figure>\n\n\n\n<div style=\"height:41px\" aria-hidden=\"true\" class=\"wp-block-spacer\"><\/div>\n\n\n\n<p class=\"has-white-color has-text-color has-background has-medium-font-size\" style=\"background-color:#803d02\">Muito legal, n\u00e3o \u00e9 verdade?! O desafio agora \u00e9 com voc\u00ea, que tal, voc\u00ea pesquisar mais sobre esse artista e escrever o que voc\u00ea descobriu. Agora m\u00e3os \u00e0 obra!<\/p>\n\n\n\n<hr class=\"wp-block-separator is-style-wide\"\/>\n\n\n\n<figure class=\"wp-block-table alignfull is-style-stripes\"><table><tbody><tr><td><strong>Proponentes &#8211; Professores<\/strong><\/td><td>Eliane Rodrigues Montalv\u00e3o<\/td><\/tr><tr><td><strong>Institui\u00e7\u00e3o Educacional<\/strong><\/td><td>Escola Santa Rita de C\u00e1ssia<\/td><\/tr><tr><td><strong>CRE<\/strong><\/td><td>Brasil de Ramos<\/td><\/tr><tr><td><strong>Refer\u00eancias<\/strong><\/td><td><a rel=\"noreferrer noopener\" href=\"http:\/\/lounge.obviousmag.org\/abismo\/2012\/12\/a-mao-de-veio-a-estetica-do-alto-sertao.html\" target=\"_blank\">http:\/\/lounge.obviousmag.org\/abismo\/2012\/12\/a-mao-de-veio-a-estetica-do-alto-sertao.html<\/a><br><a rel=\"noreferrer noopener\" href=\"https:\/\/www.liderinteriores.com.br\/blog\/arte-popular-para-decorar\/\" target=\"_blank\">https:\/\/www.liderinteriores.com.br\/blog\/arte-popular-para-decorar\/<\/a><br><a rel=\"noreferrer noopener\" href=\"https:\/\/glamurama.uol.com.br\/marni-leva-para-veneza-obras-de-veio-artista-do-sertao-do-sergipe\/\" target=\"_blank\">https:\/\/glamurama.uol.com.br\/marni-leva-para-veneza-obras-de-veio-artista-do-sertao-do-sergipe\/<\/a><br><a rel=\"noreferrer noopener\" href=\"https:\/\/www.liderinteriores.com.br\/blog\/arte-popular-para-decorar\/\" target=\"_blank\">https:\/\/www.liderinteriores.com.br\/blog\/arte-popular-para-decorar\/<\/a><\/td><\/tr><\/tbody><\/table><\/figure>\n","protected":false},"author":33,"featured_media":131206,"template":"","ef_categoria":[14,22],"ef_ano":[87],"ef_componente":[99],"class_list":["post-131205","ensino_fundamental","type-ensino_fundamental","status-publish","has-post-thumbnail","hentry","ef_categoria-ciclo-da-infancia-de","ef_categoria-corpo-e-movimento-ciclo-da-infancia-de","ef_ano-4o-ano","ef_componente-arte-ef","entry","has-media"],"acf":[],"_links":{"self":[{"href":"https:\/\/sme.goiania.go.gov.br\/conexaoescola\/wp-json\/wp\/v2\/ensino_fundamental\/131205","targetHints":{"allow":["GET"]}}],"collection":[{"href":"https:\/\/sme.goiania.go.gov.br\/conexaoescola\/wp-json\/wp\/v2\/ensino_fundamental"}],"about":[{"href":"https:\/\/sme.goiania.go.gov.br\/conexaoescola\/wp-json\/wp\/v2\/types\/ensino_fundamental"}],"author":[{"embeddable":true,"href":"https:\/\/sme.goiania.go.gov.br\/conexaoescola\/wp-json\/wp\/v2\/users\/33"}],"version-history":[{"count":0,"href":"https:\/\/sme.goiania.go.gov.br\/conexaoescola\/wp-json\/wp\/v2\/ensino_fundamental\/131205\/revisions"}],"wp:featuredmedia":[{"embeddable":true,"href":"https:\/\/sme.goiania.go.gov.br\/conexaoescola\/wp-json\/wp\/v2\/media\/131206"}],"wp:attachment":[{"href":"https:\/\/sme.goiania.go.gov.br\/conexaoescola\/wp-json\/wp\/v2\/media?parent=131205"}],"wp:term":[{"taxonomy":"ef_categoria","embeddable":true,"href":"https:\/\/sme.goiania.go.gov.br\/conexaoescola\/wp-json\/wp\/v2\/ef_categoria?post=131205"},{"taxonomy":"ef_ano","embeddable":true,"href":"https:\/\/sme.goiania.go.gov.br\/conexaoescola\/wp-json\/wp\/v2\/ef_ano?post=131205"},{"taxonomy":"ef_componente","embeddable":true,"href":"https:\/\/sme.goiania.go.gov.br\/conexaoescola\/wp-json\/wp\/v2\/ef_componente?post=131205"}],"curies":[{"name":"wp","href":"https:\/\/api.w.org\/{rel}","templated":true}]}}