{"id":131129,"date":"2021-09-08T07:01:00","date_gmt":"2021-09-08T10:01:00","guid":{"rendered":"https:\/\/sme.goiania.go.gov.br\/conexaoescola\/?post_type=ensino_fundamental&#038;p=131129"},"modified":"2021-10-14T09:49:29","modified_gmt":"2021-10-14T12:49:29","slug":"geografia-continentes-oceanos-e-mares","status":"publish","type":"ensino_fundamental","link":"https:\/\/sme.goiania.go.gov.br\/conexaoescola\/ensino_fundamental\/geografia-continentes-oceanos-e-mares\/","title":{"rendered":"Geografia &#8211; Continentes, oceanos e mares."},"content":{"rendered":"\n<p class=\"has-black-color has-cyan-bluish-gray-background-color has-text-color has-background\" style=\"font-size:25px\"><em>Ol\u00e1, educando (a). Esta videoaula de <\/em><strong><em>Geografia<\/em><\/strong><em> foi veiculada na TV no dia <\/em><strong><em>08\/09\/2021 (Quarta-feira)<\/em><\/strong><em>. Aqui no Portal Conex\u00e3o Escola, ela est\u00e1 dispon\u00edvel juntamente com a proposta de atividade.<\/em><\/p>\n\n\n\n<p class=\"has-pale-cyan-blue-background-color has-background\" style=\"font-size:25px\">Na aula de hoje vamos reconhecer e localizar os continentes, oceanos e mares mundiais.<\/p>\n\n\n\n<figure class=\"wp-block-image size-large\"><img fetchpriority=\"high\" decoding=\"async\" width=\"960\" height=\"458\" src=\"https:\/\/sme.goiania.go.gov.br\/conexaoescola\/wp-content\/uploads\/2021\/08\/sea-6294175_960_720-e1630425085693.jpg\" alt=\"\" class=\"wp-image-131130\" srcset=\"https:\/\/sme.goiania.go.gov.br\/conexaoescola\/wp-content\/uploads\/2021\/08\/sea-6294175_960_720-e1630425085693.jpg 960w, https:\/\/sme.goiania.go.gov.br\/conexaoescola\/wp-content\/uploads\/2021\/08\/sea-6294175_960_720-e1630425085693-300x143.jpg 300w, https:\/\/sme.goiania.go.gov.br\/conexaoescola\/wp-content\/uploads\/2021\/08\/sea-6294175_960_720-e1630425085693-768x366.jpg 768w\" sizes=\"(max-width: 960px) 100vw, 960px\" \/><figcaption>Tem\u00e1tica &#8211; Continentes, oceanos e mares. Dispon\u00edvel em: &lt;pixabay.com\/photo&gt;. Acesso em: 20 de Agosto de 2021.<\/figcaption><\/figure>\n\n\n\n<hr class=\"wp-block-separator\"\/>\n\n\n\n<p class=\"has-text-align-center has-black-color has-pale-cyan-blue-background-color has-text-color has-background\" style=\"font-size:30px\"><strong>Assista a videoaula abaixo, com a tem\u00e1tica \u2013&nbsp;Geografia &#8211; Continentes, oceanos e mares.<\/strong><\/p>\n\n\n\n<figure class=\"wp-block-embed is-type-video is-provider-youtube wp-block-embed-youtube wp-embed-aspect-16-9 wp-has-aspect-ratio\"><div class=\"wp-block-embed__wrapper\">\n<p class=\"responsive-video-wrap clr\"><iframe title=\"8 ano   Geografia   08 09 21   Bloco 1\" width=\"1200\" height=\"675\" src=\"https:\/\/www.youtube.com\/embed\/aQGueyKTxXg?feature=oembed\" frameborder=\"0\" allow=\"accelerometer; autoplay; clipboard-write; encrypted-media; gyroscope; picture-in-picture\" allowfullscreen><\/iframe><\/p>\n<\/div><figcaption>AGRUPAMENTO H | 8\u00ba ANO | CICLO DA ADOLESC\u00caNCIA |GEOGRAFIA | PROF.: AILTON<\/figcaption><\/figure>\n\n\n\n<hr class=\"wp-block-separator\"\/>\n\n\n\n<p class=\"has-text-align-center has-black-color has-pale-cyan-blue-background-color has-text-color has-background\" style=\"font-size:30px\"><strong>Continentes<\/strong><\/p>\n\n\n\n<p class=\"has-black-color has-text-color\" style=\"font-size:25px\">Alguns cientistas apontam que a \u00e1rea da superf\u00edcie terrestre tem aproximadamente 511 milh\u00f5es de quil\u00f4metros quadrados, onde encontramos por\u00e7\u00f5es emersas e submersas. As terras emersas, que n\u00e3o est\u00e3o cobertas pelas \u00e1guas dos mares e oceanos correspondem a 29% da superf\u00edcie terrestre e as submersas ocupam 71%.&nbsp;<\/p>\n\n\n\n<p class=\"has-black-color has-text-color\" style=\"font-size:25px\">As massas continentais s\u00e3o as terras que n\u00e3o est\u00e3o cobertas pelas \u00e1guas dos oceanos e s\u00e3o onde a maioria dos seres humanos estabelecem as suas moradias, os diversos cursos e represas de \u00e1gua doce localizados nas placas continentais fazem parte das terras emersas. Atualmente o planeta Terra est\u00e1 dividido em seis continentes, levando em considera\u00e7\u00e3o crit\u00e9rios de localiza\u00e7\u00e3o geogr\u00e1fica e hist\u00f3rico- cultural.&nbsp; Veja:<\/p>\n\n\n\n<p class=\"has-text-align-center\"><img decoding=\"async\" src=\"https:\/\/lh6.googleusercontent.com\/NNddTUcy6X-ktEtaJHUsmSmyR2ile6nv6S0sAN8dhadpJYHspm3V7cYBcfVymHYBJ3Gml_DBll9WDNFAlK4lvAIwUg-2626pvt6HL1NVIIpi0E63QWu_ZejOdOgkvA=s0\" style=\"width: 1000px;\"><\/p>\n\n\n\n<p class=\"has-text-align-center\"><strong>Figura I:<\/strong> Continentes. <strong>Fonte:<\/strong> <em>Encyclop\u00e6dia Britannica, Inc.<\/em> <strong>Link:<\/strong><a href=\"https:\/\/cdn.britannica.com\/27\/145627-073-F6D53204.gif\">https:\/\/cdn.britannica.com\/27\/145627-073-F6D53204.gif<\/a><strong>.<\/strong><\/p>\n\n\n\n<p class=\"has-black-color has-text-color\" style=\"font-size:25px\">Na Figura I observamos os seis continentes: Am\u00e9rica, Europa, \u00c1frica, \u00c1sia, Oceania e Ant\u00e1rtida que tamb\u00e9m pode ser chamada de Ant\u00e1rtica. Destacamos que a Europa e \u00c1sia est\u00e3o conectadas formando uma \u00fanica massa de terras, \u00e9 como se a Europa fosse uma pen\u00ednsula (por\u00e7\u00e3o de terra em que apenas um dos seus limites n\u00e3o faz fronteira com o mar, e o liga a uma massa de terra maior) asi\u00e1tica, essa massa continental \u00e9 conhecida como Eur\u00e1sia que \u00e9 ligada \u00e0 \u00c1frica por uma estreita faixa de terra o istmo de Suez que foi cortado dando origem ao canal de Suez que permite a navega\u00e7\u00e3o entre o Mar Mediterr\u00e2neo e o Mar Vermelho.&nbsp;<\/p>\n\n\n\n<p class=\"has-black-color has-text-color\" style=\"font-size:25px\">Essa proposta de regionaliza\u00e7\u00e3o tamb\u00e9m considera aspectos hist\u00f3ricos e culturais. Europa, \u00c1sia e \u00c1frica apresentam povos, l\u00edngua, costumes e tradi\u00e7\u00f5es bem diferentes, sendo assim a Europa \u00e9 considerada um continente. H\u00e1 quem diga que essa separa\u00e7\u00e3o tamb\u00e9m \u00e9 pol\u00edtica, dada a influ\u00eancia da Europa que durante muitos anos abrigou pa\u00edses que dominaram a economia e a pol\u00edtica mundial extrapolando seus interesses para al\u00e9m das suas fronteiras.&nbsp;<\/p>\n\n\n\n<p class=\"has-black-color has-text-color\" style=\"font-size:25px\">Os continentes tamb\u00e9m podem ser regionalizados de acordo com a vis\u00e3o que os europeus tinham do mundo ao longo da hist\u00f3ria. Essa proposta \u00e9 euroc\u00eantrica, pois privilegia a Europa e desconsidera a hist\u00f3ria dos povos antes do contato com os europeus, os continentes s\u00e3o classificados de acordo com sua integra\u00e7\u00e3o ao \u201cmundo\u201d europeu e s\u00e3o divididos em Velho Mundo (Europa, \u00c1sia e \u00c1frica), Novo Mundo (Am\u00e9rica) e Nov\u00edssimo Mundo (Oceania e Ant\u00e1rtida).&nbsp;<\/p>\n\n\n\n<p class=\"has-text-align-center\"><img decoding=\"async\" src=\"https:\/\/lh6.googleusercontent.com\/rERaqGftDAWzm5nNybe4dBfx_PMbju3f87hY43O62pELQPiE08UFj14k9D9CuLXB6GYBDN6J6BldMUH2wuT3GnZA8QVte5CRVwHrdPbOj6XTcLktcU5717smNJMwZw=s0\" style=\"width: 1000px;\"><\/p>\n\n\n\n<p class=\"has-text-align-center\"><strong>Figura II:<\/strong> Mundo: continentes e oceanos. <strong>Fonte:<\/strong> ADAS, M; ADAS, S. <em>Expedi\u00e7\u00f5es Geogr\u00e1ficas: 8\u00b0 ano<\/em>. 3\u00b0 Edi\u00e7\u00e3o. S\u00e3o Paulo: Moderna, 2018. p. 14.<\/p>\n\n\n\n<p style=\"font-size:25px\">Levando em considera\u00e7\u00e3o o crit\u00e9rio geogr\u00e1fico- geol\u00f3gico, assim como podemos observar na Figura II, as terras emersas est\u00e3o dividas em quatro continentes: Americano, Ant\u00e1rtico, Oceania e Euro- Afro- Asi\u00e1tico. Os mapas mundiais dificilmente trazem a representa\u00e7\u00e3o das massas continentais com o crit\u00e9rio geogr\u00e1fico- geol\u00f3gico, como na maioria das vezes s\u00e3o mapas pol\u00edticos administrativos que apresentam a divis\u00e3o administrativa dos pa\u00edses que formam cada um dos continentes considerando a regionaliza\u00e7\u00e3o pelo fator hist\u00f3rico- cultural (Figura I).<\/p>\n\n\n\n<p class=\"has-text-align-center has-vivid-red-color has-text-color\" style=\"font-size:25px\"><strong>Oceanos<\/strong> <strong>e mares<\/strong><\/p>\n\n\n\n<p style=\"font-size:25px\">Oceano e mar n\u00e3o s\u00e3o a mesma coisa, ainda que frequentemente sejam utilizadas como sin\u00f4nimo. A principal diferen\u00e7a entre essas duas palavras est\u00e1 na profundidade e extens\u00e3o dos oceanos que s\u00e3o bem maiores que a dos mares, juntos correspondem a 71% da superf\u00edcie terrestre e est\u00e3o submersos pelas \u00e1guas salgadas.&nbsp;<\/p>\n\n\n\n<p style=\"font-size:25px\">Como podemos observar na Figura I o nosso planeta \u00e9 formado por 5 oceanos s\u00e3o eles: Oceano Pac\u00edfico (179,6 mil km\u00b2), Oceano Atl\u00e2ntico (92 mil km\u00b2), Oceano \u00cdndico (74,9 mil km\u00b2), Oceano Glacial \u00c1rtico (14 mil km\u00b2) e Oceano Ant\u00e1rtico.&nbsp; Em decorr\u00eancia da pequena extens\u00e3o e baixa profundidade alguns especialistas n\u00e3o consideram a exist\u00eancia do Oceano \u00c1rtico, assim como \u00e9 questionada a exist\u00eancia do Ant\u00e1rtico pelo fato de ser considerado uma extens\u00e3o dos oceanos Atl\u00e2ntico, Pac\u00edfico e \u00cdndico.<\/p>\n\n\n\n<p style=\"font-size:25px\">Os mares aparecem mais pr\u00f3ximos das massas continentais e diferente dos oceanos apresentam \u00e1gua com cor e temperatura diferentes. Podem ser classificados em <strong>mar aberto<\/strong> aqueles que possuem liga\u00e7\u00e3o direta com o oceano e <strong>mar interior ou continental <\/strong>caracterizado por estar ligado ao oceano por pequenos estreitos, os seus representantes mais conhecidos s\u00e3o o Mar Mediterr\u00e2neo e o Mar Vermelho. O territ\u00f3rio brasileiro \u00e9 banhado pelo Oceano Atl\u00e2ntico e n\u00e3o possui mar.&nbsp;<\/p>\n\n\n\n<p class=\"has-text-align-center has-black-color has-pale-cyan-blue-background-color has-text-color has-background\" style=\"font-size:30px\"><strong>Atividade&nbsp;<\/strong><\/p>\n\n\n\n<p style=\"font-size:25px\">Responda as quest\u00f5es abaixo e registre as respostas em seu caderno. Se poss\u00edvel, compartilhe com os colegas e professores.&nbsp;<\/p>\n\n\n\n<p style=\"font-size:25px\"><strong>Quest\u00e3o 1<\/strong> &#8211;&nbsp; Quais s\u00e3o os mares que banham o litoral brasileiro?&nbsp;<\/p>\n\n\n\n<p style=\"font-size:25px\"><strong>Quest\u00e3o 2<\/strong> &#8211;&nbsp; Observe a Figura I e aponte quais oceanos banham o continente americano.&nbsp;<\/p>\n\n\n\n<p style=\"font-size:25px\"><strong>Quest\u00e3o 3<\/strong> &#8211; Observe a Figura I e fa\u00e7a uma pesquisa sobre as caracter\u00edsticas sociais, econ\u00f4micas, hist\u00f3ricas, ambientais e culturais de cada continente.<\/p>\n\n\n\n<hr class=\"wp-block-separator\"\/>\n\n\n\n<figure class=\"wp-block-table\"><table><tbody><tr><td class=\"has-text-align-center\" data-align=\"center\"><strong>Habilidade estruturante:<\/strong>&nbsp;<\/td><td>(EF08GE18-A) Reconhecer e localizar os continentes, oceanos e mares mundiais.<\/td><\/tr><tr><td class=\"has-text-align-center\" data-align=\"center\"><strong>Refer\u00eancias:<\/strong><\/td><td>ADAS, M; ADAS, S.<em> Expedi\u00e7\u00f5es Geogr\u00e1ficas: 8\u00b0 ano<\/em>. 3\u00b0 Edi\u00e7\u00e3o. S\u00e3o Paulo: Moderna, 2018.&nbsp;&nbsp;<br><em>Continente<\/em>. 1 fot., color. In <em>Britannica Escola<\/em>. Web, 2021. Dispon\u00edvel em: &lt;<a href=\"https:\/\/escola.britannica.com.br\/artigo\/continente\/481047\/recursos\/149958\">https:\/\/escola.britannica.com.br\/artigo\/continente\/481047\/recursos\/149958<\/a>&gt;. Acesso em: 04 de agosto de 2021.<br><em>Continente<\/em>. In <em>Britannica Escola. <\/em>Web, 2021. Dispon\u00edvel em: &lt;<a href=\"https:\/\/escola.britannica.com.br\/artigo\/continente\/481047\">https:\/\/escola.britannica.com.br\/artigo\/continente\/481047<\/a>&gt;. Acesso em: 04 de agosto de 2021.<br>GRACCI, F.; MONNIER, E. <em>Quelle est la diff\u00e9rence entre une mer et un oc\u00e9an?<\/em>. Dispon\u00edvel em:&lt;https:\/\/www.science-et-vie.com\/questions-reponses\/quelle-est-la-difference-entre-une-mer-et-un-ocean-10127&gt;. Acesso em: 04 de agosto de 2021.<br>MESQUITA, J. L. <em>Mares e oceanos, voc\u00ea sabe qual a diferen\u00e7a?.<\/em> &nbsp; Dispon\u00edvel em:&lt;https:\/\/marsemfim.com.br\/mares-oceanos-voce-sabe-qual-diferenca\/&gt;. Acesso em: 04 de agosto de 2021.<\/td><\/tr><\/tbody><\/table><\/figure>\n","protected":false},"author":20,"featured_media":131130,"template":"","ef_categoria":[16,33],"ef_ano":[91],"ef_componente":[96],"class_list":["post-131129","ensino_fundamental","type-ensino_fundamental","status-publish","has-post-thumbnail","hentry","ef_categoria-ciclo-da-adolescencia-hi","ef_categoria-educacao-ambiental-e-saude-ciclo-da-adolescencia-hi","ef_ano-8o-ano","ef_componente-geografia","entry","has-media"],"acf":[],"_links":{"self":[{"href":"https:\/\/sme.goiania.go.gov.br\/conexaoescola\/wp-json\/wp\/v2\/ensino_fundamental\/131129","targetHints":{"allow":["GET"]}}],"collection":[{"href":"https:\/\/sme.goiania.go.gov.br\/conexaoescola\/wp-json\/wp\/v2\/ensino_fundamental"}],"about":[{"href":"https:\/\/sme.goiania.go.gov.br\/conexaoescola\/wp-json\/wp\/v2\/types\/ensino_fundamental"}],"author":[{"embeddable":true,"href":"https:\/\/sme.goiania.go.gov.br\/conexaoescola\/wp-json\/wp\/v2\/users\/20"}],"version-history":[{"count":0,"href":"https:\/\/sme.goiania.go.gov.br\/conexaoescola\/wp-json\/wp\/v2\/ensino_fundamental\/131129\/revisions"}],"wp:featuredmedia":[{"embeddable":true,"href":"https:\/\/sme.goiania.go.gov.br\/conexaoescola\/wp-json\/wp\/v2\/media\/131130"}],"wp:attachment":[{"href":"https:\/\/sme.goiania.go.gov.br\/conexaoescola\/wp-json\/wp\/v2\/media?parent=131129"}],"wp:term":[{"taxonomy":"ef_categoria","embeddable":true,"href":"https:\/\/sme.goiania.go.gov.br\/conexaoescola\/wp-json\/wp\/v2\/ef_categoria?post=131129"},{"taxonomy":"ef_ano","embeddable":true,"href":"https:\/\/sme.goiania.go.gov.br\/conexaoescola\/wp-json\/wp\/v2\/ef_ano?post=131129"},{"taxonomy":"ef_componente","embeddable":true,"href":"https:\/\/sme.goiania.go.gov.br\/conexaoescola\/wp-json\/wp\/v2\/ef_componente?post=131129"}],"curies":[{"name":"wp","href":"https:\/\/api.w.org\/{rel}","templated":true}]}}