{"id":131100,"date":"2021-09-01T10:04:19","date_gmt":"2021-09-01T13:04:19","guid":{"rendered":"https:\/\/sme.goiania.go.gov.br\/conexaoescola\/?post_type=ensino_fundamental&#038;p=131100"},"modified":"2021-11-16T11:35:08","modified_gmt":"2021-11-16T13:35:08","slug":"lingua-portuguesa-aprendendo-com-parlendas","status":"publish","type":"ensino_fundamental","link":"https:\/\/sme.goiania.go.gov.br\/conexaoescola\/ensino_fundamental\/lingua-portuguesa-aprendendo-com-parlendas\/","title":{"rendered":"L\u00cdNGUA PORTUGUESA &#8211; APRENDENDO COM PARLENDAS"},"content":{"rendered":"\n<p class=\"has-text-align-center has-white-color has-pale-pink-background-color has-text-color has-background\" style=\"font-size:22px\"><em><strong>OL\u00c1, EDUCANDO (A)! ESTA VIDEOAULA DE L\u00cdNGUA PORTUGUESA FOI VEICULADA NA TV NO DIA 02\/08\/2021 (SEGUNDA-FEIRA), AQUI NO PORTAL CONEX\u00c3O ESCOLA. ELA EST\u00c1 DISPON\u00cdVEL JUNTAMENTE COM A PROPOSTA DE ATIVIDADE.<\/strong><\/em><\/p>\n\n\n\n<p class=\"has-text-align-center\"><img fetchpriority=\"high\" decoding=\"async\" width=\"498\" height=\"282\" alt=\"C:\\Users\\Deise&amp;Branco\\Downloads\\english-1973908_1280 (1).png\" src=\"https:\/\/lh3.googleusercontent.com\/NDPaaAseOBgftUioChWFZs5bdR1jZ00AE6R3FYU5OvAQu2wDKGqfOzyPqGPe0YJT9fy5CdK-1kARv7VqipKirF-LLOjBaA1oPyrM76YeQKtYdmNXBUvJca6OT0ljTHPdqp88670=s0\"><\/p>\n\n\n\n<p class=\"has-text-align-center\" style=\"font-size:10px\">DISPON\u00cdVEL EM: PIXABAY. <a href=\"https:\/\/pixabay.com\/pt\/vectors\/ingl%C3%AAs-aprender-l%C3%ADngua-educa%C3%A7%C3%A3o-1973908\/\">https:\/\/pixabay.com\/pt\/vectors\/ingl%C3%AAs-aprender-l%C3%ADngua-educa%C3%A7%C3%A3o-1973908\/<\/a>. ACESSO EM 29 DE MAIO DE&nbsp; 2021. <\/p>\n\n\n\n<p class=\"has-text-align-center has-pale-cyan-blue-background-color has-background\" style=\"font-size:29px\">OL\u00c1, CRIAN\u00c7AS, TUDO BEM? PE\u00c7A AJUDA DE UM ADULTO PARA REALIZAR ESSA ATIVIDADE COM VOC\u00ca.<\/p>\n\n\n\n<p class=\"has-text-align-center has-luminous-vivid-amber-background-color has-background\" style=\"font-size:24px\"><strong>VOC\u00ca CONHECE ALGUMA PARLENDA? LEMBRA? HOJE \u00c9 DOMINGO, PEDE CACHIMBO&#8230; ISSO \u00c9 PARLENDA. ELAS FAZEM PARTE DA NOSSA TRADI\u00c7\u00c3O ORAL, QUANTO MAIS CANTAROLAR, MAS VAI BRINCAR! PODE CANTAR A PARLENDA ENQUANTO PULANDO CORDA, BRINCANDO DE RODA OU SE DIVERTINDO COM AS M\u00c3OS, ENTRE OUTROS.<\/strong><\/p>\n\n\n\n<p class=\"has-black-color has-light-green-cyan-background-color has-text-color has-background\" style=\"font-size:19px\">NESTA V\u00cdDEOAULA, VOC\u00ca VAI APRENDER UM POUCO SOBRE PARLENDAS. VAMOS L\u00c1?<\/p>\n\n\n\n<figure class=\"wp-block-embed aligncenter is-type-video is-provider-youtube wp-block-embed-youtube wp-embed-aspect-16-9 wp-has-aspect-ratio\"><div class=\"wp-block-embed__wrapper\">\n<p class=\"responsive-video-wrap clr\"><iframe title=\"LP  | Turma A  | 1 Ano |  Ciclo da Inf\u00e2ncia\" width=\"1200\" height=\"675\" src=\"https:\/\/www.youtube.com\/embed\/QxCXusaER5Q?feature=oembed\" frameborder=\"0\" allow=\"accelerometer; autoplay; clipboard-write; encrypted-media; gyroscope; picture-in-picture\" allowfullscreen><\/iframe><\/p>\n<\/div><figcaption>LP | Turma A | 1 Ano | Ciclo da Inf\u00e2ncia<\/figcaption><\/figure>\n\n\n\n<p class=\"has-text-align-center has-background has-medium-font-size\" style=\"background-color:#bddff5\"><strong>AGORA \u00c9 HORA DA ATIVIDADE! VAMOS DESCOBRIR COMO FAZER?<\/strong><\/p>\n\n\n\n<hr class=\"wp-block-separator is-style-default\"\/>\n\n\n\n<p class=\"has-background has-medium-font-size\" style=\"background-color:#ddedf3\"><strong>ATIVIDADE 1 <\/strong><\/p>\n\n\n\n<p class=\"has-black-color has-text-color\" style=\"font-size:25px\"><strong>OBSERVE UMA PARLENDA MUITO CONHECIDA.<\/strong><\/p>\n\n\n\n<p><\/p>\n\n\n\n<p class=\"has-text-align-center has-vivid-purple-color has-text-color\" style=\"font-size:30px\"><strong>&#8220;CORRE CUTIA, NA CASA DA TIA.<br>CORRE CIP\u00d3, NA CASA DA AV\u00d3.<br>LENCINHO NA M\u00c3O, CAIU NO CH\u00c3O.<br>MO\u00c7A BONITA, DO MEU CORA\u00c7\u00c3O&#8230;<br>UM, DOIS, TR\u00caS!&#8221; <\/strong><\/p>\n\n\n\n<p>&nbsp;&nbsp;&nbsp;&nbsp;&nbsp;&nbsp;&nbsp;&nbsp;&nbsp;&nbsp;&nbsp;&nbsp;&nbsp;&nbsp;&nbsp;&nbsp;&nbsp;&nbsp;&nbsp;&nbsp;&nbsp;&nbsp;&nbsp;&nbsp;&nbsp;&nbsp;&nbsp;&nbsp;&nbsp;&nbsp;&nbsp;&nbsp;&nbsp;&nbsp;&nbsp;&nbsp;&nbsp;&nbsp;&nbsp;&nbsp;&nbsp;&nbsp;&nbsp;&nbsp;&nbsp;&nbsp;&nbsp;&nbsp;&nbsp;&nbsp;&nbsp;&nbsp;&nbsp;&nbsp;&nbsp;&nbsp;&nbsp;&nbsp;&nbsp;&nbsp;&nbsp;&nbsp;&nbsp;&nbsp;&nbsp;&nbsp;&nbsp;&nbsp;&nbsp;&nbsp;(DOM\u00cdNIO P\u00daBLICO)<\/p>\n\n\n\n<p class=\"has-text-align-center has-background has-medium-font-size\" style=\"background-color:#c7f3e3\"><strong>CONVIDE SEUS PAIS\/FAMILIARES PARA BRINCAREM COM VOC\u00ca.<\/strong><\/p>\n\n\n\n<p class=\"has-text-align-center\" style=\"font-size:25px\"><strong>TENTE DESCOBRIR AS PALAVRAS ESCONDIDAS NA PARLENDA. TRANSCREVA PARA O CADERNO.<\/strong><\/p>\n\n\n\n<p class=\"has-text-align-center has-background has-large-font-size\" style=\"background-color:#f0d4db\"><strong>CORRE, CUTIA<\/strong><\/p>\n\n\n\n<p style=\"font-size:25px\">CORRE, CUTIA<\/p>\n\n\n\n<p style=\"font-size:25px\">NA CASA DA TIA<\/p>\n\n\n\n<p style=\"font-size:25px\">CORRE&nbsp;&#8230;&#8230;&#8230;&#8230;&#8230;&#8230;&#8230;&#8230;&#8230;&#8230;<\/p>\n\n\n\n<p style=\"font-size:25px\">NA CASA DA AV\u00d3,&nbsp;<\/p>\n\n\n\n<p style=\"font-size:25px\">LENCINHO NA M\u00c3O,<\/p>\n\n\n\n<p style=\"font-size:25px\">CAIU NO&nbsp;&#8230;&#8230;&#8230;&#8230;&#8230;&#8230;&#8230;&#8230;&#8230;&#8230;..<\/p>\n\n\n\n<p style=\"font-size:25px\">MO\u00c7A BONITA&nbsp;<\/p>\n\n\n\n<p style=\"font-size:25px\">DO MEU CORA\u00c7\u00c3O,<\/p>\n\n\n\n<p style=\"font-size:25px\">UM, DOIS,&nbsp;&#8230;&#8230;&#8230;&#8230;&#8230;&#8230;&#8230;&#8230;&#8230;&#8230;&#8230;.<\/p>\n\n\n\n<hr class=\"wp-block-separator\"\/>\n\n\n\n<p class=\"has-background\" style=\"background-color:#ddedf3;font-size:25px\"><strong>ATIVIDADE 2 <\/strong><\/p>\n\n\n\n<p style=\"font-size:25px\">RECITE A PARLENDA.&nbsp;&nbsp;<\/p>\n\n\n\n<p class=\"has-vivid-red-color has-text-color\" style=\"font-size:30px\">A CASINHA DA VOV\u00d3<\/p>\n\n\n\n<p class=\"has-vivid-red-color has-text-color\" style=\"font-size:30px\">\u00c9 COBERTA DE CIP\u00d3<\/p>\n\n\n\n<p class=\"has-vivid-red-color has-text-color\" style=\"font-size:30px\">O CAF\u00c9 T\u00c1 DEMORANDO<\/p>\n\n\n\n<p class=\"has-vivid-red-color has-text-color\" style=\"font-size:30px\">COM CERTEZA N\u00c3O TEM P\u00d3.<\/p>\n\n\n\n<p style=\"font-size:25px\">REPRESENTE A PARLENDA ATRAV\u00c9S DE UM LINDO DESENHO.&nbsp;<\/p>\n\n\n\n<hr class=\"wp-block-separator\"\/>\n\n\n\n<p class=\"has-background\" style=\"background-color:#f7f2d7;font-size:29px\"><strong>AGORA, VAMOS RELEMBRAR O QUE APRENDEMOS NESSA ATIVIDADE?<\/strong><\/p>\n\n\n\n<ul class=\"has-medium-font-size wp-block-list\"><li>AS PARLENDAS S\u00c3O VERSINHOS COM TEM\u00c1TICA INFANTIL QUE S\u00c3O RECITADOS EM BRINCADEIRAS DE CRIAN\u00c7AS.&nbsp;<\/li><li>FAZEM PARTE DO FOLCLORE BRASILEIRO, POIS REPRESENTAM UMA IMPORTANTE TRADI\u00c7\u00c3O CULTURAL DO NOSSO POVO.<\/li><li>DIVERSAS PARLENDAS.<\/li><li>RIMAS \/ RITMO \u2013 COORDENA\u00c7\u00c3O.<\/li><li>ATIVIDADE \u2013 ESCRITA E DESENHO.<\/li><\/ul>\n\n\n\n<hr class=\"wp-block-separator\"\/>\n\n\n\n<figure class=\"wp-block-table\"><table class=\"has-background\" style=\"background-color:#f3f4f5\"><tbody><tr><td>HABILIDADES ESTRUTURANTES<\/td><td>(EF12LP01) LER PALAVRAS NOVAS COM PRECIS\u00c3O NA DECODIFICA\u00c7\u00c3O, NO CASO DE PALAVRAS DE USO FREQUENTE, LER GLOBALMENTE, POR MEMORIZA\u00c7\u00c3O. <br>(EF15LP03) LOCALIZAR INFORMA\u00c7\u00d5ES EXPL\u00cdCITAS EM TEXTOS. <br>(EF01LP19-A) RECITAR PARLENDAS, QUADRAS, QUADRINHAS, TRAVA-L\u00cdNGUAS, DENTRE OUTROS, COM ENTONA\u00c7\u00c3O ADEQUADA E OBSERVANDO AS RIMAS, EM SALA DE AULA E EM APRESENTA\u00c7\u00d5ES P\u00daBLICAS. <br>(EF01LP19-D) REFLETIR SOBRE O SISTEMA DE ESCRITA, OBSERVANDO AS RIMAS.<\/td><\/tr><\/tbody><\/table><\/figure>\n\n\n\n<figure class=\"wp-block-table aligncenter is-style-regular\"><table class=\"has-background\" style=\"background-color:#fcf0ef\"><tbody><tr><td class=\"has-text-align-left\" data-align=\"left\"><strong>REFER\u00caNCIAS:<\/strong><\/td><td>GOVERNO DO ESTADO DE GOI\u00c1S. SECRET\u00c1RIA DE ESTADO DE EDUCA\u00c7\u00c3O \u2013 SEDUC\/CONSED. DOCUMENTO CURRICULAR PARA GOI\u00c1S \u2013 AMPLIADO: <strong>VOLUME II ENSINO FUNDAMENTAL ANOS INICIAIS<\/strong>.&nbsp;IMAGENS RETIRADAS DOS SITES:<a href=\"https:\/\/pixabay.com\/pt\/\">https:\/\/pixabay.com\/pt\/<\/a><\/td><\/tr><\/tbody><\/table><\/figure>\n\n\n\n<p><\/p>\n","protected":false},"author":20,"featured_media":132844,"template":"","ef_categoria":[30],"ef_ano":[84],"ef_componente":[93],"class_list":["post-131100","ensino_fundamental","type-ensino_fundamental","status-publish","has-post-thumbnail","hentry","ef_categoria-etica-e-cidadania-ciclo-da-adolescencia-fg","ef_ano-1o-ano","ef_componente-portugues","entry","has-media"],"acf":[],"_links":{"self":[{"href":"https:\/\/sme.goiania.go.gov.br\/conexaoescola\/wp-json\/wp\/v2\/ensino_fundamental\/131100","targetHints":{"allow":["GET"]}}],"collection":[{"href":"https:\/\/sme.goiania.go.gov.br\/conexaoescola\/wp-json\/wp\/v2\/ensino_fundamental"}],"about":[{"href":"https:\/\/sme.goiania.go.gov.br\/conexaoescola\/wp-json\/wp\/v2\/types\/ensino_fundamental"}],"author":[{"embeddable":true,"href":"https:\/\/sme.goiania.go.gov.br\/conexaoescola\/wp-json\/wp\/v2\/users\/20"}],"version-history":[{"count":0,"href":"https:\/\/sme.goiania.go.gov.br\/conexaoescola\/wp-json\/wp\/v2\/ensino_fundamental\/131100\/revisions"}],"wp:featuredmedia":[{"embeddable":true,"href":"https:\/\/sme.goiania.go.gov.br\/conexaoescola\/wp-json\/wp\/v2\/media\/132844"}],"wp:attachment":[{"href":"https:\/\/sme.goiania.go.gov.br\/conexaoescola\/wp-json\/wp\/v2\/media?parent=131100"}],"wp:term":[{"taxonomy":"ef_categoria","embeddable":true,"href":"https:\/\/sme.goiania.go.gov.br\/conexaoescola\/wp-json\/wp\/v2\/ef_categoria?post=131100"},{"taxonomy":"ef_ano","embeddable":true,"href":"https:\/\/sme.goiania.go.gov.br\/conexaoescola\/wp-json\/wp\/v2\/ef_ano?post=131100"},{"taxonomy":"ef_componente","embeddable":true,"href":"https:\/\/sme.goiania.go.gov.br\/conexaoescola\/wp-json\/wp\/v2\/ef_componente?post=131100"}],"curies":[{"name":"wp","href":"https:\/\/api.w.org\/{rel}","templated":true}]}}