{"id":130608,"date":"2021-08-30T07:00:00","date_gmt":"2021-08-30T10:00:00","guid":{"rendered":"https:\/\/sme.goiania.go.gov.br\/conexaoescola\/?post_type=ensino_fundamental&#038;p=130608"},"modified":"2022-07-27T15:31:18","modified_gmt":"2022-07-27T18:31:18","slug":"descobrindo-o-que-o-texto-diz","status":"publish","type":"ensino_fundamental","link":"https:\/\/sme.goiania.go.gov.br\/conexaoescola\/ensino_fundamental\/descobrindo-o-que-o-texto-diz\/","title":{"rendered":"L\u00edngua Portuguesa &#8211; Descobrindo o que o texto diz"},"content":{"rendered":"\n<p class=\"has-black-color has-pale-cyan-blue-background-color has-text-color has-background has-medium-font-size\">Hoje voc\u00ea ir\u00e1 ler um texto que \u00e9 uma m\u00fasica. As m\u00fasicas tamb\u00e9m s\u00e3o textos. A m\u00fasica Peixe Vivo \u00e9 uma cantiga de roda, que as crian\u00e7as cantam quando brincam de roda. Voc\u00ea gostar\u00e1 muito dessa m\u00fasica.<\/p>\n\n\n\n<h2 class=\"has-pale-cyan-blue-background-color has-background wp-block-heading\">Atividade 1<\/h2>\n\n\n\n<p class=\"has-medium-font-size\">Leia o texto com muita aten\u00e7\u00e3o, para conhecer a letra da m\u00fasica.<\/p>\n\n\n\n<p class=\"has-text-align-center has-medium-font-size\"><strong>Peixe Vivo<\/strong><\/p>\n\n\n\n<p class=\"has-medium-font-size\"><a href=\"https:\/\/www.letras.com.br\/cantigas-populares\"><em>&nbsp;&nbsp;&nbsp;&nbsp;&nbsp;&nbsp;&nbsp;&nbsp;&nbsp;&nbsp;&nbsp;&nbsp;&nbsp;&nbsp;&nbsp;&nbsp;&nbsp;&nbsp;&nbsp;&nbsp;&nbsp;&nbsp;&nbsp;&nbsp;&nbsp;&nbsp;&nbsp;&nbsp;<\/em><strong><em>Cantigas Populares<\/em><\/strong><\/a><\/p>\n\n\n\n<p class=\"has-medium-font-size\">Como pode um peixe vivo<br>Viver fora da \u00e1gua fria<br>Como pode um peixe vivo<br>Viver fora da \u00e1gua fria<br><br>Como poderei viver<br>Como poderei viver<br>Sem a tua, sem a tua<br>Sem a tua companhia&nbsp; &nbsp; &nbsp; &nbsp; &nbsp; &nbsp; &nbsp; &nbsp;<br>Sem a tua, sem a tua<br>Sem a tua companhia<br><br>Os pastores desta aldeia<br>Fazem prece noite e dia<br>Os pastores desta aldeia<br>Fazem prece noite e dia<br><br>Porque eu estou chorando<br>Porque eu estou chorando<br>Sem a tua, sem a tua<br>Sem a tua companhia<br>Sem a tua, sem a tua<br>Sem a tua companhia<img decoding=\"async\" width=\"168\" height=\"170\" src=\"https:\/\/lh4.googleusercontent.com\/ukd9e6UwPCxajBtARLatglKkBxEEx77oqhWMFHdAR4LC4MERhX5lIFAs-dwHbQtFIqyA2qCz-_XB5iBp1BW5H112u95LP-Ulo__0vdibCYuYBZBI8Sf3a7fwzw6PSP15iBPkW7w=s0\"><\/p>\n\n\n\n<p class=\"has-medium-font-size\">Quem me ensinou a nadar&nbsp;<\/p>\n\n\n\n<p class=\"has-medium-font-size\">Quem me ensinou a nadar<\/p>\n\n\n\n<p class=\"has-medium-font-size\">Foi,&nbsp; foi marinheiro&nbsp;<\/p>\n\n\n\n<p class=\"has-medium-font-size\">Foi os peixinhos do mar&nbsp;<\/p>\n\n\n\n<p class=\"has-medium-font-size\"><strong>Vamos cantar<\/strong><\/p>\n\n\n\n<p class=\"has-medium-font-size\">Assista ao v\u00eddeo da m\u00fasica Peixe Vivo e aprenda a cantar.<\/p>\n\n\n\n<figure class=\"wp-block-embed is-type-video is-provider-youtube wp-block-embed-youtube wp-embed-aspect-16-9 wp-has-aspect-ratio\"><div class=\"wp-block-embed__wrapper\">\n<p class=\"responsive-video-wrap clr\"><iframe title=\"Peixe Vivo\" width=\"1200\" height=\"675\" src=\"https:\/\/www.youtube.com\/embed\/l7OtSoDS1g0?feature=oembed\" frameborder=\"0\" allow=\"accelerometer; autoplay; clipboard-write; encrypted-media; gyroscope; picture-in-picture\" allowfullscreen><\/iframe><\/p>\n<\/div><figcaption>Peixe Vivo &#8211; Canal: Turminha Paraiso &#8211;<br>Link: https:\/\/www.youtube.com\/watch?v=l7OtSoDS1g0<\/figcaption><\/figure>\n\n\n\n<h2 class=\"has-pale-cyan-blue-background-color has-background wp-block-heading\">Atividade 2<\/h2>\n\n\n\n<ol class=\"has-medium-font-size wp-block-list\"><li>Agora copie e responda as atividades em seu caderno de L\u00edngua portuguesa.<\/li><\/ol>\n\n\n\n<p class=\"has-medium-font-size\">&#8211; Complete o trechinho da m\u00fasica com as palavras que est\u00e3o faltando.<\/p>\n\n\n\n<p class=\"has-medium-font-size\">Como pode um&nbsp; __________________ vivo<\/p>\n\n\n\n<p class=\"has-medium-font-size\">Viver fora da _______________ fria<\/p>\n\n\n\n<p class=\"has-medium-font-size\">Como ____________ um peixe vivo<\/p>\n\n\n\n<p class=\"has-medium-font-size\">Viver ____________________________________fria<\/p>\n\n\n\n<ol start=\"2\" class=\"has-medium-font-size wp-block-list\"><li>&nbsp;Escreva os nomes de alguns amigos do peixe.<\/li><\/ol>\n\n\n\n<figure class=\"wp-block-image\"><img decoding=\"async\" src=\"https:\/\/lh3.googleusercontent.com\/91XBAJ2zyBw6YGidrgy_YPzdFTMqlJsztLwN-4JSin_NAbmknoD5BVYRozQy8nm_ZAMWhkl1f6UdnvYXC_IFnHm4R4Ip3FAjuAB3nFXFppZsU6VC5jILS-EgiCWd-MS8MvBwwyg=s0\" alt=\"Desenho de hipop\u00f3tamo ador\u00e1vel | Vetor Premium\"\/><\/figure>\n\n\n\n<figure class=\"wp-block-image\"><img decoding=\"async\" src=\"https:\/\/lh5.googleusercontent.com\/FOGNXZKye2KNA7sUdc7tBbBzjGMrlI1W_G2dqEs1D7AUwodndwp8-R12TSCjLDpntCrxbHN6Hkj-vx7sebYkITzWpqpwzhBMY5r3wPGKfMayYOo2dJS4i-H4SPFzTD-IFQn30tQ=s0\" alt=\"Voc\u00ea sabia que os golfinhos s\u00e3o os animais com a mem\u00f3ria mais longa? \u00b7 Alto  Astral\"\/><\/figure>\n\n\n\n<figure class=\"wp-block-image\"><img decoding=\"async\" src=\"https:\/\/lh3.googleusercontent.com\/6WtHBd19lvmGtUAWEVlZG_tyIlcoGmXdsm_MargZwf1m0clrtygBp__TM06AmDGXs_Dvj1TdQtej_iGbPm1sJ1z3GY76FzFhsktZa09mH7UM-HXdF37zGNe_y3xYS1zJYdDOXHo=s0\" alt=\"Fotos de Pinguim, imagem para Pinguim \u2713 Melhores imagens | Depositphotos\u00ae\"\/><\/figure>\n\n\n\n<figure class=\"wp-block-image\"><img decoding=\"async\" src=\"https:\/\/lh6.googleusercontent.com\/a2qxjrqdBookYZaMhRdr1aTgr7LxzBegkVTkf7DNmXdTu8BU9XIfQiNu2yHPtkAxlhkZXxE9IZwy7PfANWhdpX9ZP7VZT1mAf10-zIcuycfeHBIas7EVitiYwj5RHdJN9KHuyxk=s0\" alt=\"Foca viraliza na web com fotos 'acenando' e fazendo pose - 30\/12\/2019 - UOL  Universa\"\/><\/figure>\n\n\n\n<p class=\"has-medium-font-size\">3- Pinte as palavras que n\u00e3o fazem parte da m\u00fasica.<\/p>\n\n\n\n<p class=\"has-medium-font-size\">&nbsp;&nbsp;&nbsp;&nbsp;&nbsp;&nbsp;&nbsp;Briga \u2013 pode \u2013 peixe \u2013 companheiro \u2013 pato \u2013 bolha \u2013 viver \u2013&nbsp; pedra \u2013 \u00e1gua<\/p>\n\n\n\n<p class=\"has-medium-font-size\">&nbsp;4- Troque os n\u00fameros por palavras e descubra um trechinho da m\u00fasica Peixe Vivo.<\/p>\n\n\n\n<p class=\"has-medium-font-size\">&nbsp;&nbsp;&nbsp;&nbsp;1 = viver&nbsp; &nbsp; &nbsp; 2 = sem &nbsp; &nbsp; 3 = poderei &nbsp; &nbsp; 4 = tua&nbsp; &nbsp; &nbsp; 5 = Como&nbsp;&nbsp;&nbsp;&nbsp;&nbsp;<\/p>\n\n\n\n<p class=\"has-medium-font-size\">&nbsp;&nbsp;&nbsp;&nbsp;&nbsp;&nbsp;&nbsp;6 = a&nbsp; &nbsp; &nbsp; 7 = companhia<\/p>\n\n\n\n<p class=\"has-medium-font-size\">5&nbsp; + 3&nbsp; + 1 + 2 + 6 + 4 + 7<\/p>\n\n\n\n<p class=\"has-medium-font-size\">_______________________________________________<\/p>\n\n\n\n<figure class=\"wp-block-image\"><img decoding=\"async\" src=\"https:\/\/lh4.googleusercontent.com\/aJ3RV3lC1Wb-jaXOay3LF78b7nQJomaK4Pd_nX5hI5Sie-eeV__IudOCSe3gB_Qoy259fYRxJEB0JBIgNtocV01U1D8uG7KPALr2XxUZrfcQvfLQcc0yjplRH7USDEI4Y76onGE=s0\" alt=\"Veja a S\u00edlaba T\u00f4nica nas Ox\u00edtonas, Parox\u00edtonas nas Proparox\u00edtonas\"\/><figcaption>Fonte: https:\/\/images.app.goo.gl\/rq3NKKVasLRCsuZr5<\/figcaption><\/figure>\n\n\n\n<p class=\"has-medium-font-size\">5- Conte e escreva quantas s\u00edlabas tem as palavras, depois classifique-as&nbsp; em monoss\u00edlaba, diss\u00edlaba, triss\u00edlaba , poliss\u00edlaba :<\/p>\n\n\n\n<p class=\"has-medium-font-size\">Companhia&nbsp; ________________________________<\/p>\n\n\n\n<p class=\"has-medium-font-size\">\u00e1gua ___________________________________<\/p>\n\n\n\n<p class=\"has-medium-font-size\">pastores ________________________________________<\/p>\n\n\n\n<p class=\"has-medium-font-size\">chorando _________________________________<\/p>\n\n\n\n<p class=\"has-medium-font-size\">Marinheiro _________________________________<\/p>\n\n\n\n<p class=\"has-medium-font-size\">Peixinho ____________________________________<\/p>\n\n\n\n<p class=\"has-medium-font-size\">&nbsp;&nbsp;6- Escolha o nome de um animal que vive na \u00e1gua e forme uma frase.<\/p>\n\n\n\n<p class=\"has-medium-font-size\">_____________________________________________________________________________________<\/p>\n\n\n\n<p class=\"has-medium-font-size\">&nbsp;&nbsp;7- Que nome voc\u00ea daria a m\u00fasica Peixe Vivo. Escolha um t\u00edtulo bem legal!<\/p>\n\n\n\n<p class=\"has-medium-font-size\">_____________________________________________________________________________________<\/p>\n\n\n\n<hr class=\"wp-block-separator\"\/>\n\n\n\n<figure class=\"wp-block-table alignwide is-style-regular\"><table><tbody><tr><td>Proponentes &#8211; Professores<\/td><td><strong>L\u00facia Helena Gabriel<\/strong><\/td><\/tr><tr><td>Institui\u00e7\u00e3o Educacional<\/td><td>Escola Municipal Castorina Bittencourt Alves<\/td><\/tr><tr><td>CRE<\/td><td>Brasil Di Ramos Caiado<\/td><\/tr><\/tbody><\/table><\/figure>\n\n\n\n<hr class=\"wp-block-separator\"\/>\n\n\n\n<figure class=\"wp-block-table is-style-regular\"><table><tbody><tr><td>Cicio da inf\u00e2ncia \/Ciclo da Adolesc\u00eancia<\/td><td>Ciclo da Inf\u00e2ncia<\/td><\/tr><tr><td>Turma\/agrupamento<\/td><td>C<\/td><\/tr><tr><td>Componente Curricular:<\/td><td>L\u00edngua Portuguesa<\/td><\/tr><tr><td>Cicio da inf\u00e2ncia e adolescencia:Habilidade estruturante Habilidades Complementares<br><\/td><td><strong>&nbsp;Habilidade estruturante:<\/strong>(EF35LP01) Ler e compreender, silenciosamente e, em seguida, em voz alta, com autonomia e flu\u00eancia, textos curtos com n\u00edvel de textualidade adequado.(EF15LP03) Localizar informa\u00e7\u00f5es expl\u00edcitas em textos.&nbsp;(EF03LP05) Identificar o n\u00famero de s\u00edlabas de palavras, classificando-as em monoss\u00edlabas, diss\u00edlabas, triss\u00edlabas e poliss\u00edlabas.&nbsp;&nbsp;&nbsp;&nbsp;<br><strong>Habilidade Complementar:<\/strong> (GO-EF15LP20) Atribuir t\u00edtulos aos textos com criatividade.&nbsp;<\/td><\/tr><\/tbody><\/table><\/figure>\n","protected":false},"author":42,"featured_media":130609,"template":"","ef_categoria":[13,21],"ef_ano":[86],"ef_componente":[93],"class_list":["post-130608","ensino_fundamental","type-ensino_fundamental","status-publish","has-post-thumbnail","hentry","ef_categoria-ciclo-da-infancia-abc","ef_categoria-experiencias-e-curiosidades","ef_ano-3o-ano","ef_componente-portugues","entry","has-media"],"acf":[],"_links":{"self":[{"href":"https:\/\/sme.goiania.go.gov.br\/conexaoescola\/wp-json\/wp\/v2\/ensino_fundamental\/130608","targetHints":{"allow":["GET"]}}],"collection":[{"href":"https:\/\/sme.goiania.go.gov.br\/conexaoescola\/wp-json\/wp\/v2\/ensino_fundamental"}],"about":[{"href":"https:\/\/sme.goiania.go.gov.br\/conexaoescola\/wp-json\/wp\/v2\/types\/ensino_fundamental"}],"author":[{"embeddable":true,"href":"https:\/\/sme.goiania.go.gov.br\/conexaoescola\/wp-json\/wp\/v2\/users\/42"}],"version-history":[{"count":0,"href":"https:\/\/sme.goiania.go.gov.br\/conexaoescola\/wp-json\/wp\/v2\/ensino_fundamental\/130608\/revisions"}],"wp:featuredmedia":[{"embeddable":true,"href":"https:\/\/sme.goiania.go.gov.br\/conexaoescola\/wp-json\/wp\/v2\/media\/130609"}],"wp:attachment":[{"href":"https:\/\/sme.goiania.go.gov.br\/conexaoescola\/wp-json\/wp\/v2\/media?parent=130608"}],"wp:term":[{"taxonomy":"ef_categoria","embeddable":true,"href":"https:\/\/sme.goiania.go.gov.br\/conexaoescola\/wp-json\/wp\/v2\/ef_categoria?post=130608"},{"taxonomy":"ef_ano","embeddable":true,"href":"https:\/\/sme.goiania.go.gov.br\/conexaoescola\/wp-json\/wp\/v2\/ef_ano?post=130608"},{"taxonomy":"ef_componente","embeddable":true,"href":"https:\/\/sme.goiania.go.gov.br\/conexaoescola\/wp-json\/wp\/v2\/ef_componente?post=130608"}],"curies":[{"name":"wp","href":"https:\/\/api.w.org\/{rel}","templated":true}]}}