{"id":130599,"date":"2021-08-30T07:00:00","date_gmt":"2021-08-30T10:00:00","guid":{"rendered":"https:\/\/sme.goiania.go.gov.br\/conexaoescola\/?post_type=ensino_fundamental&#038;p=130599"},"modified":"2022-05-20T09:18:23","modified_gmt":"2022-05-20T12:18:23","slug":"poluicao-visual-e-sonora","status":"publish","type":"ensino_fundamental","link":"https:\/\/sme.goiania.go.gov.br\/conexaoescola\/ensino_fundamental\/poluicao-visual-e-sonora\/","title":{"rendered":"Ci\u00eancias da Natureza &#8211; Polui\u00e7\u00e3o visual e sonora"},"content":{"rendered":"\n<p class=\"has-black-color has-luminous-vivid-amber-background-color has-text-color has-background has-medium-font-size\">Ol\u00e1 crian\u00e7a e fam\u00edlia! Nas aulas anteriores falamos muito sobre os cuidados com a nossa vis\u00e3o e audi\u00e7\u00e3o. Nessa aula vamos aprender o que \u00e9 polui\u00e7\u00e3o visual e auditiva e como elas podem afetar a nossa sa\u00fade.<\/p>\n\n\n\n<h2 class=\"has-luminous-vivid-amber-background-color has-background wp-block-heading\">Atividade 1<\/h2>\n\n\n\n<p class=\"has-medium-font-size\">Leia o texto que explica o que \u00e9 a polui\u00e7\u00e3o visual e como ele afeta a nossa vis\u00e3o:<\/p>\n\n\n\n<figure class=\"wp-block-image size-large\"><img fetchpriority=\"high\" decoding=\"async\" width=\"418\" height=\"311\" src=\"https:\/\/sme.goiania.go.gov.br\/conexaoescola\/wp-content\/uploads\/2021\/08\/Sem-titulo-1-e1629740274532.jpg\" alt=\"\" class=\"wp-image-130601\" srcset=\"https:\/\/sme.goiania.go.gov.br\/conexaoescola\/wp-content\/uploads\/2021\/08\/Sem-titulo-1-e1629740274532.jpg 418w, https:\/\/sme.goiania.go.gov.br\/conexaoescola\/wp-content\/uploads\/2021\/08\/Sem-titulo-1-e1629740274532-300x223.jpg 300w\" sizes=\"(max-width: 418px) 100vw, 418px\" \/><figcaption><strong>Fonte:&nbsp; <\/strong><a href=\"https:\/\/novaescola.org.br\/plano-de-aula\/1895\/poluicao-visual-e-ambientes-visualmente-saudaveis\"><strong>https:\/\/novaescola.org.br\/plano-de-aula\/1895\/poluicao-visual-e-ambientes-visualmente-saudaveis<\/strong><\/a><\/figcaption><\/figure>\n\n\n\n<p class=\"has-medium-font-size\"><strong><u>No caderno:<\/u><\/strong> registre o cabe\u00e7alho, copie \u00e0s quest\u00f5es e responda a partir da foto apresentada (se voc\u00ea tiver a op\u00e7\u00e3o, imprima e cole a imagem no caderno):<\/p>\n\n\n\n<p class=\"has-medium-font-size\">Mariana est\u00e1 a caminho da rodovi\u00e1ria da cidade, por\u00e9m est\u00e1 com dificuldades para encontrar a placa que indica o caminho que deve seguir. Veja:<\/p>\n\n\n\n<figure class=\"wp-block-image size-large\"><img decoding=\"async\" width=\"493\" height=\"329\" src=\"https:\/\/sme.goiania.go.gov.br\/conexaoescola\/wp-content\/uploads\/2021\/08\/2-3-e1629740397813.jpg\" alt=\"\" class=\"wp-image-130602\" srcset=\"https:\/\/sme.goiania.go.gov.br\/conexaoescola\/wp-content\/uploads\/2021\/08\/2-3-e1629740397813.jpg 493w, https:\/\/sme.goiania.go.gov.br\/conexaoescola\/wp-content\/uploads\/2021\/08\/2-3-e1629740397813-300x200.jpg 300w\" sizes=\"(max-width: 493px) 100vw, 493px\" \/><figcaption>Fonte: <a href=\"https:\/\/novaescola.org.br\/plano-de-aula\/1895\/poluicao-visual-e-ambientes-visualmente-saudaveis\">https:\/\/novaescola.org.br\/plano-de-aula\/1895\/poluicao-visual-e-ambientes-visualmente-saudaveis<\/a> &nbsp;<\/figcaption><\/figure>\n\n\n\n<ol type=\"1\" class=\"has-medium-font-size wp-block-list\"><li>Por que Mariana n\u00e3o consegue encontrar a placa?<\/li><\/ol>\n\n\n\n<ul class=\"has-medium-font-size wp-block-list\"><li>H\u00e1 elementos que estejam atrapalhando Mariana a conseguir informa\u00e7\u00e3o r\u00e1pida e f\u00e1cil? Quais?<\/li><\/ul>\n\n\n\n<ul class=\"has-medium-font-size wp-block-list\"><li>Para que servem as placas de sinaliza\u00e7\u00e3o<\/li><\/ul>\n\n\n\n<h2 class=\"has-luminous-vivid-amber-background-color has-background wp-block-heading\"><strong>ATIVIDADE <\/strong>2<\/h2>\n\n\n\n<p class=\"has-medium-font-size\">Assista ao v\u00eddeo do Pica-pau no link a seguir: <\/p>\n\n\n\n<figure class=\"wp-block-embed is-type-video is-provider-youtube wp-block-embed-youtube wp-embed-aspect-4-3 wp-has-aspect-ratio\"><div class=\"wp-block-embed__wrapper\">\n<p class=\"responsive-video-wrap clr\"><iframe title=\"PICA-PAU (EPISODIO 105) PIRATA DO BARULHO\" width=\"1200\" height=\"900\" src=\"https:\/\/www.youtube.com\/embed\/yyEBy_ezP-I?feature=oembed\" frameborder=\"0\" allow=\"accelerometer; autoplay; clipboard-write; encrypted-media; gyroscope; picture-in-picture\" allowfullscreen><\/iframe><\/p>\n<\/div><figcaption>PICA-PAU (EPISODIO 105) PIRATA DO BARULHO &#8211; Canal: <a href=\"https:\/\/www.youtube.com\/channel\/UCOT3QOCa5Rcm_jJC0WH6P6g\">LucianoGM1996<\/a> &#8211;<br>Link: https:\/\/www.youtube.com\/watch?v=yyEBy_ezP-I<\/figcaption><\/figure>\n\n\n\n<p class=\"has-medium-font-size\">Nesse v\u00eddeo mostra como Pica-pau estava irritado com o barulho.<\/p>\n\n\n\n<figure class=\"wp-block-image size-large\"><img decoding=\"async\" width=\"370\" height=\"270\" src=\"https:\/\/sme.goiania.go.gov.br\/conexaoescola\/wp-content\/uploads\/2021\/08\/Screenshot_2-1-e1629740829489.jpg\" alt=\"\" class=\"wp-image-130603\" srcset=\"https:\/\/sme.goiania.go.gov.br\/conexaoescola\/wp-content\/uploads\/2021\/08\/Screenshot_2-1-e1629740829489.jpg 370w, https:\/\/sme.goiania.go.gov.br\/conexaoescola\/wp-content\/uploads\/2021\/08\/Screenshot_2-1-e1629740829489-300x219.jpg 300w\" sizes=\"(max-width: 370px) 100vw, 370px\" \/><figcaption>Fonte: <a href=\"https:\/\/novaescola.org.br\/plano-de-aula\/1895\/poluicao-visual-e-ambientes-visualmente-saudaveis\">https:\/\/novaescola.org.br\/plano-de-aula\/1895\/poluicao-visual-e-ambientes-visualmente-saudaveis<\/a><\/figcaption><\/figure>\n\n\n\n<p class=\"has-medium-font-size\">1.Cite quatro exemplos de polui\u00e7\u00e3o sonora.<\/p>\n\n\n\n<ul class=\"has-medium-font-size wp-block-list\"><li>Que preju\u00edzos a polui\u00e7\u00e3o sonora pode trazer a sa\u00fade?<\/li><\/ul>\n\n\n\n<ul class=\"has-medium-font-size wp-block-list\"><li>Como podemos manter um ambiente saud\u00e1vel em termos de som?<\/li><\/ul>\n\n\n\n<hr class=\"wp-block-separator\"\/>\n\n\n\n<figure class=\"wp-block-table alignwide is-style-regular\"><table><tbody><tr><td>Proponentes &#8211; Professores<\/td><td>&nbsp; Rejane Faleiro<\/td><\/tr><tr><td>Institui\u00e7\u00e3o Educacional<\/td><td>Escola Municipal Pedro Gomes de Menezes<\/td><\/tr><tr><td>CRE<\/td><td>Brasil Di Ramos Caiado<\/td><\/tr><\/tbody><\/table><\/figure>\n\n\n\n<hr class=\"wp-block-separator\"\/>\n\n\n\n<figure class=\"wp-block-table is-style-regular\"><table><tbody><tr><td>Cicio da inf\u00e2ncia\/Ciclo da Adolesc\u00eancia<\/td><td>Ciclo da Inf\u00e2ncia<\/td><\/tr><tr><td>Turma\/agrupamento<\/td><td>C<\/td><\/tr><tr><td>Componente Curricular:<\/td><td>Ci\u00eancias<\/td><\/tr><tr><td>Cicio da inf\u00e2ncia e adolesc\u00eancia: Habilidade estruturante Habilidades Complementares<br><\/td><td><strong>Habilidade estruturante: <\/strong>(EF03CI03-B\/C) Discutir h\u00e1bitos necess\u00e1rios para a manuten\u00e7\u00e3o da sa\u00fade auditiva e<\/td><\/tr><\/tbody><\/table><\/figure>\n","protected":false},"author":49,"featured_media":130600,"template":"","ef_categoria":[13,18],"ef_ano":[86],"ef_componente":[98],"class_list":["post-130599","ensino_fundamental","type-ensino_fundamental","status-publish","has-post-thumbnail","hentry","ef_categoria-ciclo-da-infancia-abc","ef_categoria-educacao-ambiental-e-saude","ef_ano-3o-ano","ef_componente-ciencia-da-natureza-ef","entry","has-media"],"acf":[],"_links":{"self":[{"href":"https:\/\/sme.goiania.go.gov.br\/conexaoescola\/wp-json\/wp\/v2\/ensino_fundamental\/130599","targetHints":{"allow":["GET"]}}],"collection":[{"href":"https:\/\/sme.goiania.go.gov.br\/conexaoescola\/wp-json\/wp\/v2\/ensino_fundamental"}],"about":[{"href":"https:\/\/sme.goiania.go.gov.br\/conexaoescola\/wp-json\/wp\/v2\/types\/ensino_fundamental"}],"author":[{"embeddable":true,"href":"https:\/\/sme.goiania.go.gov.br\/conexaoescola\/wp-json\/wp\/v2\/users\/49"}],"version-history":[{"count":0,"href":"https:\/\/sme.goiania.go.gov.br\/conexaoescola\/wp-json\/wp\/v2\/ensino_fundamental\/130599\/revisions"}],"wp:featuredmedia":[{"embeddable":true,"href":"https:\/\/sme.goiania.go.gov.br\/conexaoescola\/wp-json\/wp\/v2\/media\/130600"}],"wp:attachment":[{"href":"https:\/\/sme.goiania.go.gov.br\/conexaoescola\/wp-json\/wp\/v2\/media?parent=130599"}],"wp:term":[{"taxonomy":"ef_categoria","embeddable":true,"href":"https:\/\/sme.goiania.go.gov.br\/conexaoescola\/wp-json\/wp\/v2\/ef_categoria?post=130599"},{"taxonomy":"ef_ano","embeddable":true,"href":"https:\/\/sme.goiania.go.gov.br\/conexaoescola\/wp-json\/wp\/v2\/ef_ano?post=130599"},{"taxonomy":"ef_componente","embeddable":true,"href":"https:\/\/sme.goiania.go.gov.br\/conexaoescola\/wp-json\/wp\/v2\/ef_componente?post=130599"}],"curies":[{"name":"wp","href":"https:\/\/api.w.org\/{rel}","templated":true}]}}