{"id":130583,"date":"2021-08-30T07:00:00","date_gmt":"2021-08-30T10:00:00","guid":{"rendered":"https:\/\/sme.goiania.go.gov.br\/conexaoescola\/?post_type=ensino_fundamental&#038;p=130583"},"modified":"2022-08-12T10:19:02","modified_gmt":"2022-08-12T13:19:02","slug":"o-nascimento-das-cidades-goianas","status":"publish","type":"ensino_fundamental","link":"https:\/\/sme.goiania.go.gov.br\/conexaoescola\/ensino_fundamental\/o-nascimento-das-cidades-goianas\/","title":{"rendered":"Hist\u00f3ria &#8211; O nascimento das cidades goianas"},"content":{"rendered":"\n<p class=\"has-black-color has-pale-cyan-blue-background-color has-text-color has-background has-medium-font-size\">Ol\u00e1! Hoje Voc\u00ea aprender\u00e1 sobre a forma\u00e7\u00e3o das cidades goianas. Se ligue!!<\/p>\n\n\n\n<h2 class=\"has-pale-cyan-blue-background-color has-background wp-block-heading\">Atividade 1<\/h2>\n\n\n\n<p class=\"has-text-align-center has-medium-font-size\"><strong>O nascimento das cidades goianas<\/strong><\/p>\n\n\n\n<p class=\"has-text-align-center has-medium-font-size\">As primeiras cidades goianas nasceram muito simples e h\u00e1 mais de 200 anos. Eram arraiais, nada parecidos com as cidades de hoje. Isso porque, naquele tempo, a preocupa\u00e7\u00e3o principal era achar ouro e formar um garimpo para explorar e controlar sua produ\u00e7\u00e3o. Por isso, as primeiras cidades surgiram perto de cursos d\u2019\u00e1gua, onde o ouro, ao longo de milhares de anos, foi sendo depositado. Al\u00e9m disso, a \u00e1gua era essencial para o processo de extra\u00e7\u00e3o do ouro. Mais tarde come\u00e7ou a ser retirado, num primeiro momento, com muita facilidade. As caracter\u00edsticas mais comuns dessas primeiras cidades goianas s\u00e3o: ruas estreitas de tra\u00e7ado irregular e cheias de becos, casa antigas, com muitas janelas e quase sempre coladas umas nas outras, igreja em estilo colonial etc. As principais cidades surgidas nessa \u00e9poca foram a Cidade de Goi\u00e1s, Piren\u00f3polis, Jaragu\u00e1, Luzi\u00e2nia, Santa Cruz de Goi\u00e1s e Pilar de Goi\u00e1s.<\/p>\n\n\n\n<p class=\"has-medium-font-size\">Observe as fotografias abaixo onde a foto 1 nos mostra a riqueza da Igreja do Ros\u00e1rio, em Luzi\u00e2nia, em que foi rezada uma missa em 1746. A fotografia 2, mostra um pouco das belezas da cidade de Goi\u00e1s, uma cidade colonial, antiga Vila Boa, terra de Cora Coralina. Pela import\u00e2ncia da sua hist\u00f3ria e de sua arquitetura, recebeu o t\u00edtulo de Patrim\u00f4nio Hist\u00f3rico e Cultural da Humanidade. Na foto 3, Cora Coralina, poetisa e doceira da Cidade Goi\u00e1s, publicou seu primeiro livro aos 76 anos, tornando-se conhecida nacionalmente.<\/p>\n\n\n\n<p class=\"has-medium-font-size\">\u00c9 um s\u00edmbolo e uma refer\u00eancia da cidade, onde nasceu no ano de 1889. Seus versos s\u00e3o verdadeiros cantos a sua cidade natal e a sua gente. Faleceu em Goi\u00e2nia, em 1985.<\/p>\n\n\n\n<p><img decoding=\"async\" width=\"240\" height=\"165\" alt=\"https:\/\/upload.wikimedia.org\/wikipedia\/commons\/f\/f0\/Igreja_do_Ros%C3%A1rio_em_luzi%C3%A2nia_Foto_Antiga.jpg\" src=\"https:\/\/lh5.googleusercontent.com\/JQDDskyc0nCFTVpkae2Sc-IDNjfsPe8zjb4eJEmZFmy5d6WL8c5_qU2ytXmgBurrN1L04vcRi-pOYkuMn2NaAcy56MvvNk-skoirsiGRU5D404F_ZrbqO3CpZAj9ZSs4d3Vxy3o=s0\"><\/p>\n\n\n\n<p>Cr\u00e9dito: Arquivo P\u00fablico do DF\/Divulga\u00e7\u00e3o. Igreja Nossa Senhora do Ros\u00e1rio, na cidade de Luzi\u00e2nia &#8211; GO.<\/p>\n\n\n\n<figure class=\"wp-block-image size-large\"><img fetchpriority=\"high\" decoding=\"async\" width=\"740\" height=\"720\" src=\"https:\/\/sme.goiania.go.gov.br\/conexaoescola\/wp-content\/uploads\/2021\/08\/cda6457991d58f54dcc3c37de0a48258-e1629736889777.jpg\" alt=\"\" class=\"wp-image-130584\" srcset=\"https:\/\/sme.goiania.go.gov.br\/conexaoescola\/wp-content\/uploads\/2021\/08\/cda6457991d58f54dcc3c37de0a48258-e1629736889777.jpg 740w, https:\/\/sme.goiania.go.gov.br\/conexaoescola\/wp-content\/uploads\/2021\/08\/cda6457991d58f54dcc3c37de0a48258-e1629736889777-300x292.jpg 300w\" sizes=\"(max-width: 740px) 100vw, 740px\" \/><figcaption>Dispon\u00edvel em: https:\/\/i.pinimg.com\/originals\/cd\/a6\/45\/cda6457991d58f54dcc3c37de0a48258.jpg<\/figcaption><\/figure>\n\n\n\n<figure class=\"wp-block-image size-large\"><img decoding=\"async\" width=\"298\" height=\"168\" src=\"https:\/\/sme.goiania.go.gov.br\/conexaoescola\/wp-content\/uploads\/2021\/08\/download-1-e1629737001665.jpg\" alt=\"\" class=\"wp-image-130585\"\/><figcaption>Dispon\u00edvel em: <a href=\"about:blank\">https:\/\/www.google.com\/search?q=poema+minha+cidade+cora+coralina<\/a><\/figcaption><\/figure>\n\n\n\n<h2 class=\"has-pale-cyan-blue-background-color has-background wp-block-heading\">Atividade 2<\/h2>\n\n\n\n<p class=\"has-medium-font-size\">Responda as perguntas abaixo:<\/p>\n\n\n\n<ol class=\"has-medium-font-size wp-block-list\"><li>Cora Coralina descreve, de maneira po\u00e9tica, a cidade de Goi\u00e1s. Releia com aten\u00e7\u00e3o o poema como \u00e9 a cidade de Goi\u00e1s descrita por ela.<\/li><li>Quem foi Cora Coralina e qual sua import\u00e2ncia para a cultura goiana?<\/li><li>Qual cidade fica a fotografia 1?<\/li><li>Qual cidade fica a fotografia 2?<\/li><\/ol>\n\n\n\n<p class=\"has-medium-font-size\">Para responder a quest\u00e3o abaixo, retome o texto acima sobre O nascimento das cidades goianas&nbsp;<\/p>\n\n\n\n<ol class=\"has-medium-font-size wp-block-list\"><li>Segundo o texto, como eram chamadas as cidades goianas?&nbsp;&nbsp;<\/li><li>Cite o nome de 2 caracter\u00edsticas das cidades mostradas no texto.<\/li><\/ol>\n\n\n\n<p class=\"has-medium-font-size\">Pesquise em livros e redes sociais sobre a vida e obra de Cora Coralina e sua import\u00e2ncia para a hist\u00f3ria de goi\u00e1s e o povo goiano. Escreva tudo em seu caderno de hist\u00f3ria sobre o que voc\u00ea achar importante sobre Cora Coralina.<\/p>\n\n\n\n<p class=\"has-text-align-center has-cyan-bluish-gray-background-color has-background has-medium-font-size\"><a href=\"https:\/\/www.ebiografia.com\/cora_coralina\">https:\/\/www.ebiografia.com\/cora_coralina<\/a><\/p>\n\n\n\n<hr class=\"wp-block-separator\"\/>\n\n\n\n<figure class=\"wp-block-table alignwide is-style-regular\"><table><tbody><tr><td>Proponentes &#8211; Professores<\/td><td>Charle Rabelo<\/td><\/tr><tr><td>Institui\u00e7\u00e3o Educacional<\/td><td>Escola Municipal Lions Clube Bandeirantes<\/td><\/tr><tr><td>CRE<\/td><td>Brasil Di Ramos Caiado<\/td><\/tr><\/tbody><\/table><\/figure>\n\n\n\n<hr class=\"wp-block-separator\"\/>\n\n\n\n<figure class=\"wp-block-table alignwide is-style-regular\"><table><tbody><tr><td>Cicio da inf\u00e2ncia\/Ciclo da Adolesc\u00eancia<\/td><td>Ciclo da Inf\u00e2ncia<\/td><\/tr><tr><td>Turma\/agrupamento<\/td><td>C<\/td><\/tr><tr><td>Componente Curricular:<\/td><td>Hist\u00f3ria<\/td><\/tr><tr><td>Habilidade estruturante Habilidades Complementares<\/td><td><strong>Habilidade estruturante:<\/strong> (EF03HI01) Identificar os grupos populacionais que formam a cidade, o munic\u00edpio e a regi\u00e3o, as rela\u00e7\u00f5es estabelecidas entre eles e os eventos que marcam a forma\u00e7\u00e3o da cidade, como fen\u00f4menos migrat\u00f3rios (vida rural\/vida urbana), desmatamentos, estabelecimento de grandes empresas, etc.<\/td><\/tr><\/tbody><\/table><\/figure>\n\n\n\n<p><\/p>\n","protected":false},"author":20,"featured_media":130584,"template":"","ef_categoria":[13,20],"ef_ano":[86],"ef_componente":[95],"class_list":["post-130583","ensino_fundamental","type-ensino_fundamental","status-publish","has-post-thumbnail","hentry","ef_categoria-ciclo-da-infancia-abc","ef_categoria-etica-e-cidadania","ef_ano-3o-ano","ef_componente-historia","entry","has-media"],"acf":[],"_links":{"self":[{"href":"https:\/\/sme.goiania.go.gov.br\/conexaoescola\/wp-json\/wp\/v2\/ensino_fundamental\/130583","targetHints":{"allow":["GET"]}}],"collection":[{"href":"https:\/\/sme.goiania.go.gov.br\/conexaoescola\/wp-json\/wp\/v2\/ensino_fundamental"}],"about":[{"href":"https:\/\/sme.goiania.go.gov.br\/conexaoescola\/wp-json\/wp\/v2\/types\/ensino_fundamental"}],"author":[{"embeddable":true,"href":"https:\/\/sme.goiania.go.gov.br\/conexaoescola\/wp-json\/wp\/v2\/users\/20"}],"version-history":[{"count":0,"href":"https:\/\/sme.goiania.go.gov.br\/conexaoescola\/wp-json\/wp\/v2\/ensino_fundamental\/130583\/revisions"}],"wp:featuredmedia":[{"embeddable":true,"href":"https:\/\/sme.goiania.go.gov.br\/conexaoescola\/wp-json\/wp\/v2\/media\/130584"}],"wp:attachment":[{"href":"https:\/\/sme.goiania.go.gov.br\/conexaoescola\/wp-json\/wp\/v2\/media?parent=130583"}],"wp:term":[{"taxonomy":"ef_categoria","embeddable":true,"href":"https:\/\/sme.goiania.go.gov.br\/conexaoescola\/wp-json\/wp\/v2\/ef_categoria?post=130583"},{"taxonomy":"ef_ano","embeddable":true,"href":"https:\/\/sme.goiania.go.gov.br\/conexaoescola\/wp-json\/wp\/v2\/ef_ano?post=130583"},{"taxonomy":"ef_componente","embeddable":true,"href":"https:\/\/sme.goiania.go.gov.br\/conexaoescola\/wp-json\/wp\/v2\/ef_componente?post=130583"}],"curies":[{"name":"wp","href":"https:\/\/api.w.org\/{rel}","templated":true}]}}