{"id":129983,"date":"2021-08-23T07:00:00","date_gmt":"2021-08-23T10:00:00","guid":{"rendered":"https:\/\/sme.goiania.go.gov.br\/conexaoescola\/?post_type=ensino_fundamental&#038;p=129983"},"modified":"2022-08-12T10:29:11","modified_gmt":"2022-08-12T13:29:11","slug":"do-que-as-plantas-precisam-para-viver","status":"publish","type":"ensino_fundamental","link":"https:\/\/sme.goiania.go.gov.br\/conexaoescola\/ensino_fundamental\/do-que-as-plantas-precisam-para-viver\/","title":{"rendered":"Ci\u00eancias da Natureza &#8211; Do que as plantas precisam para viver?"},"content":{"rendered":"\n<p class=\"has-drop-cap has-white-color has-vivid-red-background-color has-text-color has-background has-medium-font-size\">Ol\u00e1 crian\u00e7as!&nbsp;Como voc\u00eas est\u00e3o? Espero que estejam todos bem! Voc\u00ea j\u00e1 parou para pensar por que algumas plantas ficam t\u00e3o bonitas, verdinhas, crescem t\u00e3o bem enquanto outras ficam secas, as folhas caem, n\u00e3o d\u00e3o frutos? As plantas tamb\u00e9m s\u00e3o seres vivos e precisam de cuidados para sobreviver. Mas voc\u00ea j\u00e1 se perguntou como isso acontece? Do que a planta precisa para crescer forte e saud\u00e1vel?<\/p>\n\n\n\n<hr class=\"wp-block-separator\"\/>\n\n\n\n<p class=\"has-pale-cyan-blue-background-color has-background has-medium-font-size\">Leia o poema da Janina Richardo. Neste poema, observe que as plantas podem viver em diferentes ambientes, mas que todas em comum precisam de \u00e1gua, algumas mais que outras.<\/p>\n\n\n\n<figure class=\"wp-block-image\"><img decoding=\"async\" src=\"https:\/\/lh3.googleusercontent.com\/f5KpjbkX59o1F_s8bgdHF_kbz4udhwS4_7vO4bIgXY1zviC4PIfyOB85xXQ2CC0vX0DA5nKERArpmoT4xCWHoackIGPE1_5SY1Nmrk7zRssQSFY6m07Qmtjva7Ym78JRgNXAV7s\" alt=\"\"\/><figcaption>Link da imagem: <a href=\"about:blank\">https:\/\/novaescola.org.br\/plano-de-aula\/2074\/as-plantas-e-o-ambiente#_=_<\/a><br><\/figcaption><\/figure>\n\n\n\n<p class=\"has-pale-pink-background-color has-background has-medium-font-size\">Agora, assista ao v\u00eddeo para compreender melhor a import\u00e2ncia da \u00e1gua para a sobreviv\u00eancia das plantas.<\/p>\n\n\n\n<figure class=\"wp-block-embed is-type-video is-provider-youtube wp-block-embed-youtube wp-embed-aspect-16-9 wp-has-aspect-ratio\"><div class=\"wp-block-embed__wrapper\">\n<p class=\"responsive-video-wrap clr\"><iframe title=\"Manifesto da Planta\" width=\"1200\" height=\"675\" src=\"https:\/\/www.youtube.com\/embed\/x3N8JLD21Ww?feature=oembed\" frameborder=\"0\" allow=\"accelerometer; autoplay; clipboard-write; encrypted-media; gyroscope; picture-in-picture\" allowfullscreen><\/iframe><\/p>\n<\/div><figcaption>&#8220;Manifesto da Planta&#8221; &#8211; Canal: <a href=\"https:\/\/www.youtube.com\/channel\/UC4TWpqUEtKY62nqB2Ox9yfQ\">UPL Brasil<\/a> &#8211; Link: https:\/\/www.youtube.com\/watch?v=x3N8JLD21Ww<\/figcaption><\/figure>\n\n\n\n<hr class=\"wp-block-separator\"\/>\n\n\n\n<p class=\"has-light-green-cyan-background-color has-background has-medium-font-size\">As plantas como todos os outros seres vivos precisam de condi\u00e7\u00f5es favor\u00e1veis de vida. Precisam ser bem cuidadas, alimentadas, mas como isso acontece?<br>Antes vamos relembrar quais s\u00e3o as partes de uma planta?<\/p>\n\n\n\n<figure class=\"wp-block-image is-style-default\"><img decoding=\"async\" src=\"https:\/\/lh6.googleusercontent.com\/yx4FU_FcFcmn0IEbhVXV7mTjbOwNv_dtemFNm1nSHGboESE_a8LhSmYFUbsNVc2R7qO-1jXryJoEWGJngzBVjrrl94-dcV4a8RVxs0Mrricebed2W4_5GXxqm1IPr70UFP_cg4k\" alt=\"Partes da Planta\"\/><figcaption>Fonte: <a href=\"about:blank\">https:\/\/www.todamateria.com.br\/partes-da-planta\/<\/a><\/figcaption><\/figure>\n\n\n\n<p class=\"has-pale-cyan-blue-background-color has-background has-medium-font-size\">Observem do que as plantas precisam:<\/p>\n\n\n\n<figure class=\"wp-block-image\"><img decoding=\"async\" src=\"https:\/\/lh3.googleusercontent.com\/bjRN8PTwE21E8jISR1Bh3xMVvR6fq5HMN-MvtLTkhac_3WgYJMgpJBnTy04dzKqyC6jYEBG0HoMeqAfrPHOY31RXB5XYHsMFB3WTJlJUrq_hy3rE7zAbCC8j334B7D8Sy4h82Rk\" alt=\"\"\/><figcaption>Fonte: <a href=\"about:blank\">https:\/\/pt.scribd.com\/presentation\/233549412\/Como-Vivem-as-Plantas<\/a><\/figcaption><\/figure>\n\n\n\n<hr class=\"wp-block-separator\"\/>\n\n\n\n<p class=\"has-luminous-vivid-amber-background-color has-background has-medium-font-size\">Agora assista a um v\u00eddeo que explica direitinho tudo aquilo que \u00e9 necess\u00e1rio para a manuten\u00e7\u00e3o da vida de um vegetal, ou seja, uma planta. Al\u00e9m de \u00e1gua, ela precisa tamb\u00e9m da energia solar e de g\u00e1s carb\u00f4nico. Al\u00e9m de tudo isso \u00e9 importante tamb\u00e9m que o solo (terra) esteja bem cuidada, rica em sais minerais.<\/p>\n\n\n\n<figure class=\"wp-block-embed is-type-video is-provider-youtube wp-block-embed-youtube wp-embed-aspect-16-9 wp-has-aspect-ratio\"><div class=\"wp-block-embed__wrapper\">\n<p class=\"responsive-video-wrap clr\"><iframe title=\"Aula de Ci\u00eancias: Plantas\" width=\"1200\" height=\"675\" src=\"https:\/\/www.youtube.com\/embed\/3PaqJfQzuo0?feature=oembed\" frameborder=\"0\" allow=\"accelerometer; autoplay; clipboard-write; encrypted-media; gyroscope; picture-in-picture\" allowfullscreen><\/iframe><\/p>\n<\/div><figcaption>&#8220;Aula de Ci\u00eancias: Plantas&#8221; &#8211; Canal: <a href=\"https:\/\/www.youtube.com\/channel\/UC-RERDcMtktlR6cy4wXg1ag\">Bar\u00e3o do Pirapora<\/a> &#8211; Link: https:\/\/www.youtube.com\/watch?v=3PaqJfQzuo0<\/figcaption><\/figure>\n\n\n\n<p class=\"has-light-green-cyan-background-color has-background has-medium-font-size\">Ent\u00e3o crian\u00e7a, espero que voc\u00ea tenha compreendido. E a partir de hoje vamos olhar as plantas \u00e0 nossa volta de uma forma bem diferente.<\/p>\n\n\n\n<hr class=\"wp-block-separator\"\/>\n\n\n\n<figure class=\"wp-block-table alignfull\"><table><tbody><tr><td>Saiba Mais\/Refer\u00eancias:<\/td><td><a href=\"about:blank\">https:\/\/www.youtube.com\/watch?v=JoB-69Nvxy4<\/a><br><a href=\"about:blank\">https:\/\/www.youtube.com\/watch?v=_qquJRrGatY<\/a><br><a href=\"about:blank\">https:\/\/www.youtube.com\/watch?v=oLjjv5w3Amw<\/a><\/td><\/tr><tr><td>Objeto de Conhecimento<\/td><td>Vida e Evolu\u00e7\u00e3o.<\/td><\/tr><tr><td>Componentes Curriculares<\/td><td>Ci\u00eancias<\/td><\/tr><tr><td>Habilidades<\/td><td>(EF02CI04\u2013A) Descrever caracter\u00edsticas de plantas e animais, como tamanho, forma, cor, fase da vida, local onde se desenvolvem que fazem parte do cotidiano, relacionando-as ao ambiente em que vivem. (GO-EF02CI11) Investigar a import\u00e2ncia do ar e do solo para a manuten\u00e7\u00e3o da vida das plantas em geral.<\/td><\/tr><tr><td>Proponentes\/ Professores:<\/td><td>Aparecida Borges de Oliveira,Liliane Anselmo Ferreira,&nbsp;Luciana Ribeira da Silva,&nbsp;M\u00e1rcia Maria Neves&nbsp;&nbsp;Nilza Clementina da Silva Ferreira.<\/td><\/tr><tr><td>Institui\u00e7\u00e3o Educacional:<\/td><td>Escola Municipal&nbsp; S\u00e3o Jos\u00e9<\/td><\/tr><tr><td>CRE:<\/td><td>Brasil Di Ramos Caiado<\/td><\/tr><\/tbody><\/table><\/figure>\n","protected":false},"author":49,"featured_media":130003,"template":"","ef_categoria":[13,18],"ef_ano":[85],"ef_componente":[98],"class_list":["post-129983","ensino_fundamental","type-ensino_fundamental","status-publish","has-post-thumbnail","hentry","ef_categoria-ciclo-da-infancia-abc","ef_categoria-educacao-ambiental-e-saude","ef_ano-2o-ano","ef_componente-ciencia-da-natureza-ef","entry","has-media"],"acf":[],"_links":{"self":[{"href":"https:\/\/sme.goiania.go.gov.br\/conexaoescola\/wp-json\/wp\/v2\/ensino_fundamental\/129983","targetHints":{"allow":["GET"]}}],"collection":[{"href":"https:\/\/sme.goiania.go.gov.br\/conexaoescola\/wp-json\/wp\/v2\/ensino_fundamental"}],"about":[{"href":"https:\/\/sme.goiania.go.gov.br\/conexaoescola\/wp-json\/wp\/v2\/types\/ensino_fundamental"}],"author":[{"embeddable":true,"href":"https:\/\/sme.goiania.go.gov.br\/conexaoescola\/wp-json\/wp\/v2\/users\/49"}],"version-history":[{"count":0,"href":"https:\/\/sme.goiania.go.gov.br\/conexaoescola\/wp-json\/wp\/v2\/ensino_fundamental\/129983\/revisions"}],"wp:featuredmedia":[{"embeddable":true,"href":"https:\/\/sme.goiania.go.gov.br\/conexaoescola\/wp-json\/wp\/v2\/media\/130003"}],"wp:attachment":[{"href":"https:\/\/sme.goiania.go.gov.br\/conexaoescola\/wp-json\/wp\/v2\/media?parent=129983"}],"wp:term":[{"taxonomy":"ef_categoria","embeddable":true,"href":"https:\/\/sme.goiania.go.gov.br\/conexaoescola\/wp-json\/wp\/v2\/ef_categoria?post=129983"},{"taxonomy":"ef_ano","embeddable":true,"href":"https:\/\/sme.goiania.go.gov.br\/conexaoescola\/wp-json\/wp\/v2\/ef_ano?post=129983"},{"taxonomy":"ef_componente","embeddable":true,"href":"https:\/\/sme.goiania.go.gov.br\/conexaoescola\/wp-json\/wp\/v2\/ef_componente?post=129983"}],"curies":[{"name":"wp","href":"https:\/\/api.w.org\/{rel}","templated":true}]}}