{"id":129964,"date":"2021-08-23T07:00:00","date_gmt":"2021-08-23T10:00:00","guid":{"rendered":"https:\/\/sme.goiania.go.gov.br\/conexaoescola\/?post_type=ensino_fundamental&#038;p=129964"},"modified":"2021-12-14T11:58:17","modified_gmt":"2021-12-14T13:58:17","slug":"brincando-e-criando-com-a-metamorfose-das-borboletas","status":"publish","type":"ensino_fundamental","link":"https:\/\/sme.goiania.go.gov.br\/conexaoescola\/ensino_fundamental\/brincando-e-criando-com-a-metamorfose-das-borboletas\/","title":{"rendered":"Arte &#8211; Brincando e criando com a metamorfose das borboletas"},"content":{"rendered":"\n<p class=\"has-drop-cap has-black-color has-vivid-cyan-blue-background-color has-text-color has-background has-medium-font-size\">Ol\u00e1, tudo bem com voc\u00ea?&nbsp; Hoje voc\u00ea vai estudar uma proposta muito interessante e importante, pois estamos preocupados em saber como voc\u00ea est\u00e1 enfrentando esse momento t\u00e3o dif\u00edcil, neste per\u00edodo de isolamento que estamos vivendo. O mundo mudou do dia para a noite, principalmente nossas crian\u00e7as, perderam os afetos dos colegas, as intera\u00e7\u00f5es, as brincadeiras, e todos os ambientes de socializa\u00e7\u00e3o, e principalmente a&nbsp; institui\u00e7\u00e3o de ensino. \u00c9 de grande import\u00e2ncia que os respons\u00e1veis encontrem maneiras para continuarem a estimular as crian\u00e7as a aprender, brincar e se divertir.&nbsp; Estamos passando por um grande momento de transforma\u00e7\u00e3o, ent\u00e3o vamos falar do ciclo de vida das borboletas, a metamorfose.&nbsp; O que \u00e9 metamorfose? Uma grande e linda transforma\u00e7\u00e3o. Veja a hist\u00f3ria da metamorfose da borboleta em v\u00eddeo, brincadeira simples, divertida, muito apreciada pelas crian\u00e7as, que \u00e9 a brincadeira com massinha, principalmente quando se trata delas mesmas constru\u00edrem a massinha, e a representa\u00e7\u00e3o com material recicl\u00e1vel. Essa atividade al\u00e9m de ser muito apreciada por crian\u00e7as de todas as idades, tamb\u00e9m contribui no desenvolvimento da autoestima.<\/p>\n\n\n\n<hr class=\"wp-block-separator\"\/>\n\n\n\n<h2 class=\"has-black-color has-pale-pink-background-color has-text-color has-background wp-block-heading\"><strong>Atividade 1<\/strong><\/h2>\n\n\n\n<p class=\"has-medium-font-size\">Assista ao v\u00eddeo:&nbsp;<\/p>\n\n\n\n<figure class=\"wp-block-embed is-type-video is-provider-youtube wp-block-embed-youtube wp-embed-aspect-16-9 wp-has-aspect-ratio\"><div class=\"wp-block-embed__wrapper\">\n<p class=\"responsive-video-wrap clr\"><iframe title=\"Ciclo de vida da borboleta\" width=\"1200\" height=\"675\" src=\"https:\/\/www.youtube.com\/embed\/oaJH-UGnlpc?feature=oembed\" frameborder=\"0\" allow=\"accelerometer; autoplay; clipboard-write; encrypted-media; gyroscope; picture-in-picture\" allowfullscreen><\/iframe><\/p>\n<\/div><figcaption>&#8220;Ciclo de vida da borboleta&#8221; &#8211; Canal: <a href=\"https:\/\/www.youtube.com\/channel\/UCo_GJ-xMCWCeJ4jrPxcFk_A\">Ensinando meu filho<\/a> &#8211; Link: https:\/\/www.youtube.com\/watch?v=oaJH-UGnlpc<\/figcaption><\/figure>\n\n\n\n<hr class=\"wp-block-separator\"\/>\n\n\n\n<h2 class=\"has-pale-cyan-blue-background-color has-background wp-block-heading\"><strong>Atividade 2<\/strong><\/h2>\n\n\n\n<p class=\"has-light-green-cyan-background-color has-background has-medium-font-size\">Assista ao v\u00eddeo e m\u00fasica da metamorfose da borboleta reproduzido em massinha. Agora \u00e9 com voc\u00ea, fa\u00e7a com a massinha a modelagem dos personagens, lembre-se de modelar como no v\u00eddeo e depois modele tamb\u00e9m as letrinhas do seu nome, do nome da borboleta e outras letras que voc\u00ea conhece, vai ser muito divertido. Se precisar de ajude chame algu\u00e9m.<\/p>\n\n\n\n<figure class=\"wp-block-embed is-type-video is-provider-youtube wp-block-embed-youtube wp-embed-aspect-16-9 wp-has-aspect-ratio\"><div class=\"wp-block-embed__wrapper\">\n<p class=\"responsive-video-wrap clr\"><iframe title=\"Metamorfose da Borboleta - V\u00eddeo em Stop Motion\" width=\"1200\" height=\"675\" src=\"https:\/\/www.youtube.com\/embed\/-KfT27tUJmg?feature=oembed\" frameborder=\"0\" allow=\"accelerometer; autoplay; clipboard-write; encrypted-media; gyroscope; picture-in-picture\" allowfullscreen><\/iframe><\/p>\n<\/div><figcaption>&#8220;Metamorfose da Borboleta &#8211; V\u00eddeo em Stop Motion&#8221; &#8211; Canal: <a href=\"https:\/\/www.youtube.com\/channel\/UCktNXvfsa6yTzrE_GWbq5Dw\">Pablo Oliveira<\/a> &#8211; Link: https:\/\/www.youtube.com\/watch?v=-KfT27tUJmg<\/figcaption><\/figure>\n\n\n\n<p class=\"has-medium-font-size\">Construa sua pr\u00f3pria massinha (N\u00e3o fa\u00e7a sozinho(a)).<\/p>\n\n\n\n<p class=\"has-medium-font-size\">Quem \u00e9 que nunca brincou com <strong>massinha de modelar<\/strong> na inf\u00e2ncia n\u00e3o \u00e9 mesmo? E que tal hoje aprender como fazer massa de modelar caseira, para brincar com suas crian\u00e7as.<\/p>\n\n\n\n<p class=\"has-medium-font-size\">A receita \u00e9 t\u00e3o f\u00e1cil, que voc\u00ea vai se surpreender!<\/p>\n\n\n\n<p class=\"has-medium-font-size\">A <strong>receita da massinha de modelar<\/strong> caseira \u00e9 uma s\u00f3, independente da cor que deseja, o segredo para as cores diferentes est\u00e1 nos corantes.&nbsp;<\/p>\n\n\n\n<p class=\"has-medium-font-size\">Caso queira tamb\u00e9m economizar nos corantes, escolha os das cores prim\u00e1rias, vermelho, azul e amarelo, onde a partir da\u00ed voc\u00ea poder\u00e1 formar outras cores para as suas massas de modelar.<\/p>\n\n\n\n<p class=\"has-medium-font-size\">Receita de massinha:<\/p>\n\n\n\n<p class=\"has-medium-font-size\"><strong>Ingredientes:<\/strong><\/p>\n\n\n\n<p class=\"has-luminous-vivid-amber-background-color has-background has-medium-font-size\"><strong>Corantes<\/strong><br>1\/4 x\u00edcara (ch\u00e1) de \u00e1gua<br>1\/4 x\u00edcara (ch\u00e1) de sal<br>1\/2 colher (ch\u00e1) \u00f3leo<br>1 x\u00edcara (ch\u00e1) de trigo<\/p>\n\n\n\n<p class=\"has-medium-font-size\"><strong>Como fazer:<\/strong><\/p>\n\n\n\n<ul class=\"has-background has-medium-font-size wp-block-list\" style=\"background:linear-gradient(90deg,rgb(255,206,236) 0%,rgb(152,150,240) 100%)\"><li>Pegue 2 potinhos, em um voc\u00ea ir\u00e1 colocar os ingredientes l\u00edquidos e no outro os secos. Misture bem cada um dos potinhos, mesmo a \u00e1gua n\u00e3o se misturando com o \u00f3leo. \u00c9 s\u00f3 para dar uma espalhada.<\/li><li>Aos poucos v\u00e1 colocando os ingredientes secos no potinho com os l\u00edquidos e misture com as m\u00e3os. Quando terminar de colocar todos os ingredientes da massinha de modelar juntos e estiver parecendo uma farofa, retire a massa do pote e em uma superf\u00edcie que n\u00e3o gruda, como uma tampa de granito, coloque a massa e amasse muito bem, at\u00e9 que fique um pouco homog\u00eaneo.<\/li><li>Ap\u00f3s isso pingue algumas gotas do corante escolhido e continue mexendo at\u00e9 que ele se espalhe pela massa e ela fique toda homog\u00eanea e com a cor que escolheu. Voc\u00ea tamb\u00e9m pode usar para colorir a massinha tinta guache caso voc\u00ea n\u00e3o tenha corante.<\/li><\/ul>\n\n\n\n<p class=\"has-medium-font-size\">Pronto, sua massinha de modelar caseira est\u00e1 feita. Para poder armazenar e que n\u00e3o fique seca, enrole em pl\u00e1stico filme.<\/p>\n\n\n\n<hr class=\"wp-block-separator\"\/>\n\n\n\n<h2 class=\"has-vivid-purple-background-color has-background wp-block-heading\"><strong>Atividade 3<\/strong><\/h2>\n\n\n\n<p class=\"has-light-green-cyan-background-color has-background has-medium-font-size\">Visualize o v\u00eddeo da metamorfose da borboleta representado com material recicl\u00e1vel. (Pais\/respons\u00e1veis: crie junto com sua crian\u00e7a o seu pr\u00f3prio material&nbsp; para que voc\u00eas possam brincar juntos).<\/p>\n\n\n\n<figure class=\"wp-block-embed is-type-video is-provider-youtube wp-block-embed-youtube wp-embed-aspect-16-9 wp-has-aspect-ratio\"><div class=\"wp-block-embed__wrapper\">\n<p class=\"responsive-video-wrap clr\"><iframe title=\"A metamorfose da borboleta\" width=\"1200\" height=\"675\" src=\"https:\/\/www.youtube.com\/embed\/YqcGtx4VflY?feature=oembed\" frameborder=\"0\" allow=\"accelerometer; autoplay; clipboard-write; encrypted-media; gyroscope; picture-in-picture\" allowfullscreen><\/iframe><\/p>\n<\/div><figcaption>&#8220;A metamorfose da borboleta&#8221; &#8211; Canal: Cad\u00ea a Prof? &#8211; Link: https:\/\/www.youtube.com\/watch?v=YqcGtx4VflY<\/figcaption><\/figure>\n\n\n\n<hr class=\"wp-block-separator\"\/>\n\n\n\n<figure class=\"wp-block-table alignfull\"><table><tbody><tr><td>Objeto de Conhecimento<\/td><td>Elementos da linguagem.Elementos construtivos das artes visuais.Materialidades e imaterialidades.Formas de express\u00e3o art\u00edsticas.<\/td><\/tr><tr><td>Componente Curricular<\/td><td>Arte<\/td><\/tr><tr><td><br><br><br>Habilidades<\/td><td>(GO-EFO1AR02-B) Conhecer os elementos construtivos das artes visuais, como o ponto, a linha, a forma, a cor, o espa\u00e7o, os planos, a textura, explorando diferentes suportes, ferramentas, materiais e t\u00e9cnicas alternativas, como componentes fundamentais para a composi\u00e7\u00e3o e express\u00e3o art\u00edstica.<br>(GO-EF01AR04-A) Distinguir, experimentar, vivenciar e explorar diferentes formas de express\u00e3o art\u00edstica, como desenhos, croquis, pinturas, gravuras, colagens, HQs, dobraduras, esculturas, modelagens, instala\u00e7\u00f5es, v\u00eddeos, fotografias, performances, usando sustentavelmente materiais, instrumentos, recursos, t\u00e9cnicas convencionais e n\u00e3o convencionais, bem como desenvolver o senso cr\u00edtico, a investiga\u00e7\u00e3o e a colabora\u00e7\u00e3o.<\/td><\/tr><tr><td>Proponentes\/ Professores:<\/td><td>L\u00facia Pires Canuto<\/td><\/tr><tr><td>Institui\u00e7\u00e3o Educacional:<\/td><td>Escola Municipal Solar Ville<\/td><\/tr><tr><td>CRE:<\/td><td>Brasil Di Ramos Caiado<\/td><\/tr><\/tbody><\/table><\/figure>\n","protected":false},"author":33,"featured_media":129979,"template":"","ef_categoria":[13,21],"ef_ano":[85],"ef_componente":[99],"class_list":["post-129964","ensino_fundamental","type-ensino_fundamental","status-publish","has-post-thumbnail","hentry","ef_categoria-ciclo-da-infancia-abc","ef_categoria-experiencias-e-curiosidades","ef_ano-2o-ano","ef_componente-arte-ef","entry","has-media"],"acf":[],"_links":{"self":[{"href":"https:\/\/sme.goiania.go.gov.br\/conexaoescola\/wp-json\/wp\/v2\/ensino_fundamental\/129964","targetHints":{"allow":["GET"]}}],"collection":[{"href":"https:\/\/sme.goiania.go.gov.br\/conexaoescola\/wp-json\/wp\/v2\/ensino_fundamental"}],"about":[{"href":"https:\/\/sme.goiania.go.gov.br\/conexaoescola\/wp-json\/wp\/v2\/types\/ensino_fundamental"}],"author":[{"embeddable":true,"href":"https:\/\/sme.goiania.go.gov.br\/conexaoescola\/wp-json\/wp\/v2\/users\/33"}],"version-history":[{"count":0,"href":"https:\/\/sme.goiania.go.gov.br\/conexaoescola\/wp-json\/wp\/v2\/ensino_fundamental\/129964\/revisions"}],"wp:featuredmedia":[{"embeddable":true,"href":"https:\/\/sme.goiania.go.gov.br\/conexaoescola\/wp-json\/wp\/v2\/media\/129979"}],"wp:attachment":[{"href":"https:\/\/sme.goiania.go.gov.br\/conexaoescola\/wp-json\/wp\/v2\/media?parent=129964"}],"wp:term":[{"taxonomy":"ef_categoria","embeddable":true,"href":"https:\/\/sme.goiania.go.gov.br\/conexaoescola\/wp-json\/wp\/v2\/ef_categoria?post=129964"},{"taxonomy":"ef_ano","embeddable":true,"href":"https:\/\/sme.goiania.go.gov.br\/conexaoescola\/wp-json\/wp\/v2\/ef_ano?post=129964"},{"taxonomy":"ef_componente","embeddable":true,"href":"https:\/\/sme.goiania.go.gov.br\/conexaoescola\/wp-json\/wp\/v2\/ef_componente?post=129964"}],"curies":[{"name":"wp","href":"https:\/\/api.w.org\/{rel}","templated":true}]}}