{"id":129920,"date":"2021-08-23T07:00:00","date_gmt":"2021-08-23T10:00:00","guid":{"rendered":"https:\/\/sme.goiania.go.gov.br\/conexaoescola\/?post_type=ensino_fundamental&#038;p=129920"},"modified":"2021-11-16T09:33:02","modified_gmt":"2021-11-16T11:33:02","slug":"poema-e-verbos-modo-e-tempos-verbais","status":"publish","type":"ensino_fundamental","link":"https:\/\/sme.goiania.go.gov.br\/conexaoescola\/ensino_fundamental\/poema-e-verbos-modo-e-tempos-verbais\/","title":{"rendered":"L\u00edngua Portuguesa &#8211; Poema e Verbos, modo e tempos verbais"},"content":{"rendered":"\n<p class=\"has-black-color has-light-green-cyan-background-color has-text-color has-background has-medium-font-size\">Oi! Hoje voc\u00ea ir\u00e1 ver um novo g\u00eanero textual: Poema. Ver\u00e1 que o poema \u00e9 um texto diferenciado em sua estrutura. Ent\u00e3o vamos come\u00e7ar!<\/p>\n\n\n\n<p class=\"has-luminous-vivid-amber-color has-black-background-color has-text-color has-background has-medium-font-size\"><strong>Atividade 1:<\/strong><\/p>\n\n\n\n<p class=\"has-medium-font-size\">Assista ao v\u00eddeo a seguir para compreender o que \u00e9 poesia:<\/p>\n\n\n\n<figure class=\"wp-block-embed is-type-video is-provider-youtube wp-block-embed-youtube wp-embed-aspect-16-9 wp-has-aspect-ratio\"><div class=\"wp-block-embed__wrapper\">\n<p class=\"responsive-video-wrap clr\"><iframe title=\"videoclipe - O que \u00e9 um poema?\" width=\"1200\" height=\"675\" src=\"https:\/\/www.youtube.com\/embed\/TedJnMYP0vk?feature=oembed\" frameborder=\"0\" allow=\"accelerometer; autoplay; clipboard-write; encrypted-media; gyroscope; picture-in-picture\" allowfullscreen><\/iframe><\/p>\n<\/div><\/figure>\n\n\n\n<p class=\"has-white-color has-vivid-red-background-color has-text-color has-background has-medium-font-size\"><strong>Atividade 2:<\/strong><\/p>\n\n\n\n<p>Agora assista ao v\u00eddeo a seguir para voc\u00ea aprender como \u00e9 a estrutura de um poema:<\/p>\n\n\n\n<figure class=\"wp-block-embed is-type-video is-provider-youtube wp-block-embed-youtube wp-embed-aspect-16-9 wp-has-aspect-ratio\"><div class=\"wp-block-embed__wrapper\">\n<p class=\"responsive-video-wrap clr\"><iframe title=\"Poesia e Poema - Refor\u00e7o Escolar Online - DRR Aulas Online\" width=\"1200\" height=\"675\" src=\"https:\/\/www.youtube.com\/embed\/d9uaDq5Elts?feature=oembed\" frameborder=\"0\" allow=\"accelerometer; autoplay; clipboard-write; encrypted-media; gyroscope; picture-in-picture\" allowfullscreen><\/iframe><\/p>\n<\/div><\/figure>\n\n\n\n<p class=\"has-black-color has-vivid-green-cyan-background-color has-text-color has-background has-medium-font-size\"><strong>Atividade 3:<\/strong><\/p>\n\n\n\n<p>Copie e leia o texto explicativo sobre poema:<\/p>\n\n\n\n<p class=\"has-black-color has-text-color has-background has-medium-font-size\" style=\"background-color:#afddf9\"><strong>Poema<\/strong><\/p>\n\n\n\n<p class=\"has-medium-font-size\">Um poema \u00e9 um texto liter\u00e1rio composto de versos, e que podem conter rimas ou n\u00e3o. O poema tenta expressar sentimentos atrav\u00e9s das palavras.<\/p>\n\n\n\n<p class=\"has-medium-font-size\">&nbsp;&nbsp;&nbsp;&nbsp;&nbsp;&nbsp;&nbsp;&nbsp;&nbsp;&nbsp;&nbsp; \u00c9 f\u00e1cil de identificar um poema, pois a estrutura do texto \u00e9 diferente, vem separado por versos e estrofes. Onde cada linha \u00e9 um verso e o conjunto dos versos forma uma estrofe. A cada estrofe existe um espa\u00e7o.<\/p>\n\n\n\n<p class=\"has-medium-font-size\">&nbsp;&nbsp;&nbsp;&nbsp;&nbsp;&nbsp;&nbsp;&nbsp;&nbsp;&nbsp;&nbsp; Existe tamb\u00e9m as rimas, que s\u00e3o as palavras que d\u00e3o musicalidade ao poema, s\u00e3o as palavras que combinam, que tem o mesmo final, como por exemplo: ch\u00e3o-cora\u00e7\u00e3o; mam\u00e3o-feij\u00e3o.<\/p>\n\n\n\n<p class=\"has-medium-font-size\">&nbsp;&nbsp;&nbsp;&nbsp;&nbsp;&nbsp;&nbsp;&nbsp;&nbsp;&nbsp;&nbsp; Nem todo poema tem rimas, e os poemas sem rimas s\u00e3o chamados de versos brancos.<\/p>\n\n\n\n<p class=\"has-medium-font-size\">Veja:<\/p>\n\n\n\n<ul class=\"has-medium-font-size wp-block-list\"><li><strong>Versos<\/strong>: \u00e9 cada linha do poema;<\/li><li><strong>Estrofes<\/strong>: \u00e9 o conjunto dos versos, ou seja, o conjunto das linhas forma a estrofe;<\/li><li><strong>Rima<\/strong>: s\u00e3o as palavras que combinam e formam a musicalidade no poema;<\/li><li><strong>Versos brancos<\/strong>: s\u00e3o os poemas n\u00e3o tem rimas.<\/li><\/ul>\n\n\n\n<p class=\"has-medium-font-size\">Observe as estrofes a seguir:<\/p>\n\n\n\n<h3 class=\"wp-block-heading\" style=\"font-size:24px\">A porta (Vinicius de Moraes)<\/h3>\n\n\n\n<p class=\"has-medium-font-size\">Sou feita de madeira<br>Madeira, mat\u00e9ria morta<br>N\u00e3o h\u00e1 nada no mundo<br>Mais viva que uma porta<\/p>\n\n\n\n<p class=\"has-medium-font-size\">Eu abro devagarinho<br>Pra passar o menininho<br>Eu abro bem com cuidado<br>Pra passar o namorado<\/p>\n\n\n\n<p class=\"has-medium-font-size\">Eu abro bem prazenteira<br>Pra passar a cozinheira<br>Eu abro de supet\u00e3o<br>Pra passar o capit\u00e3o<\/p>\n\n\n\n<p class=\"has-medium-font-size\">Eu fecho a frente da casa<br>Fecho a frente do quartel<br>Eu fecho tudo no mundo<br>S\u00f3 vivo aberta no c\u00e9u!<\/p>\n\n\n\n<p>Dispon\u00edvel em: <a href=\"https:\/\/leiturinha.com.br\/blog\/10-poemas-famosos-para-ler-com-as-criancas\/\" target=\"_blank\" rel=\"noreferrer noopener\">https:\/\/leiturinha.com.br\/blog\/10-poemas-famosos-para-ler-com-as-criancas\/<\/a>. 10 poemas famosos para ler com as crian\u00e7as | Blog Leiturinha. Acesso em 26 de mar\u00e7o de 2021.<\/p>\n\n\n\n<p class=\"has-black-color has-pale-pink-background-color has-text-color has-background has-medium-font-size\">&nbsp;&nbsp;&nbsp;&nbsp;&nbsp;&nbsp;&nbsp;&nbsp;&nbsp;&nbsp;&nbsp; Voc\u00ea viu que este poema que acabou de ler tem dezesseis versos e quatro estrofes? Viu tamb\u00e9m que est\u00e1 cheio de rimas, como: morta com porta; devagarinho com menininho; cuidado com namorado.<\/p>\n\n\n\n<p class=\"has-white-color has-black-background-color has-text-color has-background has-medium-font-size\"><strong>Atividade 4:<\/strong><\/p>\n\n\n\n<p class=\"has-black-color has-text-color has-medium-font-size\">Fazer a leitura do texto das p\u00e1ginas: 111 e 112, fazer as atividades das paginas113,114 e 115<\/p>\n\n\n\n<hr class=\"wp-block-separator is-style-wide\"\/>\n\n\n\n<p class=\"has-black-color has-pale-cyan-blue-background-color has-text-color has-background\"><strong>SAIBA MAIS<\/strong><\/p>\n\n\n\n<p class=\"has-black-color has-text-color has-medium-font-size\">Assista ao v\u00eddeo a seguir:<\/p>\n\n\n\n<figure class=\"wp-block-embed is-type-video is-provider-youtube wp-block-embed-youtube wp-embed-aspect-16-9 wp-has-aspect-ratio\"><div class=\"wp-block-embed__wrapper\">\n<p class=\"responsive-video-wrap clr\"><iframe title=\"Hist\u00f3ria para Crian\u00e7as - Poesia - (Infantil) Os Mambous\" width=\"1200\" height=\"675\" src=\"https:\/\/www.youtube.com\/embed\/7PxoFHrW1yk?feature=oembed\" frameborder=\"0\" allow=\"accelerometer; autoplay; clipboard-write; encrypted-media; gyroscope; picture-in-picture\" allowfullscreen><\/iframe><\/p>\n<\/div><\/figure>\n\n\n\n<p class=\"has-medium-font-size\"><strong>REFER\u00caNCIAS:<\/strong><\/p>\n\n\n\n<div class=\"wp-block-buttons is-layout-flex wp-block-buttons-is-layout-flex\">\n<div class=\"wp-block-button is-style-fill\"><a class=\"wp-block-button__link has-white-color has-black-background-color has-text-color has-background\">&#8211; O que \u00e9 um poema? &#8211; YouTube<\/a><\/div>\n\n\n\n<div class=\"wp-block-button\"><a class=\"wp-block-button__link has-black-color has-luminous-vivid-amber-background-color has-text-color has-background\">Refor\u00e7o Escolar Online &#8211; Ol\u00e1 aluno &#8211; YouTube<\/a><\/div>\n\n\n\n<div class=\"wp-block-button is-style-outline is-style-outline--1\"><a class=\"wp-block-button__link has-white-color has-luminous-vivid-orange-background-color has-text-color has-background\">10 poemas famosos para ler com as crian\u00e7as | Blog Leiturinha<\/a><\/div>\n\n\n\n<div class=\"wp-block-button\"><a class=\"wp-block-button__link has-white-color has-text-color has-background\" style=\"background-color:#0d6ea6\">Hist\u00f3ria para Crian\u00e7as &#8211; Poesia &#8211; (Infantil) Os Mambous \u2013 YouTube<\/a><\/div>\n<\/div>\n","protected":false},"author":27,"featured_media":131757,"template":"","ef_categoria":[14,22],"ef_ano":[87],"ef_componente":[93],"class_list":["post-129920","ensino_fundamental","type-ensino_fundamental","status-publish","has-post-thumbnail","hentry","ef_categoria-ciclo-da-infancia-de","ef_categoria-corpo-e-movimento-ciclo-da-infancia-de","ef_ano-4o-ano","ef_componente-portugues","entry","has-media"],"acf":[],"_links":{"self":[{"href":"https:\/\/sme.goiania.go.gov.br\/conexaoescola\/wp-json\/wp\/v2\/ensino_fundamental\/129920","targetHints":{"allow":["GET"]}}],"collection":[{"href":"https:\/\/sme.goiania.go.gov.br\/conexaoescola\/wp-json\/wp\/v2\/ensino_fundamental"}],"about":[{"href":"https:\/\/sme.goiania.go.gov.br\/conexaoescola\/wp-json\/wp\/v2\/types\/ensino_fundamental"}],"author":[{"embeddable":true,"href":"https:\/\/sme.goiania.go.gov.br\/conexaoescola\/wp-json\/wp\/v2\/users\/27"}],"version-history":[{"count":0,"href":"https:\/\/sme.goiania.go.gov.br\/conexaoescola\/wp-json\/wp\/v2\/ensino_fundamental\/129920\/revisions"}],"wp:featuredmedia":[{"embeddable":true,"href":"https:\/\/sme.goiania.go.gov.br\/conexaoescola\/wp-json\/wp\/v2\/media\/131757"}],"wp:attachment":[{"href":"https:\/\/sme.goiania.go.gov.br\/conexaoescola\/wp-json\/wp\/v2\/media?parent=129920"}],"wp:term":[{"taxonomy":"ef_categoria","embeddable":true,"href":"https:\/\/sme.goiania.go.gov.br\/conexaoescola\/wp-json\/wp\/v2\/ef_categoria?post=129920"},{"taxonomy":"ef_ano","embeddable":true,"href":"https:\/\/sme.goiania.go.gov.br\/conexaoescola\/wp-json\/wp\/v2\/ef_ano?post=129920"},{"taxonomy":"ef_componente","embeddable":true,"href":"https:\/\/sme.goiania.go.gov.br\/conexaoescola\/wp-json\/wp\/v2\/ef_componente?post=129920"}],"curies":[{"name":"wp","href":"https:\/\/api.w.org\/{rel}","templated":true}]}}