{"id":129625,"date":"2021-08-16T08:30:00","date_gmt":"2021-08-16T11:30:00","guid":{"rendered":"https:\/\/sme.goiania.go.gov.br\/conexaoescola\/?post_type=ensino_fundamental&#038;p=129625"},"modified":"2022-08-12T10:32:41","modified_gmt":"2022-08-12T13:32:41","slug":"o-mundo-e-o-plano-cartesiano","status":"publish","type":"ensino_fundamental","link":"https:\/\/sme.goiania.go.gov.br\/conexaoescola\/ensino_fundamental\/o-mundo-e-o-plano-cartesiano\/","title":{"rendered":"Geografia &#8211; O Mundo e o Plano Cartesiano"},"content":{"rendered":"\n<p class=\"has-drop-cap has-black-color has-pale-cyan-blue-background-color has-text-color has-background has-medium-font-size\">Ol\u00e1! Esta aula \u00e9 um breve relato sobre a aplica\u00e7\u00e3o do plano cartesiano em nosso cotidiano e relacionando-a com o espa\u00e7o que vivemos.<\/p>\n\n\n\n<div style=\"height:100px\" aria-hidden=\"true\" class=\"wp-block-spacer\"><\/div>\n\n\n\n<p class=\"has-black-color has-light-green-cyan-background-color has-text-color has-background has-medium-font-size\"><strong>ATIVIDADE 1<\/strong><\/p>\n\n\n\n<p class=\"has-medium-font-size\">Leia o texto abaixo:<\/p>\n\n\n\n<p><strong>PLANO CARTESIANO<\/strong><\/p>\n\n\n\n<p class=\"has-medium-font-size\"><strong>&nbsp;&nbsp;&nbsp;&nbsp; <\/strong>Considerando duas retas num\u00e9ricas perpendiculares, denominadas <strong>eixos<\/strong>, que se interceptam no ponto que representa o zero de cada uma delas. Este ponto de intercess\u00e3o \u00e9 denominado <strong>origem do plano cartesiano.<\/strong><\/p>\n\n\n\n<p class=\"has-medium-font-size\">&nbsp;&nbsp;&nbsp;&nbsp;&nbsp;&nbsp; Al\u00e9m do ponto de origem do plano cartesiano, temos tamb\u00e9m as duas retas num\u00e9ricas perpendiculares, denominadas:<\/p>\n\n\n\n<ul class=\"has-medium-font-size wp-block-list\"><li>Eixo horizontal: \u00e9 o eixo x ou eixo das abscissas.<\/li><li>Eixo vertical: \u00e9 o eixo y ou eixo das ordenadas.<\/li><\/ul>\n\n\n\n<p class=\"has-medium-font-size\">&nbsp;&nbsp;&nbsp;&nbsp; Veja na imagem abaixo:<\/p>\n\n\n\n<div class=\"wp-block-image\"><figure class=\"aligncenter size-large\"><img fetchpriority=\"high\" decoding=\"async\" width=\"1020\" height=\"1024\" src=\"https:\/\/sme.goiania.go.gov.br\/conexaoescola\/wp-content\/uploads\/2021\/08\/00SD2D3-e1629111934220-1020x1024.jpg\" alt=\"\" class=\"wp-image-129628\" srcset=\"https:\/\/sme.goiania.go.gov.br\/conexaoescola\/wp-content\/uploads\/2021\/08\/00SD2D3-e1629111934220-1020x1024.jpg 1020w, https:\/\/sme.goiania.go.gov.br\/conexaoescola\/wp-content\/uploads\/2021\/08\/00SD2D3-e1629111934220-300x300.jpg 300w, https:\/\/sme.goiania.go.gov.br\/conexaoescola\/wp-content\/uploads\/2021\/08\/00SD2D3-e1629111934220-150x150.jpg 150w, https:\/\/sme.goiania.go.gov.br\/conexaoescola\/wp-content\/uploads\/2021\/08\/00SD2D3-e1629111934220-768x771.jpg 768w, https:\/\/sme.goiania.go.gov.br\/conexaoescola\/wp-content\/uploads\/2021\/08\/00SD2D3-e1629111934220.jpg 1100w\" sizes=\"(max-width: 1020px) 100vw, 1020px\" \/><figcaption>Fonte <a href=\"http:\/\/antigo.rioeduca.net\/rioeduca\/RECURSOS%20PEDAG%C3%93GICOS\/CADERNOS%20PEDAG%C3%93GICOS\/2018\/3%C2%BA%20Bimestre\/MATEM%C3%81TICA\/9%20Ano\/aluno\/M9_3BIM_ALUNO_2018.pdf\" data-type=\"URL\" data-id=\"http:\/\/antigo.rioeduca.net\/rioeduca\/RECURSOS%20PEDAG%C3%93GICOS\/CADERNOS%20PEDAG%C3%93GICOS\/2018\/3%C2%BA%20Bimestre\/MATEM%C3%81TICA\/9%20Ano\/aluno\/M9_3BIM_ALUNO_2018.pdf\" target=\"_blank\" rel=\"noreferrer noopener\">link<\/a><\/figcaption><\/figure><\/div>\n\n\n\n<p class=\"has-medium-font-size\">&nbsp;&nbsp;&nbsp;&nbsp;&nbsp;&nbsp; &nbsp;&nbsp;A representa\u00e7\u00e3o de um ponto no plano \u00e9 feita atrav\u00e9s de dois n\u00fameros reais:<\/p>\n\n\n\n<ul class=\"has-medium-font-size wp-block-list\"><li>O 1\u00ba n\u00famero do par ordenado pertence ao eixo x (eixo horizontal).<\/li><li>O 2\u00ba n\u00famero do par ordenado pertence ao eixo y (eixo vertical).<\/li><\/ul>\n\n\n\n<figure class=\"wp-block-image size-large\"><img decoding=\"async\" width=\"717\" height=\"362\" src=\"https:\/\/sme.goiania.go.gov.br\/conexaoescola\/wp-content\/uploads\/2021\/08\/00XY523Z-e1629112971536.jpeg\" alt=\"\" class=\"wp-image-129631\" srcset=\"https:\/\/sme.goiania.go.gov.br\/conexaoescola\/wp-content\/uploads\/2021\/08\/00XY523Z-e1629112971536.jpeg 717w, https:\/\/sme.goiania.go.gov.br\/conexaoescola\/wp-content\/uploads\/2021\/08\/00XY523Z-e1629112971536-300x151.jpeg 300w\" sizes=\"(max-width: 717px) 100vw, 717px\" \/><\/figure>\n\n\n\n<p class=\"has-medium-font-size\">Vamos agora conhecer alguns exemplos:<\/p>\n\n\n\n<div class=\"wp-block-image\"><figure class=\"alignleft size-large\"><img decoding=\"async\" width=\"796\" height=\"1024\" src=\"https:\/\/sme.goiania.go.gov.br\/conexaoescola\/wp-content\/uploads\/2021\/08\/00BK8563S-e1629113124878-796x1024.jpg\" alt=\"\" class=\"wp-image-129633\" srcset=\"https:\/\/sme.goiania.go.gov.br\/conexaoescola\/wp-content\/uploads\/2021\/08\/00BK8563S-e1629113124878-796x1024.jpg 796w, https:\/\/sme.goiania.go.gov.br\/conexaoescola\/wp-content\/uploads\/2021\/08\/00BK8563S-e1629113124878-233x300.jpg 233w, https:\/\/sme.goiania.go.gov.br\/conexaoescola\/wp-content\/uploads\/2021\/08\/00BK8563S-e1629113124878-768x988.jpg 768w, https:\/\/sme.goiania.go.gov.br\/conexaoescola\/wp-content\/uploads\/2021\/08\/00BK8563S-e1629113124878.jpg 848w\" sizes=\"(max-width: 796px) 100vw, 796px\" \/><\/figure><\/div>\n\n\n\n<figure class=\"wp-block-image size-large\"><img loading=\"lazy\" decoding=\"async\" width=\"563\" height=\"251\" src=\"https:\/\/sme.goiania.go.gov.br\/conexaoescola\/wp-content\/uploads\/2021\/08\/00BKS456Z-e1629113213659.jpg\" alt=\"\" class=\"wp-image-129634\" srcset=\"https:\/\/sme.goiania.go.gov.br\/conexaoescola\/wp-content\/uploads\/2021\/08\/00BKS456Z-e1629113213659.jpg 563w, https:\/\/sme.goiania.go.gov.br\/conexaoescola\/wp-content\/uploads\/2021\/08\/00BKS456Z-e1629113213659-300x134.jpg 300w\" sizes=\"(max-width: 563px) 100vw, 563px\" \/><figcaption><a href=\"http:\/\/antigo.rioeduca.net\/rioeduca\/RECURSOS%20PEDAG%C3%93GICOS\/CADERNOS%20PEDAG%C3%93GICOS\/2018\/3%C2%BA%20Bimestre\/MATEM%C3%81TICA\/9%20Ano\/aluno\/M9_3BIM_ALUNO_2018.pdf\" data-type=\"URL\" data-id=\"http:\/\/antigo.rioeduca.net\/rioeduca\/RECURSOS%20PEDAG%C3%93GICOS\/CADERNOS%20PEDAG%C3%93GICOS\/2018\/3%C2%BA%20Bimestre\/MATEM%C3%81TICA\/9%20Ano\/aluno\/M9_3BIM_ALUNO_2018.pdf\" target=\"_blank\" rel=\"noreferrer noopener\">Fonte<\/a><\/figcaption><\/figure>\n\n\n\n<div class=\"wp-block-image\"><figure class=\"alignleft size-large\"><img loading=\"lazy\" decoding=\"async\" width=\"794\" height=\"847\" src=\"https:\/\/sme.goiania.go.gov.br\/conexaoescola\/wp-content\/uploads\/2021\/08\/00SX5D6S3Z-e1629113405407.jpg\" alt=\"\" class=\"wp-image-129636\" srcset=\"https:\/\/sme.goiania.go.gov.br\/conexaoescola\/wp-content\/uploads\/2021\/08\/00SX5D6S3Z-e1629113405407.jpg 794w, https:\/\/sme.goiania.go.gov.br\/conexaoescola\/wp-content\/uploads\/2021\/08\/00SX5D6S3Z-e1629113405407-281x300.jpg 281w, https:\/\/sme.goiania.go.gov.br\/conexaoescola\/wp-content\/uploads\/2021\/08\/00SX5D6S3Z-e1629113405407-768x819.jpg 768w\" sizes=\"(max-width: 794px) 100vw, 794px\" \/><figcaption><a href=\"http:\/\/antigo.rioeduca.net\/rioeduca\/RECURSOS%20PEDAG%C3%93GICOS\/CADERNOS%20PEDAG%C3%93GICOS\/2018\/3%C2%BA%20Bimestre\/MATEM%C3%81TICA\/9%20Ano\/aluno\/M9_3BIM_ALUNO_2018.pdf\" data-type=\"URL\" data-id=\"http:\/\/antigo.rioeduca.net\/rioeduca\/RECURSOS%20PEDAG%C3%93GICOS\/CADERNOS%20PEDAG%C3%93GICOS\/2018\/3%C2%BA%20Bimestre\/MATEM%C3%81TICA\/9%20Ano\/aluno\/M9_3BIM_ALUNO_2018.pdf\" target=\"_blank\" rel=\"noreferrer noopener\">Fonte<\/a><\/figcaption><\/figure><\/div>\n\n\n\n<p class=\"has-medium-font-size\">Agora, responda:<\/p>\n\n\n\n<p class=\"has-medium-font-size\">a) Qual \u00e9 a posi\u00e7\u00e3o da carteira A? __(&nbsp; 2&nbsp; , 4 )_______<\/p>\n\n\n\n<p class=\"has-medium-font-size\">b) Qual \u00e9 a posi\u00e7\u00e3o da carteira B? __(&nbsp; 4 ,&nbsp; 2 )________<\/p>\n\n\n\n<p class=\"has-medium-font-size\"><strong>EXPLICA\u00c7\u00c3O<\/strong>: A forma de resolu\u00e7\u00e3o da atividade est\u00e1 simplesmente na observa\u00e7\u00e3o da ordem da coluna da esquerda para direita e da linha de baixo para cima. E observe tamb\u00e9m como o exerc\u00edcio d\u00e1 nome aos eixos, no caso desse exerc\u00edcio o eixo x tem nome de coluna e o eixo y tem nome de linha.<\/p>\n\n\n\n<ul class=\"has-medium-font-size wp-block-list\"><li><strong>Observe que a carteira A est\u00e1 na 2\u00aa coluna e na 4\u00aa linha .<\/strong><\/li><li><strong>Observe que a carteira B est\u00e1 na 4\u00aa coluna e na 2\u00aa linha .<\/strong><\/li><\/ul>\n\n\n\n<p class=\"has-medium-font-size\"><strong>ATIVIDADE 2<\/strong> Assista o v\u00eddeo abaixo e veja algumas aplica\u00e7\u00f5es do plano cartesiano.<\/p>\n\n\n\n<figure class=\"wp-block-embed is-type-video is-provider-youtube wp-block-embed-youtube wp-embed-aspect-16-9 wp-has-aspect-ratio\"><div class=\"wp-block-embed__wrapper\">\n<p class=\"responsive-video-wrap clr\"><iframe title=\"Coordenadas cartesianas\" width=\"1200\" height=\"675\" src=\"https:\/\/www.youtube.com\/embed\/OgZej6gCAZI?feature=oembed\" frameborder=\"0\" allow=\"accelerometer; autoplay; clipboard-write; encrypted-media; gyroscope; picture-in-picture\" allowfullscreen><\/iframe><\/p>\n<\/div><\/figure>\n\n\n\n<p class=\"has-medium-font-size\">Gostou? Entendeu direitinho? Vamos verificar realizando as quest\u00f5es.<\/p>\n\n\n\n<p class=\"has-medium-font-size\"><strong>ATIVIDADE 3<\/strong><\/p>\n\n\n\n<p class=\"has-medium-font-size\">AGORA \u00c9 SUA VEZ! REALIZE AS QUEST\u00d5ES EM SEU CADERNO E VERIFIQUE SE VOC\u00ca J\u00c1 EST\u00c1 CRAQUE.<\/p>\n\n\n\n<div class=\"wp-block-image\"><figure class=\"alignleft size-large\"><img loading=\"lazy\" decoding=\"async\" width=\"848\" height=\"1024\" src=\"https:\/\/sme.goiania.go.gov.br\/conexaoescola\/wp-content\/uploads\/2021\/08\/00FPO7496-e1629117507552-848x1024.jpg\" alt=\"\" class=\"wp-image-129650\" srcset=\"https:\/\/sme.goiania.go.gov.br\/conexaoescola\/wp-content\/uploads\/2021\/08\/00FPO7496-e1629117507552-848x1024.jpg 848w, https:\/\/sme.goiania.go.gov.br\/conexaoescola\/wp-content\/uploads\/2021\/08\/00FPO7496-e1629117507552-248x300.jpg 248w, https:\/\/sme.goiania.go.gov.br\/conexaoescola\/wp-content\/uploads\/2021\/08\/00FPO7496-e1629117507552-768x928.jpg 768w, https:\/\/sme.goiania.go.gov.br\/conexaoescola\/wp-content\/uploads\/2021\/08\/00FPO7496-e1629117507552.jpg 967w\" sizes=\"(max-width: 848px) 100vw, 848px\" \/><figcaption><a href=\"http:\/\/antigo.rioeduca.net\/rioeduca\/RECURSOS%20PEDAG%C3%93GICOS\/CADERNOS%20PEDAG%C3%93GICOS\/2018\/3%C2%BA%20Bimestre\/MATEM%C3%81TICA\/9%20Ano\/aluno\/M9_3BIM_ALUNO_2018.pd\" data-type=\"URL\" data-id=\"http:\/\/antigo.rioeduca.net\/rioeduca\/RECURSOS%20PEDAG%C3%93GICOS\/CADERNOS%20PEDAG%C3%93GICOS\/2018\/3%C2%BA%20Bimestre\/MATEM%C3%81TICA\/9%20Ano\/aluno\/M9_3BIM_ALUNO_2018.pd\" target=\"_blank\" rel=\"noreferrer noopener\">Fonte<\/a><\/figcaption><\/figure><\/div>\n\n\n\n<figure class=\"wp-block-image size-large\"><img loading=\"lazy\" decoding=\"async\" width=\"995\" height=\"1024\" src=\"https:\/\/sme.goiania.go.gov.br\/conexaoescola\/wp-content\/uploads\/2021\/08\/00SDW634-e1629117714560-995x1024.jpg\" alt=\"\" class=\"wp-image-129655\" srcset=\"https:\/\/sme.goiania.go.gov.br\/conexaoescola\/wp-content\/uploads\/2021\/08\/00SDW634-e1629117714560-995x1024.jpg 995w, https:\/\/sme.goiania.go.gov.br\/conexaoescola\/wp-content\/uploads\/2021\/08\/00SDW634-e1629117714560-292x300.jpg 292w, https:\/\/sme.goiania.go.gov.br\/conexaoescola\/wp-content\/uploads\/2021\/08\/00SDW634-e1629117714560-768x790.jpg 768w, https:\/\/sme.goiania.go.gov.br\/conexaoescola\/wp-content\/uploads\/2021\/08\/00SDW634-e1629117714560.jpg 1001w\" sizes=\"(max-width: 995px) 100vw, 995px\" \/><\/figure>\n\n\n\n<hr class=\"wp-block-separator is-style-wide\"\/>\n\n\n\n<p class=\"has-black-color has-text-color has-background has-medium-font-size\" style=\"background-color:#caebff\">E ent\u00e3o concluiu a atividade? Gostou? O plano cartesiano n\u00e3o \u00e9 um bicho de sete cabe\u00e7as, ele est\u00e1 presente no seu dia a dia sem que muitas vezes voc\u00ea se d\u00ea conta disso. Viu como \u00e9 simples e muito interessante? Que legal! Parab\u00e9ns e at\u00e9 a pr\u00f3xima.<\/p>\n\n\n\n<figure class=\"wp-block-table alignfull is-style-stripes\"><table><tbody><tr><td>Proponentes \u2013 Professores<\/td><td>Rubens Rodrigues Mendon\u00e7a &nbsp;<\/td><\/tr><tr><td>Institui\u00e7\u00e3o Educacional<\/td><td>Escola Municipal Professora Mar\u00edlia Carneiro Azevedo Dias &nbsp;<\/td><\/tr><tr><td>CRE<\/td><td>CENTRAL<\/td><\/tr><tr><td>Refer\u00eancias \u2013 Texto elaborado com fins pedag\u00f3gicos<\/td><td><a href=\"http:\/\/www.rio.rj.gov.br\/web\/rioeduca\" data-type=\"URL\" data-id=\"http:\/\/www.rio.rj.gov.br\/web\/rioeduca\" target=\"_blank\" rel=\"noreferrer noopener\">Link aqui<\/a><\/td><\/tr><\/tbody><\/table><\/figure>\n","protected":false},"author":20,"featured_media":129626,"template":"","ef_categoria":[16,35],"ef_ano":[91],"ef_componente":[96],"class_list":["post-129625","ensino_fundamental","type-ensino_fundamental","status-publish","has-post-thumbnail","hentry","ef_categoria-ciclo-da-adolescencia-hi","ef_categoria-educacao-financeira-e-empreendedorismo-ciclo-da-adolescencia-hi","ef_ano-8o-ano","ef_componente-geografia","entry","has-media"],"acf":[],"_links":{"self":[{"href":"https:\/\/sme.goiania.go.gov.br\/conexaoescola\/wp-json\/wp\/v2\/ensino_fundamental\/129625","targetHints":{"allow":["GET"]}}],"collection":[{"href":"https:\/\/sme.goiania.go.gov.br\/conexaoescola\/wp-json\/wp\/v2\/ensino_fundamental"}],"about":[{"href":"https:\/\/sme.goiania.go.gov.br\/conexaoescola\/wp-json\/wp\/v2\/types\/ensino_fundamental"}],"author":[{"embeddable":true,"href":"https:\/\/sme.goiania.go.gov.br\/conexaoescola\/wp-json\/wp\/v2\/users\/20"}],"version-history":[{"count":0,"href":"https:\/\/sme.goiania.go.gov.br\/conexaoescola\/wp-json\/wp\/v2\/ensino_fundamental\/129625\/revisions"}],"wp:featuredmedia":[{"embeddable":true,"href":"https:\/\/sme.goiania.go.gov.br\/conexaoescola\/wp-json\/wp\/v2\/media\/129626"}],"wp:attachment":[{"href":"https:\/\/sme.goiania.go.gov.br\/conexaoescola\/wp-json\/wp\/v2\/media?parent=129625"}],"wp:term":[{"taxonomy":"ef_categoria","embeddable":true,"href":"https:\/\/sme.goiania.go.gov.br\/conexaoescola\/wp-json\/wp\/v2\/ef_categoria?post=129625"},{"taxonomy":"ef_ano","embeddable":true,"href":"https:\/\/sme.goiania.go.gov.br\/conexaoescola\/wp-json\/wp\/v2\/ef_ano?post=129625"},{"taxonomy":"ef_componente","embeddable":true,"href":"https:\/\/sme.goiania.go.gov.br\/conexaoescola\/wp-json\/wp\/v2\/ef_componente?post=129625"}],"curies":[{"name":"wp","href":"https:\/\/api.w.org\/{rel}","templated":true}]}}