{"id":129362,"date":"2021-08-11T17:17:47","date_gmt":"2021-08-11T20:17:47","guid":{"rendered":"https:\/\/sme.goiania.go.gov.br\/conexaoescola\/?post_type=ensino_fundamental&#038;p=129362"},"modified":"2021-11-11T12:02:02","modified_gmt":"2021-11-11T14:02:02","slug":"geografia-de-onde-vem-o-alimento-que-consumo","status":"publish","type":"ensino_fundamental","link":"https:\/\/sme.goiania.go.gov.br\/conexaoescola\/ensino_fundamental\/geografia-de-onde-vem-o-alimento-que-consumo\/","title":{"rendered":"Geografia &#8211; De onde vem o alimento que consumo?"},"content":{"rendered":"\n<p class=\"has-background has-medium-font-size\" style=\"background-color:#f8f8f8\"><em>Ol\u00e1, educando (a)!<\/em><br><em>Esta videoaula de Geografia<\/em><strong><em> <\/em><\/strong><em>foi veiculada na TV no dia 12\/08\/21.&nbsp;Aqui no Portal Conex\u00e3o Escola, ela est\u00e1 dispon\u00edvel juntamente com a proposta de atividade.&nbsp;<\/em><\/p>\n\n\n\n<figure class=\"wp-block-image size-large is-style-rounded\"><img fetchpriority=\"high\" decoding=\"async\" width=\"1024\" height=\"683\" src=\"https:\/\/sme.goiania.go.gov.br\/conexaoescola\/wp-content\/uploads\/2021\/08\/breakfast-690128_1920-e1628712128253-1024x683.jpg\" alt=\"\" class=\"wp-image-129363\" srcset=\"https:\/\/sme.goiania.go.gov.br\/conexaoescola\/wp-content\/uploads\/2021\/08\/breakfast-690128_1920-e1628712128253-1024x683.jpg 1024w, https:\/\/sme.goiania.go.gov.br\/conexaoescola\/wp-content\/uploads\/2021\/08\/breakfast-690128_1920-e1628712128253-300x200.jpg 300w, https:\/\/sme.goiania.go.gov.br\/conexaoescola\/wp-content\/uploads\/2021\/08\/breakfast-690128_1920-e1628712128253-768x512.jpg 768w, https:\/\/sme.goiania.go.gov.br\/conexaoescola\/wp-content\/uploads\/2021\/08\/breakfast-690128_1920-e1628712128253-1536x1024.jpg 1536w, https:\/\/sme.goiania.go.gov.br\/conexaoescola\/wp-content\/uploads\/2021\/08\/breakfast-690128_1920-e1628712128253.jpg 1920w\" sizes=\"(max-width: 1024px) 100vw, 1024px\" \/><\/figure>\n\n\n\n<p class=\"has-black-color has-text-color has-background has-medium-font-size\" style=\"background-color:#fffaed\">Ol\u00e1 crian\u00e7a, tudo bem com voc\u00ea?&nbsp;<br>Independente da sua prefer\u00eancia alimentar, tudo o que consumimos tem uma origem. Na maioria das vezes, \u00e9 no campo que s\u00e3o cultivados, extra\u00eddos ou preparados.<br>Nessa videoaula veremos a import\u00e2ncia da agricultura, pecu\u00e1ria e extrativismo, al\u00e9m de conhecer parte do processo de produ\u00e7\u00e3o do alimento.&nbsp;<br>J\u00e1 est\u00e1 preparado? Vamos come\u00e7ar!<\/p>\n\n\n\n<p class=\"has-black-color has-text-color has-background has-medium-font-size\" style=\"background-color:#ffdabf\"><strong>ATIVIDADE 1<\/strong><\/p>\n\n\n\n<p class=\"has-black-color has-text-color has-medium-font-size\">O cultivo da terra \u00e9 importante para a vida das pessoas, pois \u00e9 dessa cultura que se obt\u00e9m os vegetais utilizados na alimenta\u00e7\u00e3o.&nbsp;<\/p>\n\n\n\n<p class=\"has-text-align-center\"><img decoding=\"async\" alt=\"Cenoura, Crescimento, Produtos Hort\u00edcolas, Agricultura\" src=\"https:\/\/lh6.googleusercontent.com\/WeYa1pJX0e9oLamPdb9DFURpxJxPtNEEADXBg6DBzix-Adbvef1gytY2CCCXDLMXHKaHXxMCen4sGeLgjuVI64A4DtAXO66f5fo_ftMKzLaljS2r1XNlg93jDeep2pBIenvdFJA\" style=\"width: undefinedpx;\"><\/p>\n\n\n\n<p><\/p>\n\n\n\n<p class=\"has-medium-font-size\">O trabalho de preparar a terra, plantar e colher chama-se agricultura. Por\u00e9m, dependendo de sua finalidade a agricultura tem diferentes especificidades. Defina algumas caracter\u00edsticas que as representam:<\/p>\n\n\n\n<figure class=\"wp-block-table alignwide\"><table><tbody><tr><td class=\"has-text-align-center\" data-align=\"center\"><strong>AGRICULTURA FAMILIAR\/SUBSIST\u00caNCIA<\/strong><\/td><td class=\"has-text-align-center\" data-align=\"center\"><strong>AGRICULTURA DE EXPORTA\u00c7\u00c3O<\/strong><\/td><\/tr><tr><td class=\"has-text-align-center\" data-align=\"center\"><br><br><\/td><td class=\"has-text-align-center\" data-align=\"center\"><br><br><br><\/td><\/tr><\/tbody><\/table><\/figure>\n\n\n\n<p class=\"has-black-color has-text-color has-background has-medium-font-size\" style=\"background-color:#ffe1cb\"><strong>ATIVIDADE 2<\/strong><\/p>\n\n\n\n<p class=\"has-black-color has-text-color has-medium-font-size\">De onde vem? Observe os seguintes alimentos e os organize na coluna conforme a sua origem.<\/p>\n\n\n\n<figure class=\"wp-block-image size-large\"><img decoding=\"async\" width=\"1024\" height=\"270\" src=\"https:\/\/sme.goiania.go.gov.br\/conexaoescola\/wp-content\/uploads\/2021\/08\/Captura-de-Tela-2021-08-11-a\u0300s-17.10.17-1024x270.png\" alt=\"\" class=\"wp-image-129364\" srcset=\"https:\/\/sme.goiania.go.gov.br\/conexaoescola\/wp-content\/uploads\/2021\/08\/Captura-de-Tela-2021-08-11-a\u0300s-17.10.17-1024x270.png 1024w, https:\/\/sme.goiania.go.gov.br\/conexaoescola\/wp-content\/uploads\/2021\/08\/Captura-de-Tela-2021-08-11-a\u0300s-17.10.17-300x79.png 300w, https:\/\/sme.goiania.go.gov.br\/conexaoescola\/wp-content\/uploads\/2021\/08\/Captura-de-Tela-2021-08-11-a\u0300s-17.10.17-768x202.png 768w, https:\/\/sme.goiania.go.gov.br\/conexaoescola\/wp-content\/uploads\/2021\/08\/Captura-de-Tela-2021-08-11-a\u0300s-17.10.17.png 1166w\" sizes=\"(max-width: 1024px) 100vw, 1024px\" \/><\/figure>\n\n\n\n<div class=\"wp-block-image\"><figure class=\"aligncenter size-large\"><img decoding=\"async\" width=\"626\" height=\"378\" src=\"https:\/\/sme.goiania.go.gov.br\/conexaoescola\/wp-content\/uploads\/2021\/08\/Captura-de-Tela-2021-08-11-a\u0300s-17.10.30-1-e1628712746665.png\" alt=\"\" class=\"wp-image-129366\" srcset=\"https:\/\/sme.goiania.go.gov.br\/conexaoescola\/wp-content\/uploads\/2021\/08\/Captura-de-Tela-2021-08-11-a\u0300s-17.10.30-1-e1628712746665.png 626w, https:\/\/sme.goiania.go.gov.br\/conexaoescola\/wp-content\/uploads\/2021\/08\/Captura-de-Tela-2021-08-11-a\u0300s-17.10.30-1-e1628712746665-300x181.png 300w\" sizes=\"(max-width: 626px) 100vw, 626px\" \/><figcaption><br><\/figcaption><\/figure><\/div>\n\n\n\n<p class=\"has-background has-medium-font-size\" style=\"background-color:#f8e5d7\">&nbsp;<strong>ATIVIDADE 3<\/strong><\/p>\n\n\n\n<p class=\"has-medium-font-size\">Voc\u00ea j\u00e1 pensou em cultivar o seu pr\u00f3prio alimento? Que tal montar uma horta e viver essa experi\u00eancia. Segue algumas informa\u00e7\u00f5es que te auxiliar\u00e3o.<br>&nbsp;<br>Escolha do local: <a href=\"https:\/\/www.youtube.com\/watch?v=84NAqEu349o\">https:\/\/www.youtube.com\/watch?v=84NAqEu349o<\/a><br>Prepara\u00e7\u00e3o do local: <a href=\"https:\/\/www.youtube.com\/watch?v=ZIIHkI6dOl4\">https:\/\/www.youtube.com\/watch?v=ZIIHkI6dOl4<\/a><br>Escolha das esp\u00e9cies cultivadas: <a href=\"https:\/\/www.youtube.com\/watch?v=wh_ZIH_0Vgw\">https:\/\/www.youtube.com\/watch?v=wh_ZIH_0Vgw<\/a><br>\u00c1gua: <a href=\"https:\/\/www.youtube.com\/watch?v=lWEjOxOGtkM\">https:\/\/www.youtube.com\/watch?v=lWEjOxOGtkM<\/a><\/p>\n\n\n\n<figure class=\"wp-block-table\"><table><tbody><tr><td>Habilidade estruturante&nbsp;<\/td><td>(EF04GE07-A) Compreender e comparar as diversas formas de trabalho no campo.<br>(EF04GE08) Descrever e discutir o processo de produ\u00e7\u00e3o (transforma\u00e7\u00e3o de mat\u00e9rias-primas), circula\u00e7\u00e3o e consumo de diferentes produtos.<\/td><\/tr><\/tbody><\/table><\/figure>\n","protected":false},"author":20,"featured_media":129363,"template":"","ef_categoria":[14,23],"ef_ano":[87],"ef_componente":[96],"class_list":["post-129362","ensino_fundamental","type-ensino_fundamental","status-publish","has-post-thumbnail","hentry","ef_categoria-ciclo-da-infancia-de","ef_categoria-educacao-ambiental-e-saude-ciclo-da-infancia-de","ef_ano-4o-ano","ef_componente-geografia","entry","has-media"],"acf":[],"_links":{"self":[{"href":"https:\/\/sme.goiania.go.gov.br\/conexaoescola\/wp-json\/wp\/v2\/ensino_fundamental\/129362","targetHints":{"allow":["GET"]}}],"collection":[{"href":"https:\/\/sme.goiania.go.gov.br\/conexaoescola\/wp-json\/wp\/v2\/ensino_fundamental"}],"about":[{"href":"https:\/\/sme.goiania.go.gov.br\/conexaoescola\/wp-json\/wp\/v2\/types\/ensino_fundamental"}],"author":[{"embeddable":true,"href":"https:\/\/sme.goiania.go.gov.br\/conexaoescola\/wp-json\/wp\/v2\/users\/20"}],"version-history":[{"count":0,"href":"https:\/\/sme.goiania.go.gov.br\/conexaoescola\/wp-json\/wp\/v2\/ensino_fundamental\/129362\/revisions"}],"wp:featuredmedia":[{"embeddable":true,"href":"https:\/\/sme.goiania.go.gov.br\/conexaoescola\/wp-json\/wp\/v2\/media\/129363"}],"wp:attachment":[{"href":"https:\/\/sme.goiania.go.gov.br\/conexaoescola\/wp-json\/wp\/v2\/media?parent=129362"}],"wp:term":[{"taxonomy":"ef_categoria","embeddable":true,"href":"https:\/\/sme.goiania.go.gov.br\/conexaoescola\/wp-json\/wp\/v2\/ef_categoria?post=129362"},{"taxonomy":"ef_ano","embeddable":true,"href":"https:\/\/sme.goiania.go.gov.br\/conexaoescola\/wp-json\/wp\/v2\/ef_ano?post=129362"},{"taxonomy":"ef_componente","embeddable":true,"href":"https:\/\/sme.goiania.go.gov.br\/conexaoescola\/wp-json\/wp\/v2\/ef_componente?post=129362"}],"curies":[{"name":"wp","href":"https:\/\/api.w.org\/{rel}","templated":true}]}}