{"id":129182,"date":"2021-08-10T13:00:00","date_gmt":"2021-08-10T16:00:00","guid":{"rendered":"https:\/\/sme.goiania.go.gov.br\/conexaoescola\/?post_type=ensino_fundamental&#038;p=129182"},"modified":"2021-11-09T11:16:51","modified_gmt":"2021-11-09T13:16:51","slug":"ler-e-compreender-a-historia","status":"publish","type":"ensino_fundamental","link":"https:\/\/sme.goiania.go.gov.br\/conexaoescola\/ensino_fundamental\/ler-e-compreender-a-historia\/","title":{"rendered":"HIST\u00d3RIA: Ler e compreender a Hist\u00f3ria"},"content":{"rendered":"\n<p class=\"has-drop-cap\">Caro(a) aluno(a), busque anotar sempre o que compreendeu de cada assunto estudado. N\u00e3o fique limitado aos textos contidos nas aulas. Pesquise em outras fontes como: livros, internet, revista, documentos, v\u00eddeos, etc. Hoje vamos construir nossa linha.<br>Estudar Hist\u00f3ria \u00e9 apropriar-se do resultado da a\u00e7\u00e3o dos homens no tempo. Cada indiv\u00edduo tem a sua mem\u00f3ria pessoal, cada sociedade mem\u00f3ria coletiva. Os acontecimentos sociais e as paisagens nem sempre foram como vemos hoje.<br>O estudo de Hist\u00f3ria \u00e9 fundamental para entendermos a nossa realidade. Como em toda ci\u00eancia, o estudo de Hist\u00f3ria<br>pode encontrar v\u00e1rias respostas, cada uma delas \u00e9 uma interpreta\u00e7\u00e3o do passado. Cada fato tem um tempo hist\u00f3rico que pode ser de curta, m\u00e9dia ou longa dura\u00e7\u00e3o do tempo.<\/p>\n\n\n\n<p class=\"has-black-color has-pale-cyan-blue-background-color has-text-color has-background\">Leia sobre a import\u00e2ncia de estudar e compreender a Hist\u00f3ria.<\/p>\n\n\n\n<p>Estudar Hist\u00f3ria \u00e9 apropriar-se do resultado da a\u00e7\u00e3o dos homens no tempo. Cada indiv\u00edduo tem a sua mem\u00f3ria pessoal, cada sociedade mem\u00f3ria coletiva. Os acontecimentos sociais e as paisagens nem sempre foram como vemos hoje.<br>O estudo de Hist\u00f3ria \u00e9 fundamental para entendermos a nossa realidade. Como em toda ci\u00eancia, o estudo de Hist\u00f3ria pode encontrar v\u00e1rias respostas, cada uma delas \u00e9 uma<br>interpreta\u00e7\u00e3o do passado.<br>Cada fato tem um tempo hist\u00f3rico que pode ser de curta, m\u00e9dia ou longa dura\u00e7\u00e3o.<\/p>\n\n\n\n<p class=\"has-white-color has-vivid-red-background-color has-text-color has-background\"><strong>ATIVIDADE 1<\/strong><\/p>\n\n\n\n<p>Ap\u00f3s ler as informa\u00e7\u00f5es acima, converse com seus pais\/respons\u00e1veis sobre esse assunto e responda \u00e0s perguntas abaixo:<\/p>\n\n\n\n<p class=\"has-black-color has-text-color\">a- Qual \u00e9 a sua hist\u00f3ria? Desenhe a sua linha de tempo.<\/p>\n\n\n\n<p class=\"has-black-color has-text-color\">b- O que voc\u00ea faz \u00e9 importante para a Hist\u00f3ria?<\/p>\n\n\n\n<p class=\"has-white-color has-vivid-red-background-color has-text-color has-background\"><strong>ATIVIDADE 2<\/strong><\/p>\n\n\n\n<p>Imagine que uma pessoa perdeu a mem\u00f3ria. Como responderia a pergunta Quem \u00e9 voc\u00ea? Seria dif\u00edcil, n\u00e3o \u00e9 mesmo?<\/p>\n\n\n\n<p>Da mesma forma acontece com as sociedades. A preserva\u00e7\u00e3o da mem\u00f3ria e o estudo da Hist\u00f3ria s\u00e3o importantes para sabermos quem somos e conhecermos melhor a nossa identidade.<\/p>\n\n\n\n<p class=\"has-black-color has-text-color has-background\" style=\"background-color:#d6eaf6\">Agora, divirta-se com uma hist\u00f3ria sobre \u201cmem\u00f3ria\u201d:<\/p>\n\n\n\n<figure class=\"wp-block-embed is-type-video is-provider-youtube wp-block-embed-youtube wp-embed-aspect-4-3 wp-has-aspect-ratio\"><div class=\"wp-block-embed__wrapper\">\n<p class=\"responsive-video-wrap clr\"><iframe title=\"Guilherme Augusto Ara\u00fajo Fernandes\" width=\"1200\" height=\"900\" src=\"https:\/\/www.youtube.com\/embed\/I05eHBpsgTI?feature=oembed\" frameborder=\"0\" allow=\"accelerometer; autoplay; clipboard-write; encrypted-media; gyroscope; picture-in-picture\" allowfullscreen><\/iframe><\/p>\n<\/div><\/figure>\n\n\n\n<hr class=\"wp-block-separator\"\/>\n\n\n\n<p class=\"has-white-color has-vivid-red-background-color has-text-color has-background\"><strong>ATIVIDADE 3<\/strong><\/p>\n\n\n\n<p>Os registros hist\u00f3ricos nos ajudam a entender melhor como o presente foi constru\u00eddo pela a\u00e7\u00e3o dos homens. Atrav\u00e9s das mem\u00f3rias de Guilherme Augusto Ara\u00fajo Fernandes, escreva abaixo a import\u00e2ncia da preserva\u00e7\u00e3o da mem\u00f3ria e da hist\u00f3ria de cada um.<\/p>\n\n\n\n<hr class=\"wp-block-separator\"\/>\n\n\n\n<figure class=\"wp-block-table alignfull is-style-stripes\"><table><tbody><tr><td><strong>Proponentes &#8211; Professores<\/strong><\/td><td>ANA PAULA FERREIRA RINCON<\/td><\/tr><tr><td><strong>Institui\u00e7\u00e3o Educacional<\/strong><\/td><td>ESCOLA MUNICIPAL IZABEL ESPERIDI\u00c3O JORGE<\/td><\/tr><tr><td><strong>CRE<\/strong><br><br><strong>Habilidade<\/strong><\/td><td>MARIA THOM\u00c9<br>(GO-EF06HI01-A) Identificar as diferentes concep\u00e7\u00f5es da Hist\u00f3ria, compreendendo que esta \u00e9 a ci\u00eancia que estuda as a\u00e7\u00f5es dos homens no tempo e que o espa\u00e7o concebido pelos historiadores deve ser entendido como uma constru\u00e7\u00e3o social.<\/td><\/tr><\/tbody><\/table><\/figure>\n","protected":false},"author":20,"featured_media":130075,"template":"","ef_categoria":[15,30],"ef_ano":[89],"ef_componente":[95],"class_list":["post-129182","ensino_fundamental","type-ensino_fundamental","status-publish","has-post-thumbnail","hentry","ef_categoria-ciclo-da-adolescencia-fg","ef_categoria-etica-e-cidadania-ciclo-da-adolescencia-fg","ef_ano-6o-ano","ef_componente-historia","entry","has-media"],"acf":[],"_links":{"self":[{"href":"https:\/\/sme.goiania.go.gov.br\/conexaoescola\/wp-json\/wp\/v2\/ensino_fundamental\/129182","targetHints":{"allow":["GET"]}}],"collection":[{"href":"https:\/\/sme.goiania.go.gov.br\/conexaoescola\/wp-json\/wp\/v2\/ensino_fundamental"}],"about":[{"href":"https:\/\/sme.goiania.go.gov.br\/conexaoescola\/wp-json\/wp\/v2\/types\/ensino_fundamental"}],"author":[{"embeddable":true,"href":"https:\/\/sme.goiania.go.gov.br\/conexaoescola\/wp-json\/wp\/v2\/users\/20"}],"version-history":[{"count":0,"href":"https:\/\/sme.goiania.go.gov.br\/conexaoescola\/wp-json\/wp\/v2\/ensino_fundamental\/129182\/revisions"}],"wp:featuredmedia":[{"embeddable":true,"href":"https:\/\/sme.goiania.go.gov.br\/conexaoescola\/wp-json\/wp\/v2\/media\/130075"}],"wp:attachment":[{"href":"https:\/\/sme.goiania.go.gov.br\/conexaoescola\/wp-json\/wp\/v2\/media?parent=129182"}],"wp:term":[{"taxonomy":"ef_categoria","embeddable":true,"href":"https:\/\/sme.goiania.go.gov.br\/conexaoescola\/wp-json\/wp\/v2\/ef_categoria?post=129182"},{"taxonomy":"ef_ano","embeddable":true,"href":"https:\/\/sme.goiania.go.gov.br\/conexaoescola\/wp-json\/wp\/v2\/ef_ano?post=129182"},{"taxonomy":"ef_componente","embeddable":true,"href":"https:\/\/sme.goiania.go.gov.br\/conexaoescola\/wp-json\/wp\/v2\/ef_componente?post=129182"}],"curies":[{"name":"wp","href":"https:\/\/api.w.org\/{rel}","templated":true}]}}