{"id":129146,"date":"2021-08-16T07:00:00","date_gmt":"2021-08-16T10:00:00","guid":{"rendered":"https:\/\/sme.goiania.go.gov.br\/conexaoescola\/?post_type=ensino_fundamental&#038;p=129146"},"modified":"2021-12-23T09:12:27","modified_gmt":"2021-12-23T11:12:27","slug":"museu-memorial-do-cerrado-vamos-conhecer-uma-aldeia-indigena","status":"publish","type":"ensino_fundamental","link":"https:\/\/sme.goiania.go.gov.br\/conexaoescola\/ensino_fundamental\/museu-memorial-do-cerrado-vamos-conhecer-uma-aldeia-indigena\/","title":{"rendered":"ARTE &#8211; Museu Memorial do Cerrado: Vamos conhecer uma aldeia ind\u00edgena?"},"content":{"rendered":"\n<p class=\"has-pale-cyan-blue-background-color has-background has-medium-font-size\"><em>Ol\u00e1, estudante!<\/em><br><em>Esta videoaula de Artes foi veiculada na TV no dia <\/em><strong><em>16\/08\/2021 (Segunda-feira)<\/em><\/strong><em>. Aqui no Portal Conex\u00e3o Escola, ela est\u00e1 dispon\u00edvel juntamente com a proposta de atividade.<\/em><\/p>\n\n\n\n<hr class=\"wp-block-separator\"\/>\n\n\n\n<p class=\"has-text-align-center has-medium-font-size\"> <strong>Hoje teremos a oportunidade de conhecer o museu Memorial do Cerrado, eleito em 2008 como o local mais bonito de Goi\u00e2nia. O Memorial do Cerrado \u00e9 um complexo cient\u00edfico que funciona no Campus II da&nbsp;PUC Goi\u00e1s. E faremos uma visita a uma Aldeia ind\u00edgena modelo Timbira.<\/strong><\/p>\n\n\n\n<hr class=\"wp-block-separator has-text-color has-background has-vivid-red-background-color has-vivid-red-color\"\/>\n\n\n\n<p class=\"has-text-align-center has-vivid-green-cyan-background-color has-background has-medium-font-size\"><strong>Assita a videoaula abaixo, com a tem\u00e1tica &#8211; Vamos ao Museu?<\/strong><\/p>\n\n\n\n<hr class=\"wp-block-separator has-text-color has-background has-vivid-red-background-color has-vivid-red-color\"\/>\n\n\n\n<figure class=\"wp-block-embed is-type-video is-provider-youtube wp-block-embed-youtube wp-embed-aspect-16-9 wp-has-aspect-ratio\"><div class=\"wp-block-embed__wrapper\">\n<p class=\"responsive-video-wrap clr\"><iframe title=\"6 ano - Arte - Memorial do Cerrado - Aldeia Ind\u00edgena\" width=\"1200\" height=\"675\" src=\"https:\/\/www.youtube.com\/embed\/Y_OjtuRFxaw?feature=oembed\" frameborder=\"0\" allow=\"accelerometer; autoplay; clipboard-write; encrypted-media; gyroscope; picture-in-picture\" allowfullscreen><\/iframe><\/p>\n<\/div><figcaption> ARTE | 6\u00ba ANO | ENSINO FUNDAMENTAL | PROF.: POLLYANNA BRITO<\/figcaption><\/figure>\n\n\n\n<hr class=\"wp-block-separator has-text-color has-background has-vivid-red-background-color has-vivid-red-color\"\/>\n\n\n\n<p class=\"has-vivid-red-color has-text-color has-medium-font-size\"><strong>Voc\u00ea j\u00e1 foi a um Museu? Conhece aos museus de Goi\u00e2nia? Hoje teremos a oportunidade de conhecer um museu incr\u00edvel! O Memorial do Cerrado! Que foi eleito em 2008 como o local mais bonito de Goi\u00e2nia. O Memorial do Cerrado \u00e9 um complexo cient\u00edfico que funciona no Campus II da&nbsp;PUC Goi\u00e1s. \u00c9 um museu que retrata desde a origem do planeta Terra \u00e0 chegada dos portugueses ao Brasil.&nbsp; E hoje faremos uma visita a uma Aldeia ind\u00edgena. No Memorial do Cerrado temos uma R\u00e9plica em tamanho original de uma aldeia ind\u00edgena modelo Timbira, que tem o formato circular, no qual cada casa tem um caminho de acesso ao p\u00e1tio \u2013 centro de atividades da tribo.<\/strong><\/p>\n\n\n\n<hr class=\"wp-block-separator has-text-color has-background has-vivid-red-background-color has-vivid-red-color\"\/>\n\n\n\n<div class=\"wp-block-group\"><div class=\"wp-block-group__inner-container is-layout-flow wp-block-group-is-layout-flow\">\n<div class=\"wp-block-group has-light-green-cyan-background-color has-background\"><div class=\"wp-block-group__inner-container is-layout-flow wp-block-group-is-layout-flow\">\n<p class=\"has-text-align-center has-medium-font-size\">Museu Memorial do Cerrado:&nbsp;<\/p>\n\n\n\n<p class=\"has-text-align-center has-medium-font-size\"><strong>Vamos conhecer uma aldeia ind\u00edgena?<\/strong><\/p>\n\n\n\n<p class=\"has-text-align-center has-medium-font-size\">Povos Timbira<\/p>\n\n\n\n<p class=\"has-medium-font-size\">Entre os v\u00e1rios atrativos do Museu Memorial do Cerrado est\u00e1 uma bel\u00edssima r\u00e9plica de uma&nbsp;<strong>Aldeia Ind\u00edgena Timbira<\/strong>, tradicional tribo ind\u00edgena do centro-oeste. Dentro das casas dos Timbiras, tamb\u00e9m chamadas de&nbsp;<em>ikr\u00e9, <\/em>pode-se observar como normalmente eles prendem seus objetos nas paredes, no teto ou em cestos. Eles ainda eram ca\u00e7adores e coletores, ou seja, apesar de terem algumas pequenas planta\u00e7\u00f5es o forte da alimenta\u00e7\u00e3o dessa popula\u00e7\u00e3o vinha da ca\u00e7a e da coleta de frutos do cerrado.&nbsp;&nbsp;<\/p>\n\n\n\n<hr class=\"wp-block-separator has-text-color has-background has-vivid-red-background-color has-vivid-red-color\"\/>\n\n\n\n<p class=\"has-medium-font-size\"><strong>Timbira \u00e9 o nome que designa o conjunto de povos formados por v\u00e1rias etnias<\/strong>. Quanto ao nome, segundo Curt Nimuendaj\u00fa, o etn\u00f3logo pioneiro no estudo desses povos, admite que, se for de origem tupi, ent\u00e3o pode significar <strong>&#8220;os amarrados&#8221;<\/strong> (<em>tin<\/em>&nbsp;= amarrar,&nbsp;<em>pi&#8217;ra<\/em>&nbsp;= passivo), uma refer\u00eancia \u00e0s in\u00fameras fitas de palha ou faixas tran\u00e7adas em algod\u00e3o que usam sobre o corpo: na testa, no pesco\u00e7o, nos bra\u00e7os, nos pulsos, abaixo dos joelhos e nos tornozelos.&nbsp;<\/p>\n\n\n\n<hr class=\"wp-block-separator has-text-color has-background has-vivid-red-background-color has-vivid-red-color\"\/>\n\n\n\n<p class=\"has-medium-font-size\">Os grupos Timbira est\u00e3o localizados nos estados do Maranh\u00e3o, Par\u00e1, Tocantins e <strong>Goi\u00e1s<\/strong>. Podem ser identificados pelas suas caracter\u00edsticas comuns, como a l\u00edngua, o corte no cabelo, as rodelas auriculares, a aldeia circular e a corrida de toras. (Dispon\u00edvel em: https:\/\/ww2.uft.edu.br\/index.php\/es\/ultimas-noticias\/18982-exposicao-sobre-povos-timbira-inicia-nesta-quarta-feira)<\/p>\n<\/div><\/div>\n<\/div><\/div>\n\n\n\n<hr class=\"wp-block-separator has-text-color has-background has-vivid-red-background-color has-vivid-red-color\"\/>\n\n\n\n<figure class=\"wp-block-table aligncenter\"><table><tbody><tr><td class=\"has-text-align-center\" data-align=\"center\"><img fetchpriority=\"high\" decoding=\"async\" width=\"313\" height=\"235\" alt=\"Memorial do Cerrado em Goi\u00e2nia: um passeio que re\u00fane divers\u00e3o e aprendizado \" src=\"https:\/\/lh4.googleusercontent.com\/UG9e7TMbY3oU8YdDyPVSB9QFv66xP8s7-Cpms9T11GkBZfuxhDfjLurHrc3y63EAUxhbXccnhOFv4xywDvo5NbbyshxgGVTlWBRLK5nRi-AKvnjyy9sxWJrUJUgrBg\"><\/td><td class=\"has-text-align-center\" data-align=\"center\"><img decoding=\"async\" width=\"336\" height=\"235\" src=\"https:\/\/lh3.googleusercontent.com\/2tD0tmR0D6Zx9mj8uWxN6DOnZEcu-nXigMwhCuM2oX-byzGmltjDruVr8AdalLZDQcKRiCwDotG-QPO4k0ixcjo1k-Ebf2wDD6MsFQRNpXqGnXQqa0w3M6FSpsmO0Q\"><\/td><\/tr><\/tbody><\/table><figcaption>Dispon\u00edvel em: https:\/\/museucerrado.com.br\/eco-historia\/memorial-do-cerrado\/<\/figcaption><\/figure>\n\n\n\n<hr class=\"wp-block-separator has-text-color has-background has-vivid-red-background-color has-vivid-red-color\"\/>\n\n\n\n<div class=\"wp-block-group has-luminous-vivid-orange-background-color has-background\"><div class=\"wp-block-group__inner-container is-layout-flow wp-block-group-is-layout-flow\">\n<p class=\"has-white-color has-text-color has-medium-font-size\"><strong>No s\u00e9culo XIX, desenvolviam-se ent\u00e3o as grandes planta\u00e7\u00f5es de arroz e algod\u00e3o. Essa atividade tamb\u00e9m fazia press\u00e3o sobre os Timbira, porque necessitava de&nbsp;escravos&nbsp;para as planta\u00e7\u00f5es e para os descaro\u00e7adouros de algod\u00e3o.&nbsp;<\/strong><\/p>\n\n\n\n<p class=\"has-white-color has-text-color has-medium-font-size\"><strong>Usavam&nbsp;caba\u00e7as&nbsp;como&nbsp;recipientes&nbsp;para \u00e1gua e alimentos, em lugar de&nbsp;cer\u00e2mica. Dormiam em&nbsp;estrados&nbsp;forrados com esteiras, em lugar de redes de dormir. Faziam e fazem ainda hoje uma profus\u00e3o de artefatos feitos de&nbsp;palha&nbsp;tran\u00e7ada:&nbsp;cestos,&nbsp;esteiras,&nbsp;faixas.<\/strong><\/p>\n\n\n\n<p class=\"has-white-color has-text-color has-medium-font-size\"><strong>Nas&nbsp;aldeias&nbsp;timbira, as casas se disp\u00f5em uma ao lado da outra, ao longo de um largo caminho, de modo a formar um grande&nbsp;c\u00edrculo. De cada casa sai um caminho, mais estreito, em dire\u00e7\u00e3o ao centro, onde est\u00e1 o&nbsp;p\u00e1tio. Esse formato de aldeia fala muito sobre a cultura Timbira. Revela muito como eles se veem: \u201cN\u00f3s e os outros\u201d, \u201cdentro e fora\u201d, \u201cmasculino e feminino\u201d, sobre a import\u00e2ncia do coletivo.&nbsp;<\/strong><\/p>\n\n\n\n<p class=\"has-white-color has-text-color has-medium-font-size\"><strong>A corrida de toras destaca-se como uma das maiores express\u00f5es do modo de viver dos Timbira, revelando uma pr\u00e1tica de fortifica\u00e7\u00e3o e resist\u00eancia, de movimento e de relacionamento com os seres da natureza e a organiza\u00e7\u00e3o dos ciclos de vida. As corridas s\u00e3o feitas em diversas ocasi\u00f5es e atreladas a todos os cerimoniais, diariamente, ao longo da dura\u00e7\u00e3o do evento. Elas definem o nome dos rituais e cerim\u00f4nias &#8211; que possuem uma extensa variedade, caracterizadas por toras que variam tanto em formato quanto em tipo de material, pintura e representatividade simb\u00f3lica, dentre outros aspectos.&nbsp;<\/strong><\/p>\n\n\n\n<p class=\"has-white-color has-text-color has-medium-font-size\">(Dispon\u00edvel em:&nbsp; http:\/\/www.arqpop.arq.ufba.br\/uma-aldeia-timbira e&nbsp; https:\/\/museucerrado.com.br\/eco-historia\/memorial-do-cerrado\/).&nbsp;&nbsp;<\/p>\n<\/div><\/div>\n\n\n\n<hr class=\"wp-block-separator has-text-color has-background has-vivid-red-background-color has-vivid-red-color\"\/>\n\n\n\n<div class=\"wp-block-group has-cyan-bluish-gray-background-color has-background\"><div class=\"wp-block-group__inner-container is-layout-flow wp-block-group-is-layout-flow\">\n<p class=\"has-medium-font-size\"><strong>Atividades<\/strong><\/p>\n\n\n\n<p class=\"has-medium-font-size\">A arte ind\u00edgena \u00e9 rica e cheia de elementos. Que tal criar uma linda pintura usando pigmentos naturais? &#8211; 100 mililitros de cola branca<br>&#8211; 25 gramas de cada um dos pigmentos naturais: a\u00e7afr\u00e3o, terra, p\u00f3 de caf\u00e9 e urucum<br>&#8211; 100 mililitros de \u00e1gua<br>&#8211; 4 potes pl\u00e1sticos<br>&#8211; 4 recipientes<br>&#8211; 1 colher<\/p>\n<\/div><\/div>\n\n\n\n<hr class=\"wp-block-separator has-text-color has-background has-vivid-red-background-color has-vivid-red-color\"\/>\n\n\n\n<div class=\"wp-block-group has-pale-pink-background-color has-background\"><div class=\"wp-block-group__inner-container is-layout-flow wp-block-group-is-layout-flow\">\n<p class=\"has-medium-font-size\"><strong>Como fazer<\/strong><\/p>\n\n\n\n<p class=\"has-medium-font-size\"><strong>1 JUNTANDO OS INGREDIENTES<\/strong><\/p>\n\n\n\n<p class=\"has-medium-font-size\">Em um recipiente, coloque 25 mililitros de cola branca, a mesma medida de \u00e1gua e 12,5 gramas (ou uma colher de sopa bem cheia) de urucum em p\u00f3 (coloral) ou a\u00e7afr\u00e3o. Para conseguir tons mais escuros ou mais claros, ponha mais ou menos corante.&nbsp;<\/p>\n<\/div><\/div>\n\n\n\n<hr class=\"wp-block-separator has-text-color has-background has-vivid-red-background-color has-vivid-red-color\"\/>\n\n\n\n<p class=\"has-vivid-cyan-blue-color has-text-color has-medium-font-size\"><strong>2 PRONTO PARA USAR<\/strong><\/p>\n\n\n\n<p class=\"has-vivid-cyan-blue-color has-text-color has-medium-font-size\">Misture tudo com a colher e coloque em um potinho para uso. Esse tipo de tinta \u00e9 sol\u00favel em \u00e1gua. Por isso, use de prefer\u00eancia em pap\u00e9is, tecidos ou outras superf\u00edcies que n\u00e3o ser\u00e3o lavadas ou expostas \u00e0 chuva.<\/p>\n\n\n\n<hr class=\"wp-block-separator has-text-color has-background has-vivid-red-background-color has-vivid-red-color\"\/>\n\n\n\n<p class=\"has-luminous-vivid-orange-color has-white-background-color has-text-color has-background has-medium-font-size\"><strong>CORES MAIS VIVAS<\/strong><\/p>\n\n\n\n<p class=\"has-luminous-vivid-orange-color has-text-color has-medium-font-size\">Para fugir dos tons terrosos pr\u00f3prios dos pigmentos naturais, use corantes aliment\u00edcios. Esses ingredientes s\u00e3o vendidos em lojas que comercializam materiais para fabrica\u00e7\u00e3o de chocolate.&nbsp;<\/p>\n\n\n\n<figure class=\"wp-block-table aligncenter\"><table><tbody><tr><td class=\"has-text-align-center\" data-align=\"center\"><img decoding=\"async\" width=\"583\" height=\"340\" alt=\"Pintura, Fazendo, Pigmento, Of\u00edcio, Pote\" src=\"https:\/\/lh4.googleusercontent.com\/r99S2oXMCs0-ZMlwQM57xH-LBvXcqCIRLKIpGEmkh0h4YVmAC8x0rFmh6HU1CFUIBGKUyIoTdN_Bz2fpv2IdN__q8yy8TEvbLpiSKRcXbbLi0zfAlOmuhhY5Je6Haw\"><\/td><\/tr><\/tbody><\/table><figcaption>https:\/\/pixabay.com\/pt\/photos\/pintura-fazendo-pigmento-of%c3%adcio-3399467<strong>\/<\/strong><\/figcaption><\/figure>\n\n\n\n<hr class=\"wp-block-separator has-text-color has-background has-vivid-red-background-color has-vivid-red-color\"\/>\n\n\n\n<p class=\"has-luminous-vivid-amber-background-color has-background has-medium-font-size\"><em>Professor, essa aula segue a Matriz Curricular das Habilidades Estruturantes 2021-2021. Foi elaborada no ano de 2020, com a suspens\u00e3o das aulas presenciais devido \u00e0 pandemia da Covid-19 e segue as orienta\u00e7\u00f5es de flexibiliza\u00e7\u00e3o curricular para o bi\u00eanio 2020\/2021 (Of\u00edcio Circular 147\/2020 Dirped).<\/em><\/p>\n\n\n\n<p><strong>Habilidades estruturantes<\/strong><\/p>\n\n\n\n<p>(GO-EF69AR02) Pesquisar e analisar diferentes estilos visuais, contextualizando-os no tempo e no espa\u00e7o.&nbsp;<\/p>\n\n\n\n<p>GO-EF69AR34) Analisar e valorizar o patrim\u00f4nio cultural, material e imaterial, de culturas diversas, em especial a brasileira, incluindo suas matrizes ind\u00edgenas, africanas e europeias, de diferentes \u00e9pocas, e favorecendo a constru\u00e7\u00e3o de vocabul\u00e1rio e repert\u00f3rio relativos \u00e0s diferentes linguagens art\u00edsticas.<\/p>\n\n\n\n<hr class=\"wp-block-separator has-text-color has-background has-vivid-red-background-color has-vivid-red-color\"\/>\n\n\n\n<p><strong>Refer\u00eancias<\/strong><\/p>\n\n\n\n<p>http:\/\/www.arqpop.arq.ufba.br\/uma-aldeia-timbira <\/p>\n\n\n\n<p>https:\/\/museucerrado.com.br\/eco-historia\/memorial-do-cerrado\/<\/p>\n\n\n\n<p>https:\/\/ww2.uft.edu.br\/index.php\/es\/ultimas-noticias\/18982-exposicao-sobre-povos-timbira-inicia-nesta-quarta-feira<\/p>\n\n\n\n<p><\/p>\n","protected":false},"author":6,"featured_media":129158,"template":"","ef_categoria":[],"ef_ano":[89],"ef_componente":[99],"class_list":["post-129146","ensino_fundamental","type-ensino_fundamental","status-publish","has-post-thumbnail","hentry","ef_ano-6o-ano","ef_componente-arte-ef","entry","has-media"],"acf":[],"_links":{"self":[{"href":"https:\/\/sme.goiania.go.gov.br\/conexaoescola\/wp-json\/wp\/v2\/ensino_fundamental\/129146","targetHints":{"allow":["GET"]}}],"collection":[{"href":"https:\/\/sme.goiania.go.gov.br\/conexaoescola\/wp-json\/wp\/v2\/ensino_fundamental"}],"about":[{"href":"https:\/\/sme.goiania.go.gov.br\/conexaoescola\/wp-json\/wp\/v2\/types\/ensino_fundamental"}],"author":[{"embeddable":true,"href":"https:\/\/sme.goiania.go.gov.br\/conexaoescola\/wp-json\/wp\/v2\/users\/6"}],"version-history":[{"count":0,"href":"https:\/\/sme.goiania.go.gov.br\/conexaoescola\/wp-json\/wp\/v2\/ensino_fundamental\/129146\/revisions"}],"wp:featuredmedia":[{"embeddable":true,"href":"https:\/\/sme.goiania.go.gov.br\/conexaoescola\/wp-json\/wp\/v2\/media\/129158"}],"wp:attachment":[{"href":"https:\/\/sme.goiania.go.gov.br\/conexaoescola\/wp-json\/wp\/v2\/media?parent=129146"}],"wp:term":[{"taxonomy":"ef_categoria","embeddable":true,"href":"https:\/\/sme.goiania.go.gov.br\/conexaoescola\/wp-json\/wp\/v2\/ef_categoria?post=129146"},{"taxonomy":"ef_ano","embeddable":true,"href":"https:\/\/sme.goiania.go.gov.br\/conexaoescola\/wp-json\/wp\/v2\/ef_ano?post=129146"},{"taxonomy":"ef_componente","embeddable":true,"href":"https:\/\/sme.goiania.go.gov.br\/conexaoescola\/wp-json\/wp\/v2\/ef_componente?post=129146"}],"curies":[{"name":"wp","href":"https:\/\/api.w.org\/{rel}","templated":true}]}}