{"id":129093,"date":"2021-08-09T14:24:27","date_gmt":"2021-08-09T17:24:27","guid":{"rendered":"https:\/\/sme.goiania.go.gov.br\/conexaoescola\/?post_type=ensino_fundamental&#038;p=129093"},"modified":"2021-12-22T11:55:41","modified_gmt":"2021-12-22T13:55:41","slug":"lingua-portuguesa-mito-e-mitologia","status":"publish","type":"ensino_fundamental","link":"https:\/\/sme.goiania.go.gov.br\/conexaoescola\/ensino_fundamental\/lingua-portuguesa-mito-e-mitologia\/","title":{"rendered":"L\u00edngua Portuguesa &#8211; Mito e Mitologia"},"content":{"rendered":"\n<p class=\"has-black-color has-light-green-cyan-background-color has-text-color has-background has-medium-font-size\">Ol\u00e1, educando (a)! Esta videoaula de L\u00edngua Portuguesa para o&nbsp;<strong>Agrupamento G (7\u00ba ano) do Ciclo da Adolesc\u00eancia<\/strong>&nbsp;foi veiculada na TV no dia&nbsp;<strong>03\/08\/2021 (Quarta-feira)<\/strong>. Aqui no Portal Conex\u00e3o Escola, ela est\u00e1 dispon\u00edvel juntamente com a proposta de atividade.<\/p>\n\n\n\n<div class=\"wp-block-image\"><figure class=\"aligncenter size-large is-resized\"><img fetchpriority=\"high\" decoding=\"async\" src=\"https:\/\/sme.goiania.go.gov.br\/conexaoescola\/wp-content\/uploads\/2021\/08\/mito-e1628527328496.png\" alt=\"\" class=\"wp-image-129094\" width=\"418\" height=\"292\" srcset=\"https:\/\/sme.goiania.go.gov.br\/conexaoescola\/wp-content\/uploads\/2021\/08\/mito-e1628527328496.png 390w, https:\/\/sme.goiania.go.gov.br\/conexaoescola\/wp-content\/uploads\/2021\/08\/mito-e1628527328496-300x209.png 300w\" sizes=\"(max-width: 418px) 100vw, 418px\" \/><figcaption>Fonte: <a href=\"https:\/\/pixabay.com\/images\/id-1621062\/\">https:\/\/pixabay.com\/images\/id-1621062\/<\/a><\/figcaption><\/figure><\/div>\n\n\n\n<p class=\"has-background has-medium-font-size\" style=\"background-color:#e4e6e8\">O que voc\u00ea sabe sobre os <strong>mitos<\/strong>? Antes da filosofia surgir para tentar racionalizar as explica\u00e7\u00f5es sobre a origem, os valores e os modos de organiza\u00e7\u00e3o do ser humano, os mitos j\u00e1 existiam como simbologia de manifesta\u00e7\u00f5es naturais, sentimentais e espirituais. Ou seja, por que a natureza se manifestava de tal forma? Por que uma colheita fracassou? Por que existe tanta maldade no mundo?<\/p>\n\n\n\n<p class=\"has-text-align-center has-light-green-cyan-background-color has-background has-medium-font-size\">Assista agora a videoaula do professor Marlon com a tem\u00e1tica: Mito e Mitologia<\/p>\n\n\n\n<figure class=\"wp-block-embed is-type-video is-provider-youtube wp-block-embed-youtube wp-embed-aspect-16-9 wp-has-aspect-ratio\"><div class=\"wp-block-embed__wrapper\">\n<p class=\"responsive-video-wrap clr\"><iframe title=\"7 ano   Portugu\u00eas   03 08 21   Bloco 01\" width=\"1200\" height=\"675\" src=\"https:\/\/www.youtube.com\/embed\/Jz6PzHdgsHo?feature=oembed\" frameborder=\"0\" allow=\"accelerometer; autoplay; clipboard-write; encrypted-media; gyroscope; picture-in-picture\" allowfullscreen><\/iframe><\/p>\n<\/div><figcaption>L\u00edngua Portuguesa &#8211; 7\u00ba ano   <\/figcaption><\/figure>\n\n\n\n<p class=\"has-medium-font-size\">Como voc\u00ea observou na videoaula do professor Marlon, os <strong>mitos<\/strong> s\u00e3o, portanto, resultado das cren\u00e7as e da forma como as sociedades se relacionam com o mundo, refletindo, assim, a identidade desse povo. Essas cren\u00e7as materializam-se em narrativas fant\u00e1sticas.&nbsp;<\/p>\n\n\n\n<p class=\"has-medium-font-size\">Na maioria das vezes, o termo \u201cmito\u201d refere-se especificamente aos relatos das civiliza\u00e7\u00f5es mais antigas, como o ber\u00e7o grego e romano, contudo, \u00e9 importante ressaltar que toda sociedade possui seu acervo mitol\u00f3gico.&nbsp;<\/p>\n\n\n\n<p class=\"has-medium-font-size\">Por que somos rodeados por mitos gregos? Justamente pelo fato de a civiliza\u00e7\u00e3o grega ser a base cultural dos povos ocidentais, os mitos \u2013 tra\u00e7o caracter\u00edstico dessa civiliza\u00e7\u00e3o \u2013 est\u00e3o profundamente enraizados em diversas manifesta\u00e7\u00f5es da sociedade em que vivemos.<\/p>\n\n\n\n<p class=\"has-text-align-center has-medium-font-size\"><strong>Como identificar os mitos?<\/strong><\/p>\n\n\n\n<ul class=\"has-background has-medium-font-size wp-block-list\" style=\"background-color:#dbe4ec\"><li>Os mitos se utilizam de muita simbologia, personagens sobrenaturais, deuses e her\u00f3is. Todos estes componentes s\u00e3o misturados a fatos reais, caracter\u00edsticas humanas e pessoas que realmente existiram;<\/li><li>Um dos objetivos do mito era transmitir conhecimento e explicar fatos que a ci\u00eancia ainda n\u00e3o havia explicado, atrav\u00e9s de rituais em cerim\u00f4nias, dan\u00e7as, sacrif\u00edcios e ora\u00e7\u00f5es;&nbsp;<\/li><li>Procura explicar as origens do mundo e do homem por meio de personagens sobrenaturais como deuses ou semideuses;&nbsp;<\/li><li>Um mito tamb\u00e9m pode ter a fun\u00e7\u00e3o de manifestar alguma coisa de forma forte ou de explicar os temas desconhecidos e tornar o mundo conhecido ao Homem;&nbsp;<\/li><li>Relaciona-se com uma data ou com uma religi\u00e3o;<\/li><li>Ao contr\u00e1rio da explica\u00e7\u00e3o filos\u00f3fica, que se utiliza da argumenta\u00e7\u00e3o l\u00f3gica para explicar a realidade, o mito explica a realidade atrav\u00e9s de suas hist\u00f3rias sagradas, que n\u00e3o possuem nenhum tipo de embasamento para serem aceitas como verdades.&nbsp;<\/li><\/ul>\n\n\n\n<p class=\"has-text-align-center has-medium-font-size\"><strong>Representa\u00e7\u00f5es tem\u00e1ticas<\/strong><\/p>\n\n\n\n<ul class=\"has-background has-medium-font-size wp-block-list\" style=\"background-color:#d5dde3\"><li>O PODER DO DESTINO: para os gregos, o futuro estava tra\u00e7ado e n\u00e3o se podia fugir dele, por isso os or\u00e1culos e suas previs\u00f5es s\u00e3o t\u00e3o respeitadas;<\/li><li>A FOR\u00c7A DA PUNI\u00c7\u00c3O: em v\u00e1rias narrativas, o ser humano \u00e9 castigado severamente quando desperta a f\u00faria de um deus por ter tido mau comportamento;<\/li><li>A MATERIALIZA\u00c7\u00c3O DOS DEUSES: em momentos decisivos, os deuses aparecem de forma inesperada, intervindo nas situa\u00e7\u00f5es;<\/li><li>O SIMBOLISMO DE A\u00c7\u00d5ES INCOMUNS: situa\u00e7\u00f5es chocantes, como um deus engolir outros personagens da hist\u00f3ria, mas essas a\u00e7\u00f5es simbolizam processos da vida humana, n\u00e3o devem ser interpretados literalmente;<\/li><li>A IMPORT\u00c2NCIA DA BELEZA: os gregos contemplavam bastante o belo, por isso s\u00e3o muitas as refer\u00eancias est\u00e9ticas;<\/li><li>ENIGMAS: os gregos s\u00e3o marcados por muitos mist\u00e9rios que devem ser revelados.<\/li><\/ul>\n\n\n\n<p class=\"has-text-align-center has-medium-font-size\"><strong>Alguns exemplos de mitos<\/strong><\/p>\n\n\n\n<ul class=\"has-background has-medium-font-size wp-block-list\" style=\"background-color:#d3dae0\"><li>Mito de Cronos &#8211; sobre o tempo e o nascimento dos deuses;<\/li><li>Mito de Pandora &#8211; sobre a primeira mulher, a curiosidade humana e o surgimento dos problemas no mundo (semelhante \u00e0 passagem b\u00edblica sobre Ad\u00e3o e Eva);<\/li><li>Mito de Orfeu e Eur\u00eddice &#8211; sobre o destino e a morte;<\/li><li>Mito de Eros e Psiqu\u00ea &#8211; sobre o amor e sua uni\u00e3o com a alma;<\/li><li>Mito de Narciso &#8211; sobre a beleza e a vaidade.<\/li><\/ul>\n\n\n\n<p class=\"has-text-align-left has-light-green-cyan-background-color has-background has-medium-font-size\"><strong>Atividade 1 <\/strong><\/p>\n\n\n\n<p class=\"has-medium-font-size\"><strong>Leia, a seguir, um mito.<\/strong><\/p>\n\n\n\n<p class=\"has-text-align-center has-medium-font-size\"><strong>O mito de Pandora<\/strong><\/p>\n\n\n\n<p class=\"has-text-align-center\">(Mitologia grega)<\/p>\n\n\n\n<p class=\"has-medium-font-size\">&nbsp;&nbsp;&nbsp;&nbsp;&nbsp;&nbsp;&nbsp;Num tempo distante, os homens dominaram a d\u00e1diva do fogo, gra\u00e7as a Prometeu, tornando melhor a vida na Terra.<\/p>\n\n\n\n<p class=\"has-medium-font-size\">&nbsp;&nbsp;&nbsp;&nbsp;&nbsp;&nbsp;&nbsp;Mas diante daquela afronta, a ira de Zeus n\u00e3o teve limites, e ele resolve ent\u00e3o punir os homens. Ordenou a Hefesto que moldasse uma mulher de barro, t\u00e3o linda quanto uma verdadeira deusa, que lhe desse voz e movimento e que seus olhos inspirassem um encanto divino.<\/p>\n\n\n\n<p class=\"has-medium-font-size\">&nbsp;&nbsp;&nbsp;&nbsp;&nbsp;&nbsp;&nbsp;A deusa Atena teceu-lhe uma bel\u00edssima roupa, as tr\u00eas Gra\u00e7as a cobriram com j\u00f3ias e as Horas a coroaram com uma tiara de perfumadas flores brancas. Por isso a jovem recebeu o nome de Pandora, que em grego significa \u201ctodas as d\u00e1divas\u201d.<\/p>\n\n\n\n<p class=\"has-medium-font-size\">&nbsp;&nbsp;&nbsp;&nbsp;&nbsp;&nbsp;&nbsp;No dia seguinte, Zeus deu instru\u00e7\u00f5es secretas a seu filho Hermes que, obedecendo \u00e0s ordens do pai, ensinou Pandora a contar suaves mentiras. Com isso, a mulher de barro passou a ter uma personalidade dissimulada e perigosa.<\/p>\n\n\n\n<p class=\"has-medium-font-size\">&nbsp;&nbsp;&nbsp;&nbsp;&nbsp;&nbsp;&nbsp;&nbsp;Feito isso, Zeus ordenou a Hermes que entregasse a mulher de presente a Epimeteu, irm\u00e3o de Prometeu, um homem ing\u00eanuo e lento de racioc\u00ednio.<\/p>\n\n\n\n<p class=\"has-medium-font-size\">&nbsp;&nbsp;&nbsp;&nbsp;&nbsp;&nbsp;&nbsp;Ao ver Pandora, Epimeteu esqueceu-se que Prometeu lhe havia recomendado muitas vezes para n\u00e3o aceitar presentes de Zeus; e aceitou-a de bra\u00e7os abertos.<\/p>\n\n\n\n<p class=\"has-medium-font-size\">&nbsp;&nbsp;&nbsp;&nbsp;&nbsp;&nbsp;&nbsp;Certo dia, Pandora viu uma \u00e2nfora muito bem lacrada, e assim que se aproximou dela Epimeteu alertou-a para se afastar, pois Prometeu lhe recomendara que jamais a abrisse, caso contr\u00e1rio, os esp\u00edritos do mal recairiam sobre eles.<\/p>\n\n\n\n<p class=\"has-medium-font-size\">&nbsp;&nbsp;&nbsp;&nbsp;&nbsp;&nbsp;&nbsp;Mas, apesar daquelas palavras, a curiosidade da mulher de barro aumentava; n\u00e3o mais resistindo, esperou que o marido sa\u00edsse de casa e correu para abrir o jarro proibido.<\/p>\n\n\n\n<p class=\"has-medium-font-size\">&nbsp;&nbsp;&nbsp;&nbsp;&nbsp;&nbsp;&nbsp;Mal ergueu a tampa, Pandora deu um grito de pavor e do interior da \u00e2nfora sa\u00edram monstros horr\u00edveis: o Mal, a Fome, o \u00d3dio, a Doen\u00e7a, a Vingan\u00e7a, a Loucura e muitos outros esp\u00edritos mal\u00e9ficos\u2026<\/p>\n\n\n\n<p class=\"has-medium-font-size\">&nbsp;&nbsp;&nbsp;&nbsp;&nbsp;&nbsp;&nbsp;Quando voltou a lacrar a jarra, conseguiu prender ali um \u00fanico esp\u00edrito, a Esperan\u00e7a.<\/p>\n\n\n\n<p class=\"has-medium-font-size\">&nbsp;&nbsp;&nbsp;&nbsp;&nbsp;&nbsp;&nbsp;Assim, ent\u00e3o, tudo aconteceu exatamente conforme Zeus havia planejado. Usou a curiosidade e a mentira de Pandora para espalhar o mal sobre o mundo, tornando os homens duros de cora\u00e7\u00e3o e cru\u00e9is, castigando Prometeu e toda a humanidade.<\/p>\n\n\n\n<p class=\"has-text-align-center\">Fonte: PANDORA: mitologia grega. Dispon\u00edvel em: &lt;http:\/\/www.dominiopublico.gov.br&amp;gt;&nbsp;<\/p>\n\n\n\n<p class=\"has-text-align-center has-cyan-bluish-gray-background-color has-background has-medium-font-size\"><strong>E O QUE \u00c9 MITOLOGIA?<\/strong><\/p>\n\n\n\n<p class=\"has-black-color has-white-background-color has-text-color has-background has-medium-font-size\">A mitologia \u00e9 o conjunto dos mitos e o estudo de suas origens, sua evolu\u00e7\u00e3o e seu significado. \u00c9, portanto, a lente para olharmos uma cultura pela sua religi\u00e3o e pelo seu pensamento. N\u00e3o devemos confundir mitologia e mito, embora sejam usados em ocasi\u00f5es semelhantes:&nbsp;<\/p>\n\n\n\n<ul class=\"has-background has-medium-font-size wp-block-list\" style=\"background-color:#e3e7ea\"><li>O mito \u00e9 o termo que denomina aquelas hist\u00f3rias fant\u00e1sticas, simb\u00f3licas;<\/li><\/ul>\n\n\n\n<ul class=\"has-background has-medium-font-size wp-block-list\" style=\"background-color:#d9dfe3\"><li>A mitologia se refere \u00e0 an\u00e1lise dessas narrativas como um todo, com o objetivo de entender a religi\u00e3o e a cultura de um povo, por exemplo.<\/li><\/ul>\n\n\n\n<p class=\"has-medium-font-size\">Em tempo, a mitologia n\u00e3o se limita \u00e0s mitologias grega e romana, apesar de estas serem as mais importantes para a tradi\u00e7\u00e3o ocidental, da qual o Brasil n\u00e3o faz parte. H\u00e1 equival\u00eancias entre a mitologia grega e a romana, por\u00e9m com nomenclaturas diferentes.<\/p>\n\n\n\n<p class=\"has-light-green-cyan-background-color has-background has-medium-font-size\"><strong>Atividade 2<\/strong><\/p>\n\n\n\n<p class=\"has-medium-font-size\">Na aula de hoje, voc\u00ea leu o Mito de Pandora. Pesquise na internet outros mitos e selecione um para um estudo. Depois de l\u00ea-lo, responda:<\/p>\n\n\n\n<ol class=\"has-medium-font-size wp-block-list\"><li>Quais caracter\u00edsticas do g\u00eanero mito voc\u00ea percebeu no texto lido?<\/li><li>O mito lido explica sobre qual tem\u00e1tica?<\/li><\/ol>\n\n\n\n<p class=\"has-light-green-cyan-background-color has-background has-medium-font-size\"><strong>Parab\u00e9ns, voc\u00ea finalizou a atividade de L\u00edngua Portuguesa! Aguardamos voc\u00ea at\u00e9 a pr\u00f3xima! Bons estudos!<\/strong><\/p>\n\n\n\n<hr class=\"wp-block-separator\"\/>\n\n\n\n<p><\/p>\n\n\n\n<figure class=\"wp-block-table aligncenter is-style-regular\"><table><tbody><tr><td>Refer\u00eancia:<\/td><td>&nbsp;<a href=\"https:\/\/www.todamateria.com.br\/o-que-e-mito\/\" target=\"_blank\" rel=\"noreferrer noopener\">https:\/\/www.todamateria.com.br\/o-que-e-mito\/<\/a><\/td><\/tr><tr><td>Componente Curricular<\/td><td>Habilidades<\/td><\/tr><tr><td>L\u00edngua Portuguesa<\/td><td>Habilidade estruturante \u2013 (EF67LP28-B) Ler e compreender lendas brasileiras africanas, narrativas de enigma, mitos, autobiografias, mang\u00e1s, levando em conta suportes e caracter\u00edsticas.<br><\/td><\/tr><\/tbody><\/table><\/figure>\n\n\n\n<p class=\"has-cyan-bluish-gray-background-color has-background\" style=\"font-size:25px\">Professor, essa aula segue a Matriz Curricular das Habilidades Estruturantes 2021-2021. Foi elaborada no ano de 2020, com a suspens\u00e3o das aulas presenciais devido \u00e0 pandemia da Covid-19 e segue as orienta\u00e7\u00f5es de flexibiliza\u00e7\u00e3o curricular para o bi\u00eanio 2020\/2021 (Of\u00edcio Circular 147\/2020 Dirped).<\/p>\n","protected":false},"author":42,"featured_media":129094,"template":"","ef_categoria":[15,30],"ef_ano":[90],"ef_componente":[93],"class_list":["post-129093","ensino_fundamental","type-ensino_fundamental","status-publish","has-post-thumbnail","hentry","ef_categoria-ciclo-da-adolescencia-fg","ef_categoria-etica-e-cidadania-ciclo-da-adolescencia-fg","ef_ano-7o-ano","ef_componente-portugues","entry","has-media"],"acf":[],"_links":{"self":[{"href":"https:\/\/sme.goiania.go.gov.br\/conexaoescola\/wp-json\/wp\/v2\/ensino_fundamental\/129093","targetHints":{"allow":["GET"]}}],"collection":[{"href":"https:\/\/sme.goiania.go.gov.br\/conexaoescola\/wp-json\/wp\/v2\/ensino_fundamental"}],"about":[{"href":"https:\/\/sme.goiania.go.gov.br\/conexaoescola\/wp-json\/wp\/v2\/types\/ensino_fundamental"}],"author":[{"embeddable":true,"href":"https:\/\/sme.goiania.go.gov.br\/conexaoescola\/wp-json\/wp\/v2\/users\/42"}],"version-history":[{"count":0,"href":"https:\/\/sme.goiania.go.gov.br\/conexaoescola\/wp-json\/wp\/v2\/ensino_fundamental\/129093\/revisions"}],"wp:featuredmedia":[{"embeddable":true,"href":"https:\/\/sme.goiania.go.gov.br\/conexaoescola\/wp-json\/wp\/v2\/media\/129094"}],"wp:attachment":[{"href":"https:\/\/sme.goiania.go.gov.br\/conexaoescola\/wp-json\/wp\/v2\/media?parent=129093"}],"wp:term":[{"taxonomy":"ef_categoria","embeddable":true,"href":"https:\/\/sme.goiania.go.gov.br\/conexaoescola\/wp-json\/wp\/v2\/ef_categoria?post=129093"},{"taxonomy":"ef_ano","embeddable":true,"href":"https:\/\/sme.goiania.go.gov.br\/conexaoescola\/wp-json\/wp\/v2\/ef_ano?post=129093"},{"taxonomy":"ef_componente","embeddable":true,"href":"https:\/\/sme.goiania.go.gov.br\/conexaoescola\/wp-json\/wp\/v2\/ef_componente?post=129093"}],"curies":[{"name":"wp","href":"https:\/\/api.w.org\/{rel}","templated":true}]}}