{"id":128493,"date":"2021-06-17T07:01:00","date_gmt":"2021-06-17T10:01:00","guid":{"rendered":"https:\/\/sme.goiania.go.gov.br\/conexaoescola\/?post_type=ensino_fundamental&#038;p=128493"},"modified":"2021-11-09T11:52:55","modified_gmt":"2021-11-09T13:52:55","slug":"educacao-fisica-tiro-com-arco","status":"publish","type":"ensino_fundamental","link":"https:\/\/sme.goiania.go.gov.br\/conexaoescola\/ensino_fundamental\/educacao-fisica-tiro-com-arco\/","title":{"rendered":"Educa\u00e7\u00e3o F\u00edsica: Tiro com arco"},"content":{"rendered":"\n<p class=\"has-text-align-center has-vivid-green-cyan-color has-black-background-color has-text-color has-background\"><em>Ol\u00e1, educando (a)!Esta videoaula de <\/em><strong><em>Educa\u00e7\u00e3o f\u00edsica <\/em><\/strong><em>&nbsp;foi veiculada na TV no dia 17\/06\/2021<\/em><strong><em>&nbsp;(quinta-feira)<\/em><\/strong><em>. Aqui no Portal Conex\u00e3o Escola, ela est\u00e1 dispon\u00edvel juntamente com a proposta de atividade.<\/em><\/p>\n\n\n\n<p class=\"has-text-align-center has-black-color has-vivid-green-cyan-background-color has-text-color has-background\">A aula de hoje abordar\u00e1 sobre o esporte de precis\u00e3o Tiro com Arco , bem como a compreens\u00e3o, experimenta\u00e7\u00e3o e frui\u00e7\u00e3o no contexto da Educa\u00e7\u00e3o f\u00edsica.<\/p>\n\n\n\n<p class=\"has-text-align-center\"><img fetchpriority=\"high\" decoding=\"async\" width=\"500\" height=\"341\" src=\"https:\/\/lh3.googleusercontent.com\/FwASQcgQ_2wlcnZSxt6QyNoUGp2OIiuFiK8UufajQTN_TzSCAXqrMem83i-pAtvdJmHNvu9D5YNwJ65cfarE3slBtm3kfrFqX7mjuaRvRbyJqjaYe3Ic11cT0wFR3A\"><\/p>\n\n\n\n<p class=\"has-text-align-center has-small-font-size\"><a href=\"https:\/\/yata.ostr.locaweb.com.br\/eb200d2dff552d2a0e973942be54f884e709338c9acc68002fccff921bc51120\">https:\/\/yata.ostr.locaweb.com.br\/eb200d2dff552d2a0e973942be54f884e709338c9acc68002fccff921bc51120<\/a><\/p>\n\n\n\n<p class=\"has-text-align-center has-black-color has-vivid-green-cyan-background-color has-text-color has-background\">Assista a videoaula abaixo, com a tem\u00e1tica: Tiro com arco<\/p>\n\n\n\n<figure class=\"wp-block-embed is-type-video is-provider-youtube wp-block-embed-youtube wp-embed-aspect-16-9 wp-has-aspect-ratio\"><div class=\"wp-block-embed__wrapper\">\n<p class=\"responsive-video-wrap clr\"><iframe title=\"9 ano - Ed. F\u00edsica - 17.06.2021 - Bloco 2 - Esporte de precis\u00e3o - Tiro com o arco\" width=\"1200\" height=\"675\" src=\"https:\/\/www.youtube.com\/embed\/_fkG3BUcp2A?feature=oembed\" frameborder=\"0\" allow=\"accelerometer; autoplay; clipboard-write; encrypted-media; gyroscope; picture-in-picture\" allowfullscreen><\/iframe><\/p>\n<\/div><figcaption>Educa\u00e7\u00e3o f\u00edsica &#8211; 9\u00ba ANO &#8211; Ciclo da adolesc\u00eancia<\/figcaption><\/figure>\n\n\n\n<p>Ol\u00e1, tudo bem? Vamos para mais uma aula!&nbsp;Hoje voc\u00ea ter\u00e1 a oportunidade de saber mais sobre o esporte de precis\u00e3o Tiro com Arco.&nbsp; Estudaremos hist\u00f3ria, conceito, valores, regras e fundamentos t\u00e9cnicos e t\u00e1ticos presentes nesse esporte.<\/p>\n\n\n\n<p class=\"has-text-align-center has-vivid-green-cyan-color has-black-background-color has-text-color has-background\"><strong>HIST\u00d3RIA&nbsp;<\/strong><\/p>\n\n\n\n<p>A Hist\u00f3ria do tiro com arcos \u00e9 muito mais muito antiga.&nbsp;Desde a Pr\u00e9-hist\u00f3ria e na Antiguidade a cerca de 20.000 anos na Idade da Pedra Lascada essa atividade j\u00e1 era praticada.&nbsp;As pinturas rupestres mais antigas j\u00e1 mostram homens primitivos ca\u00e7ando com arco.<\/p>\n\n\n\n<div class=\"wp-block-image\"><figure class=\"aligncenter\"><img decoding=\"async\" src=\"https:\/\/lh6.googleusercontent.com\/TZVUxW-T5MVjC5Lm6ImV-cQmup8eIZrxdcDzNsBK2GtuJ2gWvYGZhNZXEFQUhzM8xPrHOJ5JWjsmAC7QnTLa1RhY6Qr6UXOzcDUYGoNfFnqgujLu0qj7FC3NR26LWA\" alt=\"\"\/><\/figure><\/div>\n\n\n\n<p class=\"has-text-align-center has-small-font-size\"><a href=\"https:\/\/i.pinimg.com\/236x\/f1\/d3\/ac\/f1d3ac99b3ba0ca316b0c0690e516287.jpg\">https:\/\/i.pinimg.com\/236x\/f1\/d3\/ac\/f1d3ac99b3ba0ca316b0c0690e516287.jpg<\/a><\/p>\n\n\n\n<p>Muitos povos da Europa, da \u00c1sia, da \u00c1frica e das Am\u00e9ricas utilizam o arco e flecha como instrumento de ca\u00e7a a longa dist\u00e2ncia ou armamento de Guerra.&nbsp;<\/p>\n\n\n\n<div class=\"wp-block-image\"><figure class=\"aligncenter\"><img decoding=\"async\" src=\"https:\/\/lh4.googleusercontent.com\/JhCFEdhNZSDghKwzNsgY4I0TqM7ylDVWTnpQDQOs3goKtdKtHq8QgEMp70blTsQAiKqOPPW7f2AoHavYkmb8Th3E2yWGUYuVRdy0mmAmOhrE5i8rU56VLJVLAK9DYA\" alt=\"\"\/><\/figure><\/div>\n\n\n\n<p><strong>&nbsp;<\/strong><\/p>\n\n\n\n<p class=\"has-text-align-center has-small-font-size\"><a href=\"https:\/\/encrypted-tbn0.gstatic.com\/images?q=tbn:ANd9GcRP4M1rY_KeYC-YXZdtDLqVDF01dLAtROPHVg&amp;usqp=CAU\">https:\/\/encrypted-tbn0.gstatic.com\/images?q=tbn:ANd9GcRP4M1rY_KeYC-YXZdtDLqVDF01dLAtROPHVg&amp;usqp=CAU<\/a><\/p>\n\n\n\n<p>A pr\u00e1tica era utilizada muito mais como necessidade do que propriamente como esporte ou divers\u00e3o. Foi a partir de meados do s\u00e9culo XVI, que o tiro com arcos come\u00e7ou a ser tratado como um esporte, e foram criados os primeiros torneios.&nbsp;<\/p>\n\n\n\n<figure class=\"wp-block-image\"><img decoding=\"async\" src=\"https:\/\/lh4.googleusercontent.com\/47svXGBdROan0q5eg1hmI990LV4kNYmFL_2NRPbSxlU0cRbkciYbMjRn2VV28DVQjwyBAh5zKbwZZ7CuAKxeZRMkGiParbNDqY1soOsiXgaOdgj76eUQvSiFaJYFug\" alt=\"\"\/><\/figure>\n\n\n\n<p class=\"has-text-align-center has-small-font-size\"><a href=\"https:\/\/iela.ufsc.br\/sites\/default\/files\/indio_0.jpg\">https:\/\/iela.ufsc.br\/sites\/default\/files\/indio_0.jpg<\/a><\/p>\n\n\n\n<p class=\"has-text-align-center has-vivid-green-cyan-color has-black-background-color has-text-color has-background\"><strong>CONCEITO<\/strong><\/p>\n\n\n\n<p>Tiro com arco&nbsp;\u00e9 um esporte que tamb\u00e9m leva o nome de arqueirismo, ou arquearia, tendo como objetivo utilizar um arco e atirar flechas em um alvo circular.&nbsp;\u00c9 popularmente conhecido como&nbsp;Arco e Flecha.<\/p>\n\n\n\n<p><strong>Assista ao v\u00eddeo sobre a Hist\u00f3ria do Arco e flecha&nbsp;<\/strong><\/p>\n\n\n\n<figure class=\"wp-block-embed is-type-video is-provider-youtube wp-block-embed-youtube wp-embed-aspect-16-9 wp-has-aspect-ratio\"><div class=\"wp-block-embed__wrapper\">\nhttps:\/\/www.youtube.com\/watch?v=gLbGT_JsXmI\n<\/div><\/figure>\n\n\n\n<p class=\"has-text-align-center has-vivid-green-cyan-color has-black-background-color has-text-color has-background\"><strong>VALORES<\/strong><\/p>\n\n\n\n<p>Atualmente o Tiro com arco \u00e9 considerado um esporte democr\u00e1tico e inclusivo, jogado por pessoas de diferentes g\u00eaneros, idades e com defici\u00eancia e em v\u00e1rios pa\u00edses sem qualquer restri\u00e7\u00e3o e de maneira informal (quadra, areia, ao ar livre, etc.)<\/p>\n\n\n\n<figure class=\"wp-block-image\"><img decoding=\"async\" src=\"https:\/\/lh4.googleusercontent.com\/u66A_pOTiAZ7x4hlDlwdVO5shie4tL7UOSnCC15HdGPIzIaBgxo9K7MNYsHs2jKvyM16NOt3o1qkpbKagYSH4EnIUZduqzINi38LFMLdzix_YiIKe58-wVtgca1qLKsriOU4RBc\" alt=\"O potencial acad\u00eamico do esporte adaptado | Unicamp\"\/><\/figure>\n\n\n\n<p class=\"has-text-align-center has-small-font-size\"><a href=\"https:\/\/www.unicamp.br\/unicamp\/sites\/default\/files\/inlineimages\/img_10_acessibilidade_interna_10.jpg\">https:\/\/www.unicamp.br\/unicamp\/sites\/default\/files\/inlineimages\/img_10_acessibilidade_interna_10.jpg<\/a><\/p>\n\n\n\n<p class=\"has-text-align-center has-black-color has-vivid-green-cyan-background-color has-text-color has-background\"><strong>REGRAS B\u00c1SICAS<\/strong><\/p>\n\n\n\n<p class=\"has-text-align-center has-vivid-green-cyan-color has-black-background-color has-text-color has-background\"><strong>OBJETIVO DO JOGO&nbsp;&nbsp;<\/strong><\/p>\n\n\n\n<p>O objetivo do jogo \u00e9 acertar o centro do alvo para obter pontos. Quanto mais pr\u00f3ximo do alvo central, mais pontos o atirador ganha. No final de uma partida, ganha o arqueiro ou dupla que mais pontos conseguirem.<\/p>\n\n\n\n<div class=\"wp-block-image\"><figure class=\"aligncenter\"><img decoding=\"async\" src=\"https:\/\/lh5.googleusercontent.com\/asBMeIDatG_wGiGY5z_TNA_BDIz_wKUtA9DE-_e0IEbslRVKzLeC4BoZoo_bi3VxrmJNlnMywiNfgGFWtT55WwwrzVQjLfkRABgATCeSCI-zPD1I9Kdqn1FrqfPAPNLYe04YdvU\" alt=\"\"\/><\/figure><\/div>\n\n\n\n<p class=\"has-text-align-center has-vivid-green-cyan-color has-black-background-color has-text-color has-background\"><strong>EQUIPAMENTOS&nbsp;<\/strong><\/p>\n\n\n\n<p>Equipamentos como rest, loop, mira, peep, estabilizadores e pesos s\u00e3o utilizados para que os tiros sejam mais precisos. Al\u00e9m disso, s\u00e3o utilizados dois tipos de arcos como equipamentos, o recurvo e o composto. Com esses arcos os alvos s\u00e3o de papel ou de materiais sint\u00e9ticos. Para quem utiliza o arco recurvo \u00e9 necess\u00e1ria uma dedeira, e para quem utiliza o arco composto um disparador. Todos os competidores devem ter como equipamentos: roupas e cal\u00e7ados esportivos de tecidos leves, protetor de pulso e protetor de peito (para arqueiros que usam arco recurvo)<\/p>\n\n\n\n<div class=\"wp-block-image\"><figure class=\"aligncenter\"><img decoding=\"async\" src=\"https:\/\/lh6.googleusercontent.com\/oSmUjZmXrnAlJTnspwSEZBzLqpvXH-2zMkSkMeT6ABCV9Ze2MotzIrZfiyrC9PzVVm2zaoTdQAJCXOajZsQFtu1kv6la-ptlXhZe0-fCccRuXKbo9FF_dPxI1QD7fMt1q4pimwY\" alt=\"Esportes de Precis\u00e3o: Tiro com Arco \u2013 6\u00ba Ano \u2013 3\u00ba corte \u2013 2\u00ba quinzena \u2013  Educa\u00e7\u00e3o F\u00edsica | Portal NetEscola\"\/><\/figure><\/div>\n\n\n\n<p><\/p>\n\n\n\n<p class=\"has-text-align-center has-small-font-size\"><a href=\"https:\/\/portal.educacao.go.gov.br\/wp-content\/uploads\/2020\/09\/tiro-3.jpg\">https:\/\/portal.educacao.go.gov.br\/wp-content\/uploads\/2020\/09\/tiro-3.jpg<\/a><\/p>\n\n\n\n<p class=\"has-text-align-center has-black-color has-vivid-green-cyan-background-color has-text-color has-background\"><strong>FUNDAMENTOS T\u00c9CNICOS E T\u00c1TICOS<\/strong><\/p>\n\n\n\n<p class=\"has-vivid-green-cyan-color has-black-background-color has-text-color has-background\"><strong>EMPUNHADURA&nbsp;&nbsp;<\/strong><\/p>\n\n\n\n<p>O arqueiro deve girar o bra\u00e7o estendendo o arco para frente e levemente para dentro.<\/p>\n\n\n\n<p class=\"has-vivid-green-cyan-color has-black-background-color has-text-color has-background\"><strong>POSICIONAMENTO CORRETO E FIXA\u00c7\u00c3O DO OMBRO<\/strong><\/p>\n\n\n\n<p><strong><br><\/strong>O arqueiro deve manter a posi\u00e7\u00e3o do ombro no momento da prepara\u00e7\u00e3o<\/p>\n\n\n\n<p class=\"has-vivid-green-cyan-color has-black-background-color has-text-color has-background\"><strong>ALTURA E POSI\u00c7\u00c3O CORRETAS DA M\u00c3O DE CORDA<\/strong><\/p>\n\n\n\n<p><strong><br><\/strong>A melhor altura do bra\u00e7o ao puxar a corda \u00e9 entre os olhos e os l\u00e1bios&nbsp;<\/p>\n\n\n\n<p class=\"has-vivid-green-cyan-color has-black-background-color has-text-color has-background\"><strong>MANTER O CENTRO DE GRAVIDADE CORRETO DURANTE A PREPARA\u00c7\u00c3O<\/strong><\/p>\n\n\n\n<p>Colocar o centro de gravidade do corpo sobre o centro da largura entre os p\u00e9s.&nbsp;<\/p>\n\n\n\n<p class=\"has-vivid-green-cyan-color has-black-background-color has-text-color has-background\"><strong>HARMONIA ENTRE A PARTE SUPERIOR E INFERIOR DO CORPO<\/strong><\/p>\n\n\n\n<p><strong><br><\/strong>A parte superior do corpo e os quadris devem permanecer fixos durante a prepara\u00e7\u00e3o.&nbsp;<\/p>\n\n\n\n<p class=\"has-vivid-green-cyan-color has-black-background-color has-text-color has-background\"><strong>POSI\u00c7\u00c3O ONDE A CORDA \u00c9 COLOCADA NOS DEDOS<\/strong><\/p>\n\n\n\n<p>A posi\u00e7\u00e3o onde a corda \u00e9 colocada sobre os dedos pode ser na primeira articula\u00e7\u00e3o.&nbsp;O local dos dedos na corda antes de pux\u00e1-la pode ser atr\u00e1s da primeira junta, mas quando se atinge o ponto de ancoragem (ponto de refer\u00eancia da puxada), a corda deve estar na primeira articula\u00e7\u00e3o&nbsp;dos dedos.<\/p>\n\n\n\n<p><strong>Assista ao v\u00eddeo \u2013 Conhe\u00e7a o tiro com arco&nbsp;<\/strong><\/p>\n\n\n\n<figure class=\"wp-block-embed is-type-video is-provider-youtube wp-block-embed-youtube wp-embed-aspect-16-9 wp-has-aspect-ratio\"><div class=\"wp-block-embed__wrapper\">\n<p class=\"responsive-video-wrap clr\"><iframe title=\"Brasil 2016: Conhe\u00e7a o tiro com arco\" width=\"1200\" height=\"675\" src=\"https:\/\/www.youtube.com\/embed\/Dd8xd3FRHMA?feature=oembed\" frameborder=\"0\" allow=\"accelerometer; autoplay; clipboard-write; encrypted-media; gyroscope; picture-in-picture\" allowfullscreen><\/iframe><\/p>\n<\/div><\/figure>\n\n\n\n<p class=\"has-text-align-center has-vivid-green-cyan-color has-black-background-color has-text-color has-background\"><strong>ATIVIDADE 01<\/strong><\/p>\n\n\n\n<p>Ap\u00f3s leitura do texto e assistir aos v\u00eddeos explicativos converse com seus familiares sobre esse esporte.&nbsp; Fa\u00e7a uma pesquisa de como construir um arco, uma flecha artesanal para experimenta\u00e7\u00e3o do jogo. Coloque em pr\u00e1tica tudo o que voc\u00eas aprenderam e se divirtam-se bastante.&nbsp;Registre esse momento com fotos e v\u00eddeos e fa\u00e7a um texto em seu caderno contando o que voc\u00ea aprendeu sobre Tiro com arco.<\/p>\n\n\n\n<figure class=\"wp-block-table\"><table><tbody><tr><td><strong>Ciclo da inf\u00e2ncia e adolesc\u00eancia:<\/strong><br>Habilidade estruturante\/Habilidades complementares<\/td><td>(GO-EF08EF22) Praticar esportes de marca, precis\u00e3o, invas\u00e3o, rede, parede, campo e taco.<\/td><\/tr><\/tbody><\/table><\/figure>\n","protected":false},"author":30,"featured_media":128496,"template":"","ef_categoria":[16,32],"ef_ano":[92],"ef_componente":[97],"class_list":["post-128493","ensino_fundamental","type-ensino_fundamental","status-publish","has-post-thumbnail","hentry","ef_categoria-ciclo-da-adolescencia-hi","ef_categoria-corpo-e-movimento-ciclo-da-adolescencia-hi","ef_ano-9o-ano","ef_componente-educacao-fisica","entry","has-media"],"acf":[],"_links":{"self":[{"href":"https:\/\/sme.goiania.go.gov.br\/conexaoescola\/wp-json\/wp\/v2\/ensino_fundamental\/128493","targetHints":{"allow":["GET"]}}],"collection":[{"href":"https:\/\/sme.goiania.go.gov.br\/conexaoescola\/wp-json\/wp\/v2\/ensino_fundamental"}],"about":[{"href":"https:\/\/sme.goiania.go.gov.br\/conexaoescola\/wp-json\/wp\/v2\/types\/ensino_fundamental"}],"author":[{"embeddable":true,"href":"https:\/\/sme.goiania.go.gov.br\/conexaoescola\/wp-json\/wp\/v2\/users\/30"}],"version-history":[{"count":0,"href":"https:\/\/sme.goiania.go.gov.br\/conexaoescola\/wp-json\/wp\/v2\/ensino_fundamental\/128493\/revisions"}],"wp:featuredmedia":[{"embeddable":true,"href":"https:\/\/sme.goiania.go.gov.br\/conexaoescola\/wp-json\/wp\/v2\/media\/128496"}],"wp:attachment":[{"href":"https:\/\/sme.goiania.go.gov.br\/conexaoescola\/wp-json\/wp\/v2\/media?parent=128493"}],"wp:term":[{"taxonomy":"ef_categoria","embeddable":true,"href":"https:\/\/sme.goiania.go.gov.br\/conexaoescola\/wp-json\/wp\/v2\/ef_categoria?post=128493"},{"taxonomy":"ef_ano","embeddable":true,"href":"https:\/\/sme.goiania.go.gov.br\/conexaoescola\/wp-json\/wp\/v2\/ef_ano?post=128493"},{"taxonomy":"ef_componente","embeddable":true,"href":"https:\/\/sme.goiania.go.gov.br\/conexaoescola\/wp-json\/wp\/v2\/ef_componente?post=128493"}],"curies":[{"name":"wp","href":"https:\/\/api.w.org\/{rel}","templated":true}]}}