{"id":128372,"date":"2021-06-14T07:00:00","date_gmt":"2021-06-14T10:00:00","guid":{"rendered":"https:\/\/sme.goiania.go.gov.br\/conexaoescola\/?post_type=ensino_fundamental&#038;p=128372"},"modified":"2021-11-09T11:57:16","modified_gmt":"2021-11-09T13:57:16","slug":"educacao-fisica-danca","status":"publish","type":"ensino_fundamental","link":"https:\/\/sme.goiania.go.gov.br\/conexaoescola\/ensino_fundamental\/educacao-fisica-danca\/","title":{"rendered":"Educa\u00e7\u00e3o F\u00edsica &#8211; Dan\u00e7a"},"content":{"rendered":"\n<p class=\"has-text-align-center has-luminous-vivid-amber-color has-black-background-color has-text-color has-background\"><em>OL\u00c1, EDUCANDO (A)!ESTA VIDEOAULA DE <\/em><strong><em>EDUCA\u00c7\u00c3O F\u00cdSICA<\/em><\/strong><em> FOI VEICULADA NA TV NO DIA <\/em><strong><em>14\/06\/2021 (SEGUNDA-FEIRA)<\/em><\/strong><em>. AQUI NO PORTAL CONEX\u00c3O ESCOLA, ELA EST\u00c1 DISPON\u00cdVEL JUNTAMENTE COM A PROPOSTA DE ATIVIDADE.<\/em><\/p>\n\n\n\n<p class=\"has-black-color has-luminous-vivid-amber-background-color has-text-color has-background\">NA AULA DE HOJE VAMOS ENTENDER O QUE \u00c9 A DAN\u00c7A E CONHECER DIFERENTES TIPOS DE DAN\u00c7AS<\/p>\n\n\n\n<p class=\"has-text-align-center\"><img fetchpriority=\"high\" decoding=\"async\" width=\"551\" height=\"367\" src=\"https:\/\/lh4.googleusercontent.com\/tPbafGZJtLV3yUtJB79UW8FiA_7h3WLBZNUoG4_wOBMbADsZVYtSYH3uzsIFsy1w67Dgt02Xvcqx3xXToIZTcF-Zl7mNKx1LvTWCXfkP27unfRaNYJvPYZtUWoZGpfrzcOWxJzA\"><\/p>\n\n\n\n<p class=\"has-text-align-center has-small-font-size\"><a href=\"https:\/\/www.pexels.com\/pt-br\/foto\/mae-dancando-com-as-filhas-na-rua-5637809\/\">https:\/\/www.pexels.com\/pt-br\/foto\/mae-dancando-com-as-filhas-na-rua-5637809\/<\/a><\/p>\n\n\n\n<p class=\"has-text-align-center has-luminous-vivid-amber-color has-black-background-color has-text-color has-background\">Assista a videoaula abaixo, com a tem\u00e1tica: Dan\u00e7a<\/p>\n\n\n\n<figure class=\"wp-block-embed is-type-video is-provider-youtube wp-block-embed-youtube wp-embed-aspect-16-9 wp-has-aspect-ratio\"><div class=\"wp-block-embed__wrapper\">\n<p class=\"responsive-video-wrap clr\"><iframe title=\"Ed  F\u00edsica  | Turma A | 1\u00ba Ano |  Ciclo da Inf\u00e2ncia\" width=\"1200\" height=\"675\" src=\"https:\/\/www.youtube.com\/embed\/s8J_kTvRfQo?feature=oembed\" frameborder=\"0\" allow=\"accelerometer; autoplay; clipboard-write; encrypted-media; gyroscope; picture-in-picture\" allowfullscreen><\/iframe><\/p>\n<\/div><figcaption>Educa\u00e7\u00e3o F\u00edsica &#8211; Turma A\/1\u00ba Ano &#8211; Ciclo da Inf\u00e2ncia<\/figcaption><\/figure>\n\n\n\n<p>O QUE \u00c9 A DAN\u00c7A? ASSIM COMO ESTUDAMOS NA GIN\u00c1STICA, A DAN\u00c7A TAMB\u00c9M \u00c9 UMA FORMA INTENCIONAL DE MOVIMENTAR O CORPO. <\/p>\n\n\n\n<p class=\"has-black-color has-luminous-vivid-amber-background-color has-text-color has-background\">VEJA O GIRO DENTRO DA GIN\u00c1STICA:<\/p>\n\n\n\n<p class=\"has-text-align-center has-black-color has-text-color\">Acesse o link: <a href=\"https:\/\/www.pinterest.pt\/pin\/240731542562218507\/\">https:\/\/www.pinterest.pt\/pin\/240731542562218507\/<\/a><\/p>\n\n\n\n<p class=\"has-text-align-left has-black-color has-luminous-vivid-amber-background-color has-text-color has-background\">AGORA VEJA O GIRO DENTRO DE UMA DAN\u00c7A:<\/p>\n\n\n\n<p class=\"has-text-align-center has-black-color has-text-color\">Acesse o link; <a href=\"https:\/\/www.pinterest.pt\/pin\/479633429040816337\/\">https:\/\/www.pinterest.pt\/pin\/479633429040816337\/<\/a><\/p>\n\n\n\n<p>VIU S\u00d3 COMO A GIN\u00c1STICA E A DAN\u00c7A USAM OS MESMOS MOVIMENTOS? E VIU COMO OS MOVIMENTOS S\u00c3O AO MESMO TEMPO PARECIDOS E DIFERENTES? A CAPACIDADE QUE A DAN\u00c7A TEM DE TRANMITIR UM SENTIMENTO, PROVOCAR UMA EMO\u00c7\u00c3O EM QUEM ASSISTE UMA APRESENTA\u00c7\u00c3O \u00c9 CHAMADA DE EXPRESSIVIDADE DA DAN\u00c7A E \u00c9 ISSO QUE FAZ DELA UMA ARTE. VAMOS TREINAR ISSO? NO V\u00cdDEO A SEGUIR TEM UMA M\u00daSICA COM V\u00c1RIOS DESAFIOS PRA VOC\u00ca FAZER, CHAME ALGU\u00c9M A\u00cd DA SUA CASA PARA PRATICAR COM VOC\u00ca:<\/p>\n\n\n\n<figure class=\"wp-block-embed is-type-video is-provider-youtube wp-block-embed-youtube wp-embed-aspect-16-9 wp-has-aspect-ratio\"><div class=\"wp-block-embed__wrapper\">\nhttps:\/\/www.youtube.com\/watch?v=oxFHfmKJsPc&#038;t=121s\n<\/div><\/figure>\n\n\n\n<p>MUITAS COISAS AJUDAM A DAN\u00c7A A NOS FAZER PENSAR E SENTIR ENQUANTO ASSISTIMOS UMA APRESENTA\u00c7\u00c3O, S\u00c3O ELAS:<\/p>\n\n\n\n<ul class=\"wp-block-list\"><li>A M\u00daSICA<\/li><li>O RITMO&nbsp;<\/li><li>O FIGURINO<\/li><li>O CEN\u00c1RIO<\/li><li>A CARACTERIZA\u00c7\u00c3O DOS DAN\u00c7ARINOS<\/li><li>A EXPRESS\u00c3O FACIAL<\/li><li>A EXPRESS\u00c3O CORPORAL<\/li><\/ul>\n\n\n\n<p class=\"has-text-align-center has-black-color has-luminous-vivid-amber-background-color has-text-color has-background\"><strong>ATIVIDADE 1<\/strong><\/p>\n\n\n\n<p>COMO J\u00c1 PERCEBEMOS AT\u00c9 AQUI, EXISTEM DIFERENTES FORMAS DE DAN\u00c7AR. PODEMOS DAN\u00c7AR PRA EXPRESSAR ALEGRIA E GERAR ANIMA\u00c7\u00c3O, PODEMOS DAN\u00c7AR PARA EXPRESSAR DOR E SOFRIMENTO, GERANDO ASSIM TRISTEZA EM QUEM ASSISTE E N\u00d3S TAMB\u00c9M PODEMOS DAN\u00c7AR&#8230;<\/p>\n\n\n\n<p class=\"has-luminous-vivid-amber-color has-black-background-color has-text-color has-background\">SOZINHO<\/p>\n\n\n\n<div class=\"wp-block-image\"><figure class=\"aligncenter is-resized\"><img decoding=\"async\" src=\"https:\/\/lh5.googleusercontent.com\/r-FBUElBVj9Oz1-Cunnq_EzKFfNKNSgL1jdCkwyZaOniYxDhgARbrtJ0efeFsYTaW6LeVgidbhA6y3REjAVEct7qFk18fNjhmS5CuavFo3TSeMTF8Mz_YXyu9HL-lJM6AY7D38s\" alt=\"\" width=\"404\" height=\"607\"\/><\/figure><\/div>\n\n\n\n<p class=\"has-luminous-vivid-amber-color has-black-background-color has-text-color has-background\">EM DUPLA (OU CASAL)<\/p>\n\n\n\n<p>Acesse o link: <a href=\"https:\/\/youtu.be\/96Fu0M4_uhk\">https:\/\/youtu.be\/96Fu0M4_uhk<\/a> <\/p>\n\n\n\n<div class=\"wp-block-image\"><figure class=\"aligncenter is-resized\"><img decoding=\"async\" src=\"https:\/\/lh4.googleusercontent.com\/S5ewn0HcsBkYcO8y-6WnaegJZNA0oNnIOUC-xKkl44jdK89RDLnIbMY43FG8za-71uUV6M_ZMOyC8_2vBf4ud6uZnp5L4IFQKa3ImEM-WlHA-vp6h7cMyKQ8zbiYIgDM2Zun3pk\" alt=\"\" width=\"-108\" height=\"-72\"\/><\/figure><\/div>\n\n\n\n<p class=\"has-text-align-center\"><strong><em>Foto registrada por @barberinofotoev\u00eddeo \u2013 dan\u00e7arinos: Denise de Castro e Gregory Christyan<\/em><\/strong><\/p>\n\n\n\n<p class=\"has-luminous-vivid-amber-color has-black-background-color has-text-color has-background\">EM EQUIPE<\/p>\n\n\n\n<div class=\"wp-block-image\"><figure class=\"aligncenter is-resized\"><img decoding=\"async\" src=\"https:\/\/lh3.googleusercontent.com\/wi8V3wl_4ZJi9b9GyBmUmugnEXM1SpgPrYDxPVF1s-r-VwmWGVD4mHkhUQ7R8NrtosHtNXcJdOl7Npbp2BhUfNUnlkX2QrNH-V5WEDb8X_PKflxWw_8pOY75qcVa_7bfwZPcif4\" alt=\"\" width=\"491\" height=\"736\"\/><\/figure><\/div>\n\n\n\n<p class=\"has-text-align-center has-small-font-size\"><a href=\"https:\/\/www.pexels.com\/pt-br\/foto\/crenca-opiniao-conviccao-igreja-7520367\/\">https:\/\/www.pexels.com\/pt-br\/foto\/crenca-opiniao-conviccao-igreja-7520367\/<\/a><\/p>\n\n\n\n<p class=\"has-luminous-vivid-amber-color has-black-background-color has-text-color has-background\">EXPRESSANDO EMO\u00c7\u00d5ES<\/p>\n\n\n\n<div class=\"wp-block-image\"><figure class=\"aligncenter is-resized\"><img decoding=\"async\" src=\"https:\/\/lh6.googleusercontent.com\/Pl3yN9YEUTH9P_q7XMIZzYAXniiqhzgkzJtShdp0Sq3pKpEvDnVU1gYEt82jPtTeg8RmSFe6d3MiayXLDXQ4PvLpszpE-r1S-C9Rz1KRuuo9pu_SValwObgZaQtBWlSYqRpmXEw\" alt=\"\" width=\"-384\" height=\"-575\"\/><\/figure><\/div>\n\n\n\n<p class=\"has-text-align-center has-small-font-size\"><a href=\"https:\/\/www.pinterest.pt\/pin\/299137600257153535\/\">https:\/\/www.pinterest.pt\/pin\/299137600257153535\/<\/a><\/p>\n\n\n\n<p class=\"has-luminous-vivid-amber-color has-black-background-color has-text-color has-background\">CONTANDO HIST\u00d3RIAS<\/p>\n\n\n\n<div class=\"wp-block-image\"><figure class=\"aligncenter\"><img decoding=\"async\" src=\"https:\/\/lh3.googleusercontent.com\/BuA86MaUDvpMlj00LizBvfYOCPzTpIknQpvzcr5cmd7YPNn9qYWqAhwYLJUqwJ_at4lai5Qfzjb4szvrp03p3yQdpgdagBI-q4zcqe7bMVVg0-eCCNDcTQRKonoclXMqC3GIWLs\" alt=\"\"\/><\/figure><\/div>\n\n\n\n<p class=\"has-text-align-center has-small-font-size\"><a href=\"https:\/\/www.pinterest.pt\/pin\/198510296065594132\/\">https:\/\/www.pinterest.pt\/pin\/198510296065594132\/<\/a><\/p>\n\n\n\n<p class=\"has-luminous-vivid-amber-color has-black-background-color has-text-color has-background\">TRANSMITINDO AS NOSSAS CULTURAS E TRADI\u00c7\u00d5ES<\/p>\n\n\n\n<div class=\"wp-block-image\"><figure class=\"aligncenter\"><img decoding=\"async\" src=\"https:\/\/lh4.googleusercontent.com\/FmP-YMuaPrjeXwsJLOeZRdIaLwixXBpyJlJEbYT4zziLiPzntLMa79y-0xKqfISyqnL9wFBsujvKRqRKiXvRIRwbNT0xQ3OgDDjT46uzIKSgr28iVKDlinQ_3bMNc5U5_vEJXwY\" alt=\"\"\/><\/figure><\/div>\n\n\n\n<p class=\"has-text-align-center has-small-font-size\"><a href=\"https:\/\/www.pinterest.pt\/pin\/805088870858176893\/\">https:\/\/www.pinterest.pt\/pin\/805088870858176893\/<\/a><\/p>\n\n\n\n<p class=\"has-text-align-center has-black-color has-luminous-vivid-amber-background-color has-text-color has-background has-medium-font-size\"><strong>AGORA LIGA O SOM E DANCE MUITO!<\/strong><\/p>\n\n\n\n<figure class=\"wp-block-table\"><table><tbody><tr><td><strong>Ciclo da inf\u00e2ncia: <\/strong>Habilidade estruturante\/Habilidades complementares&nbsp;<\/td><td>(GO-EF01EF11) Conhecer, experimentar e fruir diferentes dan\u00e7as do contexto comunit\u00e1rio e regional, tais como: rodas cantadas, brincadeiras r\u00edtmicas e expressivas, respeitando as diferen\u00e7as individuais.<\/td><\/tr><\/tbody><\/table><\/figure>\n","protected":false},"author":30,"featured_media":128084,"template":"","ef_categoria":[13,17],"ef_ano":[84],"ef_componente":[97],"class_list":["post-128372","ensino_fundamental","type-ensino_fundamental","status-publish","has-post-thumbnail","hentry","ef_categoria-ciclo-da-infancia-abc","ef_categoria-corpo-e-movimento","ef_ano-1o-ano","ef_componente-educacao-fisica","entry","has-media"],"acf":[],"_links":{"self":[{"href":"https:\/\/sme.goiania.go.gov.br\/conexaoescola\/wp-json\/wp\/v2\/ensino_fundamental\/128372","targetHints":{"allow":["GET"]}}],"collection":[{"href":"https:\/\/sme.goiania.go.gov.br\/conexaoescola\/wp-json\/wp\/v2\/ensino_fundamental"}],"about":[{"href":"https:\/\/sme.goiania.go.gov.br\/conexaoescola\/wp-json\/wp\/v2\/types\/ensino_fundamental"}],"author":[{"embeddable":true,"href":"https:\/\/sme.goiania.go.gov.br\/conexaoescola\/wp-json\/wp\/v2\/users\/30"}],"version-history":[{"count":0,"href":"https:\/\/sme.goiania.go.gov.br\/conexaoescola\/wp-json\/wp\/v2\/ensino_fundamental\/128372\/revisions"}],"wp:featuredmedia":[{"embeddable":true,"href":"https:\/\/sme.goiania.go.gov.br\/conexaoescola\/wp-json\/wp\/v2\/media\/128084"}],"wp:attachment":[{"href":"https:\/\/sme.goiania.go.gov.br\/conexaoescola\/wp-json\/wp\/v2\/media?parent=128372"}],"wp:term":[{"taxonomy":"ef_categoria","embeddable":true,"href":"https:\/\/sme.goiania.go.gov.br\/conexaoescola\/wp-json\/wp\/v2\/ef_categoria?post=128372"},{"taxonomy":"ef_ano","embeddable":true,"href":"https:\/\/sme.goiania.go.gov.br\/conexaoescola\/wp-json\/wp\/v2\/ef_ano?post=128372"},{"taxonomy":"ef_componente","embeddable":true,"href":"https:\/\/sme.goiania.go.gov.br\/conexaoescola\/wp-json\/wp\/v2\/ef_componente?post=128372"}],"curies":[{"name":"wp","href":"https:\/\/api.w.org\/{rel}","templated":true}]}}