{"id":128250,"date":"2021-06-09T07:00:00","date_gmt":"2021-06-09T10:00:00","guid":{"rendered":"https:\/\/sme.goiania.go.gov.br\/conexaoescola\/?post_type=ensino_fundamental&#038;p=128250"},"modified":"2021-12-23T09:37:21","modified_gmt":"2021-12-23T11:37:21","slug":"vamos-desenhar-comecando-a-aprender-a-desenhar-o-rosto-feminino","status":"publish","type":"ensino_fundamental","link":"https:\/\/sme.goiania.go.gov.br\/conexaoescola\/ensino_fundamental\/vamos-desenhar-comecando-a-aprender-a-desenhar-o-rosto-feminino\/","title":{"rendered":"ARTE &#8211; Vamos desenhar? Come\u00e7ando a aprender a desenhar o rosto feminino."},"content":{"rendered":"\n<p class=\"has-pale-cyan-blue-background-color has-background has-medium-font-size\"><em>Ol\u00e1, estudante!<\/em><br><em>Esta videoaula de Artes foi veiculada na TV no dia <\/em><strong><em>09\/06\/2021 (Quarta-feira)<\/em><\/strong><em>. Aqui no Portal Conex\u00e3o Escola, ela est\u00e1 dispon\u00edvel juntamente com a proposta de atividade.<\/em><\/p>\n\n\n\n<hr class=\"wp-block-separator\"\/>\n\n\n\n<p class=\"has-text-align-center has-medium-font-size\"><strong>Aprendendo a desenhar o rosto feminino a partir de mang\u00e1.<\/strong><\/p>\n\n\n\n<hr class=\"wp-block-separator\"\/>\n\n\n\n<p class=\"has-text-align-center has-light-green-cyan-background-color has-background has-medium-font-size\"><strong>Assista a videoaula abaixo, com a tem\u00e1tica &#8211; Aprendendo a desenhar a partir de mang\u00e1s e animes.<\/strong><\/p>\n\n\n\n<figure class=\"wp-block-embed is-type-video is-provider-youtube wp-block-embed-youtube wp-embed-aspect-16-9 wp-has-aspect-ratio\"><div class=\"wp-block-embed__wrapper\">\n<p class=\"responsive-video-wrap clr\"><iframe title=\"8 ano - Arte - 09.05.2021 - Bloco 2\" width=\"1200\" height=\"675\" src=\"https:\/\/www.youtube.com\/embed\/YfWSeDcTgmQ?feature=oembed\" frameborder=\"0\" allow=\"accelerometer; autoplay; clipboard-write; encrypted-media; gyroscope; picture-in-picture\" allowfullscreen><\/iframe><\/p>\n<\/div><figcaption> ARTES | 8\u00ba ANO | ENSINO FUNDAMENTAL | PROF.: POLLYANNA BRITO<\/figcaption><\/figure>\n\n\n\n<hr class=\"wp-block-separator has-text-color has-background has-vivid-red-background-color has-vivid-red-color\"\/>\n\n\n\n<p class=\"has-medium-font-size\"><strong>Ao longo das nossas aulas estamos aprendendo a desenhar a partir do mang\u00e1 (um estilo de desenho japon\u00eas!). J\u00e1 aprendemos sobre: olho, par de olhos, nariz e boca. E hoje, vamos come\u00e7ar a aprender a fazer um rosto!! Vamos juntos?!<\/strong><\/p>\n\n\n\n<hr class=\"wp-block-separator has-text-color has-background has-vivid-red-background-color has-vivid-red-color\"\/>\n\n\n\n<ol class=\"has-pale-cyan-blue-background-color has-background has-medium-font-size wp-block-list\"><li><strong>Fa\u00e7a linhas claras para os est\u00e1gios iniciais de desenho<\/strong>&nbsp;para que voc\u00ea possa apagar facilmente partes deles mais tarde.&nbsp;<\/li><li><strong>Desenhe uma cabe\u00e7a de anime. Comece fazendo um c\u00edrculo.&nbsp;&nbsp;<\/strong><\/li><\/ol>\n\n\n\n<hr class=\"wp-block-separator\"\/>\n\n\n\n<figure class=\"wp-block-table aligncenter\"><table><tbody><tr><td class=\"has-text-align-center\" data-align=\"center\"><img decoding=\"async\" alt=\"Desenho realista de cabe\u00e7a de anime\" src=\"https:\/\/lh3.googleusercontent.com\/S8KFvrK4-CrSpIDwhaMEAMmj4tvuBVa_MGv7x2QhNXargeAEHiNJMyDdP-ERlz3SZA4ki1JESvkh0rnxKP7ljysRdGpKrwgYGRVsf7oNtRyUPBoLI68eSBIbplsGYQvKSmwIpMk6\" style=\"width: undefinedpx;\"><\/td><\/tr><\/tbody><\/table><figcaption><strong>Imagem1:<\/strong> Pollyanna Brito. Acervo Pessoal.<\/figcaption><\/figure>\n\n\n\n<hr class=\"wp-block-separator\"\/>\n\n\n\n<p>&nbsp;<\/p>\n\n\n\n<ol start=\"3\" class=\"has-pale-cyan-blue-background-color has-background has-medium-font-size wp-block-list\"><li>Personagens de anime <strong>geralmente t\u00eam rostos bastante redondos.<\/strong> A parte inferior de um rosto de anime \u00e9 comumente desenhada com dois conjuntos principais de linhas, uma que desce do topo da cabe\u00e7a at\u00e9 a \u00e1rea da boca e outra da\u00ed at\u00e9 o queixo.<\/li><li><strong>O queixo tende a ser completamente pontudo<\/strong> ou ligeiramente curvado.<\/li><li>Comece o desenho com uma linha vertical <strong>para ter certeza de que as duas metades do rosto est\u00e3o uniformes<\/strong>.<\/li><li><strong>Desenhe os olhos.&nbsp;<\/strong><\/li><\/ol>\n\n\n\n<hr class=\"wp-block-separator\"\/>\n\n\n\n<figure class=\"wp-block-table aligncenter\"><table><tbody><tr><td class=\"has-text-align-center\" data-align=\"center\"><img decoding=\"async\" alt=\"Desenho realista de olhos de anime\" src=\"https:\/\/lh3.googleusercontent.com\/akhds9qWCdJ2wz2S7xKkggTn4twO90jnID4b-OrsfrRJ8UbP_rkZ2-BYQknFQCAgvIq9RQb0SRQXJ22sB6QNtOCt20RfC34QHIwkUVCobAY4NGwgIzVzI_JZnL3AS91N6BJvxLGd\" style=\"width: undefinedpx;\"><\/td><\/tr><\/tbody><\/table><figcaption><strong>Imagem 2<\/strong>: Pollyanna Brito. Acervo Pessoal.<\/figcaption><\/figure>\n\n\n\n<hr class=\"wp-block-separator\"\/>\n\n\n\n<p>&nbsp;<\/p>\n\n\n\n<ol start=\"7\" class=\"has-pale-cyan-blue-background-color has-background has-medium-font-size wp-block-list\"><li>Posicione os olhos, para fazer isso, desenhe uma linha horizontal no meio do rosto e desenhe os olhos abaixo dessa linha. <strong>Abra os olhos para que possa colocar outro olho entre eles<\/strong>.<\/li><li>Desenhe os olhos verticalmente mais estreitos do que os olhos normais de um anime, mas maiores do que os olhos reais. <strong>Fa\u00e7a as \u00edris arredondadas<\/strong> (as \u00edris e as pupilas em anime geralmente s\u00e3o esticadas verticalmente).<\/li><li>Voc\u00ea pode guardar os menores detalhes dos olhos, como os reflexos das pupilas e c\u00edlios, para depois, ap\u00f3s verificar se todas as outras caracter\u00edsticas faciais est\u00e3o posicionadas corretamente.<\/li><\/ol>\n\n\n\n<hr class=\"wp-block-separator has-text-color has-background has-vivid-red-background-color has-vivid-red-color\"\/>\n\n\n\n<p class=\"has-medium-font-size\"><strong>Desenhe os olhos<\/strong><\/p>\n\n\n\n<figure class=\"wp-block-table aligncenter\"><table><tbody><tr><td class=\"has-text-align-center\" data-align=\"center\"><img decoding=\"async\" src=\"https:\/\/lh4.googleusercontent.com\/vLnyMUgB8asPFoNlpcL7B5zfS-Wwk_IWcO9Lx9mAiyaAYcJKtywZk1KrNK-153LtuYMlxJqn9Euw8kYKmroq1vdjzbVaCxJHRNM0E2PnKuTwDZ2oQkhuRbjH9WW9sv2fg6NR3hIl\" style=\"width: undefinedpx;\"><\/td><\/tr><\/tbody><\/table><figcaption><strong>Imagem 3<\/strong>. Desenhos de Samuel Pacheco (14 anos).<\/figcaption><\/figure>\n\n\n\n<hr class=\"wp-block-separator\"\/>\n\n\n\n<p class=\"has-medium-font-size\"> &nbsp;&nbsp;<strong>Desenhe o nariz e a boca.&nbsp;<\/strong><\/p>\n\n\n\n<figure class=\"wp-block-table aligncenter\"><table><tbody><tr><td class=\"has-text-align-center\" data-align=\"center\"><strong><img decoding=\"async\" src=\"https:\/\/lh6.googleusercontent.com\/odMDOnOZrZSH1iIfSoQgUIubAled0uxhKINuBEDOpcVx82EAFxhPMVKkE0w2EnCNgnSHja7exiVK-ODP5xsXmxPzNfkqn39Aqfj0Etk4RTF0z-L9D-wCCK3X0_KTP_mTRq9brbIY\" style=\"width: undefinedpx;\"><\/strong><\/td><\/tr><\/tbody><\/table><figcaption><strong>Imagem4<\/strong>: Desenhos de mang\u00e1s. Acervo pessoal&nbsp;<br><\/figcaption><\/figure>\n\n\n\n<hr class=\"wp-block-separator has-text-color has-background has-vivid-red-background-color has-vivid-red-color\"\/>\n\n\n\n<p class=\"has-luminous-vivid-amber-background-color has-background has-medium-font-size\"><em>Professor, essa aula segue a Matriz Curricular das Habilidades Estruturantes 2021-2021. Foi elaborada no ano de 2020, com a suspens\u00e3o das aulas presenciais devido \u00e0 pandemia da Covid-19 e segue as orienta\u00e7\u00f5es de flexibiliza\u00e7\u00e3o curricular para o bi\u00eanio 2020\/2021 (Of\u00edcio Circular 147\/2020 Dirped).<\/em><\/p>\n\n\n\n<hr class=\"wp-block-separator has-text-color has-background has-vivid-red-background-color has-vivid-red-color\"\/>\n\n\n\n<p><strong>\u00a0Habilidade estruturante<\/strong><\/p>\n\n\n\n<p>(GO-EF08AR05-A) Distinguir, explorar, compreender e empregar diferentes formas de express\u00e3o art\u00edstica, bidimensionais e tridimensionais, existentes, tais como desenhos: pinturas, gravuras, colagens, HQ, zines, memes, interven\u00e7\u00f5es art\u00edsticas, dobraduras, esculturas, modelagens, instala\u00e7\u00f5es, v\u00eddeos, fotografias, performances, grafite, tecelagens, entre outras possibilidades expressivas. Fazer uso sustent\u00e1vel de materiais, instrumentos, recursos, t\u00e9cnicas convencionais e n\u00e3o convencionais, enquanto componentes fundamentais para ampliar as experi\u00eancias art\u00edsticas, assim como seu repert\u00f3rio imag\u00e9tico, est\u00e9tico e sens\u00edvel nas produ\u00e7\u00f5es em contexto.<\/p>\n\n\n\n<hr class=\"wp-block-separator\"\/>\n\n\n\n<p><strong>Refer\u00eancias &#8211; Texto elaborado com fins pedag\u00f3gicos.<\/strong> Dispon\u00edvel em: https:\/\/estudoshipercerebro.home.blog\/2020\/07\/25\/como-desenhar-uma-boca-de-personagem-anime-e-manga<\/p>\n","protected":false},"author":6,"featured_media":128251,"template":"","ef_categoria":[],"ef_ano":[91],"ef_componente":[99],"class_list":["post-128250","ensino_fundamental","type-ensino_fundamental","status-publish","has-post-thumbnail","hentry","ef_ano-8o-ano","ef_componente-arte-ef","entry","has-media"],"acf":[],"_links":{"self":[{"href":"https:\/\/sme.goiania.go.gov.br\/conexaoescola\/wp-json\/wp\/v2\/ensino_fundamental\/128250","targetHints":{"allow":["GET"]}}],"collection":[{"href":"https:\/\/sme.goiania.go.gov.br\/conexaoescola\/wp-json\/wp\/v2\/ensino_fundamental"}],"about":[{"href":"https:\/\/sme.goiania.go.gov.br\/conexaoescola\/wp-json\/wp\/v2\/types\/ensino_fundamental"}],"author":[{"embeddable":true,"href":"https:\/\/sme.goiania.go.gov.br\/conexaoescola\/wp-json\/wp\/v2\/users\/6"}],"version-history":[{"count":0,"href":"https:\/\/sme.goiania.go.gov.br\/conexaoescola\/wp-json\/wp\/v2\/ensino_fundamental\/128250\/revisions"}],"wp:featuredmedia":[{"embeddable":true,"href":"https:\/\/sme.goiania.go.gov.br\/conexaoescola\/wp-json\/wp\/v2\/media\/128251"}],"wp:attachment":[{"href":"https:\/\/sme.goiania.go.gov.br\/conexaoescola\/wp-json\/wp\/v2\/media?parent=128250"}],"wp:term":[{"taxonomy":"ef_categoria","embeddable":true,"href":"https:\/\/sme.goiania.go.gov.br\/conexaoescola\/wp-json\/wp\/v2\/ef_categoria?post=128250"},{"taxonomy":"ef_ano","embeddable":true,"href":"https:\/\/sme.goiania.go.gov.br\/conexaoescola\/wp-json\/wp\/v2\/ef_ano?post=128250"},{"taxonomy":"ef_componente","embeddable":true,"href":"https:\/\/sme.goiania.go.gov.br\/conexaoescola\/wp-json\/wp\/v2\/ef_componente?post=128250"}],"curies":[{"name":"wp","href":"https:\/\/api.w.org\/{rel}","templated":true}]}}