{"id":128096,"date":"2021-06-01T15:17:10","date_gmt":"2021-06-01T18:17:10","guid":{"rendered":"https:\/\/sme.goiania.go.gov.br\/conexaoescola\/?post_type=ensino_fundamental&#038;p=128096"},"modified":"2021-11-11T17:30:29","modified_gmt":"2021-11-11T19:30:29","slug":"historia-diversidade-dos-grupos-sociais-as-diferentes-formas-de-organizacao-da-familia-e-da-comunidade","status":"publish","type":"ensino_fundamental","link":"https:\/\/sme.goiania.go.gov.br\/conexaoescola\/ensino_fundamental\/historia-diversidade-dos-grupos-sociais-as-diferentes-formas-de-organizacao-da-familia-e-da-comunidade\/","title":{"rendered":"HIST\u00d3RIA &#8211; Diversidade dos grupos sociais: as diferentes formas de organiza\u00e7\u00e3o da fam\u00edlia e da comunidade"},"content":{"rendered":"\n<p class=\"has-text-align-center\"><img fetchpriority=\"high\" decoding=\"async\" width=\"379\" height=\"379\" src=\"https:\/\/lh5.googleusercontent.com\/Xq4WeaAZoxQhG3rnGJ2-3b5KOxvagfDFRfU4P_kqdtnuhySmayiSPYTviJtJsp9oybOHh3sfsz18KGQTWLSaDZLpBfy0kV_gmpReF3X3yx8LTarjlk-UyaQ7EaY4jk7P9lv1ENw\"><\/p>\n\n\n\n<p class=\"has-text-align-center\">Fonte: pixabay.com<\/p>\n\n\n\n<p class=\"has-text-align-center has-background\" style=\"background-color:#f7e8f6;font-size:25px\"><strong>OL\u00c1 CRIAN\u00c7AS, TUDO BEM POR A\u00cd?<\/strong> <strong>QUE BOM ESTAR AQUI COM VOC\u00caS!<\/strong><\/p>\n\n\n\n<p class=\"has-text-align-center has-black-color has-text-color has-background has-medium-font-size\" style=\"background-color:#e2eff7\">OS GRUPOS SOCIAIS CORRESPONDEM \u00c0S RELA\u00c7\u00d5ES ESTABELECIDAS ENTRE DUAS PESSOAS OU MAIS, INTERAGINDO UMAS COM AS OUTRAS. COMPARTILHAM VALORES, NORMAS, H\u00c1BITOS E COSTUMES EM COMUM.<\/p>\n\n\n\n<p class=\"has-text-align-center has-black-color has-text-color has-background has-medium-font-size\" style=\"background-color:#dbeef7\">DURANTE TODA NOSSA VIDA PARTICIPAMOS DE DIFERENTES GRUPOS DE PESSOAS, OS QUAIS CERTAMENTE S\u00c3O IMPORTANTES PARA CONFORMA\u00c7\u00c3O DE NOSSA EDUCA\u00c7\u00c3O, DE NOSSOS VALORES E VIS\u00d5ES DO MUNDO.<\/p>\n\n\n\n<p class=\"has-text-align-center has-vivid-red-color has-text-color has-background\" style=\"background-color:#f5e6db;font-size:25px\"><strong>COM ESSA V\u00cdDEOAULA VOC\u00ca VAI DESCOBRIR QUAIS S\u00c3O OS GRUPOS SOCIAIS. VAMOS L\u00c1?<\/strong><\/p>\n\n\n\n<figure class=\"wp-block-embed aligncenter is-type-video is-provider-youtube wp-block-embed-youtube wp-embed-aspect-16-9 wp-has-aspect-ratio\"><div class=\"wp-block-embed__wrapper\">\n<p class=\"responsive-video-wrap clr\"><iframe title=\"Hist\u00f3ria |  Turma A |  1\u00ba Ano  | Ciclo da Inf\u00e2ncia\" width=\"1200\" height=\"675\" src=\"https:\/\/www.youtube.com\/embed\/vmg2eaHlL1Q?feature=oembed\" frameborder=\"0\" allow=\"accelerometer; autoplay; clipboard-write; encrypted-media; gyroscope; picture-in-picture\" allowfullscreen><\/iframe><\/p>\n<\/div><\/figure>\n\n\n\n<p>HIST\u00d3RIA &#8211; TURMA A &#8211; 1<sup>O. <\/sup>ANO &#8211; CICLO DA INF\u00c2NCIA<\/p>\n\n\n\n<p class=\"has-text-align-center has-background\" style=\"background-color:#f0eada;font-size:22px\"><strong>VOC\u00ca VIU O QUANTO FAZEMOS PARTES DE DIFERENTES GRUPOS SOCIAIS EM NOSSO DIA A DIA?&nbsp;<\/strong><\/p>\n\n\n\n<p class=\"has-text-align-center has-background\" style=\"background-color:#fdefc6;font-size:18px\"><strong>POIS \u00c9, EXISTEM V\u00c1RIOS TIPOS DE GRUPOS SOCIAIS: FAMILIAR, VICINAL (VIZINHAN\u00c7A), EDUCATIVO (ESCOLAS; FACULDADES), RELIGIOSO (IGREJAS E DEMAIS INSTITUI\u00c7\u00d5ES RELIGIOSAS), PROFISSIONAL (EMPRESAS; ESCRIT\u00d3RIOS), LAZER (CLUBES; ASSOCIA\u00c7\u00d5ES) E POL\u00cdTICO (ORGANIZA\u00c7\u00d5ES OU PARTIDOS POL\u00cdTICOS).&nbsp;<\/strong><\/p>\n\n\n\n<p class=\"has-text-align-center has-text-color has-background\" style=\"background-color:#d7f7eb;color:#0b563b;font-size:22px\"><strong>AGORA \u00c9 HORA DA ATIVIDADE. PE\u00c7A AJUDA DE UM ADULTO PARA REALIZAR AS ATIVIDADES COM VOC\u00ca.<\/strong><\/p>\n\n\n\n<p class=\"has-text-align-center\"><strong><img decoding=\"async\" width=\"315\" height=\"208\" src=\"https:\/\/lh3.googleusercontent.com\/ylwybcEuJUaYB-IyS1obPUecyIN4zHY6Oma1yiS7rRp_jYJapQ5Xu12mxWHHu0j711rYrJSBQcSlPIkGGBDhG3Kapkw6hK9Jp8_GTfYlLJmH2Bx0iDnAKJW4Kvqp5xYiNA1qy2A\"><\/strong><\/p>\n\n\n\n<p class=\"has-text-align-center\" style=\"font-size:10px\">FONTE: PIXABAY.COM<\/p>\n\n\n\n<p class=\"has-background\" style=\"background-color:#e4eff4;font-size:22px\"><strong>ATIVIDADE 1<\/strong>&nbsp;<\/p>\n\n\n\n<p class=\"has-text-align-center has-background\" style=\"background-color:#f7e2e8;font-size:22px\">FA\u00c7A UM DESENHO OU PROCURE UMA GRAVURA QUE REPRESENTE UM DOS GRUPOS SOCIAIS QUE VOC\u00ca FAZ PARTE.<\/p>\n\n\n\n<p class=\"has-background\" style=\"background-color:#e4f1f7;font-size:22px\"><strong>ATIVIDADE 2<\/strong><\/p>\n\n\n\n<p class=\"has-text-align-center has-background\" style=\"background-color:#f7e2e8;font-size:22px\">DEVIDO A PANDEMIA, N\u00c3O PODEMOS IR \u00c0 ESCOLA. NESSE MOMENTO \u00c9 MAIS SEGURO PARA TODOS N\u00d3S ESTUDARMOS DE CASA.&nbsp; MAS, \u00c9 IMPORTANTE A GENTE VALORIZAR NOSSA ESCOLA.&nbsp; MESMO QUE DISTANTE A ESCOLA \u00c9 UM ESPA\u00c7O DE APRENDIZAGEM E DE FAZER AMIGOS. DEPOIS QUE ESSA PANDEMIA PASSAR, ESTAREMOS JUNTOS NA ESCOLA. JUNTOS VAMOS APRENDER A LER E ESCREVER, DESENHAR, PINTAR, COLAR, BRINCAR E JOGAR NOVOS JOGOS. DESENHE O QUE VOC\u00ca GOSTARIA DE FAZER NO PRIMEIRO DIA DE AULA QUANDO VOLTARMOS PARA A ESCOLA.<\/p>\n\n\n\n<p class=\"has-text-align-center has-background\" style=\"background-color:#d9fdf0;font-size:22px\"><strong>AGORA, VAMOS RELEMBRAR O QUE APRENDEMOS HOJE?<\/strong><\/p>\n\n\n\n<p class=\"has-text-align-center has-background has-medium-font-size\" style=\"background-color:#b9fde2\"><strong>A VIDA \u00c9 FEITA DE REGRAS, PARA TUDO DEVEMOS SEGUI-LAS PARA TER UM AMBIENTE HARM\u00d4NICO DE BOA CONVIV\u00caNCIA, SEJA NA ESCOLA, EM CASA, NOS LUGARES QUE FREQUENTAMOS, ENFIM EM TODO LUGAR TEMOS UMA HIERARQUIA PARA SEGUIR, COM PAP\u00c9IS DE AUTORIDADE BEM DEMARCADOS POR ESSE MOTIVO DEVEMOS APRENDER A CONVIVER DA MELHOR FORMA POSS\u00cdVEL.&nbsp;<\/strong><\/p>\n\n\n\n<figure class=\"wp-block-table\"><table class=\"has-background\" style=\"background-color:#f3f4f5\"><tbody><tr><td>Habilidades<br>estruturantes<\/td><td>(EF01HI04) IDENTIFICAR AS DIFEREN\u00c7AS ENTRE OS VARIADOS AMBIENTES EM QUE VIVE (DOM\u00c9STICO, ESCOLAR E DA COMUNIDADE), RECONHECENDO AS ESPECIFICIDADES DOS H\u00c1BITOS E DAS REGRAS QUE OS REGEM.<br>(GO-EF01HI04-A) CONHECER E REFLETIR SOBRE A DIVERSIDADE \u00c9TNICA, SOCIAL E CULTURAL DE SUA ORIGEM E DE OUTRAS CRIAN\u00c7AS, VALORIZANDO A IMPORT\u00c2NCIA DA CONVIV\u00caNCIA ENTRE OS DIFERENTES, RESPEITANDO AS PESSOAS COMO ELAS S\u00c3O, INDEPENDENTE DE SUA ETNIA, RA\u00c7A, COR OU RELIGI\u00c3O.&nbsp;<\/td><\/tr><\/tbody><\/table><\/figure>\n\n\n\n<figure class=\"wp-block-table\"><table class=\"has-background\" style=\"background-color:#f3f4f5\"><tbody><tr><td><strong>REFER\u00caNCIAS<\/strong><\/td><td>GOVERNO DO ESTADO DE GOI\u00c1S. SECRET\u00c1RIA DE ESTADO DE EDUCA\u00c7\u00c3O \u2013 SEDUC\/CONSED. DOCUMENTO CURRICULAR PARA GOI\u00c1S \u2013 AMPLIADO: <strong>VOLUME II ENSINO FUNDAMENTAL ANOS INICIAIS<\/strong>. DISPON\u00cdVEL EM: &lt; file:\/\/\/C:\/Users\/NossaCasa\/Downloads\/Vol%20II%20-%20Anos%20Iniciais%20leila%20mandou.pdf &gt;. ACESSO EM: 12 DE MAIO DE 2021.IMAGENS RETIRADAS DOS SITES:<a href=\"https:\/\/br.freepik.com\/\">https:\/\/br.freepik.com\/<\/a><a href=\"https:\/\/pixabay.com\/pt\/\">https:\/\/pixabay.com\/pt\/<\/a><\/td><\/tr><\/tbody><\/table><\/figure>\n\n\n\n<p><\/p>\n","protected":false},"author":14,"featured_media":130086,"template":"","ef_categoria":[13,20],"ef_ano":[84],"ef_componente":[95],"class_list":["post-128096","ensino_fundamental","type-ensino_fundamental","status-publish","has-post-thumbnail","hentry","ef_categoria-ciclo-da-infancia-abc","ef_categoria-etica-e-cidadania","ef_ano-1o-ano","ef_componente-historia","entry","has-media"],"acf":[],"_links":{"self":[{"href":"https:\/\/sme.goiania.go.gov.br\/conexaoescola\/wp-json\/wp\/v2\/ensino_fundamental\/128096","targetHints":{"allow":["GET"]}}],"collection":[{"href":"https:\/\/sme.goiania.go.gov.br\/conexaoescola\/wp-json\/wp\/v2\/ensino_fundamental"}],"about":[{"href":"https:\/\/sme.goiania.go.gov.br\/conexaoescola\/wp-json\/wp\/v2\/types\/ensino_fundamental"}],"author":[{"embeddable":true,"href":"https:\/\/sme.goiania.go.gov.br\/conexaoescola\/wp-json\/wp\/v2\/users\/14"}],"version-history":[{"count":0,"href":"https:\/\/sme.goiania.go.gov.br\/conexaoescola\/wp-json\/wp\/v2\/ensino_fundamental\/128096\/revisions"}],"wp:featuredmedia":[{"embeddable":true,"href":"https:\/\/sme.goiania.go.gov.br\/conexaoescola\/wp-json\/wp\/v2\/media\/130086"}],"wp:attachment":[{"href":"https:\/\/sme.goiania.go.gov.br\/conexaoescola\/wp-json\/wp\/v2\/media?parent=128096"}],"wp:term":[{"taxonomy":"ef_categoria","embeddable":true,"href":"https:\/\/sme.goiania.go.gov.br\/conexaoescola\/wp-json\/wp\/v2\/ef_categoria?post=128096"},{"taxonomy":"ef_ano","embeddable":true,"href":"https:\/\/sme.goiania.go.gov.br\/conexaoescola\/wp-json\/wp\/v2\/ef_ano?post=128096"},{"taxonomy":"ef_componente","embeddable":true,"href":"https:\/\/sme.goiania.go.gov.br\/conexaoescola\/wp-json\/wp\/v2\/ef_componente?post=128096"}],"curies":[{"name":"wp","href":"https:\/\/api.w.org\/{rel}","templated":true}]}}