{"id":127557,"date":"2021-05-10T07:00:00","date_gmt":"2021-05-10T10:00:00","guid":{"rendered":"https:\/\/sme.goiania.go.gov.br\/conexaoescola\/?post_type=ensino_fundamental&#038;p=127557"},"modified":"2021-12-23T10:03:07","modified_gmt":"2021-12-23T12:03:07","slug":"o-artista-agora-e-voce-um-passeio-pela-obra-de-frida-kahlo","status":"publish","type":"ensino_fundamental","link":"https:\/\/sme.goiania.go.gov.br\/conexaoescola\/ensino_fundamental\/o-artista-agora-e-voce-um-passeio-pela-obra-de-frida-kahlo\/","title":{"rendered":"ARTE &#8211; O artista agora \u00e9 voc\u00ea! Um passeio pela obra de Frida Kahlo"},"content":{"rendered":"\n<div class=\"wp-block-group has-light-green-cyan-background-color has-background\"><div class=\"wp-block-group__inner-container is-layout-flow wp-block-group-is-layout-flow\">\n<p class=\"has-medium-font-size\"><em>Ol\u00e1, estudante!<\/em><\/p>\n\n\n\n<p class=\"has-medium-font-size\"><em> Esta videoaula de <\/em><strong><em>Artes Visuais<\/em><\/strong><em> foi veiculada na TV no dia <\/em><strong><em>10\/05\/2021 (Segunda-feira)<\/em><\/strong><em>. Aqui no Portal Conex\u00e3o Escola, ela est\u00e1 dispon\u00edvel juntamente com a proposta de atividade<\/em><\/p>\n<\/div><\/div>\n\n\n\n<hr class=\"wp-block-separator\"\/>\n\n\n\n<p class=\"has-text-align-center has-medium-font-size\"><strong>Vamos conhecer um pouco mais da obra da artista mexicana Frida Kahlo<\/strong><\/p>\n\n\n\n<hr class=\"wp-block-separator has-text-color has-background has-vivid-red-background-color has-vivid-red-color\"\/>\n\n\n\n<p class=\"has-text-align-center has-white-color has-vivid-red-background-color has-text-color has-background\" style=\"font-size:25px\"><strong>Assista a videoaula abaixo, com a tem\u00e1tica &#8211; Releitura \u2013 Frida Kahlo<\/strong><\/p>\n\n\n\n<hr class=\"wp-block-separator\"\/>\n\n\n\n<figure class=\"wp-block-embed is-type-video is-provider-youtube wp-block-embed-youtube wp-embed-aspect-16-9 wp-has-aspect-ratio\"><div class=\"wp-block-embed__wrapper\">\n<p class=\"responsive-video-wrap clr\"><iframe title=\"6 ano   Arte   10 05 2021   Bloco 2\" width=\"1200\" height=\"675\" src=\"https:\/\/www.youtube.com\/embed\/GnXmcZz19uI?feature=oembed\" frameborder=\"0\" allow=\"accelerometer; autoplay; clipboard-write; encrypted-media; gyroscope; picture-in-picture\" allowfullscreen><\/iframe><\/p>\n<\/div><figcaption> ARTES VISUAIS | 6\u00ba ANO | ENSINO FUNDAMENTAL | PROF.: POLLYANNA BRITO<\/figcaption><\/figure>\n\n\n\n<hr class=\"wp-block-separator has-text-color has-background has-vivid-red-background-color has-vivid-red-color\"\/>\n\n\n\n<div class=\"wp-block-group has-luminous-vivid-amber-background-color has-background\"><div class=\"wp-block-group__inner-container is-layout-flow wp-block-group-is-layout-flow\">\n<p class=\"has-luminous-vivid-amber-background-color has-background has-medium-font-size\">&nbsp;Hoje, vamos aprender sobre uma artista fant\u00e1stica!! O nome dela \u00e9 Frida Kahlo!!<\/p>\n\n\n\n<p class=\"has-luminous-vivid-amber-background-color has-background has-medium-font-size\"> <strong>Frida Kahlo<\/strong>&nbsp;foi umas das mais importantes pintoras mexicanas do s\u00e9culo XX, e destacou-se por ser uma artista \u00fanica! Com uma produ\u00e7\u00e3o bastante pessoal, Frida retratava temas e ang\u00fastias pessoais em seu trabalho.&nbsp;<\/p>\n\n\n\n<p class=\"has-luminous-vivid-amber-background-color has-background has-medium-font-size\">&nbsp;Entretanto, sua obra acabou comunicando-se e inspirando diversas mulheres ao redor do mundo! <\/p>\n\n\n\n<p class=\"has-luminous-vivid-amber-background-color has-background has-medium-font-size\">Embora tenha tido uma vida muito conturbada, desde a sa\u00fade a relacionamentos, ela era dona de um esp\u00edrito revolucion\u00e1rio!&nbsp; Lutou pelos direitos das mulheres e valorizou muito a cultura ind\u00edgena do povo andino, sendo tamb\u00e9m refer\u00eancia na cultura latino-americana. <\/p>\n\n\n\n<p class=\"has-luminous-vivid-amber-background-color has-background has-medium-font-size\">Vamos conhecer um pouco mais da obra de Frida Kahlo?<\/p>\n<\/div><\/div>\n\n\n\n<hr class=\"wp-block-separator has-text-color has-background has-vivid-red-background-color has-vivid-red-color\"\/>\n\n\n\n<figure class=\"wp-block-table aligncenter\"><table><tbody><tr><td class=\"has-text-align-center\" data-align=\"center\"><img decoding=\"async\" src=\"https:\/\/lh3.googleusercontent.com\/_HqHYTh99_JXrlD48wSQBUQvIFLTQgn2d-EVm_QPQZGNbpBzJY95XwRHBrCrf_ZfQQoVOH1ZRliDsgWjnYi60x8gR7uUTlwUe3S1usUFh67nZvNSM5BQf0NgrQhZi5ZxKdQRwpcS\" style=\"width: undefinedpx;\"><br>Estojo de maquiagem elaborado com o retrato da artista Frida Kahlo. <br>Dispon\u00edvel em: &nbsp;https:\/\/pixabay.com\/pt\/photos\/saco-cosm%C3%A9ticos-mulher-pintor-5513294\/<br><\/td><\/tr><tr><td class=\"has-text-align-center\" data-align=\"center\"><img decoding=\"async\" src=\"https:\/\/lh6.googleusercontent.com\/Sv8JJ3dEqURnU4ejW2VzwW_QQvG6pWe0mkScmL64fYQ6tKzwwSLOKb819b_XNDWtu0qvjlRqSWppo250Gh89QgY1LVVc9XzgPBAZnMA75nLE_ocN74XHDab4I27pjo_vTKq9Ibqq\" style=\"width: undefinedpx;\"><br>Stencil (t\u00e9cnica de grafite) releitura de retrato de Frida Kahlo.&nbsp;<br>Dispon\u00edvel em: <a href=\"https:\/\/unsplash.com\/photos\/5xOap58b7yM\">https:\/\/unsplash.com\/photos\/5xOap58b7yM<\/a><br><\/td><\/tr><tr><td class=\"has-text-align-center\" data-align=\"center\"><img decoding=\"async\" src=\"https:\/\/lh3.googleusercontent.com\/dqOx0EaaMQypRHKMA_tQkSMEPEn5C8T5-2uG860YBO-QN8boASvGkDDCO4c6DOCG7ot0Ictr20ZJMJH5cnO_OnKzhs9TXQhAqy0P98vwbUJ3ULK7lMx39JLPX_5PVQ7nNhnZn2H2\" style=\"width: undefinedpx;\"><br>Releitura de retrato da artista Frida Kahlo. <br>Dispon\u00edvel em: https:\/\/unsplash.com\/photos\/NV_IPwv0Saw. Acessado em: 15 de mar\u00e7o de 2021.&nbsp;&nbsp;<br><\/td><\/tr><tr><td class=\"has-text-align-center\" data-align=\"center\"><img decoding=\"async\" src=\"https:\/\/lh6.googleusercontent.com\/mqGPYiuX8kiVTi0XUuTCnDMDUVKHevuFqeoW-jI9BCTr2RySmzIGqZVmZd1Ms795QZupGLHKZ25_Q4uSrkv7lCZTms7FFrplQnq9saTu86k2rwek1XTVZHTp-Dn8fvsvjxR-4oK5\" style=\"width: undefinedpx;\"><br>https:\/\/unsplash.com\/s\/photos\/frida-kahlo<br><\/td><\/tr><tr><td class=\"has-text-align-center\" data-align=\"center\"><img decoding=\"async\" alt=\"Frida Kahlo Supergirl mural\" src=\"https:\/\/lh4.googleusercontent.com\/gy-cGrcDgVy9qAhWdt3MJHmDjyl2ssGszByGxpX8Uncxb9IM1EDNMdFz9M_8YvpM9Bx3Sq3AumM5uhgQ62eozGYrhbJYF2RRYEwbiGoCngKPs2Zwb69sHkRrH32prVJDuvAbTu7L\" style=\"width: undefinedpx;\"><br>Dispon\u00edvel em: https:\/\/unsplash.com\/photos\/i9ry-mF5ses. Acessado em 16 de Mar\u00e7o de 2021.<\/td><\/tr><\/tbody><\/table><\/figure>\n\n\n\n<hr class=\"wp-block-separator has-text-color has-background has-vivid-red-background-color has-vivid-red-color\"\/>\n\n\n\n<div class=\"wp-block-image\"><figure class=\"aligncenter size-large is-resized\"><img fetchpriority=\"high\" decoding=\"async\" src=\"https:\/\/sme.goiania.go.gov.br\/conexaoescola\/wp-content\/uploads\/2021\/05\/WhatsApp-Image-2021-05-03-at-14.50.04-e1620064572865.jpeg\" alt=\"\" class=\"wp-image-127567\" width=\"645\" height=\"857\" srcset=\"https:\/\/sme.goiania.go.gov.br\/conexaoescola\/wp-content\/uploads\/2021\/05\/WhatsApp-Image-2021-05-03-at-14.50.04-e1620064572865.jpeg 270w, https:\/\/sme.goiania.go.gov.br\/conexaoescola\/wp-content\/uploads\/2021\/05\/WhatsApp-Image-2021-05-03-at-14.50.04-e1620064572865-225x300.jpeg 225w\" sizes=\"(max-width: 645px) 100vw, 645px\" \/><figcaption>Sofia Brito (8 anos) Releituras de Retratos da artista mexicana Frida Kahlo. (Acervo pessoal. Pollyanna Brito).<\/figcaption><\/figure><\/div>\n\n\n\n<hr class=\"wp-block-separator has-text-color has-background has-vivid-red-background-color has-vivid-red-color\"\/>\n\n\n\n<div class=\"wp-block-image\"><figure class=\"aligncenter size-large is-resized\"><img decoding=\"async\" src=\"https:\/\/sme.goiania.go.gov.br\/conexaoescola\/wp-content\/uploads\/2021\/05\/WhatsApp-Image-2021-05-03-at-14.50.24-e1620064402854.jpeg\" alt=\"\" class=\"wp-image-127566\" width=\"611\" height=\"813\" srcset=\"https:\/\/sme.goiania.go.gov.br\/conexaoescola\/wp-content\/uploads\/2021\/05\/WhatsApp-Image-2021-05-03-at-14.50.24-e1620064402854.jpeg 270w, https:\/\/sme.goiania.go.gov.br\/conexaoescola\/wp-content\/uploads\/2021\/05\/WhatsApp-Image-2021-05-03-at-14.50.24-e1620064402854-225x300.jpeg 225w\" sizes=\"(max-width: 611px) 100vw, 611px\" \/><figcaption>Sofia Brito (8 anos) Releituras de Retratos da artista mexicana Frida Kahlo. (Acervo pessoal. Pollyanna Brito).<\/figcaption><\/figure><\/div>\n\n\n\n<hr class=\"wp-block-separator has-text-color has-background has-vivid-red-background-color has-vivid-red-color\"\/>\n\n\n\n<p class=\"has-medium-font-size\"><strong>Atividade<\/strong>&nbsp;<\/p>\n\n\n\n<p class=\"has-medium-font-size\">Pesquise um pouco mais sobre a obra de Frida Kahlo e solte a criatividade!! <strong>Fa\u00e7a uma linda releitura da Frida Kahlo ou de uma das suas obras!!<\/strong><\/p>\n\n\n\n<p class=\"has-text-align-center has-medium-font-size\">&nbsp;&nbsp;&nbsp;&nbsp;&nbsp;<strong>Boa atividade e at\u00e9 a pr\u00f3xima aula!!&nbsp;&nbsp;&nbsp;<\/strong><\/p>\n\n\n\n<hr class=\"wp-block-separator has-text-color has-background has-vivid-red-background-color has-vivid-red-color\"\/>\n\n\n\n<p class=\"has-luminous-vivid-amber-background-color has-background has-medium-font-size\"><em>Professor, essa aula segue a Matriz Curricular das Habilidades Estruturantes 2021-2021. Foi elaborada no ano de 2020, com a suspens\u00e3o das aulas presenciais devido \u00e0 pandemia da Covid-19 e segue as orienta\u00e7\u00f5es de flexibiliza\u00e7\u00e3o curricular para o bi\u00eanio 2020\/2021 (Of\u00edcio Circular 147\/2020 Dirped).<\/em><\/p>\n\n\n\n<hr class=\"wp-block-separator has-text-color has-background has-vivid-red-background-color has-vivid-red-color\"\/>\n\n\n\n<p><strong>Habilidades Estruturantes<\/strong>\/<strong>Habilidades Complementares<\/strong><\/p>\n\n\n\n<p>GO-EF08AR06-A) Distinguir, explorar, compreender e empregar diferentes formas de express\u00e3o art\u00edstica, bidimensionais e tridimensionais, existentes, tais como desenhos: pinturas, gravuras, colagens, HQ, zines, memes, interven\u00e7\u00f5es art\u00edsticas, dobraduras, esculturas, modelagens, instala\u00e7\u00f5es, v\u00eddeos, fotografias, performances, grafite, tecelagens, entre outras possibilidades expressivas. Fazer uso sustent\u00e1vel de materiais, instrumentos, recursos, t\u00e9cnicas convencionais e n\u00e3o convencionais, enquanto componentes fundamentais para ampliar as experi\u00eancias art\u00edsticas, assim como seu repert\u00f3rio imag\u00e9tico, est\u00e9tico e sens\u00edvel nas produ\u00e7\u00f5es em contexto.<\/p>\n\n\n\n<hr class=\"wp-block-separator\"\/>\n\n\n\n<p><strong>Refer\u00eancias &#8211; Texto elaborado com fins pedag\u00f3gicos.<\/strong> (Dispon\u00edvel em: https:\/\/www.todamateria.com.br\/frida-kahlo\/. Acessado em: 23 de fev. de 2021).\u00a0<\/p>\n\n\n\n<p class=\"has-text-align-center has-medium-font-size\"><strong>&nbsp;<\/strong><\/p>\n","protected":false},"author":6,"featured_media":127573,"template":"","ef_categoria":[],"ef_ano":[89],"ef_componente":[99],"class_list":["post-127557","ensino_fundamental","type-ensino_fundamental","status-publish","has-post-thumbnail","hentry","ef_ano-6o-ano","ef_componente-arte-ef","entry","has-media"],"acf":[],"_links":{"self":[{"href":"https:\/\/sme.goiania.go.gov.br\/conexaoescola\/wp-json\/wp\/v2\/ensino_fundamental\/127557","targetHints":{"allow":["GET"]}}],"collection":[{"href":"https:\/\/sme.goiania.go.gov.br\/conexaoescola\/wp-json\/wp\/v2\/ensino_fundamental"}],"about":[{"href":"https:\/\/sme.goiania.go.gov.br\/conexaoescola\/wp-json\/wp\/v2\/types\/ensino_fundamental"}],"author":[{"embeddable":true,"href":"https:\/\/sme.goiania.go.gov.br\/conexaoescola\/wp-json\/wp\/v2\/users\/6"}],"version-history":[{"count":0,"href":"https:\/\/sme.goiania.go.gov.br\/conexaoescola\/wp-json\/wp\/v2\/ensino_fundamental\/127557\/revisions"}],"wp:featuredmedia":[{"embeddable":true,"href":"https:\/\/sme.goiania.go.gov.br\/conexaoescola\/wp-json\/wp\/v2\/media\/127573"}],"wp:attachment":[{"href":"https:\/\/sme.goiania.go.gov.br\/conexaoescola\/wp-json\/wp\/v2\/media?parent=127557"}],"wp:term":[{"taxonomy":"ef_categoria","embeddable":true,"href":"https:\/\/sme.goiania.go.gov.br\/conexaoescola\/wp-json\/wp\/v2\/ef_categoria?post=127557"},{"taxonomy":"ef_ano","embeddable":true,"href":"https:\/\/sme.goiania.go.gov.br\/conexaoescola\/wp-json\/wp\/v2\/ef_ano?post=127557"},{"taxonomy":"ef_componente","embeddable":true,"href":"https:\/\/sme.goiania.go.gov.br\/conexaoescola\/wp-json\/wp\/v2\/ef_componente?post=127557"}],"curies":[{"name":"wp","href":"https:\/\/api.w.org\/{rel}","templated":true}]}}