{"id":126959,"date":"2024-09-13T16:00:00","date_gmt":"2024-09-13T19:00:00","guid":{"rendered":"https:\/\/sme.goiania.go.gov.br\/conexaoescola\/?post_type=ensino_fundamental&#038;p=126959"},"modified":"2024-09-13T18:17:37","modified_gmt":"2024-09-13T21:17:37","slug":"lingua-portuguesa-figuras-de-linguagem-eufemismo-hiperbole-ironia-e-personificacao","status":"publish","type":"ensino_fundamental","link":"https:\/\/sme.goiania.go.gov.br\/conexaoescola\/ensino_fundamental\/lingua-portuguesa-figuras-de-linguagem-eufemismo-hiperbole-ironia-e-personificacao\/","title":{"rendered":"L\u00edngua Portuguesa \u2013 Figuras de linguagem: eufemismo, hip\u00e9rbole, ironia e personifica\u00e7\u00e3o"},"content":{"rendered":"\n<p class=\"has-black-color has-text-color has-background\" style=\"background-color:#ffcf4b;font-size:22px\">Esta atividade de&nbsp;<strong>L\u00edngua Portuguesa<\/strong>&nbsp;tem como base o DC\/GO \u2013 Ampliado e est\u00e1 destinada a estudantes do<strong>&nbsp;9\u00ba ano<\/strong>&nbsp;do Ensino Fundamental.<\/p>\n\n\n\n<div class=\"wp-block-buttons is-content-justification-center is-layout-flex wp-container-core-buttons-is-layout-16018d1d wp-block-buttons-is-layout-flex\">\n<div class=\"wp-block-button\"><a class=\"wp-block-button__link wp-element-button\" href=\"https:\/\/drive.google.com\/uc?export=download&amp;id=1ipvzT8sOlFpbWOVaeXEJEs4Hdmh03XgY\">BAIXE A ATIVIDADE<\/a><\/div>\n\n\n\n<div class=\"wp-block-button\"><a class=\"wp-block-button__link wp-element-button\" href=\"https:\/\/drive.google.com\/uc?export=download&amp;id=1OlryK4DnKVl5mBzoUsd6TS__SrO0RJX9\">BAIXE OS SLIDES<\/a><\/div>\n\n\n\n<div class=\"wp-block-button\"><a class=\"wp-block-button__link wp-element-button\" href=\"https:\/\/drive.google.com\/uc?export=download&amp;id=1OqhPXjtMq19YYNq3htWtG9jejLhB2FTM\">BAIXE O TEXTO<\/a><\/div>\n<\/div>\n\n\n\n<p><\/p>\n\n\n<div class=\"wp-block-image\">\n<figure class=\"aligncenter size-large is-resized\"><img fetchpriority=\"high\" decoding=\"async\" width=\"1024\" height=\"683\" src=\"https:\/\/sme.goiania.go.gov.br\/conexaoescola\/wp-content\/uploads\/2024\/09\/2149019139-1-1024x683.jpg\" alt=\"\" class=\"wp-image-187445\" style=\"width:687px;height:auto\" srcset=\"https:\/\/sme.goiania.go.gov.br\/conexaoescola\/wp-content\/uploads\/2024\/09\/2149019139-1-1024x683.jpg 1024w, https:\/\/sme.goiania.go.gov.br\/conexaoescola\/wp-content\/uploads\/2024\/09\/2149019139-1-300x200.jpg 300w, https:\/\/sme.goiania.go.gov.br\/conexaoescola\/wp-content\/uploads\/2024\/09\/2149019139-1-768x513.jpg 768w, https:\/\/sme.goiania.go.gov.br\/conexaoescola\/wp-content\/uploads\/2024\/09\/2149019139-1.jpg 1500w\" sizes=\"(max-width: 1024px) 100vw, 1024px\" \/><figcaption class=\"wp-element-caption\">Imagem 1: Dispon\u00edvel em: &lt;<a href=\"https:\/\/br.freepik.com\/fotos-gratis\/conceito-de-midia-social-natureza-morta_15694968.htm#fromView=search&amp;page=1&amp;position=13&amp;uuid=7f8ab045-94d1-4c84-b1d2-d052ad904de8\">https:\/\/br.freepik.com\/fotos-gratis\/conceito-de-midia-social-natureza-morta_15694968.htm#fromView=search&amp;page=1&amp;position=13&amp;uuid=7f8ab045-94d1-4c84-b1d2-d052ad904de8<\/a>&gt;. Acesso em: 13, set. 2024<br><\/figcaption><\/figure><\/div>\n\n\n<p class=\"has-black-color has-text-color has-medium-font-size\">As <strong>figuras de linguagem <\/strong>s\u00e3o recursos estrat\u00e9gicos utilizados na comunica\u00e7\u00e3o para torn\u00e1-la mais enf\u00e1tica, expressiva, bonita e apreci\u00e1vel. Assim, elas conferem ao texto um sentido que vai al\u00e9m do literal, permitindo outros significados.&nbsp;As <strong>figuras<\/strong> <strong>de pensamento<\/strong> t\u00eam como fun\u00e7\u00e3o dar \u00eanfase \u00e0s ideias e pensamentos atrav\u00e9s da express\u00e3o. Sabe quando \u00e9 preciso dar uma not\u00edcia triste e voc\u00ea procura palavras para amenizar o impacto? O nome dessa mudan\u00e7a \u00e9 eufemismo.<\/p>\n\n\n\n<p class=\"has-medium-font-size\">O&nbsp;<strong>eufemismo<\/strong>&nbsp;\u00e9 uma das figuras de pensamento que tem como artif\u00edcio a sutileza. Al\u00e9m de ser utilizado para falar sobre uma situa\u00e7\u00e3o aterrorizante de forma mais branda, tamb\u00e9m serve para substituir um xingamento ou mascarar alguma informa\u00e7\u00e3o. Observe as frases:<\/p>\n\n\n\n<p class=\"has-text-align-center has-medium-font-size\"><em>\u201cLuna se apropriou do dinheiro do irm\u00e3o de forma indevida\u201d.&nbsp;<\/em><\/p>\n\n\n\n<p class=\"has-medium-font-size\">O que a frase quer dizer \u00e9: Luna roubou o dinheiro do irm\u00e3o.&nbsp;<\/p>\n\n\n\n<p class=\"has-text-align-center has-medium-font-size\"><em>\u201cQuinz\u00e9 passou dessa para melhor.\u201d&nbsp;<\/em><\/p>\n\n\n\n<p class=\"has-medium-font-size\">\u00c9 o mesmo que dizer: Quinz\u00e9 morreu.<\/p>\n\n\n\n<p class=\"has-medium-font-size\">Voc\u00ea consegue se expressar de maneira sutil, isto \u00e9, menos grosseira com seus familiares e amigos? Cheque suas \u00faltimas conversas nas redes sociais com seus familiares e amigos e avalie se voc\u00ea se expressou de maneira menos sutil ou mais sutil. Em seguida, reflita: como eu poderia ter me expressado para suavizar o teor das minhas mensagens?&nbsp;<\/p>\n\n\n\n<p class=\"has-medium-font-size\">Se ao estudar eufemismo, voc\u00ea aprendeu que essa figura consiste em suavizar a informa\u00e7\u00e3o, agora voc\u00ea conhecer\u00e1 uma figura que consiste em fazer justamente o contr\u00e1rio: <strong>provocar o exagero de maneira intencional<\/strong>.<\/p>\n\n\n\n<p class=\"has-medium-font-size\">Quem nunca ficou esperando algu\u00e9m por uma vida inteira na sorveteria? Quem nunca esteve com tanta fome ao ponto de dizer que comeria um cavalo? Quem nunca ouviu a m\u00e3e dizer que ela tinha avisado mais de um milh\u00e3o de vezes? Pois \u00e9, todas essas express\u00f5es muito exageradas s\u00e3o <strong>hip\u00e9rboles<\/strong>. Afinal, ningu\u00e9m passa 80, 100 anos sentado em uma sorveteria esperando outra pessoa, muito menos come um cavalo no almo\u00e7o.<\/p>\n\n\n\n<p class=\"has-medium-font-size\">O eufemismo tenta deixar a situa\u00e7\u00e3o mais controlada, a hip\u00e9rbole quer deixar mais intensa. Veja o exemplo:<\/p>\n\n\n\n<p class=\"has-text-align-center has-medium-font-size\"><em>\u201cEu j\u00e1 estudei a tabuada mais de mil vezes e at\u00e9 agora n\u00e3o aprendi.\u201d<\/em><\/p>\n\n\n\n<p class=\"has-medium-font-size\">Essa \u00e9 uma situa\u00e7\u00e3o clara onde a hip\u00e9rbole \u00e9 utilizada. O exagero foi o recurso utilizado para refor\u00e7ar o fato de que provavelmente essa pessoa j\u00e1 tentou aprender a tabuada muitas vezes.&nbsp;<\/p>\n\n\n\n<p class=\"has-medium-font-size\">Outra figura de linguagem muito empregada no cotidiano \u00e9 a <strong>ironia<\/strong>. A&nbsp;ironia&nbsp;consiste em dizer ou escrever o contr\u00e1rio daquilo que se afirma. Por exemplo: <\/p>\n\n\n\n<p class=\"has-text-align-center has-medium-font-size\">&#8220;<em>Goi\u00e2nia est\u00e1 t\u00e3o fria, que, se um ovo cair no ch\u00e3o, ele frita imediatamente.<\/em>&#8220;<\/p>\n\n\n\n<p class=\"has-medium-font-size\">No exemplo acima, d\u00e1 para notar que o que se quer dizer \u00e9 o contr\u00e1rio, isto \u00e9, que a cidade est\u00e1 muito quente.&nbsp;<\/p>\n\n\n\n<p class=\"has-medium-font-size\">A&nbsp;<strong>personifica\u00e7\u00e3o <\/strong>\u00e9 outra figura de linguagem.&nbsp;Ela \u00e9 uma das figuras de pensamento que utilizamos quando queremos atribuir sentimentos, a\u00e7\u00f5es ou qualidades do ser humano aos seres irracionais.&nbsp;Por exemplo:&nbsp;<\/p>\n\n\n\n<p class=\"has-text-align-center has-medium-font-size\"><em>\u201cA lua<strong> me traiu<\/strong>, acreditei que era para valer.\u201d&nbsp;<\/em><\/p>\n\n\n\n<p class=\"has-medium-font-size\">A lua \u00e9 um sat\u00e9lite natural do Sistema Solar. Um corpo celeste. Ela n\u00e3o pode \u201ctrair\u201d as pessoas porque somente os seres humanos t\u00eam condi\u00e7\u00f5es de fazer isso. A lua est\u00e1 sendo utilizada de forma simb\u00f3lica para se referir a outra situa\u00e7\u00e3o.<\/p>\n\n\n\n<p class=\"has-medium-font-size\">Veja outro exemplo:<\/p>\n\n\n\n<p class=\"has-text-align-center has-medium-font-size\"><em>O dia&nbsp;<strong>acordou<\/strong>&nbsp;feliz.<\/em><\/p>\n\n\n\n<p class=\"has-medium-font-size\">Segundo o exemplo, a caracter\u00edstica de \u201cacordar feliz\u201d \u00e9 uma caracter\u00edstica humana, que, nesse caso, est\u00e1 atribu\u00edda ao dia (substantivo inanimado).<\/p>\n\n\n\n<p class=\"has-text-align-center has-black-color has-text-color has-background has-link-color has-medium-font-size wp-elements-2bad814edf5e778a335df562c5583ee3\" style=\"background-color:#ffcf4b\">Assista \u00e0 videoaula do professor Marlon Santos com essa tem\u00e1tica.<\/p>\n\n\n\n<figure class=\"wp-block-embed is-type-video is-provider-youtube wp-block-embed-youtube wp-embed-aspect-16-9 wp-has-aspect-ratio\"><div class=\"wp-block-embed__wrapper\">\n<p class=\"responsive-video-wrap clr\"><iframe title=\"9 Ano - L\u00edngua Portuguesa - Figura de Linguagem: Eufemismo, Hip\u00e9rbole, Ironia e Personifica\u00e7\u00e3o\" width=\"1200\" height=\"675\" src=\"https:\/\/www.youtube.com\/embed\/WXZukzIYs3c?feature=oembed\" frameborder=\"0\" allow=\"accelerometer; autoplay; clipboard-write; encrypted-media; gyroscope; picture-in-picture; web-share\" referrerpolicy=\"strict-origin-when-cross-origin\" allowfullscreen><\/iframe><\/p>\n<\/div><figcaption class=\"wp-element-caption\"><strong>AGRUPAMENTO I| 9\u00ba ANO | CICLO DA ADOLESC\u00caNCIA |L\u00cdNGUA PORTUGUESA| PROF.: MARLON C\u00c1SSIO GOMES DOS SANTOS<\/strong><\/figcaption><\/figure>\n\n\n\n<p class=\"has-text-align-center has-black-color has-text-color has-background has-medium-font-size\" style=\"background-color:#ffcf4b\"><strong>Responda \u00e0s quest\u00f5es a seguir.<\/strong><\/p>\n\n\n\n<p class=\"has-background has-medium-font-size\" style=\"background-color:#ffdd7e\"><strong>QUEST\u00c3O 1<\/strong> <\/p>\n\n\n\n<p class=\"has-black-color has-text-color has-link-color has-medium-font-size wp-elements-ec24933d2c87ea8cc4477f93d022bea6\"> \u2013 Agora que voc\u00ea est\u00e1 \u201cfera\u201d nesse assunto de figuras de pensamento (sem ironias), fa\u00e7a a seguinte atividade:&nbsp;<\/p>\n\n\n\n<p class=\"has-black-color has-text-color has-link-color has-medium-font-size wp-elements-bf3f4b94b80abd9d4e30cc0e47df8565\">1\u00ba passo: Explique o significado de ironia aos seus familiares.&nbsp;<\/p>\n\n\n\n<p class=\"has-black-color has-text-color has-link-color has-medium-font-size wp-elements-dd094f669591ee42203cc0910c352460\">2\u00ba passo: Em seguida, pe\u00e7a a eles para reproduzirem frases ir\u00f4nicas a voc\u00ea.&nbsp;<\/p>\n\n\n\n<p class=\"has-black-color has-text-color has-link-color has-medium-font-size wp-elements-8520f9327135b34b9b059be574ac8fef\">3\u00ba passo: Anote essas frases em seu caderno de L\u00edngua Portuguesa.<\/p>\n\n\n\n<p class=\"has-black-color has-text-color has-link-color has-medium-font-size wp-elements-d997dd5ee002779583a66996a13476e0\">4\u00ba passo: Explique onde est\u00e1 a ironia em cada uma das frases que voc\u00ea anotou.<\/p>\n\n\n\n<p class=\"has-background has-medium-font-size\" style=\"background-color:#ffdd7e\"><strong>QUEST\u00c3O 2<\/strong> <\/p>\n\n\n\n<p class=\"has-black-color has-text-color has-link-color has-medium-font-size wp-elements-4810fe136da8d85604d796f394864cc2\">A alternativa que apresenta uma hip\u00e9rbole \u00e9<\/p>\n\n\n\n<p class=\"has-black-color has-text-color has-link-color has-medium-font-size wp-elements-f32ba7a292e6ab0f61a1751747ad6f8b\">(A) &#8220;Vou ca\u00e7ar mais de um milh\u00e3o de vagalumes por a\u00ed, pra te ver sorrir eu posso colorir o c\u00e9u de outra cor.\u201d <\/p>\n\n\n\n<p class=\"has-black-color has-text-color has-link-color has-medium-font-size wp-elements-de41e40d3492defe7d3dc2f234c42d9e\">(B) &#8220;Se a lenda dessa paix\u00e3o faz sorrir ou faz chorar, o cora\u00e7\u00e3o \u00e9 quem sabe.\u201d <\/p>\n\n\n\n<p class=\"has-black-color has-text-color has-link-color has-medium-font-size wp-elements-ea627bc399e886071c48e196bcef6b2a\">(C) \u201cEsse turu turu turu aqui dentro, que faz turu turu quando voc\u00ea passa.\u201d <\/p>\n\n\n\n<p class=\"has-black-color has-text-color has-link-color has-medium-font-size wp-elements-d4e733ff125d561d2ff73febb6eed375\">(D) \u201cA lua me traiu, acreditei que era pra valer.\u201d <\/p>\n\n\n\n<p class=\"has-text-align-center has-black-color has-text-color has-background has-link-color has-medium-font-size wp-elements-4027b4192cfa1fecd47f6f6bc185edec\" style=\"background-color:#bfc4c966\">Considere o seguinte di\u00e1logo para responder \u00e0s quest\u00f5es 3 e 4.<\/p>\n\n\n\n<p class=\"has-black-color has-text-color has-link-color has-medium-font-size wp-elements-abd6ccd1da2ca1df35a5860ab962879c\">Jo\u00e3o: Oi, Alice! Desculpa a demora para atender a liga\u00e7\u00e3o.<\/p>\n\n\n\n<p class=\"has-black-color has-text-color has-link-color has-medium-font-size wp-elements-b0c5bf70d22739aef4add3e01b456dca\">Alice: Tranquilo, Jo\u00e3o. O que voc\u00ea est\u00e1 fazendo?<\/p>\n\n\n\n<p class=\"has-black-color has-text-color has-link-color has-medium-font-size wp-elements-d2cbb475b49d167a350d8598ce02a688\">Jo\u00e3o: Estou indo para o ponto de \u00f4nibus. Tenho que correr, porque, se eu perder esse \u00f4nibus, vai levar um s\u00e9culo para passar o pr\u00f3ximo.<\/p>\n\n\n\n<p class=\"has-black-color has-text-color has-link-color has-medium-font-size wp-elements-aea75af572086b7c159100efc07f8706\">Alice: Amigo, voc\u00ea n\u00e3o tem um aplicativo que mostra o hor\u00e1rio dos \u00f4nibus?<\/p>\n\n\n\n<p class=\"has-black-color has-text-color has-link-color has-medium-font-size wp-elements-b8b7a585e3a2e1b35063347cbb295fd5\">Jo\u00e3o: Nossa, que sorte a minha! Acabei de perder o \u00f4nibus.&nbsp;<\/p>\n\n\n\n<p class=\"has-black-color has-text-color has-link-color has-medium-font-size wp-elements-babdeada78e27294aa5311fecdedd15b\">Alice: Como assim?<\/p>\n\n\n\n<p class=\"has-black-color has-text-color has-link-color has-medium-font-size wp-elements-1452047fa868bea562634f5f9a0d58ab\">Jo\u00e3o: Estava virando a esquina quando o \u00f4nibus sa\u00eda do ponto. O ponto de \u00f4nibus riu da minha cara!<\/p>\n\n\n\n<p class=\"has-text-align-right\">Elaborado pela Equipe do NEC\/SME &#8211; Goi\u00e2nia para fins did\u00e1ticos.<\/p>\n\n\n\n<p class=\"has-background has-medium-font-size\" style=\"background-color:#ffdd7e\"><strong>QUEST\u00c3O 3<\/strong> <\/p>\n\n\n\n<p class=\"has-medium-font-size\">O personagem Jo\u00e3o utilizou uma ironia no trecho <\/p>\n\n\n\n<p class=\"has-medium-font-size\">(A) Desculpe a demora para atender a liga\u00e7\u00e3o. <\/p>\n\n\n\n<p class=\"has-medium-font-size\">(B) Estou indo para o ponto de \u00f4nibus. <\/p>\n\n\n\n<p class=\"has-medium-font-size\">(C) Nossa, que sorte a minha! Acabei de perder o \u00f4nibus. <\/p>\n\n\n\n<p class=\"has-medium-font-size\">(D) O ponto de \u00f4nibus riu da minha cara! <\/p>\n\n\n\n<p class=\"has-background has-medium-font-size\" style=\"background-color:#ffdd7e\"><strong>QUEST\u00c3O 4<\/strong><\/p>\n\n\n\n<p class=\"has-medium-font-size\">No texto, al\u00e9m da ironia, h\u00e1 outras figuras de linguagem. Identifique-as, explique quais s\u00e3o e o que elas querem dizer.<\/p>\n\n\n\n<hr class=\"wp-block-separator has-css-opacity\"\/>\n\n\n\n<figure class=\"wp-block-table is-style-stripes\"><table><tbody><tr><td><strong>Autoria:<\/strong><\/td><td>Marlon Santos<\/td><\/tr><tr><td><strong>Forma\u00e7\u00e3o:<\/strong><\/td><td>Letras \u2013 Portugu\u00eas<\/td><\/tr><tr><td><strong>Componente curricular:<\/strong><\/td><td>L\u00edngua Portuguesa<\/td><\/tr><tr><td><strong>Habilidade estruturante:<\/strong><\/td><td>(EF89LP37) Analisar os efeitos de sentido do uso de figuras de linguagem como ironia, eufemismo, ant\u00edtese, alitera\u00e7\u00e3o, asson\u00e2ncia, dentre outras.<\/td><\/tr><tr><td><strong>Refer\u00eancias:<\/strong><\/td><td>Documento Curricular para Goi\u00e1s (DC-GO). Goi\u00e2nia\/GO: CONSED\/ UNDIME Goi\u00e1s, 2018. Dispon\u00edvel em: &lt;https:\/\/cee.go.gov.br&gt; Acesso em: 01, set. 2023<br>GOI\u00c2NIA. Secretaria Municipal de Educa\u00e7\u00e3o. Aprender Sempre. 6\u00b0 ao 9\u00ba ano \u2013 Ensino Fundamental; L\u00edngua Portuguesa; 3\u00b0 Bimestre; Goi\u00e2nia, 2024.<br><a href=\"https:\/\/mundoeducacao.uol.com.br\/gramatica\/figura-de-linguagem.htm&nbsp;https:\/\/www.portugues.com.br\/gramatica\/figuras-estilo-ou-linguagem.html&nbsp;https:\/\/www.todamateria.com.br\/figuras-de-linguagem\/&nbsp;&nbsp;https:\/\/www.todoestudo.com.br\/portugues\/\">https:\/\/mundoeducacao.uol.com.br\/gramatica\/figura-de-linguagem.htm&nbsp;<br>https:\/\/www.portugues.com.br\/gramatica\/figuras-estilo-ou-linguagem.html&nbsp;<br>https:\/\/www.todamateria.com.br\/figuras-de-linguagem\/&nbsp;<br>&nbsp;https:\/\/www.todoestudo.com.br\/portugues\/<\/a><\/td><\/tr><\/tbody><\/table><\/figure>\n","protected":false},"author":42,"featured_media":187445,"template":"","ef_categoria":[16,36],"ef_ano":[92],"ef_componente":[93],"class_list":["post-126959","ensino_fundamental","type-ensino_fundamental","status-publish","has-post-thumbnail","hentry","ef_categoria-ciclo-da-adolescencia-hi","ef_categoria-etica-e-cidadania-ciclo-da-adolescencia-hi","ef_ano-9o-ano","ef_componente-portugues","entry","has-media"],"acf":[],"_links":{"self":[{"href":"https:\/\/sme.goiania.go.gov.br\/conexaoescola\/wp-json\/wp\/v2\/ensino_fundamental\/126959","targetHints":{"allow":["GET"]}}],"collection":[{"href":"https:\/\/sme.goiania.go.gov.br\/conexaoescola\/wp-json\/wp\/v2\/ensino_fundamental"}],"about":[{"href":"https:\/\/sme.goiania.go.gov.br\/conexaoescola\/wp-json\/wp\/v2\/types\/ensino_fundamental"}],"author":[{"embeddable":true,"href":"https:\/\/sme.goiania.go.gov.br\/conexaoescola\/wp-json\/wp\/v2\/users\/42"}],"version-history":[{"count":4,"href":"https:\/\/sme.goiania.go.gov.br\/conexaoescola\/wp-json\/wp\/v2\/ensino_fundamental\/126959\/revisions"}],"predecessor-version":[{"id":187454,"href":"https:\/\/sme.goiania.go.gov.br\/conexaoescola\/wp-json\/wp\/v2\/ensino_fundamental\/126959\/revisions\/187454"}],"wp:featuredmedia":[{"embeddable":true,"href":"https:\/\/sme.goiania.go.gov.br\/conexaoescola\/wp-json\/wp\/v2\/media\/187445"}],"wp:attachment":[{"href":"https:\/\/sme.goiania.go.gov.br\/conexaoescola\/wp-json\/wp\/v2\/media?parent=126959"}],"wp:term":[{"taxonomy":"ef_categoria","embeddable":true,"href":"https:\/\/sme.goiania.go.gov.br\/conexaoescola\/wp-json\/wp\/v2\/ef_categoria?post=126959"},{"taxonomy":"ef_ano","embeddable":true,"href":"https:\/\/sme.goiania.go.gov.br\/conexaoescola\/wp-json\/wp\/v2\/ef_ano?post=126959"},{"taxonomy":"ef_componente","embeddable":true,"href":"https:\/\/sme.goiania.go.gov.br\/conexaoescola\/wp-json\/wp\/v2\/ef_componente?post=126959"}],"curies":[{"name":"wp","href":"https:\/\/api.w.org\/{rel}","templated":true}]}}