{"id":126905,"date":"2021-03-30T23:55:59","date_gmt":"2021-03-31T02:55:59","guid":{"rendered":"https:\/\/sme.goiania.go.gov.br\/conexaoescola\/?post_type=ensino_fundamental&#038;p=126905"},"modified":"2021-11-16T16:07:29","modified_gmt":"2021-11-16T18:07:29","slug":"matematica-vamos-explorar-os-numeros","status":"publish","type":"ensino_fundamental","link":"https:\/\/sme.goiania.go.gov.br\/conexaoescola\/ensino_fundamental\/matematica-vamos-explorar-os-numeros\/","title":{"rendered":"MATEM\u00c1TICA &#8211; Vamos explorar os n\u00fameros?"},"content":{"rendered":"\n<p class=\"has-text-align-center has-text-color has-background\" style=\"background-color:#eed6d6;color:#030202;font-size:18px\"><strong>OL\u00c1 EDUCANDO(A)! ESTA V\u00cdDEOAULA DE MATEM\u00c1TICA FOI VEICULADA NA TV NO DIA 30\/03\/2021 (TER\u00c7A-FEIRA). AQUI NO PORTAL CONEX\u00c3O ESCOLA, ELA EST\u00c1 DISPON\u00cdVEL JUNTAMENTE COM A PROPOSTA DE ATIVIDADE<\/strong>.<\/p>\n\n\n\n<div class=\"wp-block-image\"><figure class=\"aligncenter size-large is-resized\"><img fetchpriority=\"high\" decoding=\"async\" src=\"https:\/\/sme.goiania.go.gov.br\/conexaoescola\/wp-content\/uploads\/2021\/03\/digits-4014181_1920-1024x683.jpg\" alt=\"\" class=\"wp-image-126909\" width=\"680\" height=\"452\"\/><figcaption>FONTE: PIXABAY<\/figcaption><\/figure><\/div>\n\n\n\n<p class=\"has-text-align-center has-text-color has-background has-medium-font-size\" style=\"background-color:#e3ad73;color:#000000\"><strong>OL\u00c1, CRIAN\u00c7AS, TUDO BEM?<\/strong>&nbsp;<strong>HOJE VAMOS <span class=\"has-inline-color has-vivid-red-color\">EXPLORAR OS N\u00daMEROS<\/span><\/strong> <strong>E TODAS AS SUAS POSSIBILIDADES? <\/strong><\/p>\n\n\n\n<p class=\"has-text-align-center has-text-color has-background has-medium-font-size\" style=\"background-color:#e1aeae;color:#000000\"><strong>EST\u00c3O PREPARADOS?<br>PEGUE O SEU MATERIAL, TENHA BASTANTE ATEN\u00c7\u00c3O E N\u00c3O FIQUE FORA DESTA VIDEOAULA!!!!!<\/strong><\/p>\n\n\n\n<hr class=\"wp-block-separator\"\/>\n\n\n\n<figure class=\"wp-block-embed is-type-video is-provider-youtube wp-block-embed-youtube wp-embed-aspect-16-9 wp-has-aspect-ratio\"><div class=\"wp-block-embed__wrapper\">\n<p class=\"responsive-video-wrap clr\"><iframe title=\"Matem\u00e1tica  | Agrupamento B  | 2\u00ba Ano |  Ciclo da Inf\u00e2ncia\" width=\"1200\" height=\"675\" src=\"https:\/\/www.youtube.com\/embed\/4yxOSi-vPBk?feature=oembed\" frameborder=\"0\" allow=\"accelerometer; autoplay; clipboard-write; encrypted-media; gyroscope; picture-in-picture\" allowfullscreen><\/iframe><\/p>\n<\/div><figcaption>FONTE: YOUTUBE<\/figcaption><\/figure>\n\n\n\n<hr class=\"wp-block-separator\"\/>\n\n\n\n<p class=\"has-text-align-center has-text-color has-background has-medium-font-size\" style=\"background-color:#d17736;color:#000000\"><strong>NA AULA DE HOJE APRENDEREMOS SOBRE O QUADRO DOS N\u00daMEROS.&nbsp; VOC\u00caS SE LEMBRAM QUE NA \u00daLTIMA AULA FALAMOS QUE OS N\u00daMEROS EST\u00c3O PRESENTES NO NOSSO COTIDIANO E EM TODOS OS LUGARES?<\/strong>  <\/p>\n\n\n\n<p class=\"has-text-align-center has-text-color has-background has-medium-font-size\" style=\"background-color:#f3c954;color:#000000\"><strong>OBSERVE O CALEND\u00c1RIO DO ANO DE 2021:<\/strong><\/p>\n\n\n\n<p class=\"has-text-align-center\"><img decoding=\"async\" width=\"749px;\" height=\"645px;\" src=\"https:\/\/lh6.googleusercontent.com\/DK-mXPTP4dP3DiCB8JWJG68EPIfT5aKVPVFT_2aBQ9C6DOw1V0kT3fdfINdZHmeQl0JRFfd3Ua2kajIGHrU9dkY8MPDKqFLZaq3RHLC4Z8xa2vVXd8N3Is94AdG4X9H8a3C6sXM\" alt=\"Grade Calend\u00e1rio 2021 com Feriados Colorida | Imagem Legal | Modelos de  calend\u00e1rio, Modelos de grade, Calend\u00e1rio com feriados\"><\/p>\n\n\n\n<p class=\"has-text-align-center has-text-color has-background has-medium-font-size\" style=\"background-color:#9a9bee;color:#000000\"><strong>VAMOS CONTAR A QUANTIDADE DE MESES? E OS DIAS? <\/strong><\/p>\n\n\n\n<hr class=\"wp-block-separator\"\/>\n\n\n\n<p class=\"has-text-color has-background has-medium-font-size\" style=\"background-color:#e1aeae;color:#000000\"><strong>VAMOS PENSAR JUNTOS! <\/strong><\/p>\n\n\n\n<ul class=\"wp-block-list\"><li>AT\u00c9 QUE N\u00daMERO VOC\u00caS SABEM CONTAR?&nbsp;<\/li><li>POR QUAL N\u00daMERO PODER\u00cdAMOS INICIAR UMA CONTAGEM?&nbsp;<\/li><li>O QUE \u00c9 UMA SEQU\u00caNCIA DE N\u00daMEROS?&nbsp;<\/li><li>VOC\u00caS CONHECEM UM QUADRO DE N\u00daMEROS?&nbsp;<\/li><li>COMO PODEMOS CONSTRUIR UM QUADRO NUM\u00c9RICO?&nbsp;<\/li><\/ul>\n\n\n\n<hr class=\"wp-block-separator\"\/>\n\n\n\n<p class=\"has-text-color has-background has-medium-font-size\" style=\"background-color:#ee3939;color:#000000\"><strong>ATIVIDADE 1&nbsp;<\/strong><\/p>\n\n\n\n<p class=\"has-text-align-center has-text-color has-background has-medium-font-size\" style=\"background-color:#ad581b;color:#0a0303\"><strong>COM O AUX\u00cdLIO DE UM ADULTO COMPLETE O QUADRO ABAIXO COM OS N\u00daMEROS QUE EST\u00c3O FALTANDO:<\/strong><\/p>\n\n\n\n<p class=\"has-text-align-center\"><img decoding=\"async\" width=\"392\" height=\"360\" alt=\"Resultado de imagem para quadro de 1 a 100 faltando alguns n\u00fameros\" src=\"https:\/\/lh6.googleusercontent.com\/8d8OwzRM3gvf2lwD0W9lSpO0FVPR4Imxl6yEQBFvXN_H8XipfR1Ussfl-emZbm3AGJ0JV_9U-wIMdnYYbn0synWUL_DOv_7H7J1n58iicFto7dtvB6_c6wYzCHmPI5SlDLUiMro\"><\/p>\n\n\n\n<hr class=\"wp-block-separator\"\/>\n\n\n\n<p class=\"has-text-color has-background has-medium-font-size\" style=\"background-color:#ee3939;color:#000000\"><strong>ATIVIDADE 2<\/strong><\/p>\n\n\n\n<p class=\"has-text-color has-background has-medium-font-size\" style=\"background-color:#ad581b;color:#000000\"><strong>AGORA, ESCREVA NO SEU CADERNO, DE 90 A 100 EM ORDEM CRESCENTE E EM ORDEM DECRESCENTE.<\/strong><\/p>\n\n\n\n<hr class=\"wp-block-separator\"\/>\n\n\n\n<p><\/p>\n\n\n\n<ul class=\"wp-block-list\"><li><strong>HABILIDADES ESTRUTURANTES<\/strong><\/li><\/ul>\n\n\n\n<p>(EF02MA01-A) EXPLORAR N\u00daMEROS NO CONTEXTO DI\u00c1RIO, REPRESENTADO POR IMAGEM OU N\u00c3O, COMO INDICADORES DE QUANTIDADE, ORDEM DO 1\u00b0 AO 50\u00b0, MEDIDA E C\u00d3DIGO, UTILIZANDO A EXPRESS\u00c3O ORAL.&nbsp;<\/p>\n\n\n\n<p>(EF02MA01-D) COMPARAR E ORDENAR N\u00daMEROS NATURAIS, AT\u00c9 A ORDEM DE CENTENAS, PELA COMPREENS\u00c3O DAS CARACTER\u00cdSTICAS DO SISTEMA DE NUMERA\u00c7\u00c3O DECIMAL, AGRUPANDO UNIDADES EM DEZENAS E CENTENAS (VALOR POSICIONAL E FUN\u00c7\u00d5ES DO ZERO INDICANDO AUS\u00caNCIA OU MUDAN\u00c7A DE ORDEM), UTILIZADOS EM CONTAGENS DE OBJETOS, SITUA\u00c7\u00d5ES PARA A ESTIMATIVA, JOGOS, MATERIAL ESTRUTURADO, RESOLU\u00c7\u00c3O DE PROBLEMAS ENVOLVENDO OU N\u00c3O O SISTEMA MONET\u00c1RIO E EXPLORA\u00c7\u00c3O DE ESTRAT\u00c9GIAS PESSOAIS DE C\u00c1LCULO.&nbsp;<\/p>\n\n\n\n<p>(EF02MA09) CONSTRUIR SEQU\u00caNCIAS DE N\u00daMEROS NATURAIS EM ORDEM CRESCENTE OU DECRESCENTE A PARTIR DE UM N\u00daMERO QUALQUER, UTILIZANDO UMA REGULARIDADE ESTABELECIDA.&nbsp;<\/p>\n\n\n\n<ul class=\"wp-block-list\"><li><\/li><\/ul>\n\n\n\n<p> <\/p>\n\n\n\n<p><\/p>\n\n\n\n<p><\/p>\n","protected":false},"author":14,"featured_media":126909,"template":"","ef_categoria":[13,19],"ef_ano":[85],"ef_componente":[94],"class_list":["post-126905","ensino_fundamental","type-ensino_fundamental","status-publish","has-post-thumbnail","hentry","ef_categoria-ciclo-da-infancia-abc","ef_categoria-educacao-financeira-e-empreendedorismo","ef_ano-2o-ano","ef_componente-matematica","entry","has-media"],"acf":[],"_links":{"self":[{"href":"https:\/\/sme.goiania.go.gov.br\/conexaoescola\/wp-json\/wp\/v2\/ensino_fundamental\/126905","targetHints":{"allow":["GET"]}}],"collection":[{"href":"https:\/\/sme.goiania.go.gov.br\/conexaoescola\/wp-json\/wp\/v2\/ensino_fundamental"}],"about":[{"href":"https:\/\/sme.goiania.go.gov.br\/conexaoescola\/wp-json\/wp\/v2\/types\/ensino_fundamental"}],"author":[{"embeddable":true,"href":"https:\/\/sme.goiania.go.gov.br\/conexaoescola\/wp-json\/wp\/v2\/users\/14"}],"version-history":[{"count":0,"href":"https:\/\/sme.goiania.go.gov.br\/conexaoescola\/wp-json\/wp\/v2\/ensino_fundamental\/126905\/revisions"}],"wp:featuredmedia":[{"embeddable":true,"href":"https:\/\/sme.goiania.go.gov.br\/conexaoescola\/wp-json\/wp\/v2\/media\/126909"}],"wp:attachment":[{"href":"https:\/\/sme.goiania.go.gov.br\/conexaoescola\/wp-json\/wp\/v2\/media?parent=126905"}],"wp:term":[{"taxonomy":"ef_categoria","embeddable":true,"href":"https:\/\/sme.goiania.go.gov.br\/conexaoescola\/wp-json\/wp\/v2\/ef_categoria?post=126905"},{"taxonomy":"ef_ano","embeddable":true,"href":"https:\/\/sme.goiania.go.gov.br\/conexaoescola\/wp-json\/wp\/v2\/ef_ano?post=126905"},{"taxonomy":"ef_componente","embeddable":true,"href":"https:\/\/sme.goiania.go.gov.br\/conexaoescola\/wp-json\/wp\/v2\/ef_componente?post=126905"}],"curies":[{"name":"wp","href":"https:\/\/api.w.org\/{rel}","templated":true}]}}