{"id":126864,"date":"2021-04-19T07:00:00","date_gmt":"2021-04-19T10:00:00","guid":{"rendered":"https:\/\/sme.goiania.go.gov.br\/conexaoescola\/?post_type=ensino_fundamental&#038;p=126864"},"modified":"2021-12-23T10:21:17","modified_gmt":"2021-12-23T12:21:17","slug":"talking-about-daily-routines-falando-sobre-rotinas-diarias","status":"publish","type":"ensino_fundamental","link":"https:\/\/sme.goiania.go.gov.br\/conexaoescola\/ensino_fundamental\/talking-about-daily-routines-falando-sobre-rotinas-diarias\/","title":{"rendered":"L\u00cdNGUA INGLESA &#8211; Talking about daily routines! (Falando sobre rotinas di\u00e1rias!)"},"content":{"rendered":"\n<div class=\"wp-block-group has-light-green-cyan-background-color has-background\"><div class=\"wp-block-group__inner-container is-layout-flow wp-block-group-is-layout-flow\">\n<p class=\"has-medium-font-size\"><em>Ol\u00e1, estudante! <\/em><\/p>\n\n\n\n<p class=\"has-medium-font-size\"><em>Esta videoaula de <\/em><strong><em>L\u00edngua Inglesa<\/em><\/strong><em> foi veiculada na TV no dia <\/em><strong><em>19\/04\/\/2021 (Segunda-feira)<\/em><\/strong><em>. Aqui no Portal Conex\u00e3o Escola, ela est\u00e1 dispon\u00edvel juntamente com a proposta de atividade.<\/em><\/p>\n<\/div><\/div>\n\n\n\n<hr class=\"wp-block-separator\"\/>\n\n\n\n<p class=\"has-text-align-center has-medium-font-size\"> <strong>A aula de hoje abordar\u00e1 um assunto bastante interessante quando estamos no in\u00edcio da nossa aprendizagem em L\u00edngua Inglesa; que \u00e9 rotina! Todos n\u00f3s temos uma rotina di\u00e1ria, semanal e, atrav\u00e9s dela, conseguimos nos orientar e nos organizar dentre as diversas atividades que executamos no decorrer dos nossos dias.<\/strong><\/p>\n\n\n\n<hr class=\"wp-block-separator has-text-color has-background has-vivid-red-background-color has-vivid-red-color\"\/>\n\n\n\n<p class=\"has-text-align-center has-white-color has-vivid-red-background-color has-text-color has-background\" style=\"font-size:25px\"><strong>Assista a videoaula abaixo, com a tem\u00e1tica &#8211; Informa\u00e7\u00f5es pessoais e caracter\u00edsticas relacionadas a gostos, prefer\u00eancias, rotinas e a\u00e7\u00f5es em progresso.<\/strong><\/p>\n\n\n\n<hr class=\"wp-block-separator\"\/>\n\n\n\n<figure class=\"wp-block-embed is-type-video is-provider-youtube wp-block-embed-youtube wp-embed-aspect-16-9 wp-has-aspect-ratio\"><div class=\"wp-block-embed__wrapper\">\n<p class=\"responsive-video-wrap clr\"><iframe title=\"6 ano   Ingl\u00eas   19 04 21   Bloco 1\" width=\"1200\" height=\"675\" src=\"https:\/\/www.youtube.com\/embed\/dTp4J332MgE?feature=oembed\" frameborder=\"0\" allow=\"accelerometer; autoplay; clipboard-write; encrypted-media; gyroscope; picture-in-picture\" allowfullscreen><\/iframe><\/p>\n<\/div><figcaption> L\u00cdNGUA INGLESA | 6\u00ba ANO | ENSINO FUNDAMENTAL | PROF.: THIAGO MORAIS <\/figcaption><\/figure>\n\n\n\n<hr class=\"wp-block-separator has-text-color has-background has-vivid-red-background-color has-vivid-red-color\"\/>\n\n\n\n<p class=\"has-medium-font-size\"><strong>Hello students, how are you? Bom, eu espero que sim, because I am good! (Eu estou bem).<\/strong><\/p>\n\n\n\n<p class=\"has-medium-font-size\"><strong>Que tal aprendermos algumas das express\u00f5es e frases em Ingl\u00eas que podem ser utilizadas no contexto di\u00e1rio? Let\u00b4s go!? (Vamos l\u00e1!?)&nbsp;<\/strong><\/p>\n\n\n\n<hr class=\"wp-block-separator has-text-color has-background has-vivid-red-background-color has-vivid-red-color\"\/>\n\n\n\n<div class=\"wp-block-group has-pale-cyan-blue-background-color has-background\"><div class=\"wp-block-group__inner-container is-layout-flow wp-block-group-is-layout-flow\">\n<p class=\"has-medium-font-size\">Na aula de hoje abordaremos um tema bastante legal e interessante que \u00e9: Rotina. E para iniciarmos nossa conversa quero perguntar algumas coisas para refletirmos:<\/p>\n\n\n\n<ul class=\"has-medium-font-size wp-block-list\"><li>O que voc\u00ea entende por rotina?<\/li><li>A sua rotina costuma ser bastante pesada, com muitos afazeres, ou costuma ser tranquila?<\/li><li>Qual atividade di\u00e1ria, ou atividades, voc\u00ea mais gosta? E qual (quais) voc\u00ea menos gosta?<\/li><\/ul>\n\n\n\n<p class=\"has-medium-font-size\"><strong>Bom, podemos compreender Rotina como toda atividade que realizamos cotidianamente, ou seja, atividades que estamos habituados a realizar, como: acordar; tomar caf\u00e9 da manh\u00e3; ir para a escola; almo\u00e7ar; brincar com os amigos; etc.&nbsp;<\/strong><\/p>\n\n\n\n<p class=\"has-medium-font-size\">Todas essas atividades, entre outras que n\u00e3o citamos, s\u00e3o essenciais para n\u00f3s seres humanos e, ter uma organiza\u00e7\u00e3o em cada uma delas tamb\u00e9m \u00e9 essencial, pois atrav\u00e9s da organiza\u00e7\u00e3o que conseguimos deixar nossos dias mais produtivos, bem como mais saud\u00e1veis. Ao organizarmos nossa rotina, estabelecemos respeito e limites em nossas a\u00e7\u00f5es, e n\u00e3o somente em a\u00e7\u00f5es pessoais, como em a\u00e7\u00f5es interpessoais.&nbsp;<\/p>\n\n\n\n<p class=\"has-medium-font-size\">Voc\u00ea j\u00e1 parou para pensar como seria falar um pouco da sua rotina em L\u00edngua Inglesa? Quais s\u00e3o algumas das express\u00f5es e frases em Ingl\u00eas que se referem a essa tem\u00e1tica? Nesta aula, abordaremos algumas delas.<\/p>\n\n\n\n<p class=\"has-medium-font-size\">Veja o quadro a seguir e observe algumas das express\u00f5es e frases que separamos para esse tema!<\/p>\n<\/div><\/div>\n\n\n\n<figure class=\"wp-block-table alignwide\"><table class=\"has-black-color has-pale-ocean-gradient-background has-text-color has-background\"><tbody><tr><td class=\"has-text-align-center\" data-align=\"center\"><strong>Expressions about ROUTINES (in English)<\/strong><\/td><td class=\"has-text-align-center\" data-align=\"center\"><strong>Express\u00f5es sobre ROTINAS (em Portugu\u00eas)<\/strong><\/td><\/tr><tr><td class=\"has-text-align-center\" data-align=\"center\"><strong>I wake up&nbsp;<br>I get&nbsp;<br>I wash my face and brush my teeth<br>I take a shower<br>I have breakfast&nbsp;<br>I go to school&nbsp;<br>I have lunch<br>I play with my friends<br>I do my homework&nbsp;<br>I have a snack<br>&nbsp;I have dinner<br>I take a bath or shower<\/strong><br><strong>I go to sleep<\/strong><\/td><td class=\"has-text-align-center\" data-align=\"center\">Eu acordo<br>Eu levanto<br>Eu lavo  meu rosto e escovo os dentes<br>Eu tomo banho<br>Eu tomo caf\u00e9 da manh\u00e3<br>Eu vou a escola<br>Eu almo\u00e7o<br>Eu jogo com meus amigos<br>Eu fa\u00e7o minha li\u00e7\u00e3o de casa<br>Eu lancho<br>Eu janto<br>Eu tomo banho<br>Eu vou dormir&nbsp;&nbsp;&nbsp;<\/td><\/tr><\/tbody><\/table><\/figure>\n\n\n\n<hr class=\"wp-block-separator has-text-color has-background has-vivid-red-background-color has-vivid-red-color\"\/>\n\n\n\n<p class=\"has-medium-font-size\"><strong>Outro fator bastante importante quando falamos sobre rotinas \u00e9 a quest\u00e3o do hor\u00e1rio, isto \u00e9, das horas que realizamos as nossas atividades di\u00e1rias. Cada atividade, desde o momento que acordamos at\u00e9 a hora que dormimos, segue um cronograma de horas. E quando falamos de hor\u00e1rios, qual outro assunto que nos vem \u00e0 mente?! Os \u201cnumbers\u201d (n\u00fameros)!! Atrav\u00e9s dos n\u00fameros, isto \u00e9, do nosso conhecimento de n\u00fameros que conseguimos elaborar as horas.&nbsp;<\/strong><\/p>\n\n\n\n<p class=\"has-medium-font-size\"><strong>E voc\u00ea consegue se lembrar dos n\u00fameros em Ingl\u00eas? Vamos revisar as unidades e as dezenas? Atrav\u00e9s delas conseguimos elaborar as horas em Ingl\u00eas.<\/strong><\/p>\n\n\n\n<hr class=\"wp-block-separator\"\/>\n\n\n\n<figure class=\"wp-block-table alignwide\"><table class=\"has-black-color has-electric-grass-gradient-background has-text-color has-background\"><tbody><tr><td class=\"has-text-align-center\" data-align=\"center\"><strong>1 &#8211; 10&nbsp;<\/strong><\/td><td class=\"has-text-align-center\" data-align=\"center\"><strong>One &#8211; ten&nbsp;<\/strong><\/td><\/tr><tr><td class=\"has-text-align-center\" data-align=\"center\">1<br>2<br>3<br>4<br>5<br>6<br>7<br>8<br>9<br>10<\/td><td class=\"has-text-align-center\" data-align=\"center\">One<br>Two<br>Three<br>Four<br>Five<br>Six<br>Seven<br>Eight<br>Nine<br>Ten&nbsp;<\/td><\/tr><\/tbody><\/table><\/figure>\n\n\n\n<hr class=\"wp-block-separator has-text-color has-background has-vivid-red-background-color has-vivid-red-color\"\/>\n\n\n\n<figure class=\"wp-block-table alignwide\"><table class=\"has-very-light-gray-to-cyan-bluish-gray-gradient-background has-background\"><tbody><tr><td class=\"has-text-align-center\" data-align=\"center\"><strong>20 &#8211; 90<\/strong><\/td><td class=\"has-text-align-center\" data-align=\"center\"><strong>Twenty &#8211; Ninety<\/strong><\/td><\/tr><tr><td class=\"has-text-align-center\" data-align=\"center\">20<br>30<br>40<br>50<br>60<br>70<br>80<br>90<\/td><td class=\"has-text-align-center\" data-align=\"center\">Twenty<br>Thirty<br>Forty<br>Fifty<br>Sixty<br>Seventy<br>Eighty<br>Ninety<\/td><\/tr><\/tbody><\/table><\/figure>\n\n\n\n<hr class=\"wp-block-separator has-text-color has-background has-vivid-red-background-color has-vivid-red-color\"\/>\n\n\n\n<div class=\"wp-block-group\"><div class=\"wp-block-group__inner-container is-layout-flow wp-block-group-is-layout-flow\">\n<div class=\"wp-block-group has-pale-cyan-blue-background-color has-background\"><div class=\"wp-block-group__inner-container is-layout-flow wp-block-group-is-layout-flow\">\n<p class=\"has-medium-font-size\">Bom, como a nossa aula de hoje segue o tema ROUTINES (ROTINAS), vamos agora pensar em elaborar alguns hor\u00e1rios em Ingl\u00eas que seguem este contexto?&nbsp;Por exemplo;&nbsp;<\/p>\n\n\n\n<p class=\"has-medium-font-size\">Como seria 7:00 horas da manh\u00e3 em Ingl\u00eas? Ou 9:15? Ou 13:30 da tarde? Ou at\u00e9 mesmo 8:00 horas da noite?&nbsp;&nbsp;<\/p>\n\n\n\n<p class=\"has-medium-font-size\"><strong>Voc\u00ea sabia que em Ingl\u00eas contamos apenas 12 horas ou inv\u00e9s de 24 horas como fazemos aqui no Brasil?!<\/strong><\/p>\n\n\n\n<p class=\"has-medium-font-size\">Como distinguir se estamos falando do per\u00edodo matutino, vespertino ou noturno? Muito simples!!<\/p>\n\n\n\n<p class=\"has-medium-font-size\">Utilizamos as express\u00f5es AM para designar que aquela determinada hora \u00e9 pela manh\u00e3 (turno matutino), e utilizamos PM para designar que a determinada atividade \u00e9 durante a tarde ou noite (turnos: vespertino e noturno). Por exemplo:<\/p>\n\n\n\n<ul class=\"has-medium-font-size wp-block-list\"><li>7:00 AM &#8211; 7 horas da manh\u00e3<\/li><li>7:00 PM &#8211; 7 horas da noite<\/li><li>2:30 AM &#8211; Duas e trinta (meia) da manh\u00e3<\/li><li>2:30 PM &#8211; Duas e trinta (meia) da tarde<\/li><\/ul>\n\n\n\n<hr class=\"wp-block-separator has-text-color has-background has-vivid-red-background-color has-vivid-red-color\"\/>\n\n\n\n<p class=\"has-medium-font-size\">Voltando \u00e0 algumas das express\u00f5es, qual hor\u00e1rio caberia para cada atividade do quadro a seguir? Vamos preencher juntos!?&nbsp;<\/p>\n<\/div><\/div>\n<\/div><\/div>\n\n\n\n<hr class=\"wp-block-separator\"\/>\n\n\n\n<figure class=\"wp-block-table alignwide\"><table><tbody><tr><td class=\"has-text-align-center\" data-align=\"center\"><strong>ACTIVITY\/ATIVIDADE&nbsp;<\/strong><\/td><td class=\"has-text-align-center\" data-align=\"center\"><strong>TIME\/HORA<\/strong><\/td><\/tr><tr><td class=\"has-text-align-center\" data-align=\"center\">I wake up<br>&nbsp;I go to school&nbsp;<br>I have lunch<br>I do my homework&nbsp;<br>I have dinner<br>I go to sleep<\/td><td class=\"has-text-align-center\" data-align=\"center\">6:30 AM<br>7:00 AM<br>1:00 PM<br>3:00 PM<br>7:30 PM<br>10:00 PM&nbsp;<\/td><\/tr><\/tbody><\/table><\/figure>\n\n\n\n<hr class=\"wp-block-separator\"\/>\n\n\n\n<p class=\"has-text-align-center has-medium-font-size\"><strong>ATIVIDADE 1<\/strong><\/p>\n\n\n\n<p class=\"has-text-align-center has-medium-font-size\">Agora \u00e9 a sua vez de tentar!!&nbsp;<\/p>\n\n\n\n<p class=\"has-medium-font-size\"><strong>Levando em considera\u00e7\u00e3o este momento dif\u00edcil que \u00e9 a Pandemia da COVID-19, a nossa rotina sofreu e tem sofrido muitas altera\u00e7\u00f5es. Quais foram as principais mudan\u00e7as de rotina que voc\u00ea sofreu e ainda tem enfrentado? Tente, em seu caderno, estabelecer os hor\u00e1rios que voc\u00ea tem seguido desde que o ano de 2021 iniciou. Ahh, lembre-se que seria muito legal que voc\u00ea escrevesse em Ingl\u00eas, certo? Voc\u00ea pode usar as express\u00f5es em Ingl\u00eas que foram apresentadas nessa aula! Logo ap\u00f3s, discuta com seus pais, amigos e familiares como voc\u00ea poderia otimizar seus hor\u00e1rios e suas atividades di\u00e1rias neste novo momento que estamos enfrentando. O essencial \u00e9 poder conseguir realizar as principais atividades do dia, tais como: dormir bem, se alimentar bem, tirar um momento para realizar as atividades remotas escolares,&nbsp; interagir com seus pais e amigos com bastante cuidado e sem aglomerar, etc. Ou seja, de que maneira podemos levar a nossa vida em um contexto t\u00e3o desafiador que \u00e9 a Pandemia, de maneira saud\u00e1vel e organizada? Pense nisso!&nbsp;&nbsp;&nbsp;&nbsp;<\/strong><\/p>\n\n\n\n<hr class=\"wp-block-separator\"\/>\n\n\n\n<p class=\"has-text-align-center has-medium-font-size\"><strong>Por hoje \u00e9 s\u00f3!<\/strong><\/p>\n\n\n\n<p class=\"has-text-align-center has-medium-font-size\"><strong>See you next class guys!<\/strong><\/p>\n\n\n\n<p class=\"has-text-align-center has-medium-font-size\"><strong>Bye bye!&nbsp;<\/strong><\/p>\n\n\n\n<hr class=\"wp-block-separator has-text-color has-background has-vivid-red-background-color has-vivid-red-color\"\/>\n\n\n\n<p class=\"has-luminous-vivid-amber-background-color has-background has-medium-font-size\"><em>Professor, essa aula segue a Matriz Curricular das Habilidades Estruturantes 2021-2021. Foi elaborada no ano de 2020, com a suspens\u00e3o das aulas presenciais devido \u00e0 pandemia da Covid-19 e segue as orienta\u00e7\u00f5es de flexibiliza\u00e7\u00e3o curricular para o bi\u00eanio 2020\/2021 (Of\u00edcio Circular 147\/2020 Dirped).<\/em><\/p>\n\n\n\n<p><strong>Habilidades estruturantes<\/strong><\/p>\n\n\n\n<p>(GO-EF05LI16) Compartilhar suas atividades cotidianas, utilizando recursos lingu\u00edsticos diversos, para interagir em l\u00edngua inglesa em situa\u00e7\u00f5es comunicativas.<\/p>\n\n\n\n<p> (EF06LI17-A) Utilizar recursos lingu\u00edsticos referentes a temas familiares, escola, fam\u00edlia, rotina di\u00e1ria, para aprimorar intera\u00e7\u00f5es discursivas por meio da oralidade e\/ou escrita.<\/p>\n","protected":false},"author":6,"featured_media":126873,"template":"","ef_categoria":[],"ef_ano":[89],"ef_componente":[101],"class_list":["post-126864","ensino_fundamental","type-ensino_fundamental","status-publish","has-post-thumbnail","hentry","ef_ano-6o-ano","ef_componente-lingua-inglesa","entry","has-media"],"acf":[],"_links":{"self":[{"href":"https:\/\/sme.goiania.go.gov.br\/conexaoescola\/wp-json\/wp\/v2\/ensino_fundamental\/126864","targetHints":{"allow":["GET"]}}],"collection":[{"href":"https:\/\/sme.goiania.go.gov.br\/conexaoescola\/wp-json\/wp\/v2\/ensino_fundamental"}],"about":[{"href":"https:\/\/sme.goiania.go.gov.br\/conexaoescola\/wp-json\/wp\/v2\/types\/ensino_fundamental"}],"author":[{"embeddable":true,"href":"https:\/\/sme.goiania.go.gov.br\/conexaoescola\/wp-json\/wp\/v2\/users\/6"}],"version-history":[{"count":0,"href":"https:\/\/sme.goiania.go.gov.br\/conexaoescola\/wp-json\/wp\/v2\/ensino_fundamental\/126864\/revisions"}],"wp:featuredmedia":[{"embeddable":true,"href":"https:\/\/sme.goiania.go.gov.br\/conexaoescola\/wp-json\/wp\/v2\/media\/126873"}],"wp:attachment":[{"href":"https:\/\/sme.goiania.go.gov.br\/conexaoescola\/wp-json\/wp\/v2\/media?parent=126864"}],"wp:term":[{"taxonomy":"ef_categoria","embeddable":true,"href":"https:\/\/sme.goiania.go.gov.br\/conexaoescola\/wp-json\/wp\/v2\/ef_categoria?post=126864"},{"taxonomy":"ef_ano","embeddable":true,"href":"https:\/\/sme.goiania.go.gov.br\/conexaoescola\/wp-json\/wp\/v2\/ef_ano?post=126864"},{"taxonomy":"ef_componente","embeddable":true,"href":"https:\/\/sme.goiania.go.gov.br\/conexaoescola\/wp-json\/wp\/v2\/ef_componente?post=126864"}],"curies":[{"name":"wp","href":"https:\/\/api.w.org\/{rel}","templated":true}]}}