{"id":126842,"date":"2021-04-13T07:00:00","date_gmt":"2021-04-13T10:00:00","guid":{"rendered":"https:\/\/sme.goiania.go.gov.br\/conexaoescola\/?post_type=ensino_fundamental&#038;p=126842"},"modified":"2021-12-23T11:02:02","modified_gmt":"2021-12-23T13:02:02","slug":"caderno-do-artista-vamos-aprender-a-gravar","status":"publish","type":"ensino_fundamental","link":"https:\/\/sme.goiania.go.gov.br\/conexaoescola\/ensino_fundamental\/caderno-do-artista-vamos-aprender-a-gravar\/","title":{"rendered":"ARTE &#8211; Caderno do Artista \u2013 Vamos aprender a gravar?"},"content":{"rendered":"\n<div class=\"wp-block-group has-light-green-cyan-background-color has-background\"><div class=\"wp-block-group__inner-container is-layout-flow wp-block-group-is-layout-flow\">\n<p class=\"has-medium-font-size\"><em>Ol\u00e1, estudante! <\/em><\/p>\n\n\n\n<p class=\"has-medium-font-size\"><em>Esta videoaula de <\/em><strong><em>Artes Visuais<\/em><\/strong><em> foi veiculada na TV no dia <\/em><strong><em>13\/04\/2021 (Ter\u00e7a-feira)<\/em><\/strong><em>. Aqui no Portal Conex\u00e3o Escola, ela est\u00e1 dispon\u00edvel juntamente com a proposta de atividade.<\/em><\/p>\n<\/div><\/div>\n\n\n\n<hr class=\"wp-block-separator\"\/>\n\n\n\n<div class=\"wp-block-image\"><figure class=\"aligncenter size-large\"><img fetchpriority=\"high\" decoding=\"async\" width=\"1024\" height=\"731\" src=\"https:\/\/sme.goiania.go.gov.br\/conexaoescola\/wp-content\/uploads\/2021\/03\/notebook-3297317_1920-e1616948286483-1024x731.jpg\" alt=\"\" class=\"wp-image-126843\" srcset=\"https:\/\/sme.goiania.go.gov.br\/conexaoescola\/wp-content\/uploads\/2021\/03\/notebook-3297317_1920-e1616948286483-1024x731.jpg 1024w, https:\/\/sme.goiania.go.gov.br\/conexaoescola\/wp-content\/uploads\/2021\/03\/notebook-3297317_1920-e1616948286483-300x214.jpg 300w, https:\/\/sme.goiania.go.gov.br\/conexaoescola\/wp-content\/uploads\/2021\/03\/notebook-3297317_1920-e1616948286483-768x548.jpg 768w, https:\/\/sme.goiania.go.gov.br\/conexaoescola\/wp-content\/uploads\/2021\/03\/notebook-3297317_1920-e1616948286483-1536x1096.jpg 1536w, https:\/\/sme.goiania.go.gov.br\/conexaoescola\/wp-content\/uploads\/2021\/03\/notebook-3297317_1920-e1616948286483.jpg 1920w\" sizes=\"(max-width: 1024px) 100vw, 1024px\" \/><figcaption>https:\/\/pixabay.com\/pt\/photos\/caderno-nota-escrever-livro-notas-3297317\/<\/figcaption><\/figure><\/div>\n\n\n\n<p class=\"has-text-align-center has-medium-font-size\"><strong>Aprendendo a gravar \u2013 descobrindo a obra do gravurista brasileiro J. Borges. E aplicando a gravura em seu caderno de desenho.<\/strong><\/p>\n\n\n\n<hr class=\"wp-block-separator has-text-color has-background has-vivid-red-background-color has-vivid-red-color\"\/>\n\n\n\n<p class=\"has-text-align-center has-white-color has-vivid-red-background-color has-text-color has-background\" style=\"font-size:25px\"><strong>Assista a videoaula abaixo, com a tem\u00e1tica &#8211; Caderno do Artista<\/strong><\/p>\n\n\n\n<hr class=\"wp-block-separator\"\/>\n\n\n\n<figure class=\"wp-block-embed is-type-video is-provider-youtube wp-block-embed-youtube wp-embed-aspect-16-9 wp-has-aspect-ratio\"><div class=\"wp-block-embed__wrapper\">\n<p class=\"responsive-video-wrap clr\"><iframe title=\"7 ano   Arte   13 04 21   Bloco 2\" width=\"1200\" height=\"675\" src=\"https:\/\/www.youtube.com\/embed\/0NLMYyZ4L_8?feature=oembed\" frameborder=\"0\" allow=\"accelerometer; autoplay; clipboard-write; encrypted-media; gyroscope; picture-in-picture\" allowfullscreen><\/iframe><\/p>\n<\/div><figcaption> ARTES VISUAIS | 7\u00ba ANO | ENSINO FUNDAMENTAL | PROF.: POLLYANNA BRITO<\/figcaption><\/figure>\n\n\n\n<hr class=\"wp-block-separator has-text-color has-background has-vivid-red-background-color has-vivid-red-color\"\/>\n\n\n\n<p class=\"has-medium-font-size\"><strong>Aula passada come\u00e7amos a aprender sobre o caderno do artista e como esse caderno nos ajuda a desenvolvermos nossa criatividade. J\u00e1 providenciou o seu caderno? Como conversamos, pode ser um caderno bem simples, inclusive feito com folhas reutiliz\u00e1veis de cadernos de desenho, ou folhas de outros cadernos que voc\u00ea n\u00e3o tenha usado ainda e estavam esquecidos em sua casa.&nbsp;<\/strong><\/p>\n\n\n\n<hr class=\"wp-block-separator has-text-color has-background has-vivid-red-background-color has-vivid-red-color\"\/>\n\n\n\n<div class=\"wp-block-group has-light-green-cyan-background-color has-background\"><div class=\"wp-block-group__inner-container is-layout-flow wp-block-group-is-layout-flow\">\n<p class=\"has-medium-font-size\">&nbsp;&nbsp;&nbsp;&nbsp;&nbsp;&nbsp;&nbsp;&nbsp;&nbsp;&nbsp;Hoje, vamos come\u00e7ar a aprender uma t\u00e9cnica que pode te ajudar a desenvolver desenhos mais criativos e soltar ainda mais a sua capacidade de express\u00e3o. Vamos come\u00e7ar a conversar sobre a gravura. Voc\u00ea sabe o que \u00e9 gravura? Gravar \u00e9 fazer ranhuras, \u201cafundar\u201d uma superf\u00edcie fazendo desenhos nela.&nbsp;<\/p>\n\n\n\n<p class=\"has-medium-font-size\">&nbsp;&nbsp;&nbsp;&nbsp;&nbsp;&nbsp;&nbsp;&nbsp;&nbsp;&nbsp;Em geral, s\u00e3o desenhos feitos em superf\u00edcies duras, como madeira, pedra e metal, com base em cortes e incis\u00f5es, por exemplo, para fazer um molde. A partir da\u00ed, \u00e9 poss\u00edvel reproduzir a figura, como se fosse uma impress\u00e3o. O nome que a gravura recebe depende dos materiais que foram empregados. A xilogravura \u00e9 feita em relevo sobre madeira.<\/p>\n\n\n\n<p class=\"has-medium-font-size\">&nbsp;&nbsp;&nbsp;&nbsp;&nbsp;&nbsp;&nbsp;&nbsp;&nbsp;&nbsp;&nbsp;&nbsp;&nbsp;&nbsp;A hist\u00f3ria da gravura \u00e9 mais antiga do que muita gente imagina. Ela foi particularmente importante no s\u00e9culo II, quando os chineses, por meio de pedras e madeiras, gravavam sua arte.&nbsp;No ocidente, a gravura teve seu in\u00edcio junto com o&nbsp;surgimento do papel, no s\u00e9culo XIV. Por\u00e9m, foi em meados do s\u00e9culo seguinte, na Alemanha e na It\u00e1lia, que a t\u00e9cnica come\u00e7ou a ganhar fama. Desenvolvido por ourives, esse m\u00e9todo se propagou por toda a Europa. Desse per\u00edodo em diante, os artistas que utilizaram a gravura no ocidente come\u00e7aram a ser chamados de&nbsp;Mestres da Gravura. Olha s\u00f3 que interessante!&nbsp;&nbsp;<\/p>\n<\/div><\/div>\n\n\n\n<hr class=\"wp-block-separator has-text-color has-background has-vivid-red-background-color has-vivid-red-color\"\/>\n\n\n\n<figure class=\"wp-block-table aligncenter\"><table><tbody><tr><td class=\"has-text-align-center\" data-align=\"center\"><img decoding=\"async\" width=\"299\" height=\"199\" alt=\"Explosivo, Esculpir, Xilogravuras, Acender, Camping\" src=\"https:\/\/lh5.googleusercontent.com\/_CVbd8bKEERhw0OyuFv7vnB7jZXVstJnD7swXSu_DKrkzbfiI5llFGogQZh8R1jL6z66m4Ay9uJVGIhDeWYuFmd9rA1jrKVt8zv94Ysf9tQluf9NcNcCAcCRCU5PbZajI3cUVpI\"><\/td><td class=\"has-text-align-center\" data-align=\"center\"><img decoding=\"async\" width=\"297\" height=\"198\" alt=\"Navio, Xilogravura, Madeira, Esculpir, Mar, Vela\" src=\"https:\/\/lh4.googleusercontent.com\/0p6OmaeS_TSNYt-EZzrOaVn4ILZFFChAW8-jGXlsX1fGkAJ6YCbmiErA7xgZ-PZixcnbjzgqu1xtHGPDlYRhOl99L2OZXhe0nQ6h_OscmwMQnu9nb0LQ1WO6bWvb2ltyr8pwMwM\"><\/td><\/tr><\/tbody><\/table><figcaption>Dispon\u00edvel em Pixabay.com<\/figcaption><\/figure>\n\n\n\n<hr class=\"wp-block-separator has-text-color has-background has-vivid-red-background-color has-vivid-red-color\"\/>\n\n\n\n<div class=\"wp-block-group\"><div class=\"wp-block-group__inner-container is-layout-flow wp-block-group-is-layout-flow\">\n<p class=\"has-medium-font-size\">&nbsp;<strong>Vamos conhecer um gravurista fant\u00e1stico? Jos\u00e9 Francisco Borges nasceu em Bezerros, Pernambuco, e \u00e9 considerado um dos maiores artistas populares do Brasil. Seu trabalho come\u00e7ou como cordelista, contando hist\u00f3rias e tamb\u00e9m fazendo ilustra\u00e7\u00f5es de imagens bem humoradas que retratavam a realidade do sertanejo.&nbsp;Depois descobriu seu talento como xilogravurista e assim representar temas como amor, pobreza, religiosidade, canga\u00e7o, festas populares e muitos outros.&nbsp;J Borges \u00e9 reconhecido mundialmente como patrim\u00f4nio nacional cultural de nosso pa\u00eds. Assista ao v\u00eddeo: https:\/\/www.youtube.com\/watch?v=f1XrCCiqyhc&amp;t=33s. Para conhecer mais sobre a obra e o trabalho de J. Borges.&nbsp;<\/strong><\/p>\n<\/div><\/div>\n\n\n\n<hr class=\"wp-block-separator has-text-color has-background has-vivid-red-background-color has-vivid-red-color\"\/>\n\n\n\n<figure class=\"wp-block-embed is-type-video is-provider-youtube wp-block-embed-youtube wp-embed-aspect-16-9 wp-has-aspect-ratio\"><div class=\"wp-block-embed__wrapper\">\n<p class=\"responsive-video-wrap clr\"><iframe title=\"J. Borges - Xilogravura e Literatura de cordel\" width=\"1200\" height=\"675\" src=\"https:\/\/www.youtube.com\/embed\/f1XrCCiqyhc?start=67&#038;feature=oembed\" frameborder=\"0\" allow=\"accelerometer; autoplay; clipboard-write; encrypted-media; gyroscope; picture-in-picture\" allowfullscreen><\/iframe><\/p>\n<\/div><figcaption>https:\/\/www.youtube.com\/watch?v=f1XrCCiqyhc&amp;t=67s<br>J. Borges &#8211; Xilogravura e Literatura de cordel.<\/figcaption><\/figure>\n\n\n\n<hr class=\"wp-block-separator has-text-color has-background has-vivid-red-background-color has-vivid-red-color\"\/>\n\n\n\n<figure class=\"wp-block-table aligncenter\"><table><tbody><tr><td class=\"has-text-align-center\" data-align=\"center\"><img loading=\"lazy\" decoding=\"async\" width=\"399\" height=\"261\" src=\"https:\/\/lh5.googleusercontent.com\/Tskn7ByVR6ZM-OnmSs387Lc82RZfAB3iXlnT4Awf37iR-hQe-EfDZEoAH6vLq0p7ZKgYEESiT9bCkjfiwy8ljiqlasizOXCQ5rovIqDOAI3S_Whjnw9Im6IQJOEkpQJYi8Q7jdE\"><br>Xilogravura de J. Borges. Dispon\u00edvel em: <a href=\"https:\/\/outraspalavras.net\/poeticas\/das-feiras-no-agreste-para-o-mundo\/\">https:\/\/outraspalavras.net\/poeticas\/das-feiras-no-agreste-para-o-mundo\/<\/a>. Acessado em: 19 de fev. de 2021.<\/td><td class=\"has-text-align-center\" data-align=\"center\"><img loading=\"lazy\" decoding=\"async\" width=\"512\" height=\"366\" src=\"https:\/\/lh5.googleusercontent.com\/BvPnCRrXaoPsfqEzPb7P6vjaYhRMYlEKjNgUUPsfFwhtmySoKIPFaV9e7NaFbRUk7UGeDkNlnVoSi64rB_zO45unpVWq0uwy2xM8LMacRpfisqg0JG3Ynvnukr0SvzNzZRnEeKQ\"><br>Xilogravuras de J. Borges. Dispon\u00edvel em: <a href=\"https:\/\/outraspalavras.net\/poeticas\/das-feiras-no-agreste-para-o-mundo\/\">https:\/\/outraspalavras.net\/poeticas\/das-feiras-no-agreste-para-o-mundo\/<\/a>. Acessado em: 19 de fev. de 2021.<\/td><\/tr><\/tbody><\/table><\/figure>\n\n\n\n<hr class=\"wp-block-separator has-text-color has-background has-vivid-red-background-color has-vivid-red-color\"\/>\n\n\n\n<p class=\"has-medium-font-size\"><strong>Agora, chegou a sua vez!! Vamos gravar?!&nbsp; Antes de realizar essa atividade, separe o seguinte material.&nbsp;<\/strong><\/p>\n\n\n\n<ol class=\"has-medium-font-size wp-block-list\"><li><strong>Uma bandeja de Isopor (dessas de supermercado em que vem presunto, queijo&#8230; lave a bandeja e a reutilize nessa atividade)<\/strong><\/li><li><strong>Tesoura<\/strong> <\/li><li><strong>L\u00e1pis<\/strong><\/li><li><strong>Tinta guache&nbsp;<\/strong><\/li><li><strong>Pincel ou rolinho&nbsp;<\/strong><\/li><\/ol>\n\n\n\n<hr class=\"wp-block-separator has-text-color has-background has-vivid-red-background-color has-vivid-red-color\"\/>\n\n\n\n<p class=\"has-text-align-center has-medium-font-size\">&nbsp;&nbsp;&nbsp;&nbsp;&nbsp;&nbsp;&nbsp;&nbsp;&nbsp;&nbsp;&nbsp;<strong>Vamos ao passo a passo?!&nbsp;<\/strong><\/p>\n\n\n\n<ol class=\"has-medium-font-size wp-block-list\"><li><strong>Fa\u00e7a um desenho simples, sem muitos detalhes, primeiro no papel (esse ser\u00e1 o seu rascunho)&nbsp;<\/strong><\/li><li><strong>Depois, refa\u00e7a esse desenho na bandeja de isopor<\/strong><\/li><li><strong>Fa\u00e7a o desenho com for\u00e7a, mas cuidado para n\u00e3o furar a bandeja!&nbsp;<\/strong><\/li><li><strong>Use uma caneta de ponta grossa para conseguir um resultado mais interessante&nbsp;<\/strong><\/li><li><strong>Passe tinta em todo o desenho podendo ser com um pincel ou rolinho&nbsp;<\/strong><\/li><li><strong>Carimbe o desenho em seu caderno de desenho e bons registros!!<\/strong>&nbsp;&nbsp;&nbsp;&nbsp;<\/li><\/ol>\n\n\n\n<hr class=\"wp-block-separator has-text-color has-background has-vivid-red-background-color has-vivid-red-color\"\/>\n\n\n\n<p class=\"has-text-align-center has-medium-font-size\"><strong>At\u00e9 a nossa pr\u00f3xima aula!! =)&nbsp;<\/strong><\/p>\n\n\n\n<hr class=\"wp-block-separator has-text-color has-background has-vivid-red-background-color has-vivid-red-color\"\/>\n\n\n\n<p class=\"has-luminous-vivid-amber-background-color has-background has-medium-font-size\"><em>Professor, essa aula segue a Matriz Curricular das Habilidades Estruturantes 2021-2021. Foi elaborada no ano de 2020, com a suspens\u00e3o das aulas presenciais devido \u00e0 pandemia da Covid-19 e segue as orienta\u00e7\u00f5es de flexibiliza\u00e7\u00e3o curricular para o bi\u00eanio 2020\/2021 (Of\u00edcio Circular 147\/2020 Dirped).<\/em><\/p>\n\n\n\n<hr class=\"wp-block-separator has-text-color has-background has-vivid-red-background-color has-vivid-red-color\"\/>\n\n\n\n<p><strong>Habilidade Estruturante<\/strong><\/p>\n\n\n\n<p>(GO-EF07AR05-A) Distinguir, explorar, compreender e empregar diferentes formas de express\u00e3o art\u00edstica, bidimensionais e tridimensionais, existentes, tais como desenhos: pinturas, gravuras, colagens, HQ, zines, memes, interven\u00e7\u00f5es art\u00edsticas, dobraduras, esculturas, modelagens, instala\u00e7\u00f5es, v\u00eddeos, fotografias, performances, grafite, tecelagens, entre outras possibilidades expressivas. Fazer uso sustent\u00e1vel de materiais, instrumentos, recursos, t\u00e9cnicas convencionais e n\u00e3o convencionais, enquanto componentes fundamentais para ampliar as experi\u00eancias art\u00edsticas, assim como seu repert\u00f3rio imag\u00e9tico, est\u00e9tico e sens\u00edvel nas produ\u00e7\u00f5es em contexto.<\/p>\n\n\n\n<hr class=\"wp-block-separator\"\/>\n\n\n\n<p><strong>Refer\u00eancias &#8211; Texto elaborado com fins pedag\u00f3gicos.<\/strong><\/p>\n\n\n\n<p>Dispon\u00edvel em: https:\/\/outraspalavras.net\/poeticas\/das-feiras-no-agreste-para-o-mundo\/. Acessado em: 19 de fev. de 2021.&nbsp;<\/p>\n","protected":false},"author":6,"featured_media":126843,"template":"","ef_categoria":[],"ef_ano":[90],"ef_componente":[99],"class_list":["post-126842","ensino_fundamental","type-ensino_fundamental","status-publish","has-post-thumbnail","hentry","ef_ano-7o-ano","ef_componente-arte-ef","entry","has-media"],"acf":[],"_links":{"self":[{"href":"https:\/\/sme.goiania.go.gov.br\/conexaoescola\/wp-json\/wp\/v2\/ensino_fundamental\/126842","targetHints":{"allow":["GET"]}}],"collection":[{"href":"https:\/\/sme.goiania.go.gov.br\/conexaoescola\/wp-json\/wp\/v2\/ensino_fundamental"}],"about":[{"href":"https:\/\/sme.goiania.go.gov.br\/conexaoescola\/wp-json\/wp\/v2\/types\/ensino_fundamental"}],"author":[{"embeddable":true,"href":"https:\/\/sme.goiania.go.gov.br\/conexaoescola\/wp-json\/wp\/v2\/users\/6"}],"version-history":[{"count":0,"href":"https:\/\/sme.goiania.go.gov.br\/conexaoescola\/wp-json\/wp\/v2\/ensino_fundamental\/126842\/revisions"}],"wp:featuredmedia":[{"embeddable":true,"href":"https:\/\/sme.goiania.go.gov.br\/conexaoescola\/wp-json\/wp\/v2\/media\/126843"}],"wp:attachment":[{"href":"https:\/\/sme.goiania.go.gov.br\/conexaoescola\/wp-json\/wp\/v2\/media?parent=126842"}],"wp:term":[{"taxonomy":"ef_categoria","embeddable":true,"href":"https:\/\/sme.goiania.go.gov.br\/conexaoescola\/wp-json\/wp\/v2\/ef_categoria?post=126842"},{"taxonomy":"ef_ano","embeddable":true,"href":"https:\/\/sme.goiania.go.gov.br\/conexaoescola\/wp-json\/wp\/v2\/ef_ano?post=126842"},{"taxonomy":"ef_componente","embeddable":true,"href":"https:\/\/sme.goiania.go.gov.br\/conexaoescola\/wp-json\/wp\/v2\/ef_componente?post=126842"}],"curies":[{"name":"wp","href":"https:\/\/api.w.org\/{rel}","templated":true}]}}