{"id":126544,"date":"2021-03-18T07:00:00","date_gmt":"2021-03-18T10:00:00","guid":{"rendered":"https:\/\/sme.goiania.go.gov.br\/conexaoescola\/?post_type=ensino_fundamental&#038;p=126544"},"modified":"2021-11-11T12:36:31","modified_gmt":"2021-11-11T14:36:31","slug":"arte-os-principais-elementos-que-compoem-as-artes-visuais-2","status":"publish","type":"ensino_fundamental","link":"https:\/\/sme.goiania.go.gov.br\/conexaoescola\/ensino_fundamental\/arte-os-principais-elementos-que-compoem-as-artes-visuais-2\/","title":{"rendered":"Arte &#8211; Os principais elementos que comp\u00f5em as artes visuais."},"content":{"rendered":"\n<p class=\"has-text-align-center has-pale-cyan-blue-background-color has-text-color has-background\" style=\"color:#000000\"><em>Ol\u00e1, estudante! Esta videoaula de&nbsp;<\/em><strong><em>ARTE \u2013&nbsp;<\/em><\/strong><em>Artes Visuais, foi veiculada na TV no dia&nbsp;<strong>18\/03\/2021 (<\/strong><\/em><strong><em>Quinta-feira)<\/em><\/strong><em>. aqui no Portal Conex\u00e3o Escola ela est\u00e1 dispon\u00edvel juntamente com a proposta de atividade.<\/em><\/p>\n\n\n\n<p class=\"has-text-align-center has-text-color has-background\" style=\"background-color:#fff700;color:#000000\">Os v\u00e1rios elementos que comp\u00f5em as artes visuais como o ponto, a cor, a linha e a forma. Analise de imagens e de como esses elementos podem ser usados.<\/p>\n\n\n\n<figure class=\"wp-block-image size-large\"><img decoding=\"async\" src=\"https:\/\/sme.goiania.go.gov.br\/conexaoescola\/wp-content\/uploads\/2021\/03\/art-1851483_1280-e1615915763557-1024x611.jpg\" alt=\"\" class=\"wp-image-126543\"\/><\/figure>\n\n\n\n<p class=\"has-text-align-center has-luminous-vivid-amber-background-color has-text-color has-background\" style=\"color:#000000\">Assista a videoaula abaixo com o tema: Os principais elementos que comp\u00f5em as artes visuais.<\/p>\n\n\n\n<figure class=\"wp-block-embed is-type-video is-provider-youtube wp-block-embed-youtube wp-embed-aspect-16-9 wp-has-aspect-ratio\"><div class=\"wp-block-embed__wrapper\">\n<p class=\"responsive-video-wrap clr\"><iframe title=\"Arte   4\u00ba Ano   Turma D   Ciclo da Inf\u00e2ncia\" width=\"1200\" height=\"675\" src=\"https:\/\/www.youtube.com\/embed\/pq4xlpwz_kI?feature=oembed\" frameborder=\"0\" allow=\"accelerometer; autoplay; clipboard-write; encrypted-media; gyroscope; picture-in-picture\" allowfullscreen><\/iframe><\/p>\n<\/div><figcaption>Arte 4\u00ba Ano Turma D Ciclo da Inf\u00e2ncia<\/figcaption><\/figure>\n\n\n\n<p class=\"has-text-align-center has-text-color has-background\" style=\"background-color:#fceaea;color:#000000\">Os elementos visuais s\u00e3o os elementos b\u00e1sicos da linguagem visual, aquilo que vemos. Mas eles precisam estar dentro de um contexto para ganhar seu significado. Entre os v\u00e1rios elementos est\u00e3o a cor, o ponto, a linha, a forma, o plano e a textura. Vamos ver alguns desses elementos principais?<\/p>\n\n\n\n<p class=\"has-background\" style=\"background-color:#dab3ff\"><strong>O Ponto<\/strong><\/p>\n\n\n\n<p class=\"has-text-align-center\"><strong><img fetchpriority=\"high\" decoding=\"async\" src=\"https:\/\/lh5.googleusercontent.com\/cUSOY3Ctg1LFWTuvXG2vvhw_GiwCN7TxThyOtpxsnH5ogsJ6jXbk4zLxUoNvRJ9b-c8_baNDOk4XH0z6f4RowfnSvGoWVoDKKYUzFcLYsSM-S6gQmWnNWofGHTfZnw\" width=\"265\" height=\"265\"><\/strong><\/p>\n\n\n\n<p class=\"has-text-align-center has-text-color has-background\" style=\"background-color:#fceaea;color:#000000\">O menor elemento das artes visuais n\u00e3o \u00e9 o menos importante. Sozinho ele tem pouco significado, mas se eles se juntam produzem ideias de sombra, luz e tonalidade.<\/p>\n\n\n\n<p class=\"has-text-align-center has-text-color has-background\" style=\"background-color:#fceaea;color:#000000\">Assista ao v\u00eddeo abaixo para saber mais sobre \u201cO ponto\u201d:<\/p>\n\n\n\n<figure class=\"wp-block-embed aligncenter is-type-video is-provider-youtube wp-block-embed-youtube wp-embed-aspect-16-9 wp-has-aspect-ratio\"><div class=\"wp-block-embed__wrapper\">\n<p class=\"responsive-video-wrap clr\"><iframe title=\"S\u00e9rie Linguagem Visual - Ponto\" width=\"1200\" height=\"675\" src=\"https:\/\/www.youtube.com\/embed\/tJfy5m_D1sM?start=37&#038;feature=oembed\" frameborder=\"0\" allow=\"accelerometer; autoplay; clipboard-write; encrypted-media; gyroscope; picture-in-picture\" allowfullscreen><\/iframe><\/p>\n<\/div><figcaption>S\u00e9rie Linguagem Visual \u2013 Ponto<\/figcaption><\/figure>\n\n\n\n<p class=\"has-background\" style=\"background-color:#dab3ff\"><strong>A Linha<\/strong><\/p>\n\n\n\n<p class=\"has-text-align-center\"><strong><img decoding=\"async\" src=\"https:\/\/lh3.googleusercontent.com\/Rgnhz218Q14y2ujuNcFWazbqZFyExK7I4wp00iw2y496R3axfErBEkHmYTZ-7lkaWwiM4okowUuWKf5QtNdtRXSs1u26KHofemWNEgq0DNGIq8V9EXjEXvX85UlzWw\" width=\"452\" height=\"151\"><\/strong><\/p>\n\n\n\n<p class=\"has-text-align-center has-text-color has-background\" style=\"background-color:#fceaea;color:#000000\">A linha tamb\u00e9m \u00e9 outro elemento importante. Pode ser usada reta, curva ou de forma mais complexa, tracejada ou n\u00e3o. Vamos ver um pouco mais sobre a linha?<\/p>\n\n\n\n<p class=\"has-text-align-center has-text-color has-background\" style=\"background-color:#fceaea;color:#000000\">Assista ao v\u00eddeo abaixo para saber mais sobre \u201cA linha\u201d:<\/p>\n\n\n\n<figure class=\"wp-block-embed aligncenter is-type-video is-provider-youtube wp-block-embed-youtube wp-embed-aspect-16-9 wp-has-aspect-ratio\"><div class=\"wp-block-embed__wrapper\">\n<p class=\"responsive-video-wrap clr\"><iframe title=\"S\u00e9rie Linguagem Visual - Linha\" width=\"1200\" height=\"675\" src=\"https:\/\/www.youtube.com\/embed\/cH99yMOx3fY?feature=oembed\" frameborder=\"0\" allow=\"accelerometer; autoplay; clipboard-write; encrypted-media; gyroscope; picture-in-picture\" allowfullscreen><\/iframe><\/p>\n<\/div><figcaption>S\u00e9rie Linguagem Visual \u2013 Linha<\/figcaption><\/figure>\n\n\n\n<p class=\"has-background\" style=\"background-color:#dab3ff\"><strong>A Forma<\/strong><\/p>\n\n\n\n<p class=\"has-text-align-center\"><strong><img decoding=\"async\" src=\"https:\/\/lh5.googleusercontent.com\/6ll-T1q-697a_6MYFbagv3QrPqFkSjf1fCCAXZHLhRAjFqXxnZ_8CNWkPZO54kL9AsTzhiFxtjhc97aPgPw1is-1K82kpTua67nFGPoQQc_a-bDUT7G34c_5JcRyzA\" width=\"256\" height=\"257\"><\/strong><\/p>\n\n\n\n<p class=\"has-text-align-center has-text-color has-background\" style=\"background-color:#fceaea;color:#000000\">As formas b\u00e1sicas como o quadrado, o c\u00edrculo e o tri\u00e2ngulo n\u00f3s vimos e como delas podem surgir novas formas representando as formas reais ou imagin\u00e1rias.<\/p>\n\n\n\n<p class=\"has-text-align-center has-text-color has-background\" style=\"background-color:#fceaea;color:#000000\">Para saber um pouco mais, assista ao v\u00eddeo a seguir: \u201cA forma\u201d:<\/p>\n\n\n\n<figure class=\"wp-block-embed aligncenter is-type-video is-provider-youtube wp-block-embed-youtube wp-embed-aspect-16-9 wp-has-aspect-ratio\"><div class=\"wp-block-embed__wrapper\">\n<p class=\"responsive-video-wrap clr\"><iframe title=\"S\u00e9rie Linguagem Visual - Forma\" width=\"1200\" height=\"675\" src=\"https:\/\/www.youtube.com\/embed\/AYwVV73gQ3c?feature=oembed\" frameborder=\"0\" allow=\"accelerometer; autoplay; clipboard-write; encrypted-media; gyroscope; picture-in-picture\" allowfullscreen><\/iframe><\/p>\n<\/div><figcaption>S\u00e9rie Linguagem Visual \u2013 Forma<\/figcaption><\/figure>\n\n\n\n<p class=\"has-background\" style=\"background-color:#dab3ff\"><strong>A Cor<\/strong><\/p>\n\n\n\n<p class=\"has-text-align-center\"><strong><img loading=\"lazy\" decoding=\"async\" src=\"https:\/\/lh4.googleusercontent.com\/JyHMmuBY6KCG6lXGYy7-JqOdARh3QM6xa-X81sIX-ldx1mIiP_IRGRP8ua7OW75WjI_8qJ6MTCaMvVTqujr5LLs-utQVWIs230slOmPjylz6b1YNTgNXXvhjMsH5dg\" width=\"264\" height=\"265\"><\/strong><\/p>\n\n\n\n<p class=\"has-text-align-center has-text-color has-background\" style=\"background-color:#fceaea;color:#000000\">A cor \u00e9 um dos elementos mais importantes das artes visuais. As cores prim\u00e1rias s\u00e3o o amarelo, o vermelho e o azul. A partir da mistura dessas cores podemos criar outras cores, como as cores secund\u00e1rias: laranja (mistura do amarelo com o vermelho), o verde (mistura do azul com o amarelo) e o roxo (mistura do vermelho com azul). Assim \u00e9 poss\u00edvel colorir qualquer arte feita.<\/p>\n\n\n\n<p class=\"has-text-align-center has-text-color has-background\" style=\"background-color:#fceaea;color:#000000\">Assista ao v\u00eddeo a seguir e saiba um pouco mais sobre \u201cA cor\u201d:<\/p>\n\n\n\n<figure class=\"wp-block-embed aligncenter is-type-video is-provider-youtube wp-block-embed-youtube wp-embed-aspect-16-9 wp-has-aspect-ratio\"><div class=\"wp-block-embed__wrapper\">\n<p class=\"responsive-video-wrap clr\"><iframe title=\"S\u00e9rie Linguagem Visual - Cor\" width=\"1200\" height=\"675\" src=\"https:\/\/www.youtube.com\/embed\/1UVrezHRlE0?feature=oembed\" frameborder=\"0\" allow=\"accelerometer; autoplay; clipboard-write; encrypted-media; gyroscope; picture-in-picture\" allowfullscreen><\/iframe><\/p>\n<\/div><figcaption>S\u00e9rie Linguagem Visual \u2013 Cor<\/figcaption><\/figure>\n\n\n\n<p class=\"has-luminous-vivid-amber-background-color has-text-color has-background\" style=\"color:#000000;font-size:22px\"><strong>Atividade 1<\/strong><\/p>\n\n\n\n<p class=\"has-text-align-center has-text-color has-background\" style=\"background-color:#caf3e2;color:#000000\">Em um papel branco, use l\u00e1pis de cor para misturar as cores prim\u00e1rias conforme abaixo para descobrir as cores secund\u00e1rias e formar novas cores.<\/p>\n\n\n\n<figure class=\"wp-block-table aligncenter\"><table><tbody><tr><td>Amarelo e vermelho<\/td><td>Amarelo e azul<\/td><td>Vermelho e azul<\/td><\/tr><\/tbody><\/table><\/figure>\n\n\n\n<p class=\"has-luminous-vivid-amber-background-color has-text-color has-background\" style=\"color:#000000;font-size:22px\"><strong>Atividade 2<\/strong><\/p>\n\n\n\n<p class=\"has-text-align-center has-text-color has-background\" style=\"background-color:#caf3e2;color:#000000\">Use a criatividade, leia poema abaixo e crie seu desenho conforme for lendo utilizando os elementos b\u00e1sicos das artes visuais estudados. N\u00e3o esque\u00e7a de colorir bem bonito.<\/p>\n\n\n\n<p class=\"has-text-align-center has-background\" style=\"background-color:#fceaea\"><strong>O palha\u00e7o<\/strong><br>&nbsp;<br>O palha\u00e7o Manoel<br>Tinha a cabe\u00e7a que parecia um pastel<br>Sua boca vermelha<br>Ia de orelha a orelha<br>Seus bra\u00e7os eram finos<br>Mas era capaz de levantar v\u00e1rios meninos<br>Tinha a cal\u00e7a quadrada feito o Bob esponja<br>Mas sua camisa colorida chamava a aten\u00e7\u00e3o<br>De quem na rua passava<br>Fosse menino ou menina<br>N\u00e3o havia quem n\u00e3o lhe abra\u00e7ava<br>Seus sapatos enormes eram cheios de bolinhas<br>Em dia de lua cheia<br>O palha\u00e7o Manoel gostava de olhar para o c\u00e9u<br>E dan\u00e7ava alegremente at\u00e9 ao circo voltar<br>O circo? Ah, o circo era colorido e triangular!<br><strong>Autor: Valdeir Ces\u00e1rio<\/strong><\/p>\n\n\n\n<p class=\"has-text-align-center has-text-color has-background\" style=\"background-color:#fff700;color:#000000\">Relembrando o que aprendemos hoje.<\/p>\n\n\n\n<p>Elementos b\u00e1sicos da linguagem visual:<\/p>\n\n\n\n<ul class=\"wp-block-list\"><li>O Ponto<\/li><li>A Linha<\/li><li>A Forma<\/li><li>A Cor<\/li><\/ul>\n\n\n\n<hr class=\"wp-block-separator\"\/>\n\n\n\n<figure class=\"wp-block-table\"><table class=\"has-background\" style=\"background-color:#f3f4f5\"><tbody><tr><td><strong>Habilidade estruturante:<\/strong><\/td><td>(GO-EF04AR02-A) Explorar, reconhecer e produzir criativamente os elementos constitutivos das artes visuais, tais como: o ponto, a forma, a cor, o espa\u00e7o, o movimento, a textura, os planos, a perspectiva, como componentes fundamentais para a composi\u00e7\u00e3o e cria\u00e7\u00e3o art\u00edstica e contextos variados e significativos, utilizando diferentes suportes e ferramentas.\u00a0<\/td><\/tr><\/tbody><\/table><\/figure>\n\n\n\n<figure class=\"wp-block-table aligncenter\"><table class=\"has-background\" style=\"background-color:#f3f4f5\"><tbody><tr><td><strong>Refer\u00eancias &#8211; Texto elaborado com fins pedag\u00f3gicos.&nbsp;<\/strong><\/td><td>ANCHIETA, Magno. Artes Visuais. Apostila <em>on line<\/em>. 2010. Dispon\u00edvel em: &lt;<a href=\"https:\/\/pt.slideshare.net\/elizandraraquelazeveovelho\/artes-visuaisehistc3b3riadaarteensinomc3a9dio-2\">https:\/\/pt.slideshare.net\/elizandraraquelazeveovelho\/artes-visuaisehistc3b3riadaarteensinomc3a9dio-2<\/a>&gt; Acesso em: 30 jan 2021.<\/td><\/tr><\/tbody><\/table><\/figure>\n","protected":false},"author":33,"featured_media":126543,"template":"","ef_categoria":[14,22],"ef_ano":[87],"ef_componente":[99],"class_list":["post-126544","ensino_fundamental","type-ensino_fundamental","status-publish","has-post-thumbnail","hentry","ef_categoria-ciclo-da-infancia-de","ef_categoria-corpo-e-movimento-ciclo-da-infancia-de","ef_ano-4o-ano","ef_componente-arte-ef","entry","has-media"],"acf":[],"_links":{"self":[{"href":"https:\/\/sme.goiania.go.gov.br\/conexaoescola\/wp-json\/wp\/v2\/ensino_fundamental\/126544","targetHints":{"allow":["GET"]}}],"collection":[{"href":"https:\/\/sme.goiania.go.gov.br\/conexaoescola\/wp-json\/wp\/v2\/ensino_fundamental"}],"about":[{"href":"https:\/\/sme.goiania.go.gov.br\/conexaoescola\/wp-json\/wp\/v2\/types\/ensino_fundamental"}],"author":[{"embeddable":true,"href":"https:\/\/sme.goiania.go.gov.br\/conexaoescola\/wp-json\/wp\/v2\/users\/33"}],"version-history":[{"count":0,"href":"https:\/\/sme.goiania.go.gov.br\/conexaoescola\/wp-json\/wp\/v2\/ensino_fundamental\/126544\/revisions"}],"wp:featuredmedia":[{"embeddable":true,"href":"https:\/\/sme.goiania.go.gov.br\/conexaoescola\/wp-json\/wp\/v2\/media\/126543"}],"wp:attachment":[{"href":"https:\/\/sme.goiania.go.gov.br\/conexaoescola\/wp-json\/wp\/v2\/media?parent=126544"}],"wp:term":[{"taxonomy":"ef_categoria","embeddable":true,"href":"https:\/\/sme.goiania.go.gov.br\/conexaoescola\/wp-json\/wp\/v2\/ef_categoria?post=126544"},{"taxonomy":"ef_ano","embeddable":true,"href":"https:\/\/sme.goiania.go.gov.br\/conexaoescola\/wp-json\/wp\/v2\/ef_ano?post=126544"},{"taxonomy":"ef_componente","embeddable":true,"href":"https:\/\/sme.goiania.go.gov.br\/conexaoescola\/wp-json\/wp\/v2\/ef_componente?post=126544"}],"curies":[{"name":"wp","href":"https:\/\/api.w.org\/{rel}","templated":true}]}}