{"id":126540,"date":"2021-03-17T07:00:00","date_gmt":"2021-03-17T10:00:00","guid":{"rendered":"https:\/\/sme.goiania.go.gov.br\/conexaoescola\/?post_type=ensino_fundamental&#038;p=126540"},"modified":"2021-11-11T12:36:59","modified_gmt":"2021-11-11T14:36:59","slug":"arte-os-principais-elementos-que-compoem-as-artes-visuais","status":"publish","type":"ensino_fundamental","link":"https:\/\/sme.goiania.go.gov.br\/conexaoescola\/ensino_fundamental\/arte-os-principais-elementos-que-compoem-as-artes-visuais\/","title":{"rendered":"Arte &#8211; Os principais elementos que comp\u00f5em as artes visuais."},"content":{"rendered":"\n<p class=\"has-text-align-center has-pale-cyan-blue-background-color has-text-color has-background\" style=\"color:#000000\"><em>Ol\u00e1, estudante! Esta videoaula de <\/em><strong><em>ARTE \u2013&nbsp;<\/em><\/strong><em>Artes Visuais, foi veiculada na TV no dia&nbsp;<\/em><em style=\"\"><b>17\/03\/2021 (<\/b><\/em><strong><em>Quarta-feira)<\/em><\/strong><em>. aqui no Portal Conex\u00e3o Escola ela est\u00e1 dispon\u00edvel juntamente com a proposta de atividade.<\/em><\/p>\n\n\n\n<p class=\"has-text-align-center has-text-color has-background\" style=\"background-color:#fff700;color:#000000\">Os v\u00e1rios elementos que comp\u00f5em as artes visuais como o ponto, a cor, a linha e a forma. Analise de imagens e de como esses elementos podem ser usados.<\/p>\n\n\n\n<p class=\"has-text-align-center\"><img fetchpriority=\"high\" decoding=\"async\" width=\"551\" height=\"329\" alt=\"Arte, Aquarelas, Artes E Of\u00edcios, Pinc\u00e9is, Em Branco\" src=\"https:\/\/lh3.googleusercontent.com\/K8rYdAx2m3G-wm5gySTAF3yxu7NyV3jqWAAZw2yJ2rVsxva4ooU3DT6JYEtbfWHKvwyT6NNCp27nJ7GCiy3rIi4bdAOCwWRaLZ5BQTuyk75w_DjjjxwkBOTsWxAmEnFIzPtAE9c\"><\/p>\n\n\n\n<p class=\"has-text-align-center has-luminous-vivid-amber-background-color has-text-color has-background\" style=\"color:#000000\">Assista a videoaula abaixo com o tema: Os principais elementos que comp\u00f5em as artes visuais.<\/p>\n\n\n\n<figure class=\"wp-block-embed is-type-video is-provider-youtube wp-block-embed-youtube wp-embed-aspect-16-9 wp-has-aspect-ratio\"><div class=\"wp-block-embed__wrapper\">\n<p class=\"responsive-video-wrap clr\"><iframe title=\"Arte  | 3\u00ba Ano  | Turma C  | Ciclo da Inf\u00e2ncia\" width=\"1200\" height=\"675\" src=\"https:\/\/www.youtube.com\/embed\/enPisGw3Wlk?feature=oembed\" frameborder=\"0\" allow=\"accelerometer; autoplay; clipboard-write; encrypted-media; gyroscope; picture-in-picture\" allowfullscreen><\/iframe><\/p>\n<\/div><figcaption>Arte | 3\u00ba Ano | Turma C | Ciclo da Inf\u00e2ncia<\/figcaption><\/figure>\n\n\n\n<p class=\"has-text-align-center has-text-color has-background\" style=\"background-color:#fceaea;color:#000000\">Os elementos visuais s\u00e3o os elementos b\u00e1sicos da linguagem visual, aquilo que vemos. Mas eles precisam estar dentro de um contexto para ganhar seu significado. Entre os v\u00e1rios elementos est\u00e3o a cor, o ponto, a linha, a forma, o plano e a textura. Vamos ver alguns desses elementos principais?<\/p>\n\n\n\n<p class=\"has-background\" style=\"background-color:#dab3ff\"><strong>O ponto<\/strong><\/p>\n\n\n\n<p class=\"has-text-align-center\"><strong><img decoding=\"async\" src=\"https:\/\/lh3.googleusercontent.com\/2mq7ev6kttuEBv7PqCWIvsiGePCL74FvHF9fu1pq1RMb59a4YjNJnBtcC1i-4gKBQcm2WmQJ_z7qntuopTjpNEj4LjHMjU2YWv2ZYWZScXhhxly6P4drGSH1_-UUXcNdUfnPA6s\" width=\"265\" height=\"265\"><\/strong><\/p>\n\n\n\n<p class=\"has-text-align-center has-text-color has-background\" style=\"background-color:#fceaea;color:#000000\">O menor elemento das artes visuais n\u00e3o \u00e9 o menos importante. Sozinho ele tem pouco significado, mas se eles se juntam produzem ideias de sombra, luz e tonalidade.<\/p>\n\n\n\n<p class=\"has-text-align-center has-text-color has-background\" style=\"background-color:#fceaea;color:#000000\">Assista ao v\u00eddeo abaixo para saber mais sobre \u201cO ponto\u201d:<\/p>\n\n\n\n<figure class=\"wp-block-embed is-type-video is-provider-youtube wp-block-embed-youtube wp-embed-aspect-16-9 wp-has-aspect-ratio\"><div class=\"wp-block-embed__wrapper\">\n<p class=\"responsive-video-wrap clr\"><iframe title=\"S\u00e9rie Linguagem Visual - Ponto\" width=\"1200\" height=\"675\" src=\"https:\/\/www.youtube.com\/embed\/tJfy5m_D1sM?start=37&#038;feature=oembed\" frameborder=\"0\" allow=\"accelerometer; autoplay; clipboard-write; encrypted-media; gyroscope; picture-in-picture\" allowfullscreen><\/iframe><\/p>\n<\/div><figcaption>S\u00e9rie Linguagem Visual &#8211; Ponto<\/figcaption><\/figure>\n\n\n\n<p class=\"has-background\" style=\"background-color:#dab3ff\"><strong><strong>A linha<\/strong><\/strong><\/p>\n\n\n\n<p class=\"has-text-align-center\"><strong><img decoding=\"async\" src=\"https:\/\/lh3.googleusercontent.com\/Hpov1Z7SzwHAFsaEZ-DtciVtFZmJdI2GH2lWEN7XAeHGDSQD-GctrZFvj2yEcU_GGgq1SZ---Zei8MwMu3kQ6BhXb0wDh__Da0pN6eZRpoLtlwOZ215k-Iguvi38oRhV0DCafkc\" width=\"452\" height=\"151\"><\/strong><\/p>\n\n\n\n<p class=\"has-text-align-center has-text-color has-background\" style=\"background-color:#fceaea;color:#000000\">A linha tamb\u00e9m \u00e9 outro elemento importante. Pode ser usada reta, curva ou de forma mais complexa, tracejada ou n\u00e3o. Vamos ver um pouco mais sobre a linha?<\/p>\n\n\n\n<p class=\"has-text-align-center has-text-color has-background\" style=\"background-color:#fceaea;color:#000000\">Assista ao v\u00eddeo abaixo para saber mais sobre \u201cA linha\u201d:<\/p>\n\n\n\n<figure class=\"wp-block-embed is-type-video is-provider-youtube wp-block-embed-youtube wp-embed-aspect-16-9 wp-has-aspect-ratio\"><div class=\"wp-block-embed__wrapper\">\n<p class=\"responsive-video-wrap clr\"><iframe title=\"S\u00e9rie Linguagem Visual - Linha\" width=\"1200\" height=\"675\" src=\"https:\/\/www.youtube.com\/embed\/cH99yMOx3fY?feature=oembed\" frameborder=\"0\" allow=\"accelerometer; autoplay; clipboard-write; encrypted-media; gyroscope; picture-in-picture\" allowfullscreen><\/iframe><\/p>\n<\/div><figcaption>S\u00e9rie Linguagem Visual &#8211; Linha<\/figcaption><\/figure>\n\n\n\n<p class=\"has-background\" style=\"background-color:#dab3ff\"><strong><strong><strong>A forma<\/strong><\/strong><\/strong><\/p>\n\n\n\n<p class=\"has-text-align-center\"><strong><img loading=\"lazy\" decoding=\"async\" src=\"https:\/\/lh6.googleusercontent.com\/Z6oaGf482CgaMi8hXo_qG2SexfNqJZ6EYmD-4CHa_zN2ycOYr4e45a22yin3A2dvC5iycbRYHNFsOyMlxKo3bYCvA9D38MNWSRcwrbSyiMIA_JahfY1IndZbJ-Bst1D8Owu_y8I\" width=\"256\" height=\"257\"><\/strong><\/p>\n\n\n\n<p class=\"has-text-align-center has-text-color has-background\" style=\"background-color:#fceaea;color:#000000\">As formas b\u00e1sicas como o quadrado, o c\u00edrculo e o tri\u00e2ngulo n\u00f3s vimos e como delas podem surgir novas formas representando as formas reais ou imagin\u00e1rias.<\/p>\n\n\n\n<p class=\"has-text-align-center has-text-color has-background\" style=\"background-color:#fceaea;color:#000000\">Para saber um pouco mais, assista ao v\u00eddeo a seguir: \u201cA forma\u201d:<\/p>\n\n\n\n<figure class=\"wp-block-embed aligncenter is-type-video is-provider-youtube wp-block-embed-youtube wp-embed-aspect-16-9 wp-has-aspect-ratio\"><div class=\"wp-block-embed__wrapper\">\n<p class=\"responsive-video-wrap clr\"><iframe title=\"S\u00e9rie Linguagem Visual - Forma\" width=\"1200\" height=\"675\" src=\"https:\/\/www.youtube.com\/embed\/AYwVV73gQ3c?feature=oembed\" frameborder=\"0\" allow=\"accelerometer; autoplay; clipboard-write; encrypted-media; gyroscope; picture-in-picture\" allowfullscreen><\/iframe><\/p>\n<\/div><figcaption>S\u00e9rie Linguagem Visual &#8211; Forma<\/figcaption><\/figure>\n\n\n\n<p class=\"has-background\" style=\"background-color:#dab3ff\"><strong><strong><strong><strong>A cor<\/strong><\/strong><\/strong><\/strong><\/p>\n\n\n\n<p class=\"has-text-align-center\"><strong><img loading=\"lazy\" decoding=\"async\" src=\"https:\/\/lh5.googleusercontent.com\/tpD6eg7QeaAfbU9SU8Cd5rcfog5KcBbvS9TPmkA9da-LhDtnXF4cVlCis5Hfn6cTVaN2RdpFlQd3UEvI5V3pMQDL8fw97DyXA-3bD_EOQQBJ6JSbYJbynv_3oYyv3v1nck0Dwy8\" width=\"264\" height=\"265\"><\/strong><\/p>\n\n\n\n<p class=\"has-text-align-center has-text-color has-background\" style=\"background-color:#fceaea;color:#000000\">A cor \u00e9 um dos elementos mais importantes das artes visuais. As cores prim\u00e1rias s\u00e3o o amarelo, o vermelho e o azul. A partir da mistura dessas cores podemos criar outras cores, como as cores secund\u00e1rias: laranja (mistura do amarelo com o vermelho), o verde (mistura do azul com o amarelo) e o roxo (mistura do vermelho com azul). Assim \u00e9 poss\u00edvel colorir qualquer arte feita.<\/p>\n\n\n\n<p class=\"has-text-align-center has-text-color has-background\" style=\"background-color:#fceaea;color:#000000\">Assista ao v\u00eddeo a seguir e saiba um pouco mais sobre \u201cA cor\u201d:<\/p>\n\n\n\n<figure class=\"wp-block-embed aligncenter is-type-video is-provider-youtube wp-block-embed-youtube wp-embed-aspect-16-9 wp-has-aspect-ratio\"><div class=\"wp-block-embed__wrapper\">\n<p class=\"responsive-video-wrap clr\"><iframe title=\"S\u00e9rie Linguagem Visual - Cor\" width=\"1200\" height=\"675\" src=\"https:\/\/www.youtube.com\/embed\/1UVrezHRlE0?feature=oembed\" frameborder=\"0\" allow=\"accelerometer; autoplay; clipboard-write; encrypted-media; gyroscope; picture-in-picture\" allowfullscreen><\/iframe><\/p>\n<\/div><figcaption>S\u00e9rie Linguagem Visual &#8211; Cor<\/figcaption><\/figure>\n\n\n\n<p class=\"has-luminous-vivid-amber-background-color has-text-color has-background\" style=\"color:#000000\"><strong>Atividade 1<\/strong><\/p>\n\n\n\n<p class=\"has-text-align-center has-text-color has-background\" style=\"background-color:#caf3e2;color:#000000\">Em um papel branco, use l\u00e1pis de cor para misturar as cores prim\u00e1rias conforme abaixo para descobrir as cores secund\u00e1rias e formar novas cores.<\/p>\n\n\n\n<figure class=\"wp-block-table aligncenter\"><table><tbody><tr><td>Amarelo e vermelho<\/td><td>Amarelo e azul<\/td><td>Vermelho e azul<\/td><\/tr><\/tbody><\/table><\/figure>\n\n\n\n<p class=\"has-luminous-vivid-amber-background-color has-text-color has-background\" style=\"color:#000000\"><strong>Atividade 2<\/strong><\/p>\n\n\n\n<p class=\"has-text-align-center has-text-color has-background\" style=\"background-color:#caf3e2;color:#000000\">Use a criatividade, leia poema abaixo e crie seu desenho conforme for lendo utilizando os elementos b\u00e1sicos das artes visuais estudados. N\u00e3o esque\u00e7a de colorir bem bonito.<\/p>\n\n\n\n<figure class=\"wp-block-table aligncenter\"><table class=\"has-background\" style=\"background-color:#fcf0ef\"><tbody><tr><td class=\"has-text-align-center\" data-align=\"center\"><strong>O palha\u00e7o<\/strong><br>&nbsp;<br>O palha\u00e7o Manoel<br>Tinha a cabe\u00e7a que parecia um pastel<br>Sua boca vermelha<br>Ia de orelha a orelha<br>Seus bra\u00e7os eram finos<br>Mas era capaz de levantar v\u00e1rios meninos<br>Tinha a cal\u00e7a quadrada feito o Bob esponja<br>Mas sua camisa colorida chamava a aten\u00e7\u00e3o<br>De quem na rua passava<br>Fosse menino ou menina<br>N\u00e3o havia quem n\u00e3o lhe abra\u00e7ava<br>Seus sapatos enormes eram cheios de bolinhas<br>Em dia de lua cheia<br>O palha\u00e7o Manoel gostava de olhar para o c\u00e9u<br>E dan\u00e7ava alegremente at\u00e9 ao circo voltar<br>O circo? Ah, o circo era colorido e triangular!<br><strong>Autor: Valdeir Ces\u00e1rio<\/strong><\/td><\/tr><\/tbody><\/table><\/figure>\n\n\n\n<p class=\"has-text-align-center has-text-color has-background\" style=\"background-color:#fff700;color:#000000\">Relembrando o que aprendemos hoje.<\/p>\n\n\n\n<p>Elementos b\u00e1sicos da linguagem visual:<\/p>\n\n\n\n<ul class=\"wp-block-list\"><li>O Ponto<\/li><li>A Linha<\/li><li>A Forma<\/li><li>A Cor<\/li><\/ul>\n\n\n\n<figure class=\"wp-block-table alignwide\"><table class=\"has-background\" style=\"background-color:#f3f4f5\"><tbody><tr><td><strong>Habilidade estruturante:<\/strong><\/td><td>(GO-EF04AR02-A) Explorar, reconhecer e produzir criativamente os elementos constitutivos das artes visuais, tais como: o ponto, a forma, a cor, o espa\u00e7o, o movimento, a textura, os planos, a perspectiva, como componentes fundamentais para a composi\u00e7\u00e3o e cria\u00e7\u00e3o art\u00edstica e contextos variados e significativos, utilizando diferentes suportes e ferramentas.&nbsp;<\/td><\/tr><\/tbody><\/table><\/figure>\n","protected":false},"author":33,"featured_media":126543,"template":"","ef_categoria":[13,17],"ef_ano":[86],"ef_componente":[99],"class_list":["post-126540","ensino_fundamental","type-ensino_fundamental","status-publish","has-post-thumbnail","hentry","ef_categoria-ciclo-da-infancia-abc","ef_categoria-corpo-e-movimento","ef_ano-3o-ano","ef_componente-arte-ef","entry","has-media"],"acf":[],"_links":{"self":[{"href":"https:\/\/sme.goiania.go.gov.br\/conexaoescola\/wp-json\/wp\/v2\/ensino_fundamental\/126540","targetHints":{"allow":["GET"]}}],"collection":[{"href":"https:\/\/sme.goiania.go.gov.br\/conexaoescola\/wp-json\/wp\/v2\/ensino_fundamental"}],"about":[{"href":"https:\/\/sme.goiania.go.gov.br\/conexaoescola\/wp-json\/wp\/v2\/types\/ensino_fundamental"}],"author":[{"embeddable":true,"href":"https:\/\/sme.goiania.go.gov.br\/conexaoescola\/wp-json\/wp\/v2\/users\/33"}],"version-history":[{"count":0,"href":"https:\/\/sme.goiania.go.gov.br\/conexaoescola\/wp-json\/wp\/v2\/ensino_fundamental\/126540\/revisions"}],"wp:featuredmedia":[{"embeddable":true,"href":"https:\/\/sme.goiania.go.gov.br\/conexaoescola\/wp-json\/wp\/v2\/media\/126543"}],"wp:attachment":[{"href":"https:\/\/sme.goiania.go.gov.br\/conexaoescola\/wp-json\/wp\/v2\/media?parent=126540"}],"wp:term":[{"taxonomy":"ef_categoria","embeddable":true,"href":"https:\/\/sme.goiania.go.gov.br\/conexaoescola\/wp-json\/wp\/v2\/ef_categoria?post=126540"},{"taxonomy":"ef_ano","embeddable":true,"href":"https:\/\/sme.goiania.go.gov.br\/conexaoescola\/wp-json\/wp\/v2\/ef_ano?post=126540"},{"taxonomy":"ef_componente","embeddable":true,"href":"https:\/\/sme.goiania.go.gov.br\/conexaoescola\/wp-json\/wp\/v2\/ef_componente?post=126540"}],"curies":[{"name":"wp","href":"https:\/\/api.w.org\/{rel}","templated":true}]}}