{"id":126534,"date":"2021-03-17T07:00:00","date_gmt":"2021-03-17T10:00:00","guid":{"rendered":"https:\/\/sme.goiania.go.gov.br\/conexaoescola\/?post_type=ensino_fundamental&#038;p=126534"},"modified":"2026-02-06T16:47:26","modified_gmt":"2026-02-06T19:47:26","slug":"ciencias-propagacao-do-calor","status":"publish","type":"ensino_fundamental","link":"https:\/\/sme.goiania.go.gov.br\/conexaoescola\/ensino_fundamental\/ciencias-propagacao-do-calor\/","title":{"rendered":"Ci\u00eancias da Natureza: A ENERGIA NO SEU DIA A DIA"},"content":{"rendered":"\n<p class=\"has-very-light-gray-background-color has-background has-medium-font-size\"><em>Ol\u00e1, educando (a)!Esta videoaula de&nbsp;<strong>&nbsp;Ci\u00eancias da Natureza&nbsp;<\/strong>\u2013&nbsp;<strong><span class=\"has-inline-color has-vivid-red-color\">para&nbsp;8\u00ba Ano\/ Agrupamento H do Ciclo da Adolesc\u00eancia<\/span><\/strong>&nbsp;&nbsp;\u2013 foi veiculada na TV no dia&nbsp;<\/em><strong><em>17\/03\/2021 (Quarta-feira)<\/em><\/strong><em>. Aqui no Portal Conex\u00e3o Escola, ela est\u00e1 dispon\u00edvel juntamente com a proposta de atividade.<\/em><\/p>\n\n\n\n<p class=\"has-medium-font-size\"><strong>Na videoaula de hoje, iremos identificar e classificar diferentes  fontes e tipos de energia<\/strong>, <strong>bem como reconhecer as variedades da l\u00edngua falada. <\/strong><\/p>\n\n\n\n<figure class=\"wp-block-image size-large\"><img fetchpriority=\"high\" decoding=\"async\" width=\"960\" height=\"480\" src=\"https:\/\/sme.goiania.go.gov.br\/conexaoescola\/wp-content\/uploads\/2021\/03\/ENE-e1615918759276.png\" alt=\"\" class=\"wp-image-126548\" srcset=\"https:\/\/sme.goiania.go.gov.br\/conexaoescola\/wp-content\/uploads\/2021\/03\/ENE-e1615918759276.png 960w, https:\/\/sme.goiania.go.gov.br\/conexaoescola\/wp-content\/uploads\/2021\/03\/ENE-e1615918759276-300x150.png 300w, https:\/\/sme.goiania.go.gov.br\/conexaoescola\/wp-content\/uploads\/2021\/03\/ENE-e1615918759276-768x384.png 768w\" sizes=\"(max-width: 960px) 100vw, 960px\" \/><figcaption class=\"wp-element-caption\">Tema: eletricidade. Fonte: pixabay.com<\/figcaption><\/figure>\n\n\n\n<hr class=\"wp-block-separator has-css-opacity\"\/>\n\n\n\n<p class=\"has-text-align-center has-very-dark-gray-background-color has-background has-medium-font-size\">             <span class=\"has-inline-color has-very-light-gray-color\">Assista a videoaula abaixo com a tem\u00e1tica:<\/span>                   &nbsp;<span class=\"has-inline-color has-vivid-cyan-blue-color\"><strong>A ENERGIA NO SEU DIA A DIA<\/strong><\/span><\/p>\n\n\n\n<figure class=\"wp-block-embed is-type-video is-provider-youtube wp-block-embed-youtube wp-embed-aspect-16-9 wp-has-aspect-ratio\"><div class=\"wp-block-embed__wrapper\">\n<p class=\"responsive-video-wrap clr\"><iframe title=\"8 ano - Ci\u00eancias - 17.03 - Bloco 1\" width=\"1200\" height=\"675\" src=\"https:\/\/www.youtube.com\/embed\/vpctyw6Y3Is?feature=oembed\" frameborder=\"0\" allow=\"accelerometer; autoplay; clipboard-write; encrypted-media; gyroscope; picture-in-picture\" allowfullscreen><\/iframe><\/p>\n<\/div><figcaption class=\"wp-element-caption\">8\u00ba ano\/ Agrupamento H &#8211; Ci\u00eancias da Natureza &#8211; Aula 1<\/figcaption><\/figure>\n\n\n\n<p class=\"has-medium-font-size\">Na videoaula acima, entendemos que o Universo \u00e9 constitu\u00eddo de mat\u00e9ria e energia, e que esta \u00faltima, \u00e9 bastante presente na vida da Terra.<\/p>\n\n\n\n<p class=\"has-medium-font-size\"> Compreendemos que, tratando-se da esp\u00e9cie humana, a energia sempre foi&nbsp; essencial \u00e0 sobreviv\u00eancia, desde os prim\u00f3rdios, e que na atualidade, h\u00e1 diversas matrizes energ\u00e9ticas, cujo conceito est\u00e1 relacionado \u00e0s fontes de energia dispon\u00edveis em uma regi\u00e3o, que podem ser classificadas como n\u00e3o renov\u00e1veis e renov\u00e1veis.<\/p>\n\n\n\n<p class=\"has-medium-font-size\">Percebemos que a  palavra \u201cenergia\u201d pode ser usada em diversos contextos, por exemplo, \u201ccomer para obter energia\u201d, \u201cfalta de energia no bairro\u201d ou mesmo como sin\u00f4nimo de vigor. Por\u00e9m, aprendemos que apesar de ser usada em v\u00e1rios contextos diferentes, o uso cient\u00edfico da palavra energia tem um significado bem definido e preciso. <\/p>\n\n\n\n<p class=\"has-vivid-cyan-blue-background-color has-background has-medium-font-size\"><strong>ATIVIDADE 1<\/strong><\/p>\n\n\n\n<p class=\"has-medium-font-size\">Embora a palavra energia seja muito usada em diversas express\u00f5es no nosso dia a dia, \u00e9 necess\u00e1rio compreender as caracter\u00edsticas da energia para poder conceitu\u00e1-la. Leia o texto para saber mais sobre o assunto:<\/p>\n\n\n\n<p><a href=\"https:\/\/www.epe.gov.br\/pt\/abcdenergia\/o-que-e-energia\" target=\"_blank\" rel=\"noreferrer noopener\">https:\/\/www.epe.gov.br\/pt\/abcdenergia\/o-que-e-energia<\/a><\/p>\n\n\n\n<p class=\"has-vivid-cyan-blue-background-color has-background has-medium-font-size\"><strong>ATIVIDADE 2<\/strong><\/p>\n\n\n\n<p class=\"has-medium-font-size\">Baseado no texto acima,<strong> <\/strong>pegue seu caderno, material de escrever, o desejo de aprender e responda \u00e0s quest\u00f5es a seguir:<\/p>\n\n\n\n<ul class=\"wp-block-list\">\n<li class=\"has-medium-font-size\">Quais foram as primeiras formas de energia utilizadas pela humanidade, e como faziam parte da vida das pessoas?<\/li>\n\n\n\n<li class=\"has-medium-font-size\">Escreva com suas pr\u00f3prias palavras, o que \u00e9 energia.<\/li>\n<\/ul>\n\n\n\n<p class=\"has-vivid-cyan-blue-background-color has-background has-medium-font-size\"><strong>ATIVIDADE 3<\/strong><\/p>\n\n\n\n<p class=\"has-medium-font-size\">Chamamos de matriz energ\u00e9tica as diversas fontes de energia dispon\u00edveis em uma regi\u00e3o. Nesse sentido, h\u00e1 as fontes n\u00e3o renov\u00e1veis e as renov\u00e1veis. As primeiras t\u00eam como mat\u00e9ria-prima recursos que s\u00e3o escassos, finitos e cuja utiliza\u00e7\u00e3o tende a provocar emiss\u00f5es de gases poluentes na atmosfera. De acordo com a imagem abaixo, identifique qual a fonte de energia predominante no Brasil, e depois, pesquise e escreva em seu caderno, quais as vantagens e desvantagens do uso dessa energia.<\/p>\n\n\n<div class=\"wp-block-image\">\n<figure class=\"aligncenter size-large is-resized\"><img decoding=\"async\" width=\"723\" height=\"433\" src=\"https:\/\/sme.goiania.go.gov.br\/conexaoescola\/wp-content\/uploads\/2021\/03\/ENERGIA-e1615918260612.png\" alt=\"\" class=\"wp-image-126546\" style=\"width:360px;height:215px\" srcset=\"https:\/\/sme.goiania.go.gov.br\/conexaoescola\/wp-content\/uploads\/2021\/03\/ENERGIA-e1615918260612.png 723w, https:\/\/sme.goiania.go.gov.br\/conexaoescola\/wp-content\/uploads\/2021\/03\/ENERGIA-e1615918260612-300x180.png 300w\" sizes=\"(max-width: 723px) 100vw, 723px\" \/><figcaption class=\"wp-element-caption\">Fonte: Empresa de Pesquisa Energ\u00e9tica. Dispon\u00edvel : <a href=\"https:\/\/www.epe.gov.br\/sites-pt\/abcdenergia\/PublishingImages\/Matriz%20energ%c3%a9tica\/05-%20energetica%20renovaveis.png\">https:\/\/www.epe.gov.br\/sites-pt\/abcdenergia\/PublishingImages\/Matriz%20energ%c3%a9tica\/05-%20energetica%20renovaveis.png<\/a><\/figcaption><\/figure><\/div>\n\n\n<p class=\"has-vivid-cyan-blue-background-color has-background has-medium-font-size\"><strong>ATIVIDADE 4<\/strong><\/p>\n\n\n\n<p class=\"has-medium-font-size\">Voc\u00ea consegue imaginar como seria o seu dia a dia sem energia el\u00e9trica? Seria bem complicado, n\u00e3o \u00e9 mesmo?! Em uma vila chamada Jericoacoara, no Cear\u00e1, a energia el\u00e9trica s\u00f3 chegou no ano de 1998. Em uma webs\u00e9rie chamada Para\u00edso de Energia, produzida pela Enel, a comerciante Dona Ba\u00edca faz um relato pessoal, sobre a vida com e sem energia el\u00e9trica. Veja abaixo e analise como a referida senhora se expressou originalmente, e tamb\u00e9m como esse trecho foi escrito no texto:<\/p>\n\n\n<div class=\"wp-block-image\">\n<figure class=\"aligncenter size-large\"><img decoding=\"async\" width=\"403\" height=\"196\" src=\"https:\/\/sme.goiania.go.gov.br\/conexaoescola\/wp-content\/uploads\/2021\/03\/BANANADA-e1615918677675.jpg\" alt=\"\" class=\"wp-image-126547\" srcset=\"https:\/\/sme.goiania.go.gov.br\/conexaoescola\/wp-content\/uploads\/2021\/03\/BANANADA-e1615918677675.jpg 403w, https:\/\/sme.goiania.go.gov.br\/conexaoescola\/wp-content\/uploads\/2021\/03\/BANANADA-e1615918677675-300x146.jpg 300w\" sizes=\"(max-width: 403px) 100vw, 403px\" \/><figcaption class=\"wp-element-caption\">Fonte: Webs\u00e9rie Para\u00edso de Energia. Dispon\u00edvel em: <a href=\"https:\/\/www.youtube.com\/watch?v=iGhZII1US7s&amp;feature=youtu.be\"><em>https:\/\/www.youtube.com\/watch?v=iGhZII1US7s&amp;feature=youtu.be<\/em><\/a><\/figcaption><\/figure><\/div>\n\n<div class=\"wp-block-image\">\n<figure class=\"aligncenter size-large is-resized\"><img loading=\"lazy\" decoding=\"async\" width=\"365\" height=\"95\" src=\"https:\/\/sme.goiania.go.gov.br\/conexaoescola\/wp-content\/uploads\/2021\/03\/rep-e1615918984557.jpg\" alt=\"\" class=\"wp-image-126549\" style=\"width:517px;height:135px\" srcset=\"https:\/\/sme.goiania.go.gov.br\/conexaoescola\/wp-content\/uploads\/2021\/03\/rep-e1615918984557.jpg 365w, https:\/\/sme.goiania.go.gov.br\/conexaoescola\/wp-content\/uploads\/2021\/03\/rep-e1615918984557-300x78.jpg 300w\" sizes=\"(max-width: 365px) 100vw, 365px\" \/><figcaption class=\"wp-element-caption\">Fonte: Enel. Dispon\u00edvel em: <a href=\"https:\/\/www.enel.com.br\/pt-goias\/historias\/a202011-faca-se-a-luz-a-chegada-da-energia-eletrica-a-jericoacoara.html\">https:\/\/www.enel.com.br\/pt-goias\/historias\/a202011-faca-se-a-luz-a-chegada-da-energia-eletrica-a-jericoacoara.html<\/a><\/figcaption><\/figure><\/div>\n\n\n<p class=\"has-vivid-cyan-blue-background-color has-background has-medium-font-size\"><strong>ATIVIDADE 5<\/strong><\/p>\n\n\n\n<p class=\"has-medium-font-size\">Agora \u00e9 com voc\u00ea! Baseado na sua an\u00e1lise da imagem do v\u00eddeo e do trecho do texto,<strong> <\/strong>reflita: Por que ser\u00e1 que a palavra \u201ch\u00f4mi\u201d est\u00e1 entre aspas na legenda do v\u00eddeo, e n\u00e3o foi registrada no texto? Ser\u00e1 que pode ser afirmado que a Dona Ba\u00edca \u201cfalou errado\u201d, ou \u00e9 mais adequado considerar que trata-se de uma varia\u00e7\u00e3o lingu\u00edstica? Por qual motivo? Escreva no caderno suas conclus\u00f5es (caso julgue necess\u00e1rio, pesquise no livro de L\u00edngua Portuguesa em sites educacionais sobre \u201cvaria\u00e7\u00e3o lingu\u00edstica\u201d e \u201cpreconceito lingu\u00edstico\u201d).<\/p>\n\n\n\n<hr class=\"wp-block-separator has-css-opacity\"\/>\n\n\n\n<figure class=\"wp-block-table\"><table><tbody><tr><td>Referencial Bibliogr\u00e1fico<\/td><td>BRASIL. Matriz Energ\u00e9tica. Empresa Pesquisa Energ\u00e9tica &#8211; EPE. Dispon\u00edvel em &lt;<a href=\"http:\/\/tinyurl.com\/1uscqtbx\">tinyurl.com\/1uscqtbx<\/a>&gt;. Acesso em fev 2021.<br>______. O que \u00e9 Energia. Empresa Pesquisa Energ\u00e9tica &#8211; EPE. Dispon\u00edvel em &lt;<a href=\"http:\/\/tinyurl.com\/2kpmco3f\">tinyurl.com\/2kpmco3f<\/a>&gt;. Acesso em fev 2021.<br>ENEL BRASIL. Jericoacoara Ep. 02: Fez-se a luz! A chegada da energia \u00e0 vila. YouTube. Dispon\u00edvel em &lt;<a href=\"http:\/\/tinyurl.com\/10nitj3y\">tinyurl.com\/10nitj3y<\/a>&gt;. Acesso em fev 2021.<br>JPLENIO. Electricidade, P\u00f3los de Poder, Linhas de Energia. Pixabay. Dispon\u00edvel em &lt;<a href=\"http:\/\/tinyurl.com\/14ggmj1t\">tinyurl.com\/14ggmj1t<\/a>&gt;. Acesso em fev 2021.<\/td><\/tr><\/tbody><\/table><\/figure>\n\n\n\n<hr class=\"wp-block-separator has-css-opacity\"\/>\n\n\n\n<figure class=\"wp-block-table\"><table><tbody><tr><td>Componente Curricular<\/td><td>Habilidades <\/td><\/tr><tr><td>Ci\u00eancias da Natureza<\/td><td>Estruturante:<br>(EF08CI01-A\/B\/C) Identificar e classificar diferentes fontes, renov\u00e1veis e n\u00e3o renov\u00e1veis, bem como tipos de energia utilizados em resid\u00eancias, comunidades ou cidades ao longo da hist\u00f3ria, demonstrando a matriz energ\u00e9tica do Estado de Goi\u00e1s.<\/td><\/tr><tr><td>L\u00edngua Portuguesa<\/td><td>Estruturante:<br>(EF69LP55) Reconhecer as variedades da l\u00edngua falada, o conceito de norma-padr\u00e3o e o de preconceito lingu\u00edstico.<\/td><\/tr><\/tbody><\/table><\/figure>\n","protected":false},"author":17,"featured_media":126548,"template":"","ef_categoria":[16,33],"ef_ano":[91],"ef_componente":[98],"class_list":["post-126534","ensino_fundamental","type-ensino_fundamental","status-publish","has-post-thumbnail","hentry","ef_categoria-ciclo-da-adolescencia-hi","ef_categoria-educacao-ambiental-e-saude-ciclo-da-adolescencia-hi","ef_ano-8o-ano","ef_componente-ciencia-da-natureza-ef","entry","has-media"],"acf":[],"_links":{"self":[{"href":"https:\/\/sme.goiania.go.gov.br\/conexaoescola\/wp-json\/wp\/v2\/ensino_fundamental\/126534","targetHints":{"allow":["GET"]}}],"collection":[{"href":"https:\/\/sme.goiania.go.gov.br\/conexaoescola\/wp-json\/wp\/v2\/ensino_fundamental"}],"about":[{"href":"https:\/\/sme.goiania.go.gov.br\/conexaoescola\/wp-json\/wp\/v2\/types\/ensino_fundamental"}],"author":[{"embeddable":true,"href":"https:\/\/sme.goiania.go.gov.br\/conexaoescola\/wp-json\/wp\/v2\/users\/17"}],"version-history":[{"count":2,"href":"https:\/\/sme.goiania.go.gov.br\/conexaoescola\/wp-json\/wp\/v2\/ensino_fundamental\/126534\/revisions"}],"predecessor-version":[{"id":202593,"href":"https:\/\/sme.goiania.go.gov.br\/conexaoescola\/wp-json\/wp\/v2\/ensino_fundamental\/126534\/revisions\/202593"}],"wp:featuredmedia":[{"embeddable":true,"href":"https:\/\/sme.goiania.go.gov.br\/conexaoescola\/wp-json\/wp\/v2\/media\/126548"}],"wp:attachment":[{"href":"https:\/\/sme.goiania.go.gov.br\/conexaoescola\/wp-json\/wp\/v2\/media?parent=126534"}],"wp:term":[{"taxonomy":"ef_categoria","embeddable":true,"href":"https:\/\/sme.goiania.go.gov.br\/conexaoescola\/wp-json\/wp\/v2\/ef_categoria?post=126534"},{"taxonomy":"ef_ano","embeddable":true,"href":"https:\/\/sme.goiania.go.gov.br\/conexaoescola\/wp-json\/wp\/v2\/ef_ano?post=126534"},{"taxonomy":"ef_componente","embeddable":true,"href":"https:\/\/sme.goiania.go.gov.br\/conexaoescola\/wp-json\/wp\/v2\/ef_componente?post=126534"}],"curies":[{"name":"wp","href":"https:\/\/api.w.org\/{rel}","templated":true}]}}