{"id":126155,"date":"2021-03-12T06:54:00","date_gmt":"2021-03-12T09:54:00","guid":{"rendered":"https:\/\/sme.goiania.go.gov.br\/conexaoescola\/?post_type=ensino_fundamental&#038;p=126155"},"modified":"2021-11-09T09:54:04","modified_gmt":"2021-11-09T11:54:04","slug":"geografia-o-sujeito-e-o-seu-lugar-no-mundo-goias-e-bao-demais","status":"publish","type":"ensino_fundamental","link":"https:\/\/sme.goiania.go.gov.br\/conexaoescola\/ensino_fundamental\/geografia-o-sujeito-e-o-seu-lugar-no-mundo-goias-e-bao-demais\/","title":{"rendered":"Geografia &#8211; O sujeito e o seu lugar no mundo: Goi\u00e1s \u00e9 b\u00e3o demais."},"content":{"rendered":"\n<p class=\"has-very-light-gray-background-color has-text-color has-background\" style=\"color:#000000;font-size:25px\">Ol\u00e1, educando (a)! Esta videoaula de Geografia foi veiculada na TV no dia 12 de Mar\u00e7o de 2021 (Sexta-Feira). Aqui no Portal Conex\u00e3o Escola, ela est\u00e1 dispon\u00edvel juntamente com a proposta de atividade.<\/p>\n\n\n\n<p class=\"has-pale-cyan-blue-background-color has-text-color has-background\" style=\"color:#000000;font-size:25px\">Hoje iremos falar um pouco sobre O povoamento de Goi\u00e1s. Os primeiros povoados goianos foram criados perto das minas de ouro. O com\u00e9rcio era feito pelos tropeiros que transportavam mercadorias no lombo de burros, vindos de S\u00e3o Paulo. O rio Vermelho, que corta a atual cidade de Goi\u00e1s, \u00e9 um dos marcos importantes da hist\u00f3ria goiana, afinal, em suas margens, muito ouro foi retirado e os primeiros vilarejos come\u00e7aram a se formar.<\/p>\n\n\n\n<figure class=\"wp-block-image size-large\"><img fetchpriority=\"high\" decoding=\"async\" width=\"724\" height=\"1024\" src=\"https:\/\/sme.goiania.go.gov.br\/conexaoescola\/wp-content\/uploads\/2021\/03\/regioes_de_planejamento_do_estado_de_goias-scaled-e1614775405761-724x1024.jpg\" alt=\"\" class=\"wp-image-126156\" srcset=\"https:\/\/sme.goiania.go.gov.br\/conexaoescola\/wp-content\/uploads\/2021\/03\/regioes_de_planejamento_do_estado_de_goias-scaled-e1614775405761-724x1024.jpg 724w, https:\/\/sme.goiania.go.gov.br\/conexaoescola\/wp-content\/uploads\/2021\/03\/regioes_de_planejamento_do_estado_de_goias-scaled-e1614775405761-212x300.jpg 212w, https:\/\/sme.goiania.go.gov.br\/conexaoescola\/wp-content\/uploads\/2021\/03\/regioes_de_planejamento_do_estado_de_goias-scaled-e1614775405761-768x1086.jpg 768w, https:\/\/sme.goiania.go.gov.br\/conexaoescola\/wp-content\/uploads\/2021\/03\/regioes_de_planejamento_do_estado_de_goias-scaled-e1614775405761-1086x1536.jpg 1086w, https:\/\/sme.goiania.go.gov.br\/conexaoescola\/wp-content\/uploads\/2021\/03\/regioes_de_planejamento_do_estado_de_goias-scaled-e1614775405761-1448x2048.jpg 1448w, https:\/\/sme.goiania.go.gov.br\/conexaoescola\/wp-content\/uploads\/2021\/03\/regioes_de_planejamento_do_estado_de_goias-scaled-e1614775405761.jpg 1810w\" sizes=\"(max-width: 724px) 100vw, 724px\" \/><figcaption>Tem\u00e1tica: O sujeito e o seu lugar no mundo &#8211; Goi\u00e1s \u00e9 b\u00e3o demais. Fonte: Instituto Mauro Borges &#8211; IMB. Dispon\u00edvel em: &lt;<a href=\"https:\/\/www.imb.go.gov.br\/files\/docs\/mapas\/base-fisica-e-politica\/regioes_de_planejamento_do_estado_de_goias.jpg\">https:\/\/www.imb.go.gov.br\/files\/docs\/mapas\/base-fisica-e-politica\/regioes_de_planejamento_do_estado_de_goias.jpg<\/a>&gt;. Acesso em: 11 de Fevereiro de 2021.<\/figcaption><\/figure>\n\n\n\n<hr class=\"wp-block-separator\"\/>\n\n\n\n<p class=\"has-pale-cyan-blue-background-color has-text-color has-background\" style=\"color:#000000;font-size:25px\">Assista a videoaula abaixo, com a tem\u00e1tica:&nbsp;O sujeito e o seu lugar no mundo: Goi\u00e1s \u00e9 b\u00e3o demais.<\/p>\n\n\n\n<figure class=\"wp-block-embed is-type-video is-provider-youtube wp-block-embed-youtube wp-embed-aspect-16-9 wp-has-aspect-ratio\"><div class=\"wp-block-embed__wrapper\">\n<p class=\"responsive-video-wrap clr\"><iframe title=\"5 ANO | E  | CICLO DA INF\u00c2NCIA  | GEOGRAFIA\" width=\"1200\" height=\"675\" src=\"https:\/\/www.youtube.com\/embed\/v_8dTLknLsc?feature=oembed\" frameborder=\"0\" allow=\"accelerometer; autoplay; clipboard-write; encrypted-media; gyroscope; picture-in-picture\" allowfullscreen><\/iframe><\/p>\n<\/div><figcaption>AGRUPAMENTO E | 5\u00ba ANO | CICLO DA INF\u00c2NCIA |GEOGRAFIA | PROF.\u00aa: JUSSARA<\/figcaption><\/figure>\n\n\n\n<hr class=\"wp-block-separator\"\/>\n\n\n\n<p class=\"has-text-align-center has-pale-cyan-blue-background-color has-text-color has-background\" style=\"color:#000000;font-size:30px\"><strong>A din\u00e2mica populacional no estado de Goi\u00e1s<\/strong><\/p>\n\n\n\n<p class=\"has-text-color\" style=\"color:#000000;font-size:25px\">Segundo Oliveira e Arrais, at\u00e9 o in\u00edcio do s\u00e9culo XVIII, o territ\u00f3rio goiano, fazia parte da capitania de S\u00e3o Paulo e, a popula\u00e7\u00e3o da \u00e1rea onde hoje \u00e9 o estado de Goi\u00e1s, era em sua maioria povos ind\u00edgenas. Devido \u00e0s descobertas de jazidas de ouro pr\u00f3ximo ao Rio Vermelho, o rei de Portugal, D. Jo\u00e3o VI, decidiu criar a capitania Minas dos Goyazes, separando-a da capitania de S\u00e3o Paulo, tal fato aconteceu em meados de 1749. Os autores ainda pontuam que, D. Pedro I, ap\u00f3s a Independ\u00eancia do Brasil (em 1822) elevou as capitanias \u00e0 prov\u00edncia, e, depois da Proclama\u00e7\u00e3o da Rep\u00fablica (em 1889), elas se tornaram Estados da federa\u00e7\u00e3o brasileira.&nbsp; Entre os anos de 1750 e 1804, a decad\u00eancia da minera\u00e7\u00e3o, devido ao esgotamento das minas, traduziu uma diminui\u00e7\u00e3o da popula\u00e7\u00e3o, e, a partir de 1860, a lavoura e a pecu\u00e1ria tornaram-se as atividades principais desta regi\u00e3o.<\/p>\n\n\n\n<p class=\"has-pale-cyan-blue-background-color has-text-color has-background\" style=\"color:#000000;font-size:28px\"><strong>Nosso cerrado goiano<\/strong><\/p>\n\n\n\n<p class=\"has-text-color\" style=\"color:#000000;font-size:25px\">Situado no cora\u00e7\u00e3o do Brasil, Goi\u00e1s ostenta a beleza singular do&nbsp;<strong>Cerrado<\/strong>, cuja vegeta\u00e7\u00e3o \u00e9 marcada por \u00e1rvores e arbustos tortuosos, cascas grossas e ra\u00edzes profundas. Uma das caracter\u00edsticas mais peculiares do bioma \u00e9 a flora, considerada a mais rica savana do mundo por abrigar pelo menos 11,6 mil esp\u00e9cies de plantas j\u00e1 catalogadas. O Cerrado cobre cerca de 70% do territ\u00f3rio goiano e \u00e9 o segundo maior bioma brasileiro, ficando atr\u00e1s somente da Amaz\u00f4nia.<\/p>\n\n\n\n<p class=\"has-text-color\" style=\"color:#000000;font-size:25px\">Observem a imagem do Fruta do Cerrado &#8211; Mama Cadela:<\/p>\n\n\n\n<div class=\"wp-block-image\"><figure class=\"aligncenter size-large\"><img decoding=\"async\" width=\"1024\" height=\"768\" src=\"https:\/\/sme.goiania.go.gov.br\/conexaoescola\/wp-content\/uploads\/2021\/03\/fruit-of-the-cerrado-1035660_1920-1024x768.jpg\" alt=\"\" class=\"wp-image-126157\" srcset=\"https:\/\/sme.goiania.go.gov.br\/conexaoescola\/wp-content\/uploads\/2021\/03\/fruit-of-the-cerrado-1035660_1920-1024x768.jpg 1024w, https:\/\/sme.goiania.go.gov.br\/conexaoescola\/wp-content\/uploads\/2021\/03\/fruit-of-the-cerrado-1035660_1920-300x225.jpg 300w, https:\/\/sme.goiania.go.gov.br\/conexaoescola\/wp-content\/uploads\/2021\/03\/fruit-of-the-cerrado-1035660_1920-768x576.jpg 768w, https:\/\/sme.goiania.go.gov.br\/conexaoescola\/wp-content\/uploads\/2021\/03\/fruit-of-the-cerrado-1035660_1920-1536x1152.jpg 1536w, https:\/\/sme.goiania.go.gov.br\/conexaoescola\/wp-content\/uploads\/2021\/03\/fruit-of-the-cerrado-1035660_1920.jpg 1920w\" sizes=\"(max-width: 1024px) 100vw, 1024px\" \/><figcaption>Dispon\u00edvel em: &lt;pixabay.com&gt;.<\/figcaption><\/figure><\/div>\n\n\n\n<p class=\"has-text-color\" style=\"color:#000000;font-size:25px\">O clima em Goi\u00e1s \u00e9 tropical, ou seja, a maior parte do ano as temperaturas s\u00e3o elevadas, o que se resume a ver\u00f5es chuvosos e invernos secos. As chuvas, s\u00e3o registradas entre outubro e abril. As&nbsp;<strong>temperaturas<\/strong>&nbsp;m\u00e9dias anuais variam entre 23\u00baC, ao Norte, e 20\u00baC ao Sul. Em meses de maior seca, como agosto e setembro, o term\u00f4metro costuma registrar um calor que gira em torno dos 34\u00baC, chegando aos 40\u00baC com facilidade nos \u00faltimos anos. J\u00e1 o per\u00edodo mais frio do ano abrange junho e julho, podendo chegar a 12\u00baC. Sobre o relevo, o territ\u00f3rio goiano apresenta baixa declividade, a maior parte do solo goiano \u00e9 formado por terras relativamente planas, os chamados chapad\u00f5es. \u00c0s margens dos rios Araguaia e Tocantins predominam ligeiras ondula\u00e7\u00f5es. Tal condi\u00e7\u00e3o favorece a agricultura e a pecu\u00e1ria, as maiores alavancas da economia goiana.<\/p>\n\n\n\n<p class=\"has-text-color\" style=\"color:#000000;font-size:25px\">Outra importante curiosidade sobre Goi\u00e1s diz respeito \u00e0&nbsp;<strong>hidrografia<\/strong>. \u00c9 dentro do territ\u00f3rio goiano que nascem drenagens alimentadoras de tr\u00eas importantes rios: Araguaia\/Tocantins, S\u00e3o Francisco e Paran\u00e1. O nosso ARAGUAIA \u00e9 a praia de \u00e1gua doce mais visitada por goianos e estrangeiros.<\/p>\n\n\n\n<p class=\"has-text-color\" style=\"color:#000000;font-size:25px\">Sob aspecto&nbsp;<strong>tur\u00edstico<\/strong>, a hidrografia goiana assume um papel protagonista. Al\u00e9m das cidades por onde passam rios atra\u00edram milhares de pessoas todos os anos \u2013 a exemplo de Aruan\u00e3, h\u00e1 ainda lagos e cachoeiras espalhados pelo Estado. Outro ponto forte s\u00e3o as<strong>&nbsp;\u00e1guas termais<\/strong>, um recurso natural localizado na regi\u00e3o de Caldas Novas e Rio Quente. Al\u00e9m das propriedades terap\u00eauticas, as \u00e1guas quentes s\u00e3o uma boa op\u00e7\u00e3o para o lazer.<\/p>\n\n\n\n<p class=\"has-text-color\" style=\"color:#000000;font-size:25px\">Observe a imagem da cidade de Caldas Novas (GO).<\/p>\n\n\n\n<div class=\"wp-block-image\"><figure class=\"aligncenter size-large\"><img decoding=\"async\" width=\"1024\" height=\"683\" src=\"https:\/\/sme.goiania.go.gov.br\/conexaoescola\/wp-content\/uploads\/2021\/03\/pool-4470540_1920-1024x683.jpg\" alt=\"\" class=\"wp-image-126159\" srcset=\"https:\/\/sme.goiania.go.gov.br\/conexaoescola\/wp-content\/uploads\/2021\/03\/pool-4470540_1920-1024x683.jpg 1024w, https:\/\/sme.goiania.go.gov.br\/conexaoescola\/wp-content\/uploads\/2021\/03\/pool-4470540_1920-300x200.jpg 300w, https:\/\/sme.goiania.go.gov.br\/conexaoescola\/wp-content\/uploads\/2021\/03\/pool-4470540_1920-768x512.jpg 768w, https:\/\/sme.goiania.go.gov.br\/conexaoescola\/wp-content\/uploads\/2021\/03\/pool-4470540_1920-1536x1024.jpg 1536w, https:\/\/sme.goiania.go.gov.br\/conexaoescola\/wp-content\/uploads\/2021\/03\/pool-4470540_1920.jpg 1920w\" sizes=\"(max-width: 1024px) 100vw, 1024px\" \/><figcaption>Dispon\u00edvel em: &lt;pixabay.com&gt;.<\/figcaption><\/figure><\/div>\n\n\n\n<p class=\"has-text-color\" style=\"color:#000000;font-size:25px\">E, por falar em \u00e1guas goianas, veja o nosso amado e rico RIO ARAGUAIA, retratado aqui na tela de Luciana Machado:<\/p>\n\n\n\n<p class=\"has-text-align-center\"><img loading=\"lazy\" decoding=\"async\" width=\"720\" height=\"452\" src=\"https:\/\/lh5.googleusercontent.com\/04TSYk1IBAYHBMvw2W6AMMSgLY6Ulnfr66ym5V9vLQpsFy4zdTd3eWsPR6h5Hn-shtODV1MKMbMZvCQAF77zUqov0t9yD3kFvAeyfdRjgVgmAryrBVyRmqCsPK0bQfTfYIAiLK4\"><\/p>\n\n\n\n<p class=\"has-text-color\" style=\"color:#000000;font-size:14px\">Fonte:&nbsp; A vida do Rio Araguaia est\u00e1 em nossas m\u00e3os\/ \u00d3leo sobre tela\/ 50&#215;70 cm\/ Luciana Machado 2019. Dispon\u00edvel em: &lt;<a href=\"https:\/\/www.facebook.com\/luciana.machadomoraislopes.7\">https:\/\/www.facebook.com\/luciana.machadomoraislopes.7<\/a>&gt;. Acesso em: 11 de Fevereiro de 2021.<\/p>\n\n\n\n<p class=\"has-cyan-bluish-gray-background-color has-text-color has-background\" style=\"color:#000000;font-size:25px\"><strong><span class=\"has-inline-color has-vivid-red-color\">Relembrando a aula<\/span><\/strong>&nbsp;\u2013 Goi\u00e1s \u00e9 b\u00e3o demais n\u00e9 n\u00e3o mo\u00e7ada! Hoje falamos um pouco da fauna, flora, hidrografia e a maior das riquezas que \u00e9 o povo goiano. O goiano tem um jeitinho particular de ser, de viver. Aqui em Goi\u00e1s impera a simplicidade, a amizade, o contato com a natureza, temos cheiro de gostosuras no ar o tempo todo.<\/p>\n\n\n\n<p class=\"has-text-align-center has-pale-cyan-blue-background-color has-text-color has-background\" style=\"color:#000000;font-size:30px\"><strong>Atividade<\/strong><\/p>\n\n\n\n<p class=\"has-text-color\" style=\"color:#000000;font-size:25px\"><strong>Quest\u00e3o 1 <\/strong>&#8211; Agora \u00e9 com voc\u00ea, quero que fa\u00e7a uma lista de gostosuras da culin\u00e1ria goiana&#8230; Ser\u00e1 que voc\u00ea conhece pequi, pamonha, curau, bolinho de milho&#8230;hummmm&#8230;o que mais, me conta a\u00ed&#8230;eu vou come\u00e7ar com a pamonha.<\/p>\n\n\n\n<p class=\"has-text-align-center\"><img loading=\"lazy\" decoding=\"async\" width=\"416\" height=\"169\" src=\"https:\/\/lh5.googleusercontent.com\/B-rOTI63yrG6_FO-tjP5bquZj-q7CXY2g7S4I2DgctnW1mifu7mXk7FDcGkfQPe_GeOk8VY7MAtGLCoqBobt9lKlSdW8-KA62bAJuhb24ig1PCNh9fedjnsv_sz_N4hi9WvwlN4\"><\/p>\n\n\n\n<p class=\"has-text-align-center has-pale-pink-background-color has-text-color has-background\" style=\"color:#000000;font-size:25px\">Beijos da Professora Jussarinha pra todos voc\u00eas. Tchauzinho pessoal.<\/p>\n\n\n\n<hr class=\"wp-block-separator\"\/>\n\n\n\n<figure class=\"wp-block-table\"><table><tbody><tr><td class=\"has-text-align-center\" data-align=\"center\"><strong>Habilidade estruturante<\/strong><\/td><td>(EFOSGE01-B) Descrever a din\u00e2mica populacional no estado de Goi\u00e1s<\/td><\/tr><tr><td class=\"has-text-align-center\" data-align=\"center\"><strong>Refer\u00eancias:<\/strong><\/td><td>Dados sobre Goi\u00e1s. Dispon\u00edvel em: (<a href=\"https:\/\/cidades.ibge.gov.br\/brasil\/go\/panorama\">https:\/\/cidades.ibge.gov.br\/brasil\/go\/panorama<\/a>) (<a href=\"https:\/\/www.ibge.gov.br\/cidades-e-estados\/go.html?\">https:\/\/www.ibge.gov.br\/cidades-e-estados\/go.html?<\/a>). Acesso em: 08 de Fevereiro de 2021.<br>Instituto Mauro Borges &#8211; IMB. Goi\u00e1s em dados 2017. Dispon\u00edvel em:<a href=\"http:\/\/www.imb.go.gov.br\/files\/docs\/publicacoes\/goias-em-dados\/godados2017.pdf\">http:\/\/www.imb.go.gov.br\/files\/docs\/publicacoes\/goias-em-dados\/godados2017.pdf<\/a>. Acesso em: 08 de Fevereiro de 2021.<br>Governo&nbsp; de Mato Grosso. Geografia de Goi\u00e1s. Dispon\u00edvel em: <a href=\"http:\/\/www.mt.gov.br\/geografia\">http:\/\/www.mt.gov.br\/geografia<\/a>. Acesso em: 08 de Fevereiro de 2021.<br>Minist\u00e9rio do Meio Ambiente. Cerrado. Dispon\u00edvel em: <a href=\"http:\/\/www.mma.gov.br\/biomas\/cerrado\">http:\/\/www.mma.gov.br\/biomas\/cerrado<\/a>.&nbsp; Acesso em: 08 de Fevereiro de 2021.<br>OLIVEIRA, Ivanilton Jos\u00e9 de Oliveira. ARRAIS, Tadeu Alencar. Geografia de Goi\u00e1s, 4\u00ba ou 5\u00ba ano: Ensino fundamental &#8211; 2 ed. S\u00e3o Paulo:Scipione, 2011.&nbsp;<\/td><\/tr><\/tbody><\/table><\/figure>\n","protected":false},"author":20,"featured_media":126156,"template":"","ef_categoria":[14,23],"ef_ano":[88],"ef_componente":[96],"class_list":["post-126155","ensino_fundamental","type-ensino_fundamental","status-publish","has-post-thumbnail","hentry","ef_categoria-ciclo-da-infancia-de","ef_categoria-educacao-ambiental-e-saude-ciclo-da-infancia-de","ef_ano-5o-ano","ef_componente-geografia","entry","has-media"],"acf":[],"_links":{"self":[{"href":"https:\/\/sme.goiania.go.gov.br\/conexaoescola\/wp-json\/wp\/v2\/ensino_fundamental\/126155","targetHints":{"allow":["GET"]}}],"collection":[{"href":"https:\/\/sme.goiania.go.gov.br\/conexaoescola\/wp-json\/wp\/v2\/ensino_fundamental"}],"about":[{"href":"https:\/\/sme.goiania.go.gov.br\/conexaoescola\/wp-json\/wp\/v2\/types\/ensino_fundamental"}],"author":[{"embeddable":true,"href":"https:\/\/sme.goiania.go.gov.br\/conexaoescola\/wp-json\/wp\/v2\/users\/20"}],"version-history":[{"count":0,"href":"https:\/\/sme.goiania.go.gov.br\/conexaoescola\/wp-json\/wp\/v2\/ensino_fundamental\/126155\/revisions"}],"wp:featuredmedia":[{"embeddable":true,"href":"https:\/\/sme.goiania.go.gov.br\/conexaoescola\/wp-json\/wp\/v2\/media\/126156"}],"wp:attachment":[{"href":"https:\/\/sme.goiania.go.gov.br\/conexaoescola\/wp-json\/wp\/v2\/media?parent=126155"}],"wp:term":[{"taxonomy":"ef_categoria","embeddable":true,"href":"https:\/\/sme.goiania.go.gov.br\/conexaoescola\/wp-json\/wp\/v2\/ef_categoria?post=126155"},{"taxonomy":"ef_ano","embeddable":true,"href":"https:\/\/sme.goiania.go.gov.br\/conexaoescola\/wp-json\/wp\/v2\/ef_ano?post=126155"},{"taxonomy":"ef_componente","embeddable":true,"href":"https:\/\/sme.goiania.go.gov.br\/conexaoescola\/wp-json\/wp\/v2\/ef_componente?post=126155"}],"curies":[{"name":"wp","href":"https:\/\/api.w.org\/{rel}","templated":true}]}}