{"id":126154,"date":"2021-03-09T06:30:00","date_gmt":"2021-03-09T09:30:00","guid":{"rendered":"https:\/\/sme.goiania.go.gov.br\/conexaoescola\/?post_type=ensino_fundamental&#038;p=126154"},"modified":"2021-11-09T09:54:43","modified_gmt":"2021-11-09T11:54:43","slug":"geografia-os-tipos-de-moradia","status":"publish","type":"ensino_fundamental","link":"https:\/\/sme.goiania.go.gov.br\/conexaoescola\/ensino_fundamental\/geografia-os-tipos-de-moradia\/","title":{"rendered":"Geografia &#8211; Os Tipos de Moradia"},"content":{"rendered":"\n<p class=\"has-text-align-center has-text-color has-background has-medium-font-size\" style=\"background-color:#dbe7ec;color:#000000\"><em>OL\u00c1 CRIAN\u00c7AS! ESTA V\u00cdDEOAULA DE <span class=\"has-inline-color has-vivid-red-color\"><strong>GEOGRAFIA<\/strong><\/span> FOI VEICULADA NA TV NO DIA <strong>09\/03\/2021 (TER\u00c7A-FEIRA)<\/strong>. AQUI NO PORTAL CONEX\u00c3O ESCOLA, ELA EST\u00c1 DISPON\u00cdVEL JUNTAMENTE COM A PROPOSTA DE ATIVIDADE<\/em><\/p>\n\n\n\n<div class=\"wp-block-image is-style-rounded\"><figure class=\"aligncenter size-large is-resized\"><img fetchpriority=\"high\" decoding=\"async\" src=\"https:\/\/sme.goiania.go.gov.br\/conexaoescola\/wp-content\/uploads\/2020\/12\/varios-tipos-de-casa-D2-e1607455965864-1024x656.jpg\" alt=\"\" class=\"wp-image-84626\" width=\"786\" height=\"503\"\/><figcaption>Tem\u00e1tica: Tipos de Moradia. Dispon\u00edvel em: pixabay.com<\/figcaption><\/figure><\/div>\n\n\n\n<p class=\"has-text-align-center has-text-color has-background\" style=\"background-color:#dae5ea;color:#000000;font-size:18px\"><strong>OL\u00c1 CRIAN\u00c7AS! TUDO BEM POR A\u00cd?&nbsp;<\/strong><br>QUE BOM ESTAR AQUI COM VOC\u00caS! HOJE, IREMOS ESTUDAR E COMPREENDER SOBRE OS TIPO DE MORADIA! <\/p>\n\n\n\n<p class=\"has-text-align-center has-text-color has-background\" style=\"background-color:#dae5ea;color:#000000;font-size:18px\"><strong>ENT\u00c3O, EST\u00c3O PREPARADOS?<br>PEGUE O SEU MATERIAL, TENHA BASTANTE ATEN\u00c7\u00c3O E N\u00c3O FIQUE FORA DESTA VIDEOAULA!!!!!<\/strong><\/p>\n\n\n\n<p class=\"has-text-align-center has-text-color has-background\" style=\"background-color:#658492;color:#000000;font-size:18px\"><strong>ASSISTA A V\u00cdDEOAULA ABAIXO COM A TEM\u00c1TICA &#8211; TIPOS DE MORADIA<\/strong><\/p>\n\n\n\n<figure class=\"wp-block-embed is-type-video is-provider-youtube wp-block-embed-youtube wp-embed-aspect-16-9 wp-has-aspect-ratio\"><div class=\"wp-block-embed__wrapper\">\n<p class=\"responsive-video-wrap clr\"><iframe title=\"2 ANO | B |  CICLO DA INF\u00c2NCIA  | GEOGRAFIA\" width=\"1200\" height=\"675\" src=\"https:\/\/www.youtube.com\/embed\/iibTYqYWgY4?feature=oembed\" frameborder=\"0\" allow=\"accelerometer; autoplay; clipboard-write; encrypted-media; gyroscope; picture-in-picture\" allowfullscreen><\/iframe><\/p>\n<\/div><\/figure>\n\n\n\n<hr class=\"wp-block-separator\"\/>\n\n\n\n<p class=\"has-text-align-center has-text-color has-background\" style=\"background-color:#8196a0;color:#000000;font-size:18px\"><strong>NESSA ATIVIDADE VAMOS FALAR SOBRE A IMPORT\u00c2NCIA DAS MORADIAS COMO ESPA\u00c7O DE VIV\u00caNCIA E DIREITO E CONHECER ALGUNS TIPOS DE MORADIA!<\/strong><\/p>\n\n\n\n<p class=\"has-text-color has-background has-medium-font-size\" style=\"background-color:#da6542;color:#000000\"><strong>ATIVIDADE 1<\/strong><\/p>\n\n\n\n<p class=\"has-text-align-center has-text-color has-background\" style=\"background-color:#c9dde6;color:#000000;font-size:18px\"><strong>NESSA ATIVIDADE VAMOS FALAR SOBRE AS DIFERENTES MORADIAS. <\/strong><\/p>\n\n\n\n<p class=\"has-text-color has-background\" style=\"background-color:#c9dde6;color:#000000;font-size:18px\"><strong>COMO \u00c9 SUA MORADIA? <\/strong><\/p>\n\n\n\n<p class=\"has-text-color has-background\" style=\"background-color:#c9dde6;color:#000000;font-size:18px\"><strong>QUANTOS C\u00d4MODOS ELA TEM?<\/strong><\/p>\n\n\n\n<p class=\"has-text-color has-background\" style=\"background-color:#c9dde6;color:#000000;font-size:18px\"><strong>AGORA QUE VOC\u00ca J\u00c1 CONHECE SOBRE AS MORADIAS, QUE TAL FAZER UM DESENHO DA SUA CASA EM SEU CADERNO? N\u00c3O ESQUE\u00c7A DE COLORIR! <\/strong><\/p>\n\n\n\n<p class=\"has-text-color has-background has-medium-font-size\" style=\"background-color:#da6542;color:#000000\"><strong>ATIVIDADE 2<\/strong><\/p>\n\n\n\n<p class=\"has-text-color has-background\" style=\"background-color:#e8d1ca;color:#000000;font-size:18px\"><strong>QUE TAL FAZER UMA CASA DE PAPEL (DOBRADURA)? <\/strong><\/p>\n\n\n\n<p class=\"has-text-color has-background\" style=\"background-color:#e8d1ca;color:#000000;font-size:18px\"> <strong>VOC\u00ca VAI PRECISAR DE PAPEL E L\u00c1PIS DE COR PARA COLORIR! VAMOS APRENDER? <\/strong><\/p>\n\n\n\n<div class=\"wp-block-image\"><figure class=\"aligncenter size-large is-resized\"><img decoding=\"async\" src=\"https:\/\/sme.goiania.go.gov.br\/conexaoescola\/wp-content\/uploads\/2021\/03\/moldura-casa-e1615281603851-724x1024.jpg\" alt=\"\" class=\"wp-image-126372\" width=\"433\" height=\"613\" srcset=\"https:\/\/sme.goiania.go.gov.br\/conexaoescola\/wp-content\/uploads\/2021\/03\/moldura-casa-e1615281603851-724x1024.jpg 724w, https:\/\/sme.goiania.go.gov.br\/conexaoescola\/wp-content\/uploads\/2021\/03\/moldura-casa-e1615281603851-212x300.jpg 212w, https:\/\/sme.goiania.go.gov.br\/conexaoescola\/wp-content\/uploads\/2021\/03\/moldura-casa-e1615281603851-768x1086.jpg 768w, https:\/\/sme.goiania.go.gov.br\/conexaoescola\/wp-content\/uploads\/2021\/03\/moldura-casa-e1615281603851.jpg 905w\" sizes=\"(max-width: 433px) 100vw, 433px\" \/><\/figure><\/div>\n\n\n\n<p class=\"has-text-align-center has-cyan-bluish-gray-background-color has-text-color has-background\" style=\"color:#000000;font-size:18px\"><strong>AGORA \u00c9 S\u00d3 COLORIR E SE DIVERTIR!<\/strong><\/p>\n\n\n\n<hr class=\"wp-block-separator\"\/>\n\n\n\n<figure class=\"wp-block-table\"><table><tbody><tr><td>Habilidade estruturante&nbsp;<\/td><td>(EF02GE04-A) Perceber as diferentes formas de h\u00e1bitos e conv\u00edvios sociais em espa\u00e7os e tempos diferentes.&nbsp;<\/td><\/tr><\/tbody><\/table><\/figure>\n","protected":false},"author":20,"featured_media":84626,"template":"","ef_categoria":[13,18],"ef_ano":[85],"ef_componente":[96],"class_list":["post-126154","ensino_fundamental","type-ensino_fundamental","status-publish","has-post-thumbnail","hentry","ef_categoria-ciclo-da-infancia-abc","ef_categoria-educacao-ambiental-e-saude","ef_ano-2o-ano","ef_componente-geografia","entry","has-media"],"acf":[],"_links":{"self":[{"href":"https:\/\/sme.goiania.go.gov.br\/conexaoescola\/wp-json\/wp\/v2\/ensino_fundamental\/126154","targetHints":{"allow":["GET"]}}],"collection":[{"href":"https:\/\/sme.goiania.go.gov.br\/conexaoescola\/wp-json\/wp\/v2\/ensino_fundamental"}],"about":[{"href":"https:\/\/sme.goiania.go.gov.br\/conexaoescola\/wp-json\/wp\/v2\/types\/ensino_fundamental"}],"author":[{"embeddable":true,"href":"https:\/\/sme.goiania.go.gov.br\/conexaoescola\/wp-json\/wp\/v2\/users\/20"}],"version-history":[{"count":0,"href":"https:\/\/sme.goiania.go.gov.br\/conexaoescola\/wp-json\/wp\/v2\/ensino_fundamental\/126154\/revisions"}],"wp:featuredmedia":[{"embeddable":true,"href":"https:\/\/sme.goiania.go.gov.br\/conexaoescola\/wp-json\/wp\/v2\/media\/84626"}],"wp:attachment":[{"href":"https:\/\/sme.goiania.go.gov.br\/conexaoescola\/wp-json\/wp\/v2\/media?parent=126154"}],"wp:term":[{"taxonomy":"ef_categoria","embeddable":true,"href":"https:\/\/sme.goiania.go.gov.br\/conexaoescola\/wp-json\/wp\/v2\/ef_categoria?post=126154"},{"taxonomy":"ef_ano","embeddable":true,"href":"https:\/\/sme.goiania.go.gov.br\/conexaoescola\/wp-json\/wp\/v2\/ef_ano?post=126154"},{"taxonomy":"ef_componente","embeddable":true,"href":"https:\/\/sme.goiania.go.gov.br\/conexaoescola\/wp-json\/wp\/v2\/ef_componente?post=126154"}],"curies":[{"name":"wp","href":"https:\/\/api.w.org\/{rel}","templated":true}]}}