{"id":126115,"date":"2021-03-05T06:59:00","date_gmt":"2021-03-05T09:59:00","guid":{"rendered":"https:\/\/sme.goiania.go.gov.br\/conexaoescola\/?post_type=ensino_fundamental&#038;p=126115"},"modified":"2026-02-23T10:37:35","modified_gmt":"2026-02-23T13:37:35","slug":"lingua-portuguesa-leitura-e-escuta-a-lingua-fala","status":"publish","type":"ensino_fundamental","link":"https:\/\/sme.goiania.go.gov.br\/conexaoescola\/ensino_fundamental\/lingua-portuguesa-leitura-e-escuta-a-lingua-fala\/","title":{"rendered":"L\u00edngua Portuguesa &#8211; Leitura e escuta: a l\u00edngua fala"},"content":{"rendered":"\n<p class=\"has-very-light-gray-background-color has-text-color has-background\" style=\"color:#000000;font-size:25px\">Ol\u00e1, educando (a)! Esta videoaula de L\u00edngua Portuguesa foi veiculada na TV no dia 05 de Mar\u00e7o de 2021 (Sexta-Feira). Aqui no Portal Conex\u00e3o Escola, ela est\u00e1 dispon\u00edvel juntamente com a proposta de atividade.<\/p>\n\n\n\n<p class=\"has-pale-cyan-blue-background-color has-text-color has-background\" style=\"color:#000000;font-size:25px\">Como \u00e9 que voc\u00eas est\u00e3o mo\u00e7ada? Espero que bem animados. Nesta aula de L\u00edngua Portuguesa, vamos adentrar pelo mundo da nossa linguagem, vamos ver algumas curiosidades sobre o modo como falamos e escrevemos. Sabemos que a L\u00edngua Portuguesa \u00e9 uma das 10 mais faladas no mundo, e que ela pode assumir culturalmente duas normas: l\u00edngua coloquial (a linguagem que usamos no dia a dia o nosso jeitinho de falar b\u00e3o demais) e a l\u00edngua culta (a linguagem das produ\u00e7\u00f5es- a forma bonita e correta como escrevemos).<\/p>\n\n\n<div class=\"wp-block-image\">\n<figure class=\"aligncenter size-large\"><img fetchpriority=\"high\" decoding=\"async\" width=\"1024\" height=\"724\" src=\"https:\/\/sme.goiania.go.gov.br\/conexaoescola\/wp-content\/uploads\/2021\/03\/face-535769_1920-1-e1614715644633-1024x724.jpg\" alt=\"\" class=\"wp-image-126117\" srcset=\"https:\/\/sme.goiania.go.gov.br\/conexaoescola\/wp-content\/uploads\/2021\/03\/face-535769_1920-1-e1614715644633-1024x724.jpg 1024w, https:\/\/sme.goiania.go.gov.br\/conexaoescola\/wp-content\/uploads\/2021\/03\/face-535769_1920-1-e1614715644633-300x212.jpg 300w, https:\/\/sme.goiania.go.gov.br\/conexaoescola\/wp-content\/uploads\/2021\/03\/face-535769_1920-1-e1614715644633-768x543.jpg 768w, https:\/\/sme.goiania.go.gov.br\/conexaoescola\/wp-content\/uploads\/2021\/03\/face-535769_1920-1-e1614715644633-1536x1086.jpg 1536w, https:\/\/sme.goiania.go.gov.br\/conexaoescola\/wp-content\/uploads\/2021\/03\/face-535769_1920-1-e1614715644633.jpg 1920w\" sizes=\"(max-width: 1024px) 100vw, 1024px\" \/><figcaption class=\"wp-element-caption\">Tem\u00e1tica leitura e escuta. Dispon\u00edvel em: &lt;pixabay.com&gt;.<br><br><\/figcaption><\/figure><\/div>\n\n\n<hr class=\"wp-block-separator has-css-opacity\"\/>\n\n\n\n<p class=\"has-text-align-center has-pale-cyan-blue-background-color has-text-color has-background\" style=\"color:#000000;font-size:25px\">Assista a videoaula abaixo, com a tem\u00e1tica: <strong>Leitura e escuta &#8211; A l\u00edngua fala<\/strong>.<\/p>\n\n\n\n<figure class=\"wp-block-embed is-type-video is-provider-youtube wp-block-embed-youtube aligncenter wp-embed-aspect-16-9 wp-has-aspect-ratio\"><div class=\"wp-block-embed__wrapper\">\n<p class=\"responsive-video-wrap clr\"><iframe title=\"5 Ano - L\u00edngua Portuguesa - A L\u00edngua Fala: A Linguagem Culta x A Linguagem Coloquial\" width=\"1200\" height=\"675\" src=\"https:\/\/www.youtube.com\/embed\/xFYKvH_odrk?feature=oembed\" frameborder=\"0\" allow=\"accelerometer; autoplay; clipboard-write; encrypted-media; gyroscope; picture-in-picture; web-share\" referrerpolicy=\"strict-origin-when-cross-origin\" allowfullscreen><\/iframe><\/p>\n<\/div><figcaption class=\"wp-element-caption\">AGRUPAMENTO E | 5\u00ba ANO | CICLO DA INF\u00c2NCIA |L\u00cdNGUA  PORTUGUSA | PROF\u00aa JUSSARA<\/figcaption><\/figure>\n\n\n\n<hr class=\"wp-block-separator has-css-opacity\"\/>\n\n\n\n<p class=\"has-text-align-center has-pale-cyan-blue-background-color has-text-color has-background\" style=\"color:#000000;font-size:30px\"><strong>A linguagem culta X a linguagem coloquial<\/strong><\/p>\n\n\n\n<p class=\"has-text-color\" style=\"color:#000000;font-size:25px\">Observe a fala dos personagens nesta tirinha.<\/p>\n\n\n<div class=\"wp-block-image\">\n<figure class=\"aligncenter size-full\"><img decoding=\"async\" width=\"571\" height=\"200\" src=\"https:\/\/sme.goiania.go.gov.br\/conexaoescola\/wp-content\/uploads\/2021\/03\/image-17.png\" alt=\"\" class=\"wp-image-202745\" srcset=\"https:\/\/sme.goiania.go.gov.br\/conexaoescola\/wp-content\/uploads\/2021\/03\/image-17.png 571w, https:\/\/sme.goiania.go.gov.br\/conexaoescola\/wp-content\/uploads\/2021\/03\/image-17-300x105.png 300w\" sizes=\"(max-width: 571px) 100vw, 571px\" \/><figcaption class=\"wp-element-caption\">Fonte: Portal do Professor &#8211; MEC. Dispon\u00edvel em: &lt;<a href=\"http:\/\/portaldoprofessor.mec.gov.br\/storage\/discovirtual\/galerias\/imagem\/0000000447\/0000003342.jpg\">http:\/\/portaldoprofessor.mec.gov.br\/storage\/discovirtual\/galerias\/imagem\/0000000447\/0000003342.jpg<\/a>>. Acesso em: 06 de Fevereiro de 2021.<\/figcaption><\/figure><\/div>\n\n\n<p class=\"has-text-align-left has-small-font-size\"><\/p>\n\n\n\n<p class=\"has-text-color\" style=\"color:#000000;font-size:25px\">Quando Chico Bento usa os termos: \u201cnum, preu, drumi, drumindo\u201d e seu pai usa \u201cpru que\u201d, voc\u00ea acredita que aqui est\u00e1 sendo usada qual norma da nossa l\u00edngua? Coloquial ou culta? Eu ouvi coloquial? Muito bem galerinha, isso mesmo. O nosso amigo Chico Bento \u00e9 um caboco b\u00e3o de mais da conta e nesta conversa dele com o pai, percebemos um exemplo bem claro da linguagem coloquial. A forma como falamos normalmente no dia a dia. \u00c9 sabido que, a linguagem coloquial \u00e9 uma varia\u00e7\u00e3o da linguagem popular utilizada em situa\u00e7\u00f5es cotidianas mais informais, \u00e9 bem tipo a&nbsp; nossa fala de todos os dias mesmo. E, n\u00e3o fica t\u00e3o presa \u00e0s normas gramaticais que existem na L\u00edngua Portuguesa. \u00c9 na linguagem coloquial que nos deparamos com g\u00edrias, estrangeirismos, neologismos, abrevia\u00e7\u00f5es, isto \u00e9, palavras e express\u00f5es que n\u00e3o se relacionam com a norma culta da nossa l\u00edngua. Sabemos que todos os estilos de linguagem s\u00e3o importantes e que podem ser usados de acordo com a comunica\u00e7\u00e3o do momento.<\/p>\n\n\n\n<p class=\"has-text-align-center has-pale-cyan-blue-background-color has-text-color has-background\" style=\"color:#000000;font-size:27px\"><strong>Fen\u00f4menos de linguagem<\/strong><\/p>\n\n\n\n<p class=\"has-text-color\" style=\"color:#000000;font-size:25px\">Vejamos alguns fen\u00f4menos de linguagem bem conhecidos e utilizados: <strong><span class=\"has-inline-color has-vivid-red-color\">G\u00edrias<\/span><\/strong>, s\u00e3o palavras usadas por um grupo, geralmente incompreens\u00edvel para quem n\u00e3o pertence ao grupo e que serve tamb\u00e9m como meio de real\u00e7ar a sua particularidade, isto \u00e9, s\u00f3 a galera daquele grupo entende, sac\u00f4? <span class=\"has-inline-color has-vivid-red-color\"><strong>Estrangeirismos<\/strong><\/span>, s\u00e3o palavras ou frases estrangeiras incorporadas na l\u00edngua portuguesa no nosso dia a dia, como grife, que poder\u00edamos muito bem usar \u201cetiqueta, marca\u201d. Mas dizemos que \u201cela usa roupa de grife.\u201d <strong><span class=\"has-inline-color has-vivid-red-color\">Neologismo<\/span><\/strong>, \u00e9 a utiliza\u00e7\u00e3o de novas palavras, compostas a partir de outras que j\u00e1 existem ou pode ser a atribui\u00e7\u00e3o de um novo significado para a palavra que j\u00e1 existe. Opa, deu zebra! Opa, aconteceu algo imprevis\u00edvel. <strong><span class=\"has-inline-color has-vivid-red-color\">Abrevia\u00e7\u00f5es<\/span><\/strong>, Redu\u00e7\u00e3o popular de uma palavra. Bj para Beijo\/ Vv para voc\u00ea\/ BLZ para beleza?<\/p>\n\n\n\n<p class=\"has-text-color\" style=\"color:#000000;font-size:25px\">Percebe que, o fato da linguagem coloquial n\u00e3o seguir as regras gramaticais, por exemplo, n\u00e3o a coloca com menos import\u00e2ncia que a linguagem culta? Afinal, observando bem, podemos perceber que a linguagem coloquial \u00e9 muito mais usada que a linguagem culta, principalmente entre o povo goiano. \u00c9 como muitos de n\u00f3s fala por ai: \u201cNois fala errado porque nois gosta\u201d&#8230; Ent\u00e3o t\u00e1 n\u00e9? A gente precisa ter cuidado para n\u00e3o confundir o estilo da linguagem coloquial, este nosso jeito de falar do dia-a-dia, com os dialetos que existem em nosso pa\u00eds. Logo mais a frente a gente fala sobre eles, Ok?<\/p>\n\n\n\n<p class=\"has-text-color\" style=\"color:#0b0b0b;font-size:25px\">Pessoal, agora vamos falar um pouquinho da linguagem formal, tamb\u00e9m chamada de &#8220;culta&#8221;. Observe o di\u00e1logo dos personagens nesta ilustra\u00e7\u00e3o:<\/p>\n\n\n<div class=\"wp-block-image\">\n<figure class=\"aligncenter size-full\"><img decoding=\"async\" width=\"531\" height=\"400\" src=\"https:\/\/sme.goiania.go.gov.br\/conexaoescola\/wp-content\/uploads\/2021\/03\/image-18.png\" alt=\"\" class=\"wp-image-202748\" srcset=\"https:\/\/sme.goiania.go.gov.br\/conexaoescola\/wp-content\/uploads\/2021\/03\/image-18.png 531w, https:\/\/sme.goiania.go.gov.br\/conexaoescola\/wp-content\/uploads\/2021\/03\/image-18-300x226.png 300w\" sizes=\"(max-width: 531px) 100vw, 531px\" \/><figcaption class=\"wp-element-caption\">Fonte: Portal do Professor &#8211; MEC. Dispon\u00edvel em: &lt;<a href=\"https:\/\/images.app.goo.gl\/Lt38yrTytYdg93ZL7\">https:\/\/images.app.goo.gl\/Lt38yrTytYdg93ZL7<\/a>>. Acesso em: 06 de Fevereiro de 2021.<\/figcaption><\/figure><\/div>\n\n\n<p class=\"has-text-color has-small-font-size\" style=\"color:#000000\"><\/p>\n\n\n\n<p class=\"has-text-color\" style=\"color:#000000;font-size:25px\">Voc\u00ea observou a forma de falar dos personagens? As palavras soam certinhas para quem escuta, n\u00e3o \u00e9 mesmo? Neste exemplo, a linguagem usada \u00e9 a culta, ou seja uma linguagem formal. Geralmente ela \u00e9 usada quando n\u00e3o se tem familiaridade entre as pessoas que est\u00e3o se comunicando ou ainda em ocasi\u00f5es que seja preciso usar de mais respeito nas palavras.&nbsp; Observe a mesma mensagem enviada \u00e0 pessoas diferentes com muita aten\u00e7\u00e3o:<\/p>\n\n\n\n<p class=\"has-very-light-gray-background-color has-text-color has-background\" style=\"color:#000000;font-size:25px\"><strong>Mensagem 01<\/strong><\/p>\n\n\n\n<p class=\"has-luminous-vivid-orange-color has-very-light-gray-background-color has-text-color has-background\" style=\"font-size:25px\"><strong>Oi J\u00fa. N\u00e3o poderei ir te pegar para sair hoje porque estou mals\u00e3o. Peguei uma gripe brava e a m\u00e9dica pediu para que eu fique quieto em casa sem sair. Mil desculpas! Bjos, Carlos.<\/strong><\/p>\n\n\n\n<p class=\"has-very-light-gray-background-color has-text-color has-background\" style=\"color:#030303;font-size:25px\"><strong>Mensagem 02<\/strong><\/p>\n\n\n\n<p class=\"has-vivid-green-cyan-color has-very-light-gray-background-color has-text-color has-background\" style=\"font-size:25px\"><strong>Prezado Sr. Roberto: Bom dia! Infelizmente n\u00e3o poderei comparecer ao trabalho hoje, pois estou com um resfriado fort\u00edssimo. J\u00e1 procurei atendimento no cais e de acordo com a m\u00e9dica, devo ficar em repouso por conta da febre. Abaixo segue a foto do atestado m\u00e9dico, que lhe entregarei posteriormente. Na expectativa de ser compreendido, agrade\u00e7o e pe\u00e7o desculpas pelos transtornos. Carlos<\/strong><\/p>\n\n\n\n<p class=\"has-text-color\" style=\"color:#000000;font-size:25px\">Voc\u00ea observou que Carlos usou palavras diferenciadas para comunicar o mesmo fato para a J\u00fa e o S.r. Roberto? Na mensagem enviada para o S.r. Roberto, ele usou palavras mais formais, a mensagem ficou mais elaborada, foi at\u00e9 melhor explicada, voc\u00ea percebeu isso? Assim compreendemos que a linguagem formal, \u00e9 usada na maioria das vezes com autoridades, chefes superiores e em documentos oficiais. Por isso \u00e9 importante conhecer as regras gramaticais e passar a ter o h\u00e1bito da leitura, para ajudar na compreens\u00e3o, produ\u00e7\u00e3o dos textos e ampliar o seu vocabul\u00e1rio.<\/p>\n\n\n\n<p class=\"has-text-align-center has-cyan-bluish-gray-background-color has-text-color has-background\" style=\"color:#000000;font-size:25px\"><strong><span class=\"has-inline-color has-vivid-red-color\">Relembrando a aula<\/span><\/strong> &#8211; <strong>Hoje falamos um pouco sobre a linguagem culta e coloquial. Para desenvolver nosso vocabul\u00e1rio e a escrita, a grande dica,&nbsp; \u00e9 ler pessoal, leia bastante e melhore assim tamb\u00e9m sua interpreta\u00e7\u00e3o. comece a Comparar textos buscando diferenciar a linguagem que foi usada naquele momento. Observe a linguagem de acordo com o contexto dos interlocutores, as pessoas envolvidas naquele di\u00e1logo. Rapidinho voc\u00ea ir\u00e1 perceber as principais diferen\u00e7as entre o que est\u00e1 sendo dito. Olha s\u00f3, vou deixar uma dica de leitura aqui para voc\u00ea na atividade.<\/strong><\/p>\n\n\n\n<p class=\"has-text-align-center has-light-green-cyan-background-color has-text-color has-background\" style=\"color:#000000;font-size:30px\"><strong>Atividade<\/strong><\/p>\n\n\n\n<p class=\"has-text-color\" style=\"color:#000000;font-size:25px\"><strong>Quest\u00e3o 1. <\/strong>J\u00e1 conhece a hist\u00f3ria do Pequeno Pr\u00edncipe? Leia este livro online, acessando o link que est\u00e1 aparecendo aqui: &lt;<a href=\"https:\/\/lelivros.love\/book\/download-o-pequeno-principe-antoine-de-saint-exupery-em-epub-mobi-pdf\/\">https:\/\/lelivros.love\/book\/download-o-pequeno-principe-antoine-de-saint-exupery-em-epub-mobi-pdf\/<\/a>&gt;. <\/p>\n\n\n\n<p class=\"has-text-color\" style=\"color:#000000;font-size:25px\">Agora que j\u00e1 curtiu a leitura, escreva dois pequenos textos contando a hist\u00f3ria que voc\u00ea acabou de ler. <\/p>\n\n\n\n<p class=\"has-text-color\" style=\"color:#000000;font-size:25px\">A) No primeiro texto use apenas a forma de linguagem culta:<\/p>\n\n\n\n<p class=\"has-text-color\" style=\"color:#000000;font-size:25px\">B) No segundo texto use apenas a forma de linguagem coloquial:<\/p>\n\n\n\n<p class=\"has-text-align-center has-pale-pink-background-color has-text-color has-background\" style=\"color:#000000;font-size:25px\"><strong>Beijos da Professora Jussarinha pra todos voc\u00eas. Tchauzinho pessoal.<\/strong><\/p>\n\n\n\n<hr class=\"wp-block-separator has-css-opacity\"\/>\n\n\n\n<figure class=\"wp-block-table\"><table><tbody><tr><td class=\"has-text-align-center\" data-align=\"center\"><strong>Habilidade estruturante:<\/strong><\/td><td>(EF35LP01) Ler e compreender, silenciosamente e, em seguida, em voz alta, com autonomia e flu\u00eancia, textos curtos com n\u00edvel de textualidade adequado. <br>(EF15LP10-A\/B) Escutar, com aten\u00e7\u00e3o, falas de professores e colegas, formulando perguntas pertinentes ao tema e solicitando esclarecimentos sempre que necess\u00e1rio respeitando o interlocutor, para melhorar a comunica\u00e7\u00e3o e a intera\u00e7\u00e3o com o grupo.<\/td><\/tr><tr><td class=\"has-text-align-center\" data-align=\"center\"><strong>Refer\u00eancias&nbsp;:<\/strong><\/td><td>Imagem 01. Dispon\u00edvel em:&lt;<a href=\"http:\/\/portaldoprofessor.mec.gov.br\/storage\/discovirtual\/galerias\/imagem\/0000000447\/0000003342.jpg\">http:\/\/portaldoprofessor.mec.gov.br\/storage\/discovirtual\/galerias\/imagem\/0000000447\/0000003342.jpg<\/a>&gt;. <br>Acesso em: 08 de Fevereiro de 2021.&nbsp;<br>Imagem 02. Dispon\u00edvel em: &lt;<a href=\"https:\/\/images.app.goo.gl\/X7nQ9wQ6zubfo2tX9\">https:\/\/images.app.goo.gl\/X7nQ9wQ6zubfo2tX9<\/a>&gt;. Acesso em: 08 de Fevereiro de 2021.<\/td><\/tr><\/tbody><\/table><\/figure>\n\n\n\n<p class=\"has-cyan-bluish-gray-background-color has-background\" style=\"font-size:25px\">Professor, essa aula segue a Matriz Curricular das Habilidades Estruturantes 2021-2021. Foi elaborada no ano de 2020, com a suspens\u00e3o das aulas presenciais devido \u00e0 pandemia da Covid-19 e segue as orienta\u00e7\u00f5es de flexibiliza\u00e7\u00e3o curricular para o bi\u00eanio 2020\/2021 (Of\u00edcio Circular 147\/2020 Dirped).<\/p>\n","protected":false},"author":42,"featured_media":126116,"template":"","ef_categoria":[14,25],"ef_ano":[88],"ef_componente":[93],"class_list":["post-126115","ensino_fundamental","type-ensino_fundamental","status-publish","has-post-thumbnail","hentry","ef_categoria-ciclo-da-infancia-de","ef_categoria-etica-e-cidadania-ciclo-da-infancia-de","ef_ano-5o-ano","ef_componente-portugues","entry","has-media"],"acf":[],"_links":{"self":[{"href":"https:\/\/sme.goiania.go.gov.br\/conexaoescola\/wp-json\/wp\/v2\/ensino_fundamental\/126115","targetHints":{"allow":["GET"]}}],"collection":[{"href":"https:\/\/sme.goiania.go.gov.br\/conexaoescola\/wp-json\/wp\/v2\/ensino_fundamental"}],"about":[{"href":"https:\/\/sme.goiania.go.gov.br\/conexaoescola\/wp-json\/wp\/v2\/types\/ensino_fundamental"}],"author":[{"embeddable":true,"href":"https:\/\/sme.goiania.go.gov.br\/conexaoescola\/wp-json\/wp\/v2\/users\/42"}],"version-history":[{"count":1,"href":"https:\/\/sme.goiania.go.gov.br\/conexaoescola\/wp-json\/wp\/v2\/ensino_fundamental\/126115\/revisions"}],"predecessor-version":[{"id":202749,"href":"https:\/\/sme.goiania.go.gov.br\/conexaoescola\/wp-json\/wp\/v2\/ensino_fundamental\/126115\/revisions\/202749"}],"wp:featuredmedia":[{"embeddable":true,"href":"https:\/\/sme.goiania.go.gov.br\/conexaoescola\/wp-json\/wp\/v2\/media\/126116"}],"wp:attachment":[{"href":"https:\/\/sme.goiania.go.gov.br\/conexaoescola\/wp-json\/wp\/v2\/media?parent=126115"}],"wp:term":[{"taxonomy":"ef_categoria","embeddable":true,"href":"https:\/\/sme.goiania.go.gov.br\/conexaoescola\/wp-json\/wp\/v2\/ef_categoria?post=126115"},{"taxonomy":"ef_ano","embeddable":true,"href":"https:\/\/sme.goiania.go.gov.br\/conexaoescola\/wp-json\/wp\/v2\/ef_ano?post=126115"},{"taxonomy":"ef_componente","embeddable":true,"href":"https:\/\/sme.goiania.go.gov.br\/conexaoescola\/wp-json\/wp\/v2\/ef_componente?post=126115"}],"curies":[{"name":"wp","href":"https:\/\/api.w.org\/{rel}","templated":true}]}}