{"id":126080,"date":"2021-03-01T17:01:49","date_gmt":"2021-03-01T20:01:49","guid":{"rendered":"https:\/\/sme.goiania.go.gov.br\/conexaoescola\/?post_type=ensino_fundamental&#038;p=126080"},"modified":"2021-11-24T12:31:28","modified_gmt":"2021-11-24T14:31:28","slug":"matematica-numeros-no-cotidiano","status":"publish","type":"ensino_fundamental","link":"https:\/\/sme.goiania.go.gov.br\/conexaoescola\/ensino_fundamental\/matematica-numeros-no-cotidiano\/","title":{"rendered":"Matem\u00e1tica &#8211; N\u00fameros no cotidiano"},"content":{"rendered":"\n<p class=\"has-text-align-center has-very-light-gray-background-color has-background has-medium-font-size\"><em>Ol\u00e1, educando (a)! Esta videoaula de&nbsp;<\/em><strong><em>Matem\u00e1tica<\/em><\/strong><em> &#8211; para o 1\u00ba ano do Ensino Fundamental &#8211; &nbsp;foi veiculada na TV no dia&nbsp;<\/em><strong><em>01\/03\/2021 (Segunda-feira)<\/em><\/strong><em>. Aqui no Portal Conex\u00e3o Escola, ela est\u00e1 dispon\u00edvel juntamente com a proposta de atividade.<\/em><\/p>\n\n\n\n<div class=\"wp-block-image\"><figure class=\"aligncenter size-large\"><img decoding=\"async\" src=\"https:\/\/cdn.pixabay.com\/photo\/2015\/11\/15\/07\/44\/mathematics-1044080_1280.jpg\" alt=\"\"\/><figcaption>Tem\u00e1tica: N\u00fameros &#8211; Dispon\u00edvel em: https:\/\/pixabay.com\/pt\/illustrations\/matem%C3%A1tica-pagar-d%C3%ADgitos-n%C3%BAmero-1044080\/. Acesso em: 01 de mar\u00e7o de 2021.<\/figcaption><\/figure><\/div>\n\n\n\n<p class=\"has-text-align-center has-very-dark-gray-color has-vivid-green-cyan-background-color has-text-color has-background has-medium-font-size\"><span class=\"has-inline-color has-very-dark-gray-color\"><strong>OL\u00c1, CRIAN\u00c7AS, TUDO BEM?<\/strong> PE\u00c7A AJUDA DE UM ADULTO PARA REALIZAR ESSA ATIVIDADE COM VOC\u00ca.<\/span><\/p>\n\n\n\n<p class=\"has-text-align-center has-background has-medium-font-size\" style=\"background-color:#d4feef\"><span class=\"has-inline-color has-very-dark-gray-color\">NESSA VIDEOAULA, VOC\u00ca APRENDER\u00c1 SOBRE OS N\u00daMEROS NO COTIDIANO.<\/span>&nbsp;&nbsp;<\/p>\n\n\n\n<p class=\"has-text-align-center has-very-dark-gray-color has-text-color has-background has-medium-font-size\" style=\"background-color:#c4f6e3\"><span class=\"has-inline-color has-very-dark-gray-color\"><strong>VOC\u00ca SABIA QUE OS N\u00daMEROS EST\u00c3O POR TODOS OS LUGARES<\/strong>?<\/span><\/p>\n\n\n\n<p class=\"has-text-align-center has-background has-medium-font-size\" style=\"background-color:#c6f2e2\">OS N\u00daMEROS PODEM SER VISTOS: NA RUA, NOS PRODUTOS QUE USAMOS NO NOSSO DIA A DIA, NO CELULAR, NO CALEND\u00c1RIO, NO REL\u00d3GIO E EM V\u00c1RIOS OUTROS LUGARES, BASTA OBSERVAR.<\/p>\n\n\n\n<p class=\"has-very-dark-gray-color has-very-dark-gray-background-color has-text-color has-background has-medium-font-size\"><strong><span style=\"color:#fcfeff\" class=\"has-inline-color\">ASSISTA A VIDEOAULA ABAIXO, E APRENDA SOBRE ESSA TEM\u00c1TICA T\u00c3O IMPORTANTE  &#8211;<\/span><span class=\"has-inline-color has-luminous-vivid-amber-color\"> OS N\u00daMEROS NO COTIDIANO<\/span><\/strong><\/p>\n\n\n\n<figure class=\"wp-block-embed is-type-video is-provider-youtube wp-block-embed-youtube wp-embed-aspect-16-9 wp-has-aspect-ratio\"><div class=\"wp-block-embed__wrapper\">\n<p class=\"responsive-video-wrap clr\"><iframe title=\"TURMA A  | 1\u00ba ANO  | CICLO DA INF\u00c2NCIA  |  MATEMATICA | PROF\u00aa ADRIANA\" width=\"1200\" height=\"675\" src=\"https:\/\/www.youtube.com\/embed\/HGInskl3xvg?feature=oembed\" frameborder=\"0\" allow=\"accelerometer; autoplay; clipboard-write; encrypted-media; gyroscope; picture-in-picture\" allowfullscreen><\/iframe><\/p>\n<\/div><figcaption>AGRUPAMENTO A| 1\u00ba ANO | CICLO DA INF\u00c2NCIA | MATEM\u00c1TICA | PROF\u00aa ADRIANA Dispon\u00edvel em: &lt;https:\/\/youtu.be\/irtm0bbNJbc&gt; acesso em 28, fev. 2021<br><\/figcaption><\/figure>\n\n\n\n<hr class=\"wp-block-separator\"\/>\n\n\n\n<p class=\"has-luminous-vivid-amber-background-color has-text-color has-background\" style=\"color:#100101;font-size:22px\"><strong>ATIVIDADE 1 <\/strong><\/p>\n\n\n\n<p class=\"has-text-color has-background has-medium-font-size\" style=\"background-color:#fdf3d6;color:#020d12\">VIU QUE A MATEM\u00c1TICA EST\u00c1 EM TODOS OS CANTOS?&nbsp;AOS POUCOS, VOC\u00ca VAI APRENDER A ENXERG\u00c1-LA E UTILIZ\u00c1-LA EM V\u00c1RIOS MOMENTOS. ENT\u00c3O EU VOU FAZER 2 DESAFIOS PRA VOC\u00ca.<\/p>\n\n\n\n<p class=\"has-text-align-center has-text-color has-background has-medium-font-size\" style=\"background-color:#fbf0d3;color:#02141c\"><strong>O PRIMEIRO \u00c9 REGISTRAR NO SEU CADERNO OS N\u00daMEROS AT\u00c9 10. <\/strong><\/p>\n\n\n\n<p class=\"has-text-align-center has-text-color has-background has-medium-font-size\" style=\"background-color:#fdf5de;color:#010d12\"><strong>DEPOIS, QUE TAL CONVIDAR ALGU\u00c9M PARA BRINCAR COM VOC\u00ca DE PIQUE ESCONDE?<\/strong> PARA BRINCAR VOC\u00ca TER\u00c1 QUE CONTAR, ENT\u00c3O COMECE DO 1 E V\u00c1 AT\u00c9 O DEZ. DIVIRTA E APRENDA BRINCANDO.&nbsp;<\/p>\n\n\n\n<hr class=\"wp-block-separator\"\/>\n\n\n\n<p class=\"has-text-align-center has-vivid-green-cyan-background-color has-text-color has-background\" style=\"color:#0a0000;font-size:22px\"><strong>AGORA, VAMOS RELEMBRAR O QUE APRENDEMOS?<\/strong><\/p>\n\n\n\n<p class=\"has-text-color has-background has-medium-font-size\" style=\"background-color:#d1f6e8;color:#02131a\"><span class=\"has-inline-color has-very-dark-gray-color\">EXISTEM FORMAS DE SE REPRESENTAR O N\u00daMERO, ASSIM COMO AS LETRAS OS N\u00daMEROS POSSUEM UMA REPRESENTA\u00c7\u00c3O GR\u00c1FICA.<\/span><\/p>\n\n\n\n<p class=\"has-background has-medium-font-size\" style=\"background-color:#d6f4e9\"><span class=\"has-inline-color has-very-dark-gray-color\">OS N\u00daMEROS EST\u00c3O EM TODO LUGAR: NA RUA, NOS OBJETOS PR\u00d3XIMO DE N\u00d3S E AT\u00c9 NAS M\u00daSICAS<\/span>.<\/p>\n\n\n\n<hr class=\"wp-block-separator\"\/>\n\n\n\n<figure class=\"wp-block-table is-style-stripes\"><table><tbody><tr><td>Habilidade Estruturante<\/td><td>(EF01MA01-A) Reconhecer a utiliza\u00e7\u00e3o de n\u00fameros no seu contexto di\u00e1rio, representado por imagens ou n\u00e3o, como &nbsp; indicador &nbsp; de &nbsp; quantidade, em &nbsp; problemas &nbsp; de contagem de objetos do cotidiano, quantos tem ou onde h\u00e1 mais, ordem do 1\u00b0 ao 10\u00b0, em brincadeiras de tradi\u00e7\u00e3o e situa\u00e7\u00f5es cotidianas, como tabelas de campeonatos esportivos e c\u00f3digo, como n\u00fameros utilizados em contas, RG, CPF, t\u00edtulo de leitor, c\u00f3digo de barras, utilizando a express\u00e3o oral.<\/td><\/tr><tr><td><\/td><td><\/td><\/tr><\/tbody><\/table><\/figure>\n\n\n\n<hr class=\"wp-block-separator\"\/>\n","protected":false},"author":16,"featured_media":126082,"template":"","ef_categoria":[13,19],"ef_ano":[84],"ef_componente":[94],"class_list":["post-126080","ensino_fundamental","type-ensino_fundamental","status-publish","has-post-thumbnail","hentry","ef_categoria-ciclo-da-infancia-abc","ef_categoria-educacao-financeira-e-empreendedorismo","ef_ano-1o-ano","ef_componente-matematica","entry","has-media"],"acf":[],"_links":{"self":[{"href":"https:\/\/sme.goiania.go.gov.br\/conexaoescola\/wp-json\/wp\/v2\/ensino_fundamental\/126080","targetHints":{"allow":["GET"]}}],"collection":[{"href":"https:\/\/sme.goiania.go.gov.br\/conexaoescola\/wp-json\/wp\/v2\/ensino_fundamental"}],"about":[{"href":"https:\/\/sme.goiania.go.gov.br\/conexaoescola\/wp-json\/wp\/v2\/types\/ensino_fundamental"}],"author":[{"embeddable":true,"href":"https:\/\/sme.goiania.go.gov.br\/conexaoescola\/wp-json\/wp\/v2\/users\/16"}],"version-history":[{"count":0,"href":"https:\/\/sme.goiania.go.gov.br\/conexaoescola\/wp-json\/wp\/v2\/ensino_fundamental\/126080\/revisions"}],"wp:featuredmedia":[{"embeddable":true,"href":"https:\/\/sme.goiania.go.gov.br\/conexaoescola\/wp-json\/wp\/v2\/media\/126082"}],"wp:attachment":[{"href":"https:\/\/sme.goiania.go.gov.br\/conexaoescola\/wp-json\/wp\/v2\/media?parent=126080"}],"wp:term":[{"taxonomy":"ef_categoria","embeddable":true,"href":"https:\/\/sme.goiania.go.gov.br\/conexaoescola\/wp-json\/wp\/v2\/ef_categoria?post=126080"},{"taxonomy":"ef_ano","embeddable":true,"href":"https:\/\/sme.goiania.go.gov.br\/conexaoescola\/wp-json\/wp\/v2\/ef_ano?post=126080"},{"taxonomy":"ef_componente","embeddable":true,"href":"https:\/\/sme.goiania.go.gov.br\/conexaoescola\/wp-json\/wp\/v2\/ef_componente?post=126080"}],"curies":[{"name":"wp","href":"https:\/\/api.w.org\/{rel}","templated":true}]}}