{"id":126036,"date":"2021-03-03T06:00:00","date_gmt":"2021-03-03T09:00:00","guid":{"rendered":"https:\/\/sme.goiania.go.gov.br\/conexaoescola\/?post_type=ensino_fundamental&#038;p=126036"},"modified":"2021-11-24T12:25:28","modified_gmt":"2021-11-24T14:25:28","slug":"matematica-representacao-de-numeros-naturais-leitura-e-escrita","status":"publish","type":"ensino_fundamental","link":"https:\/\/sme.goiania.go.gov.br\/conexaoescola\/ensino_fundamental\/matematica-representacao-de-numeros-naturais-leitura-e-escrita\/","title":{"rendered":"Matem\u00e1tica &#8211; Representa\u00e7\u00e3o de n\u00fameros naturais: leitura e escrita"},"content":{"rendered":"\n<p class=\"has-very-light-gray-background-color has-text-color has-background has-medium-font-size\" style=\"color:#000000\"><em>Ol\u00e1, educando (a)! Esta videoaula de <\/em><strong><em>Matem\u00e1tica<\/em><\/strong><em> <em>-para o 3\u00ba ano do Ensino Fundamental &#8211;<\/em> foi veiculada na TV no dia <\/em><strong><em>03\/03\/2021 (Quarta-feira)<\/em><\/strong><em>. Aqui no Portal Conex\u00e3o Escola, ela est\u00e1 dispon\u00edvel juntamente com a proposta de atividade.<\/em><\/p>\n\n\n\n<div class=\"wp-block-image\"><figure class=\"aligncenter size-large\"><img fetchpriority=\"high\" decoding=\"async\" width=\"1024\" height=\"683\" src=\"https:\/\/sme.goiania.go.gov.br\/conexaoescola\/wp-content\/uploads\/2021\/02\/pay-2446667_1920-e1614540012413-1024x683.png\" alt=\"\" class=\"wp-image-126038\" srcset=\"https:\/\/sme.goiania.go.gov.br\/conexaoescola\/wp-content\/uploads\/2021\/02\/pay-2446667_1920-e1614540012413-1024x683.png 1024w, https:\/\/sme.goiania.go.gov.br\/conexaoescola\/wp-content\/uploads\/2021\/02\/pay-2446667_1920-e1614540012413-300x200.png 300w, https:\/\/sme.goiania.go.gov.br\/conexaoescola\/wp-content\/uploads\/2021\/02\/pay-2446667_1920-e1614540012413-768x512.png 768w, https:\/\/sme.goiania.go.gov.br\/conexaoescola\/wp-content\/uploads\/2021\/02\/pay-2446667_1920-e1614540012413-1536x1024.png 1536w, https:\/\/sme.goiania.go.gov.br\/conexaoescola\/wp-content\/uploads\/2021\/02\/pay-2446667_1920-e1614540012413.png 1920w\" sizes=\"(max-width: 1024px) 100vw, 1024px\" \/><figcaption>Tem\u00e1tica: n\u00fameros. Dispon\u00edvel em: pixabay.com<\/figcaption><\/figure><\/div>\n\n\n\n<p class=\"has-text-align-center has-text-color has-background has-medium-font-size\" style=\"background-color:#fffde6;color:#000000\"><strong>OL\u00c1 CRIAN\u00c7AS! TUDO BEM POR A\u00cd?&nbsp; <\/strong><br>VOC\u00ca J\u00c1 PAROU PARA PENSAR O QUANTO A MATEM\u00c1TICA<strong> <\/strong>EST\u00c1 PRESENTE EM NOSSA VIDA? <br>SE OLHARMOS AO NOSSO REDOR PODEMOS NOTAR SUA PRESEN\u00c7A NAS A\u00c7\u00d5ES QUE REALIZAMOS, COMO, POR EXEMPLO, IR \u00c0S COMPRAS, PREPARAR UMA RECEITA, BRINCAR, JOGAR, CONTAR O TEMPO NO REL\u00d3GIO, NA M\u00daSICA, ENTRE OUTROS.<\/p>\n\n\n\n<p class=\"has-text-align-center has-text-color has-background has-medium-font-size\" style=\"background-color:#fffde6;color:#000000\">NESTA AULA, ABORDAREMOS SOBRE A PRESEN\u00c7A DA MATEM\u00c1TICA EM NOSSO COTIDIANO. <br>ENT\u00c3O, EST\u00c3O PREPARADOS?<\/p>\n\n\n\n<p class=\"has-text-align-center has-text-color has-background has-medium-font-size\" style=\"background-color:#fffde6;color:#000000\">PEGUE O SEU MATERIAL, TENHA BASTANTE ATEN\u00c7\u00c3O E N\u00c3O FIQUE FORA DESTA VIDEOAULA!!!!!<\/p>\n\n\n\n<hr class=\"wp-block-separator\"\/>\n\n\n\n<p class=\"has-text-align-center has-luminous-vivid-amber-color has-text-color has-background\" style=\"background-color:#000000;font-size:22px\"><strong><span style=\"color:#ffffff\" class=\"has-inline-color\">ASSISTA A VIDEOAULA ABAIXO, COM A TEM\u00c1TICA: <\/span>REPRESENTA\u00c7\u00c3O DE N\u00daMEROS NATURAIS: LEITURA E ESCRITA:<\/strong><\/p>\n\n\n\n<figure class=\"wp-block-embed is-type-video is-provider-youtube wp-block-embed-youtube wp-embed-aspect-16-9 wp-has-aspect-ratio\"><div class=\"wp-block-embed__wrapper\">\n<p class=\"responsive-video-wrap clr\"><iframe title=\"TURMA C | 3\u00ba ANO | CICLO DA INF\u00c2NCIA |  MATEM\u00c1TICA | PROF\u00aa ISABELLA\" width=\"1200\" height=\"675\" src=\"https:\/\/www.youtube.com\/embed\/irtm0bbNJbc?feature=oembed\" frameborder=\"0\" allow=\"accelerometer; autoplay; clipboard-write; encrypted-media; gyroscope; picture-in-picture\" allowfullscreen><\/iframe><\/p>\n<\/div><figcaption>TURMA C | 3\u00ba ANO | CICLO DA INF\u00c2NCIA | MATEM\u00c1TICA | PROF\u00aa ISABELLA &#8211; Dispon\u00edvel em: &lt;https:\/\/youtu.be\/irtm0bbNJbc&gt; acesso em 28, fev. 2021<\/figcaption><\/figure>\n\n\n\n<hr class=\"wp-block-separator is-style-dots\"\/>\n\n\n\n<p class=\"has-luminous-vivid-amber-background-color has-text-color has-background\" style=\"color:#000000;font-size:22px\"><strong>ATIVIDADE 1<\/strong><\/p>\n\n\n\n<p class=\"has-text-align-center has-text-color has-medium-font-size\" style=\"color:#000000\">LEIA A TIRINHA DA \u201cTURMA DO CABE\u00c7A OCA\u201d:<\/p>\n\n\n\n<div class=\"wp-block-image\"><figure class=\"aligncenter size-large\"><img decoding=\"async\" width=\"479\" height=\"480\" src=\"https:\/\/sme.goiania.go.gov.br\/conexaoescola\/wp-content\/uploads\/2021\/02\/Captura-de-Tela-2021-02-28-a\u0300s-16.06.27-e1614539512447.png\" alt=\"\" class=\"wp-image-126037\" srcset=\"https:\/\/sme.goiania.go.gov.br\/conexaoescola\/wp-content\/uploads\/2021\/02\/Captura-de-Tela-2021-02-28-a\u0300s-16.06.27-e1614539512447.png 479w, https:\/\/sme.goiania.go.gov.br\/conexaoescola\/wp-content\/uploads\/2021\/02\/Captura-de-Tela-2021-02-28-a\u0300s-16.06.27-e1614539512447-300x300.png 300w, https:\/\/sme.goiania.go.gov.br\/conexaoescola\/wp-content\/uploads\/2021\/02\/Captura-de-Tela-2021-02-28-a\u0300s-16.06.27-e1614539512447-150x150.png 150w\" sizes=\"(max-width: 479px) 100vw, 479px\" \/><figcaption>Turma do &#8220;Cabe\u00e7a Oca&#8221; &#8211; Dispon\u00edvel em: &lt;https:\/\/www.instagram.com\/turmadocabecaoca\/?hl=pt-br&gt; acesso em 20, fev. 2020. Reprodu\u00e7\u00e3o autorizada pelo autor Christie Queiroz.<\/figcaption><\/figure><\/div>\n\n\n\n<p class=\"has-text-color has-medium-font-size\" style=\"color:#000000\">RESPONDA (ESCREVA) EM SEU CADERNO (OU FOLHA):<br>A) VOC\u00ca GOSTOU DA HIST\u00d3RIA? <br>B) QUAL A SURPRESA QUE O \u201cCABE\u00c7A OCA\u201d TEVE?<br>C) QUAL A NOTA QUE ELE TIROU?<\/p>\n\n\n\n<p class=\"has-text-align-center has-very-light-gray-background-color has-text-color has-background has-medium-font-size\" style=\"color:#000000\">VOC\u00ca SABIA QUE A NOTA QUE O CABE\u00c7A OCA TIROU, O TEMPO QUE ELE GASTOU PARA FAZER A PROVA, A QUANTIDADE DE ACERTOS E ERROS QUE ELE TEVE, OS C\u00c1LCULOS QUE ELE FEZ, TUDO ISSO, FAZ PARTE DE CONCEITOS MATEM\u00c1TICOS?<\/p>\n\n\n\n<p class=\"has-text-color has-medium-font-size\" style=\"color:#000000\">D) CONVERSE COM ALGU\u00c9M DE SUA FAM\u00cdLIA SOBRE ESTE ASSUNTO, DEPOIS FA\u00c7A O REGISTRO.<\/p>\n\n\n\n<p class=\"has-luminous-vivid-amber-background-color has-text-color has-background\" style=\"color:#000000;font-size:22px\"><strong>ATIVIDADE 2<\/strong><\/p>\n\n\n\n<p class=\"has-text-align-center has-text-color has-medium-font-size\" style=\"color:#000000\">VOC\u00ca J\u00c1 REPAROU QUE A MATEM\u00c1TICA EST\u00c1 PRESENTE EM DIVERSAS SITUA\u00c7\u00d5ES DO DIA A DIA?&nbsp; <br>ELA EST\u00c1 EM TODAS AS PALAVRAS DO TEXTO A SEGUIR, MARCADAS EM NEGRITO, VEJA:<\/p>\n\n\n\n<p class=\"has-text-align-center has-very-light-gray-background-color has-text-color has-background\" style=\"color:#000000;font-size:25px\">VOC\u00ca RESOLVE IR AO MERCADO COM SUA FAM\u00cdLIA. QUANTO<strong> DINHEIRO<\/strong> PRECISA LEVAR? QUAL MERCADO IR\u00c1 DESTA VEZ? QUEM VAI ESCOLHER? TIRAM <strong>PAR OU \u00cdMPAR. <\/strong>NA ESCOLHA DOS PRODUTOS, OLHAM OS<strong> PRE\u00c7OS <\/strong>ATENTAMENTE. FAZEM <strong>CONTAS<\/strong> E SEPARAM A <strong>QUANTIDADE <\/strong>DE CADA PRODUTO QUE IR\u00c3O LEVAR. COLOCAM TUDO EM UMA SACOLA, POIS EST\u00c1 BEM <strong>PESADO<\/strong>. DEPOIS DE TANTO ESFOR\u00c7O, <strong>UMA<\/strong> PARADA PARA COMER UMA PIZZA. <strong>DIVIDEM<\/strong> OS PEDA\u00c7OS E LOGO OLHAM A <strong>HORA<\/strong> POIS J\u00c1 EST\u00c1 TARDE E PRECISAM RETORNAR.<\/p>\n\n\n\n<p class=\"has-text-align-center has-text-color has-medium-font-size\" style=\"color:#000000\">A) PESQUISE E CONVERSE COM UM FAMILIAR, SOBRE AS POSSIBILIDADES EM USAR A MATEM\u00c1TICA EM V\u00c1RIAS SITUA\u00c7\u00d5ES NA ORGANIZA\u00c7\u00c3O DA VIDA HUMANA. ESCREVA EM SEU CADERNO (VEJA O MODELO):<\/p>\n\n\n\n<figure class=\"wp-block-table alignfull is-style-regular\"><table><tbody><tr><td><strong>&nbsp;  \u00c1REA USADA:<\/strong><\/td><td class=\"has-text-align-center\" data-align=\"center\"> <strong>POSSIBILIDADES:<\/strong><\/td><\/tr><tr><td> ARTE<\/td><td class=\"has-text-align-center\" data-align=\"center\">NA COMPOSI\u00c7\u00c3O DE UM QUADRO, SIMETRIA (PARTES IGUAIS), GEOMETRIA (COMO C\u00cdRCULO E TRI\u00c2NGULO)&nbsp;<\/td><\/tr><tr><td> JOGOS<\/td><td class=\"has-text-align-center\" data-align=\"center\"><br><\/td><\/tr><tr><td> CULIN\u00c1RIA<\/td><td class=\"has-text-align-center\" data-align=\"center\"><\/td><\/tr><tr><td> CONSTRU\u00c7\u00c3O<\/td><td class=\"has-text-align-center\" data-align=\"center\"><\/td><\/tr><tr><td> MEDIDAS<\/td><td class=\"has-text-align-center\" data-align=\"center\"><\/td><\/tr><tr><td> TR\u00c2NSITO<\/td><td class=\"has-text-align-center\" data-align=\"center\"><\/td><\/tr><\/tbody><\/table><\/figure>\n\n\n\n<p class=\"has-luminous-vivid-amber-background-color has-text-color has-background\" style=\"color:#000000;font-size:22px\"><strong>ATIVIDADE 3<\/strong><\/p>\n\n\n\n<p class=\"has-text-align-center has-text-color has-medium-font-size\" style=\"color:#000000\">AGORA, ATENTE-SE PARA OS N\u00daMEROS QUE EST\u00c3O PRESENTES EM SUA VIDA. COPIE (NO CADERNO OU EM UMA FOLHA) E PREENCHA A FICHA ABAIXO. PERCEBA QUANTAS INFORMA\u00c7\u00d5ES IMPORTANTES PODEMOS OBTER:<\/p>\n\n\n\n<p class=\"has-text-align-center has-very-light-gray-background-color has-text-color has-background has-medium-font-size\" style=\"color:#000000\">MEU NOME TEM _________________ LETRAS<br>MINHA IDADE:_________________<br>MEU CEP \u00c9:______________________<br>N\u00daMERO DO CAL\u00c7ADO: ______<br>MEU TEL: (&nbsp; )__________________<br>QUANDO NASCI EU PESAVA:______________<br>HOJE EU PESO:_______________________<br>MINHA ALTURA \u00c9:______________________<br>EM MINHA CASA MORAM _____ PESSOAS.<\/p>\n\n\n\n<p class=\"has-text-align-left has-very-light-gray-background-color has-text-color has-background\" style=\"color:#000000\"><strong>RELEMBRANDO!<\/strong><\/p>\n\n\n\n<ul class=\"wp-block-list\"><li>A MATEM\u00c1TICA EST\u00c1 PRESENTE EM NOSSA VIDA.<\/li><li>SE OLHARMOS AO NOSSO REDOR PODEMOS NOTAR SUA PRESEN\u00c7A NAS A\u00c7\u00d5ES QUE REALIZAMOS, COMO, POR EXEMPLO, IR \u00c0S COMPRAS, PREPARAR UMA RECEITA, BRINCAR E JOGAR, CONTAR O TEMPO NO REL\u00d3GIO, NA M\u00daSICA, ENTRE OUTROS.<\/li><li>EXISTEM V\u00c1RIAS POSSIBILIDADES DO USO DA MATEM\u00c1TICA EM SITUA\u00c7\u00d5ES NA ORGANIZA\u00c7\u00c3O DA VIDA HUMANA.&nbsp;<\/li><\/ul>\n\n\n\n<hr class=\"wp-block-separator\"\/>\n\n\n\n<figure class=\"wp-block-table is-style-stripes\"><table><tbody><tr><td class=\"has-text-align-center\" data-align=\"center\">Habilidade estruturante&nbsp;<\/td><td>(EF03MA01-C) Representar quantidades com n\u00fameros e palavras, estabelecendo rela\u00e7\u00e3o entre elas.<\/td><\/tr><\/tbody><\/table><\/figure>\n\n\n\n<p><\/p>\n","protected":false},"author":23,"featured_media":126038,"template":"","ef_categoria":[13,19],"ef_ano":[86],"ef_componente":[94],"class_list":["post-126036","ensino_fundamental","type-ensino_fundamental","status-publish","has-post-thumbnail","hentry","ef_categoria-ciclo-da-infancia-abc","ef_categoria-educacao-financeira-e-empreendedorismo","ef_ano-3o-ano","ef_componente-matematica","entry","has-media"],"acf":[],"_links":{"self":[{"href":"https:\/\/sme.goiania.go.gov.br\/conexaoescola\/wp-json\/wp\/v2\/ensino_fundamental\/126036","targetHints":{"allow":["GET"]}}],"collection":[{"href":"https:\/\/sme.goiania.go.gov.br\/conexaoescola\/wp-json\/wp\/v2\/ensino_fundamental"}],"about":[{"href":"https:\/\/sme.goiania.go.gov.br\/conexaoescola\/wp-json\/wp\/v2\/types\/ensino_fundamental"}],"author":[{"embeddable":true,"href":"https:\/\/sme.goiania.go.gov.br\/conexaoescola\/wp-json\/wp\/v2\/users\/23"}],"version-history":[{"count":0,"href":"https:\/\/sme.goiania.go.gov.br\/conexaoescola\/wp-json\/wp\/v2\/ensino_fundamental\/126036\/revisions"}],"wp:featuredmedia":[{"embeddable":true,"href":"https:\/\/sme.goiania.go.gov.br\/conexaoescola\/wp-json\/wp\/v2\/media\/126038"}],"wp:attachment":[{"href":"https:\/\/sme.goiania.go.gov.br\/conexaoescola\/wp-json\/wp\/v2\/media?parent=126036"}],"wp:term":[{"taxonomy":"ef_categoria","embeddable":true,"href":"https:\/\/sme.goiania.go.gov.br\/conexaoescola\/wp-json\/wp\/v2\/ef_categoria?post=126036"},{"taxonomy":"ef_ano","embeddable":true,"href":"https:\/\/sme.goiania.go.gov.br\/conexaoescola\/wp-json\/wp\/v2\/ef_ano?post=126036"},{"taxonomy":"ef_componente","embeddable":true,"href":"https:\/\/sme.goiania.go.gov.br\/conexaoescola\/wp-json\/wp\/v2\/ef_componente?post=126036"}],"curies":[{"name":"wp","href":"https:\/\/api.w.org\/{rel}","templated":true}]}}