{"id":126025,"date":"2021-03-03T06:01:00","date_gmt":"2021-03-03T09:01:00","guid":{"rendered":"https:\/\/sme.goiania.go.gov.br\/conexaoescola\/?post_type=ensino_fundamental&#038;p=126025"},"modified":"2021-11-24T12:24:09","modified_gmt":"2021-11-24T14:24:09","slug":"lingua-portuguesa-silabas-segmentacao-de-palavras","status":"publish","type":"ensino_fundamental","link":"https:\/\/sme.goiania.go.gov.br\/conexaoescola\/ensino_fundamental\/lingua-portuguesa-silabas-segmentacao-de-palavras\/","title":{"rendered":"L\u00edngua Portuguesa e Arte &#8211; S\u00edlabas: segmenta\u00e7\u00e3o de palavras"},"content":{"rendered":"\n<p class=\"has-very-light-gray-background-color has-text-color has-background has-medium-font-size\" style=\"color:#000000\"><em>Ol\u00e1, educando (a)! Esta videoaula de <\/em><strong><em>L\u00edngua Portuguesa<\/em><\/strong><em> (e Arte &#8211; integra\u00e7\u00e3o) &#8211; para o 3\u00ba ano do Ensino Fundamental &#8211; foi veiculada na TV no dia <\/em><strong><em>03\/03\/2021 (Quarta-feira)<\/em><\/strong><em>. Aqui no Portal Conex\u00e3o Escola, ela est\u00e1 dispon\u00edvel juntamente com a proposta de atividade.<\/em><\/p>\n\n\n\n<figure class=\"wp-block-image size-large\"><img fetchpriority=\"high\" decoding=\"async\" width=\"1024\" height=\"447\" src=\"https:\/\/sme.goiania.go.gov.br\/conexaoescola\/wp-content\/uploads\/2021\/02\/read-720528_1920-e1614298257422-1024x447.jpg\" alt=\"\" class=\"wp-image-126026\" srcset=\"https:\/\/sme.goiania.go.gov.br\/conexaoescola\/wp-content\/uploads\/2021\/02\/read-720528_1920-e1614298257422-1024x447.jpg 1024w, https:\/\/sme.goiania.go.gov.br\/conexaoescola\/wp-content\/uploads\/2021\/02\/read-720528_1920-e1614298257422-300x131.jpg 300w, https:\/\/sme.goiania.go.gov.br\/conexaoescola\/wp-content\/uploads\/2021\/02\/read-720528_1920-e1614298257422-768x335.jpg 768w, https:\/\/sme.goiania.go.gov.br\/conexaoescola\/wp-content\/uploads\/2021\/02\/read-720528_1920-e1614298257422-1536x670.jpg 1536w, https:\/\/sme.goiania.go.gov.br\/conexaoescola\/wp-content\/uploads\/2021\/02\/read-720528_1920-e1614298257422.jpg 1920w\" sizes=\"(max-width: 1024px) 100vw, 1024px\" \/><figcaption>Tem\u00e1tica: alfabeto. Dispon\u00edvel em: pixabay.com<\/figcaption><\/figure>\n\n\n\n<p class=\"has-text-align-center has-text-color has-background has-medium-font-size\" style=\"background-color:#fffde6;color:#000000\"><strong>OL\u00c1 CRIAN\u00c7AS! TUDO BEM POR A\u00cd?&nbsp; <\/strong><br>QUE BOM ESTAR AQUI COM VOC\u00caS! HOJE, IREMOS ESTUDAR E COMPREENDER SOBRE A FORMA\u00c7\u00c3O DAS PALAVRAS. <br>NESTA VIDEOAULA, ABORDAREMOS TAMB\u00c9M SOBRE A TEM\u00c1TICA  &#8220;S\u00cdLABAS&#8221;. <\/p>\n\n\n\n<p class=\"has-text-align-center has-text-color has-background has-medium-font-size\" style=\"background-color:#fffde6;color:#000000\">ENT\u00c3O, EST\u00c3O PREPARADOS? <br>PEGUE O SEU MATERIAL, TENHA BASTANTE ATEN\u00c7\u00c3O E N\u00c3O FIQUE FORA DESTA VIDEOAULA!!!!!<\/p>\n\n\n\n<p><\/p>\n\n\n\n<hr class=\"wp-block-separator\"\/>\n\n\n\n<p class=\"has-text-align-center has-luminous-vivid-amber-color has-text-color has-background\" style=\"background-color:#000000;font-size:22px\"><strong><span style=\"color:#ffffff\" class=\"has-inline-color\">ASSISTA A VIDEOAULA ABAIXO, COM A TEM\u00c1TICA: <\/span>S\u00cdLABAS &#8211; SEGMENTA\u00c7\u00c3O DE PALAVRAS<\/strong><\/p>\n\n\n\n<figure class=\"wp-block-embed aligncenter is-type-video is-provider-youtube wp-block-embed-youtube wp-embed-aspect-16-9 wp-has-aspect-ratio\"><div class=\"wp-block-embed__wrapper\">\n<p class=\"responsive-video-wrap clr\"><iframe title=\"TURMA C |  3\u00ba ANO  | CICLO DA INF\u00c2NCIA |  PORTUGU\u00caS | PROF\u00aa ISABELLA\" width=\"1200\" height=\"675\" src=\"https:\/\/www.youtube.com\/embed\/14QWUzmQ-wo?feature=oembed\" frameborder=\"0\" allow=\"accelerometer; autoplay; clipboard-write; encrypted-media; gyroscope; picture-in-picture\" allowfullscreen><\/iframe><\/p>\n<\/div><figcaption>TURMA C | 3\u00ba ANO | CICLO DA INF\u00c2NCIA | PORTUGU\u00caS | PROF\u00aa ISABELLA<\/figcaption><\/figure>\n\n\n\n<hr class=\"wp-block-separator is-style-dots\"\/>\n\n\n\n<p class=\"has-luminous-vivid-amber-background-color has-text-color has-background\" style=\"color:#000000;font-size:22px\"><strong>ATIVIDADE 1<\/strong><\/p>\n\n\n\n<p class=\"has-text-align-center has-text-color\" style=\"color:#000000\">AS PALAVRAS S\u00c3O FORMADAS PELA COMBINA\u00c7\u00c3O DE LETRAS DO ALFABETO, QUE FORMAM S\u00cdLABAS. CADA PARTE DA PALAVRA QUE \u00c9 PRONUNCIADA EM UM MOMENTO DIFERENTE, RECEBE O NOME DE S\u00cdLABA. NA FALA, A S\u00cdLABA \u00c9 A PARTI\u00c7\u00c3O DE UMA PALAVRA EM SONS; NA ESCRITA, \u00c9 A PARTI\u00c7\u00c3O DE UMA PALAVRA EM LETRAS E SONS.<\/p>\n\n\n\n<p class=\"has-text-align-center has-background\" style=\"background-color:#fff8e5\"><strong>ASSISTA AO V\u00cdDEO DO CANAL \u201cMUNDO DE KABOO\u201d, PARA COMPREENDER MAIS SOBRE ESTE ASSUNTO:<\/strong><\/p>\n\n\n\n<figure class=\"wp-block-embed aligncenter is-type-video is-provider-youtube wp-block-embed-youtube wp-embed-aspect-16-9 wp-has-aspect-ratio\"><div class=\"wp-block-embed__wrapper\">\n<p class=\"responsive-video-wrap clr\"><iframe title=\"Separa\u00e7\u00e3o de S\u00edlabas | V\u00eddeo Educativo Infantil | Mundo de Kaboo\" width=\"1200\" height=\"675\" src=\"https:\/\/www.youtube.com\/embed\/4YYr2iuxGpk?feature=oembed\" frameborder=\"0\" allow=\"accelerometer; autoplay; clipboard-write; encrypted-media; gyroscope; picture-in-picture\" allowfullscreen><\/iframe><\/p>\n<\/div><figcaption>Separa\u00e7\u00e3o de S\u00edlabas | V\u00eddeo Educativo Infantil | Mundo de Kaboo. Dispon\u00edvel em: &lt;https:\/\/youtu.be\/4YYr2iuxGpk&gt; acesso em 25, fev. 2021<\/figcaption><\/figure>\n\n\n\n<p class=\"has-luminous-vivid-amber-background-color has-text-color has-background\" style=\"color:#000000;font-size:22px\"><strong>ATIVIDADE 2<\/strong><\/p>\n\n\n\n<p class=\"has-text-align-center has-text-color has-medium-font-size\" style=\"color:#000000\"><strong>CHEGOU A HORA DE SEPARAR S\u00cdLABAS BRINCANDO!<\/strong><\/p>\n\n\n\n<p class=\"has-text-align-center has-very-light-gray-background-color has-text-color has-background has-medium-font-size\" style=\"color:#000000\">VOC\u00ca CONHECE A BRINCADEIRA \u201cA-DO-LE-TA\u201d ?<\/p>\n\n\n\n<p class=\"has-text-align-center\">\u201cA-DO-LE-TA\u201d \u00c9 UMA BRINCADEIRA INFANTIL BRASILEIRA, ONDE OS PARTICIPANTES FAZEM FORMA\u00c7\u00c3O EM RODA, BATEM NA M\u00c3O DO OUTRO PARTICIPANTE E CANTAM.  EM UMA RODA, AS CRIAN\u00c7AS COLOCAM A M\u00c3O DIREITA SOBRE A M\u00c3O ESQUERDA DO SEU VIZINHO, COM A PALMA PARA CIMA. A PRIMEIRA BATE A M\u00c3O DIREITA NA DIREITA DO VIZINHO. QUEM RECEBE O TAPA REPETE O FEITO E ASSIM VAI, A CADA S\u00cdLABA CANTADA, AT\u00c9 O FINAL DA CANTIGA. O \u00daLTIMO A LEVAR O TAPA SAI DO JOGO. ASSISTA AO VIDEO PARA COMPREENDER:<\/p>\n\n\n\n<figure class=\"wp-block-embed aligncenter is-type-video is-provider-youtube wp-block-embed-youtube wp-embed-aspect-16-9 wp-has-aspect-ratio\"><div class=\"wp-block-embed__wrapper\">\n<p class=\"responsive-video-wrap clr\"><iframe title=\"Adoleta  | Jogo de m\u00e3o | Brincadeira Tradicional\" width=\"1200\" height=\"675\" src=\"https:\/\/www.youtube.com\/embed\/42eueTcTsWM?feature=oembed\" frameborder=\"0\" allow=\"accelerometer; autoplay; clipboard-write; encrypted-media; gyroscope; picture-in-picture\" allowfullscreen><\/iframe><\/p>\n<\/div><figcaption>Adoleta | Jogo de m\u00e3o | Brincadeira Tradicional &#8211; Canal parabola. Dispon\u00edvel em: https:\/\/www.youtube.com\/watch?v=42eueTcTsWM acesso em 28, fev. 2021  &#8211; <br>Atores: Rafael Barreiros, Fernanda de Souza e Levi Brand\u00e3o Realiza\u00e7\u00e3o: Parabol\u00e9 Educa\u00e7\u00e3o e Cultura Pesquisa: Fernanda de Souza e N\u00e9lio Spr\u00e9a Dire\u00e7\u00e3o: Levi Brand\u00e3o e N\u00e9lio Spr\u00e9a Filmagem: Lucas Rachinski Som: Valderval O. Filho Edi\u00e7\u00e3o: Everton Sebben<\/figcaption><\/figure>\n\n\n\n<p class=\"has-text-align-center has-luminous-vivid-amber-background-color has-text-color has-background has-medium-font-size\" style=\"color:#000000\"><strong>LEIA AGORA O TRECHO DA M\u00daSICA (OUTRA VERS\u00c3O &#8211; LETRA), E CHAME SUA FAM\u00cdLIA PARA BRINCAR COM VOC\u00ca!<\/strong><\/p>\n\n\n\n<div class=\"wp-block-image\"><figure class=\"aligncenter size-large\"><img decoding=\"async\" width=\"1024\" height=\"576\" src=\"https:\/\/sme.goiania.go.gov.br\/conexaoescola\/wp-content\/uploads\/2021\/03\/ADOLETA-PCN-e1614537007733-1024x576.jpg\" alt=\"\" class=\"wp-image-126031\" srcset=\"https:\/\/sme.goiania.go.gov.br\/conexaoescola\/wp-content\/uploads\/2021\/03\/ADOLETA-PCN-e1614537007733-1024x576.jpg 1024w, https:\/\/sme.goiania.go.gov.br\/conexaoescola\/wp-content\/uploads\/2021\/03\/ADOLETA-PCN-e1614537007733-300x169.jpg 300w, https:\/\/sme.goiania.go.gov.br\/conexaoescola\/wp-content\/uploads\/2021\/03\/ADOLETA-PCN-e1614537007733-768x432.jpg 768w, https:\/\/sme.goiania.go.gov.br\/conexaoescola\/wp-content\/uploads\/2021\/03\/ADOLETA-PCN-e1614537007733-1536x864.jpg 1536w, https:\/\/sme.goiania.go.gov.br\/conexaoescola\/wp-content\/uploads\/2021\/03\/ADOLETA-PCN-e1614537007733.jpg 1920w\" sizes=\"(max-width: 1024px) 100vw, 1024px\" \/><figcaption>Imagens dispon\u00edveis em pixabay.com (tem\u00e1tica brincar). <\/figcaption><\/figure><\/div>\n\n\n\n<p class=\"has-luminous-vivid-amber-background-color has-text-color has-background\" style=\"color:#000000;font-size:22px\"><strong>ATIVIDADE 3<\/strong><\/p>\n\n\n\n<p class=\"has-text-align-center has-text-color has-medium-font-size\" style=\"color:#000000\">NESSA BRINCADEIRA, CANTAMOS E BATEMOS NA M\u00c3O, FAZENDO A SEPARA\u00c7\u00c3O DAS S\u00cdLABAS.<\/p>\n\n\n\n<p class=\"has-text-align-center has-text-color\" style=\"color:#000000;font-size:18px\">AGORA \u00c9 COM VOC\u00ca! IMAGINE QUE VOC\u00ca CONTINUA BRINCANDO DE \u201cADOLET\u00c1\u201d, USANDO AS PALAVRAS DA CANTIGA, FA\u00c7A A SEPARA\u00c7\u00c3O DAS S\u00cdLABAS CORRETAMENTE E REGISTRE EM SEU CADERNO.<\/p>\n\n\n\n<p class=\"has-text-align-center has-very-dark-gray-color has-text-color has-background has-medium-font-size\" style=\"background-color:#ecd5c4\"><strong>RABO &#8211; TATU &#8211; PANELA &#8211; MACAQUINHO &#8211; M\u00c3O&nbsp;<\/strong><\/p>\n\n\n\n<p class=\"has-text-color\" style=\"color:#000000;font-size:18px\">A) QUAIS PALAVRAS TEM A MESMA QUANTIDADE DE S\u00cdLABAS?<\/p>\n\n\n\n<p class=\"has-text-color\" style=\"color:#000000;font-size:18px\">B) A PALAVRA \u201cM\u00c3O\u201d TEM QUANTAS S\u00cdLABAS? PESQUISE PALAVRAS QUE TENHAM A MESMA QUANTIDADE DE S\u00cdLABAS E ESCREVA EM SEU CADERNO.<\/p>\n\n\n\n<p class=\"has-text-align-left has-very-light-gray-background-color has-text-color has-background\" style=\"color:#000000\"><strong>RELEMBRANDO!<\/strong><\/p>\n\n\n\n<ul class=\"wp-block-list\"><li>AS PALAVRAS S\u00c3O FORMADAS PELA COMBINA\u00c7\u00c3O DE LETRAS DO ALFABETO, QUE FORMAM S\u00cdLABAS.<\/li><li>CADA PARTE DA PALAVRA QUE \u00c9 PRONUNCIADA EM UM MOMENTO DIFERENTE, RECEBE O NOME DE S\u00cdLABA.<\/li><li>&nbsp;NA FALA, A S\u00cdLABA \u00c9 A PARTI\u00c7\u00c3O DE UMA PALAVRA EM SONS; NA ESCRITA, \u00c9 A PARTI\u00c7\u00c3O DE UMA PALAVRA EM LETRAS E SONS.<\/li><\/ul>\n\n\n\n<hr class=\"wp-block-separator\"\/>\n\n\n\n<figure class=\"wp-block-table is-style-stripes\"><table><tbody><tr><td class=\"has-text-align-center\" data-align=\"center\">Habilidade estruturante&nbsp;<\/td><td>(EF03LP05) Identificar o n\u00famero de s\u00edlabas de palavras, classificando-as em monoss\u00edlabas, diss\u00edlabas, triss\u00edlabas e poliss\u00edlabas.&nbsp;<br>(GO-EF03AR24) Experimentar brinquedos, brincadeiras,&nbsp; jogos, dan\u00e7as, can\u00e7\u00f5es e hist\u00f3ria de diferentes matrizes&nbsp; est\u00e9ticas e culturais.<\/td><\/tr><\/tbody><\/table><\/figure>\n\n\n\n<p><\/p>\n","protected":false},"author":5,"featured_media":126026,"template":"","ef_categoria":[13,20],"ef_ano":[86],"ef_componente":[99,93],"class_list":["post-126025","ensino_fundamental","type-ensino_fundamental","status-publish","has-post-thumbnail","hentry","ef_categoria-ciclo-da-infancia-abc","ef_categoria-etica-e-cidadania","ef_ano-3o-ano","ef_componente-arte-ef","ef_componente-portugues","entry","has-media"],"acf":[],"_links":{"self":[{"href":"https:\/\/sme.goiania.go.gov.br\/conexaoescola\/wp-json\/wp\/v2\/ensino_fundamental\/126025","targetHints":{"allow":["GET"]}}],"collection":[{"href":"https:\/\/sme.goiania.go.gov.br\/conexaoescola\/wp-json\/wp\/v2\/ensino_fundamental"}],"about":[{"href":"https:\/\/sme.goiania.go.gov.br\/conexaoescola\/wp-json\/wp\/v2\/types\/ensino_fundamental"}],"author":[{"embeddable":true,"href":"https:\/\/sme.goiania.go.gov.br\/conexaoescola\/wp-json\/wp\/v2\/users\/5"}],"version-history":[{"count":0,"href":"https:\/\/sme.goiania.go.gov.br\/conexaoescola\/wp-json\/wp\/v2\/ensino_fundamental\/126025\/revisions"}],"wp:featuredmedia":[{"embeddable":true,"href":"https:\/\/sme.goiania.go.gov.br\/conexaoescola\/wp-json\/wp\/v2\/media\/126026"}],"wp:attachment":[{"href":"https:\/\/sme.goiania.go.gov.br\/conexaoescola\/wp-json\/wp\/v2\/media?parent=126025"}],"wp:term":[{"taxonomy":"ef_categoria","embeddable":true,"href":"https:\/\/sme.goiania.go.gov.br\/conexaoescola\/wp-json\/wp\/v2\/ef_categoria?post=126025"},{"taxonomy":"ef_ano","embeddable":true,"href":"https:\/\/sme.goiania.go.gov.br\/conexaoescola\/wp-json\/wp\/v2\/ef_ano?post=126025"},{"taxonomy":"ef_componente","embeddable":true,"href":"https:\/\/sme.goiania.go.gov.br\/conexaoescola\/wp-json\/wp\/v2\/ef_componente?post=126025"}],"curies":[{"name":"wp","href":"https:\/\/api.w.org\/{rel}","templated":true}]}}