{"id":1214,"date":"2020-05-04T07:00:00","date_gmt":"2020-05-04T10:00:00","guid":{"rendered":"http:\/\/sme.goiania.go.gov.br\/conexaoescola\/?post_type=ensino_fundamental&#038;p=1214"},"modified":"2020-05-27T20:09:56","modified_gmt":"2020-05-27T23:09:56","slug":"brasilia-a-capital-do-brasil","status":"publish","type":"ensino_fundamental","link":"https:\/\/sme.goiania.go.gov.br\/conexaoescola\/ensino_fundamental\/brasilia-a-capital-do-brasil\/","title":{"rendered":"Bras\u00edlia, a capital do Brasil"},"content":{"rendered":"\n<p>Na atividade de hoje, voc\u00ea conhecer\u00e1 mais sobre a hist\u00f3ria de Bras\u00edlia, a capital do nosso pa\u00eds, o Brasil.<\/p>\n\n\n\n<p>A cidade de Bras\u00edlia \u00e9 considerada, internacionalmente, um dos grandes monumentos arquitet\u00f4nicos e um dos mais ousados projetos urban\u00edsticos do mundo, projetada pelo arquiteto Oscar Niemeyer e pelo urbanista L\u00facio Costa.<\/p>\n\n\n\n<p>No dia 21 de abril, a cidade de Bras\u00edlia completou 60 anos. A seguir, voc\u00ea vai conhecer a respeito da hist\u00f3ria de sua constru\u00e7\u00e3o.<\/p>\n\n\n\n<p><a href=\"https:\/\/super.abril.com.br\/mundo-estranho\/como-foi-a-construcao-de-brasilia\/\">https:\/\/super.abril.com.br\/mundo-estranho\/como-foi-a-construcao-de-brasilia\/<\/a><\/p>\n\n\n\n<p>Como voc\u00ea pode perceber, a ideia de mudar a capital do pa\u00eds era antiga e estava presente na Primeira Constitui\u00e7\u00e3o do Brasil, de 1891.&nbsp;<\/p>\n\n\n\n<p>Agora fa\u00e7a algumas pesquisas e descubra:<\/p>\n\n\n\n<ul class=\"wp-block-list\"><li>o projeto do Plano Piloto feito por L\u00facio Costa;<\/li><li>as obras p\u00fablicas feitas pelo arquiteto Oscar Niemeyer na cidade de Bras\u00edlia;<\/li><li>as cidades-sat\u00e9lites do Distrito Federal;<\/li><li>quem eram os denominados \u201ccandangos\u201d e qual o seu papel na constru\u00e7\u00e3o de Bras\u00edlia.<\/li><\/ul>\n\n\n\n<p>Registre em seu caderno a s\u00edntese de todas as informa\u00e7\u00f5es encontradas e n\u00e3o se esque\u00e7a de anotar a fonte (sites, livros, jornais) de onde voc\u00ea tirou estas informa\u00e7\u00f5es.&nbsp;<\/p>\n\n\n\n<p>Bras\u00edlia, assim como Goi\u00e2nia, foi uma cidade planejada. Mas o que isso quer dizer? Leia mais no link a seguir:<\/p>\n\n\n\n<p><a href=\"http:\/\/realidadeurbanas.blogspot.com\/2012\/05\/capitais-projetadas-do-brasil.html\">http:\/\/realidadeurbanas.blogspot.com\/2012\/05\/capitais-projetadas-do-brasil.html<\/a><\/p>\n\n\n\n<p>A seguir, voc\u00ea ter\u00e1 acesso a uma galeria de fotos de cart\u00f5es- postais do per\u00edodo da constru\u00e7\u00e3o e inaugura\u00e7\u00e3o de Bras\u00edlia. Basta clicar no link abaixo. Vamos l\u00e1?<\/p>\n\n\n\n<p><a href=\"http:\/\/cpdoc.fgv.br\/brasilia\/postais\">http:\/\/cpdoc.fgv.br\/brasilia\/postais<\/a><\/p>\n\n\n\n<p>Escreva em seu caderno a imagem que voc\u00ea mais gostou. Explique a imagem com suas palavras e justifique sua escolha.<\/p>\n\n\n\n<p>Espero que voc\u00ea tenha aprendido muito hoje!!&nbsp;<\/p>\n\n\n\n<p>At\u00e9 a pr\u00f3xima!<\/p>\n\n\n\n<p>__________________________<\/p>\n\n\n\n<p>Para saber mais:<\/p>\n\n\n\n<p>Voc\u00ea sabia que a cidade de Bras\u00edlia, al\u00e9m de ser a capital federal e o centro pol\u00edtico do Brasil, recebeu o t\u00edtulo de patrim\u00f4nio cultural da humanidade pela UNESCO e \u00e9 uma cidade que n\u00e3o possui o cargo de prefeito? Conhe\u00e7a mais sobre a capital nacional acessando o link Gohurb.&nbsp;<br><a href=\"https:\/\/go.hurb.com\/10-curiosidades-brasilia\/\">https:\/\/go.hurb.com\/10-curiosidades-brasilia\/<\/a><\/p>\n\n\n\n<hr class=\"wp-block-separator\"\/>\n\n\n\n<p class=\"has-text-align-center\"><br><br><a href=\"http:\/\/sme.goiania.go.gov.br\/conexaoescola\/page-ensino-fundamental\/ciclo-da-infancia-turmas-f-e-g\/\">Ensino Fundamental \u2013 Ciclo da Adolesc\u00eancia \u2013 F e G \u2013 Experi\u00eancias e Curiosidades<\/a>.<\/p>\n","protected":false},"author":8,"featured_media":1215,"template":"","ef_categoria":[15,31],"ef_ano":[],"ef_componente":[],"class_list":["post-1214","ensino_fundamental","type-ensino_fundamental","status-publish","has-post-thumbnail","hentry","ef_categoria-ciclo-da-adolescencia-fg","ef_categoria-experiencias-e-curiosidades-ciclo-da-adolescencia-fg","entry","has-media"],"acf":[],"_links":{"self":[{"href":"https:\/\/sme.goiania.go.gov.br\/conexaoescola\/wp-json\/wp\/v2\/ensino_fundamental\/1214","targetHints":{"allow":["GET"]}}],"collection":[{"href":"https:\/\/sme.goiania.go.gov.br\/conexaoescola\/wp-json\/wp\/v2\/ensino_fundamental"}],"about":[{"href":"https:\/\/sme.goiania.go.gov.br\/conexaoescola\/wp-json\/wp\/v2\/types\/ensino_fundamental"}],"author":[{"embeddable":true,"href":"https:\/\/sme.goiania.go.gov.br\/conexaoescola\/wp-json\/wp\/v2\/users\/8"}],"version-history":[{"count":0,"href":"https:\/\/sme.goiania.go.gov.br\/conexaoescola\/wp-json\/wp\/v2\/ensino_fundamental\/1214\/revisions"}],"wp:featuredmedia":[{"embeddable":true,"href":"https:\/\/sme.goiania.go.gov.br\/conexaoescola\/wp-json\/wp\/v2\/media\/1215"}],"wp:attachment":[{"href":"https:\/\/sme.goiania.go.gov.br\/conexaoescola\/wp-json\/wp\/v2\/media?parent=1214"}],"wp:term":[{"taxonomy":"ef_categoria","embeddable":true,"href":"https:\/\/sme.goiania.go.gov.br\/conexaoescola\/wp-json\/wp\/v2\/ef_categoria?post=1214"},{"taxonomy":"ef_ano","embeddable":true,"href":"https:\/\/sme.goiania.go.gov.br\/conexaoescola\/wp-json\/wp\/v2\/ef_ano?post=1214"},{"taxonomy":"ef_componente","embeddable":true,"href":"https:\/\/sme.goiania.go.gov.br\/conexaoescola\/wp-json\/wp\/v2\/ef_componente?post=1214"}],"curies":[{"name":"wp","href":"https:\/\/api.w.org\/{rel}","templated":true}]}}