{"id":1187,"date":"2020-05-04T07:00:00","date_gmt":"2020-05-04T10:00:00","guid":{"rendered":"http:\/\/sme.goiania.go.gov.br\/conexaoescola\/?post_type=ensino_fundamental&#038;p=1187"},"modified":"2020-05-26T13:16:35","modified_gmt":"2020-05-26T16:16:35","slug":"consumo-responsavel","status":"publish","type":"ensino_fundamental","link":"https:\/\/sme.goiania.go.gov.br\/conexaoescola\/ensino_fundamental\/consumo-responsavel\/","title":{"rendered":"Consumo Respons\u00e1vel"},"content":{"rendered":"\n<p>\u00c0s vezes, bate aquela vontade de comprar um t\u00eanis novo, um brinquedo e outras coisas que a gente compra sem precisar. Mas voc\u00ea j\u00e1 parou para pensar que nem tudo o que compramos n\u00f3s utilizamos? E que \u00e0s vezes compramos coisas sem necessidade?<\/p>\n\n\n\n<p>Hoje, voc\u00ea vai aprender sobre o Consumo Consciente. <\/p>\n\n\n\n<p><strong>Assista ao v\u00eddeo abaixo \u201cConsumo Respons\u00e1vel\u201d<\/strong>.  Refer\u00eancia:\u00a0Canal <em>Programa \u00c1gua Brasil,<\/em> YouTube.<\/p>\n\n\n\n<figure class=\"wp-block-embed-youtube wp-block-embed is-type-video is-provider-youtube wp-embed-aspect-4-3 wp-has-aspect-ratio\"><div class=\"wp-block-embed__wrapper\">\n<p class=\"responsive-video-wrap clr\"><iframe title=\"Consciente Coletivo 07\/10 - Impactos do Consumo\" width=\"1200\" height=\"900\" src=\"https:\/\/www.youtube.com\/embed\/HVu_d0NZfNc?feature=oembed\" frameborder=\"0\" allow=\"accelerometer; autoplay; encrypted-media; gyroscope; picture-in-picture\" allowfullscreen><\/iframe><\/p>\n<\/div><figcaption><a rel=\"noreferrer noopener\" href=\"http:\/\/sme.goiania.go.gov.br\/conexaoescola\/ensino_fundamental\/a-cigarra-e-a-formiga\/\" target=\"_blank\"><strong>Clique Na Imagem Para Assistir Ao V\u00eddeo<\/strong><\/a><strong>\u00a0<\/strong>\u00a0<\/figcaption><\/figure>\n\n\n\n<p><strong>Reflita sobre o assunto e converse com sua fam\u00edlia:<\/strong><\/p>\n\n\n\n<ul class=\"wp-block-list\"><li>Voc\u00eas j\u00e1 compraram alguma coisa que n\u00e3o precisavam?&nbsp;<\/li><li>Se sim, quais s\u00e3o os motivos que os levaram a ter esse tipo de atitude?<\/li><li>Voc\u00eas j\u00e1 pensaram em doar ou vender esses produtos que n\u00e3o usam?<\/li><\/ul>\n\n\n\n<p>Agora, fa\u00e7a uma <em>LISTA,<\/em> anotando os produtos que voc\u00eas j\u00e1 compraram sem precisar e n\u00e3o est\u00e3o usando.<\/p>\n\n\n\n<p><em>Se voc\u00ea est\u00e1 aprendendo a escrever<\/em>, pe\u00e7a a ajuda de algu\u00e9m na sua casa, caso tenha dificuldades.<\/p>\n\n\n\n<p><em>Se voc\u00ea j\u00e1 sabe escrever<\/em>, fa\u00e7a a lista bem organizada e pe\u00e7a para algu\u00e9m na sua casa olhar se est\u00e1 tudo escrito direitinho.<\/p>\n\n\n\n<p>E agora, que tal doar esses objetos? Como descartar sem transform\u00e1-los em lixo?&nbsp;<\/p>\n\n\n\n<p class=\"has-text-align-center\">&#8212;&#8212;&#8212;&#8212;-<\/p>\n\n\n\n<p>Como voc\u00ea viu, o consumo desenfreado gera um monte de materiais, que acabar\u00e3o no lixo.<\/p>\n\n\n\n<p>Ser\u00e1 que \u00e9 poss\u00edvel dar outro fim a todos esses materiais? SIIIIIMMMM!!!!<\/p>\n\n\n\n<p>Al\u00e9m de reduzir a quantidade de lixo produzido, quando as embalagens s\u00e3o reaproveitadas \u00e9 poss\u00edvel criar outros objetos \u00fateis, como, por exemplo, uma caixa de papel\u00e3o transformada em organizador. Dependendo do material, d\u00e1 at\u00e9 para fazer brinquedos.<\/p>\n\n\n\n<p><strong>Que tal fazer seus pr\u00f3prios brinquedos,<\/strong> utilizando esses materiais que seriam descartados?<\/p>\n\n\n\n<p><strong>Assista ao v\u00eddeo abaixo<\/strong> e veja o que fazer com os materiais que t\u00eam na sua casa. O v\u00eddeo \u00e9: \u201cMateriais Recicl\u00e1veis\/ Brinquedos de Garrafa Pet e papel\u00e3o\u201d. Refer\u00eancia: Canal <em>BuBa DIY<\/em>,  YouTube.<\/p>\n\n\n\n<figure class=\"wp-block-embed-youtube wp-block-embed is-type-video is-provider-youtube wp-embed-aspect-16-9 wp-has-aspect-ratio\"><div class=\"wp-block-embed__wrapper\">\n<p class=\"responsive-video-wrap clr\"><iframe title=\"6 DIY Materiais Recicl\u00e1veis | Brinquedos de Garrafa pet e papel\u00e3o\" width=\"1200\" height=\"675\" src=\"https:\/\/www.youtube.com\/embed\/-gwDXyx9tu4?feature=oembed\" frameborder=\"0\" allow=\"accelerometer; autoplay; encrypted-media; gyroscope; picture-in-picture\" allowfullscreen><\/iframe><\/p>\n<\/div><figcaption><a rel=\"noreferrer noopener\" href=\"http:\/\/sme.goiania.go.gov.br\/conexaoescola\/ensino_fundamental\/a-cigarra-e-a-formiga\/\" target=\"_blank\"><strong>Clique Na Imagem Para Assistir Ao V\u00eddeo<\/strong><\/a><strong>\u00a0<\/strong>\u00a0<\/figcaption><\/figure>\n\n\n\n<p><strong>Ent\u00e3o, fez muitos brinquedos? <\/strong>Que tal organizar em uma lista os nomes desses brinquedos? Se voc\u00ea ainda n\u00e3o fez nenhum, escreva o nome dos brinquedos ou objetos que voc\u00ea acredita que \u00e9 poss\u00edvel fazer. Capriche na letra!!\u00a0<br><\/p>\n\n\n\n<p><strong>ATEN\u00c7\u00c3O:<\/strong> N\u00e3o se esque\u00e7a de pedir ajuda para escrever ou para corrigir sua tarefa. <br><br>At\u00e9 a pr\u00f3xima!!<\/p>\n\n\n\n<hr class=\"wp-block-separator\"\/>\n\n\n\n<p class=\"has-text-align-center\"><br><br><a href=\"http:\/\/sme.goiania.go.gov.br\/conexaoescola\/page-ensino-fundamental\/ciclo-da-infancia-turmas-h-e-i\/\">Ensino Fundamental \u2013 Ciclo da Inf\u00e2ncia \u2013 A, B e C \u2013 Experi\u00eancias e Curiosidades&nbsp;<\/a><\/p>\n","protected":false},"author":8,"featured_media":1188,"template":"","ef_categoria":[13,21],"ef_ano":[],"ef_componente":[],"class_list":["post-1187","ensino_fundamental","type-ensino_fundamental","status-publish","has-post-thumbnail","hentry","ef_categoria-ciclo-da-infancia-abc","ef_categoria-experiencias-e-curiosidades","entry","has-media"],"acf":[],"_links":{"self":[{"href":"https:\/\/sme.goiania.go.gov.br\/conexaoescola\/wp-json\/wp\/v2\/ensino_fundamental\/1187","targetHints":{"allow":["GET"]}}],"collection":[{"href":"https:\/\/sme.goiania.go.gov.br\/conexaoescola\/wp-json\/wp\/v2\/ensino_fundamental"}],"about":[{"href":"https:\/\/sme.goiania.go.gov.br\/conexaoescola\/wp-json\/wp\/v2\/types\/ensino_fundamental"}],"author":[{"embeddable":true,"href":"https:\/\/sme.goiania.go.gov.br\/conexaoescola\/wp-json\/wp\/v2\/users\/8"}],"version-history":[{"count":0,"href":"https:\/\/sme.goiania.go.gov.br\/conexaoescola\/wp-json\/wp\/v2\/ensino_fundamental\/1187\/revisions"}],"wp:featuredmedia":[{"embeddable":true,"href":"https:\/\/sme.goiania.go.gov.br\/conexaoescola\/wp-json\/wp\/v2\/media\/1188"}],"wp:attachment":[{"href":"https:\/\/sme.goiania.go.gov.br\/conexaoescola\/wp-json\/wp\/v2\/media?parent=1187"}],"wp:term":[{"taxonomy":"ef_categoria","embeddable":true,"href":"https:\/\/sme.goiania.go.gov.br\/conexaoescola\/wp-json\/wp\/v2\/ef_categoria?post=1187"},{"taxonomy":"ef_ano","embeddable":true,"href":"https:\/\/sme.goiania.go.gov.br\/conexaoescola\/wp-json\/wp\/v2\/ef_ano?post=1187"},{"taxonomy":"ef_componente","embeddable":true,"href":"https:\/\/sme.goiania.go.gov.br\/conexaoescola\/wp-json\/wp\/v2\/ef_componente?post=1187"}],"curies":[{"name":"wp","href":"https:\/\/api.w.org\/{rel}","templated":true}]}}