{"id":1183,"date":"2020-05-04T07:00:00","date_gmt":"2020-05-04T10:00:00","guid":{"rendered":"http:\/\/sme.goiania.go.gov.br\/conexaoescola\/?post_type=ensino_fundamental&#038;p=1183"},"modified":"2020-05-26T10:02:13","modified_gmt":"2020-05-26T13:02:13","slug":"fiqueemcasa","status":"publish","type":"ensino_fundamental","link":"https:\/\/sme.goiania.go.gov.br\/conexaoescola\/ensino_fundamental\/fiqueemcasa\/","title":{"rendered":"#FiqueEmCasa!"},"content":{"rendered":"\n<div class=\"wp-block-columns is-layout-flex wp-container-core-columns-is-layout-9d6595d7 wp-block-columns-is-layout-flex\">\n<div class=\"wp-block-column is-layout-flow wp-block-column-is-layout-flow\" style=\"flex-basis:25%\"><\/div>\n\n\n\n<div class=\"wp-block-column is-layout-flow wp-block-column-is-layout-flow\" style=\"flex-basis:50%\">\n<figure class=\"wp-block-embed-youtube wp-block-embed is-type-video is-provider-youtube wp-embed-aspect-16-9 wp-has-aspect-ratio\"><div class=\"wp-block-embed__wrapper\">\n<p class=\"responsive-video-wrap clr\"><iframe title=\"#FiqueEmCasa!\" width=\"1200\" height=\"675\" src=\"https:\/\/www.youtube.com\/embed\/HT0_oKG6jOg?feature=oembed\" frameborder=\"0\" allow=\"accelerometer; autoplay; encrypted-media; gyroscope; picture-in-picture\" allowfullscreen><\/iframe><\/p>\n<\/div><\/figure>\n<\/div>\n\n\n\n<div class=\"wp-block-column is-layout-flow wp-block-column-is-layout-flow\" style=\"flex-basis:25%\"><\/div>\n<\/div>\n\n\n\n<p class=\"has-medium-font-size\"><br>Voc\u00ea est\u00e1 vivendo um momento de distanciamento social, longe da escola e de seus colegas, por causa da pandemia do novo coronav\u00edrus. Esse distanciamento \u00e9 necess\u00e1rio para proteger voc\u00ea e as pessoas da sua cidade.&nbsp;<br><\/p>\n\n\n\n<p class=\"has-medium-font-size\">Que tal aprender um pouco mais sobre essa doen\u00e7a?&nbsp;&nbsp;<br><\/p>\n\n\n\n<p class=\"has-medium-font-size\">Assista ao v\u00eddeo sobre<em> o que \u00e9 o coronav\u00edrus e a import\u00e2ncia de ficar em casa,<\/em> no site da GAUCHAZH, do Grupo RBS.<br><\/p>\n\n\n\n<p class=\"has-medium-font-size\">Convide algu\u00e9m da sua casa para assistir ao v\u00eddeo com voc\u00ea! Fique atento \u00e0s explica\u00e7\u00f5es da Helena sobre a import\u00e2ncia de ficar em casa e os cuidados que voc\u00ea e todos precisam ter para n\u00e3o ficarem doentes.<br><\/p>\n\n\n\n<div class=\"wp-block-image\"><figure class=\"aligncenter size-large\"><a href=\"https:\/\/bit.ly\/3d3oPFf \ufeff\"><img fetchpriority=\"high\" decoding=\"async\" width=\"1024\" height=\"571\" src=\"http:\/\/sme.goiania.go.gov.br\/conexaoescola\/wp-content\/uploads\/2020\/05\/helena-1024x571.png\" alt=\"\" class=\"wp-image-1265\" srcset=\"https:\/\/sme.goiania.go.gov.br\/conexaoescola\/wp-content\/uploads\/2020\/05\/helena-1024x571.png 1024w, https:\/\/sme.goiania.go.gov.br\/conexaoescola\/wp-content\/uploads\/2020\/05\/helena-300x167.png 300w, https:\/\/sme.goiania.go.gov.br\/conexaoescola\/wp-content\/uploads\/2020\/05\/helena-768x428.png 768w, https:\/\/sme.goiania.go.gov.br\/conexaoescola\/wp-content\/uploads\/2020\/05\/helena.png 1305w\" sizes=\"(max-width: 1024px) 100vw, 1024px\" \/><\/a><figcaption><a href=\"https:\/\/bit.ly\/3d3oPFf\"><strong>https:\/\/bit.ly\/3d3oPFf<\/strong><\/a><br><\/figcaption><\/figure><\/div>\n\n\n\n<p class=\"has-medium-font-size\"><strong>Atividade 1: <\/strong><br>Converse com a pessoa que est\u00e1 com voc\u00ea sobre os cuidados que foram ensinados pela Helena e observe se todos em sua casa j\u00e1 est\u00e3o se cuidando.&nbsp;<br><\/p>\n\n\n\n<p class=\"has-medium-font-size\"><br><strong>Atividade 2: <\/strong><br>A Helena mostra, no v\u00eddeo, que o Coronav\u00edrus \u00e9 muito pequeno e n\u00f3s n\u00e3o conseguimos enxerg\u00e1-lo. Por isso, \u00e9 preciso lavar bem as m\u00e3os, muitas vezes ao dia.<br><\/p>\n\n\n\n<p class=\"has-medium-font-size\">Na figura retirada do Pinterest e publicada pela professora Ivani Ferreira, observe os sete passos da lavagem das m\u00e3os:<br><\/p>\n\n\n\n<p class=\"has-medium-font-size\">Link: https:\/\/br.pinterest.com\/pin\/741405157375475623\/<\/p>\n\n\n\n<figure class=\"wp-block-image\"><img decoding=\"async\" src=\"https:\/\/lh4.googleusercontent.com\/6EsFfxKT1Sw9PWOTi6dOjIM1G4QMgfsL-4FBiV8R-aooVf2ewbUrPcfG1sGB63EGAhbjMqVqVjpPDPjGQMuJgO-ncAGqRfjFPOY8ZMIqy4IDOJg4yGLurNKqmPOPP-ZHRmNADhkF\" alt=\"Ver a imagem de origem\"\/><\/figure>\n\n\n\n<p class=\"has-medium-font-size\"><br><strong><em>Essa \u00e9 forma correta de lavar as m\u00e3os. Voc\u00ea pode ajudar a combater o coronav\u00edrus com essa medida bem simples!<\/em><\/strong><br><\/p>\n\n\n\n<p class=\"has-medium-font-size\"><strong>Fa\u00e7a um desenho bem criativo,<\/strong> que represente o seu aprendizado.<br><\/p>\n\n\n\n<p class=\"has-medium-font-size\"><br>Ensine todas as pessoas de sua casa, a fim de que fiquem bem protegidas! S\u00f3 mais uma coisinha: <strong>se for preciso sair de casa, n\u00e3o se esque\u00e7a da m\u00e1scara e do \u00e1lcool gel.&nbsp;<\/strong><br><\/p>\n\n\n\n<p class=\"has-medium-font-size\">At\u00e9 a pr\u00f3xima.<br><\/p>\n\n\n\n<hr class=\"wp-block-separator\"\/>\n\n\n\n<p class=\"has-text-align-center\"><br><br><a href=\"http:\/\/sme.goiania.go.gov.br\/conexaoescola\/page-ensino-fundamental\/ciclo-da-infancia-turmas-d-e-e\/\">Ensino Fundamental &#8211; Ciclo da Inf\u00e2ncia &#8211; A, B e C &#8211; Educa\u00e7\u00e3o Ambiental e Sa\u00fade.<\/a><\/p>\n","protected":false},"author":8,"featured_media":1184,"template":"","ef_categoria":[13,18],"ef_ano":[],"ef_componente":[],"class_list":["post-1183","ensino_fundamental","type-ensino_fundamental","status-publish","has-post-thumbnail","hentry","ef_categoria-ciclo-da-infancia-abc","ef_categoria-educacao-ambiental-e-saude","entry","has-media"],"acf":[],"_links":{"self":[{"href":"https:\/\/sme.goiania.go.gov.br\/conexaoescola\/wp-json\/wp\/v2\/ensino_fundamental\/1183","targetHints":{"allow":["GET"]}}],"collection":[{"href":"https:\/\/sme.goiania.go.gov.br\/conexaoescola\/wp-json\/wp\/v2\/ensino_fundamental"}],"about":[{"href":"https:\/\/sme.goiania.go.gov.br\/conexaoescola\/wp-json\/wp\/v2\/types\/ensino_fundamental"}],"author":[{"embeddable":true,"href":"https:\/\/sme.goiania.go.gov.br\/conexaoescola\/wp-json\/wp\/v2\/users\/8"}],"version-history":[{"count":0,"href":"https:\/\/sme.goiania.go.gov.br\/conexaoescola\/wp-json\/wp\/v2\/ensino_fundamental\/1183\/revisions"}],"wp:featuredmedia":[{"embeddable":true,"href":"https:\/\/sme.goiania.go.gov.br\/conexaoescola\/wp-json\/wp\/v2\/media\/1184"}],"wp:attachment":[{"href":"https:\/\/sme.goiania.go.gov.br\/conexaoescola\/wp-json\/wp\/v2\/media?parent=1183"}],"wp:term":[{"taxonomy":"ef_categoria","embeddable":true,"href":"https:\/\/sme.goiania.go.gov.br\/conexaoescola\/wp-json\/wp\/v2\/ef_categoria?post=1183"},{"taxonomy":"ef_ano","embeddable":true,"href":"https:\/\/sme.goiania.go.gov.br\/conexaoescola\/wp-json\/wp\/v2\/ef_ano?post=1183"},{"taxonomy":"ef_componente","embeddable":true,"href":"https:\/\/sme.goiania.go.gov.br\/conexaoescola\/wp-json\/wp\/v2\/ef_componente?post=1183"}],"curies":[{"name":"wp","href":"https:\/\/api.w.org\/{rel}","templated":true}]}}