{"id":1027,"date":"2020-04-27T07:00:00","date_gmt":"2020-04-27T10:00:00","guid":{"rendered":"http:\/\/sme.goiania.go.gov.br\/conexaoescola\/?post_type=ensino_fundamental&#038;p=1027"},"modified":"2021-11-29T15:42:56","modified_gmt":"2021-11-29T17:42:56","slug":"historias-em-quadrinhos-hqs","status":"publish","type":"ensino_fundamental","link":"https:\/\/sme.goiania.go.gov.br\/conexaoescola\/ensino_fundamental\/historias-em-quadrinhos-hqs\/","title":{"rendered":"ARTE &#8211; Hist\u00f3rias em Quadrinhos &#8211; HQs"},"content":{"rendered":"\n<p class=\"has-text-align-center has-medium-font-size\"><strong>Sinopse<\/strong>: A arte das hist\u00f3rias em quadrinhos.<\/p>\n\n\n\n<hr class=\"wp-block-separator\"\/>\n\n\n\n<p class=\"has-black-color has-pale-cyan-blue-background-color has-text-color has-background has-medium-font-size\"> <em>Ol\u00e1, estudante!<\/em><br><em>Esta aula de\u00a0<strong>ARTE\u00a0<\/strong>com a tem\u00e1tica\u00a0<strong>Artes Visuais\u00a0<\/strong>a seguir<\/em>.\u00a0<em>est\u00e1 dispon\u00edvel juntamente com a proposta de atividade.<\/em>  <\/p>\n\n\n\n<hr class=\"wp-block-separator\"\/>\n\n\n\n<figure class=\"wp-block-embed is-type-video is-provider-youtube wp-block-embed-youtube wp-embed-aspect-16-9 wp-has-aspect-ratio\"><div class=\"wp-block-embed__wrapper\">\n<p class=\"responsive-video-wrap clr\"><iframe title=\"Personagens da cultura popular | Hist\u00f3rias em Quadrinhos\" width=\"1200\" height=\"675\" src=\"https:\/\/www.youtube.com\/embed\/q_jyqje5qbY?feature=oembed\" frameborder=\"0\" allow=\"accelerometer; autoplay; clipboard-write; encrypted-media; gyroscope; picture-in-picture\" allowfullscreen><\/iframe><\/p> \n<\/div><figcaption>Personagens da cultura popular | Hist\u00f3rias em Quadrinhos &#8211; https:\/\/www.youtube.com\/watch?v=q_jyqje5qbY<\/figcaption><\/figure>\n\n\n\n<hr class=\"wp-block-separator\"\/>\n\n\n\n<p class=\"has-medium-font-size\"><br>Voc\u00ea sabia que o desenho \u00e9 uma modalidade da linguagem art\u00edstica, chamada Artes Visuais?<\/p>\n\n\n\n<p class=\"has-medium-font-size\">O desenho \u00e9 uma das formas de express\u00e3o que se destaca nas Artes Visuais. Tem gente que n\u00e3o resiste ao ver uma folha em branco e logo come\u00e7a a desenhar: paisagens, objetos, personagens\u2026<br><\/p>\n\n\n\n<p class=\"has-medium-font-size\">E por falar em personagens, quem n\u00e3o gosta de ver hist\u00f3rias de personagens em uma revista em quadrinhos (HQs)?<br><\/p>\n\n\n\n<p class=\"has-medium-font-size\">No Brasil, um dos mais famosos cartunistas ou quadrinistas \u00e9 o Maur\u00edcio de Sousa. Seu sucesso \u00e9 t\u00e3o grande que ele \u00e9 considerado o Walt Disney do Brasil. Ao longo de sua carreira, j\u00e1 criou mais de 400 personagens e vendeu mais de 1 bilh\u00e3o de revistas. Suas HQs j\u00e1 foram publicadas em mais de 100 pa\u00edses. Maur\u00edcio de Sousa \u00e9 o primeiro quadrinista do mundo a entrar para uma Academia de Letras.<br><\/p>\n\n\n\n<p class=\"has-medium-font-size\">Voc\u00ea sabia que a Turma da M\u00f4nica, hist\u00f3ria que fez parte da inf\u00e2ncia de muitas pessoas, de diferentes gera\u00e7\u00f5es, foi criada pelo Maur\u00edcio de Souza?<br><\/p>\n\n\n\n<p class=\"has-medium-font-size\">Outra curiosidade interessante \u00e9 que o primeiro personagem criado pelo desenhista foi o \u201cCapit\u00e3o Picol\u00e9\u201d, em 1947. Maur\u00edcio tinha apenas 12 anos de idade. Ele chegou a vender revistinhas artesanais do personagem para seus colegas da escola.<\/p>\n\n\n\n<p class=\"has-medium-font-size\">Vamos conhecer um pouco sobre os HQs? Assista ao v\u00eddeo abaixo:<\/p>\n\n\n\n<hr class=\"wp-block-separator\"\/>\n\n\n\n<figure class=\"wp-block-embed is-type-video is-provider-youtube wp-block-embed-youtube wp-embed-aspect-4-3 wp-has-aspect-ratio\"><div class=\"wp-block-embed__wrapper\">\n<p class=\"responsive-video-wrap clr\"><iframe title=\"O que s\u00e3o Quadrinhos?\" width=\"1200\" height=\"900\" src=\"https:\/\/www.youtube.com\/embed\/kPBLNUS6w8U?feature=oembed\" frameborder=\"0\" allow=\"accelerometer; autoplay; clipboard-write; encrypted-media; gyroscope; picture-in-picture\" allowfullscreen><\/iframe><\/p>\n<\/div><figcaption>O que s\u00e3o Quadrinhos? &#8211; https:\/\/www.youtube.com\/watch?v=kPBLNUS6w8U<\/figcaption><\/figure>\n\n\n\n<hr class=\"wp-block-separator\"\/>\n\n\n\n<p class=\"has-medium-font-size\"><br>Muito interessante, n\u00e3o \u00e9? O v\u00eddeo foi desenvolvido pela equipe de alunos, bolsistas e volunt\u00e1rios da PUC-Rio, do N\u00facleo de Estudos do Design na Leitura.<br>Muito interessante, n\u00e3o \u00e9? Esse v\u00eddeo tamb\u00e9m est\u00e1 dispon\u00edvel no Blog Midi@tividades, da Professora Ana Cl\u00e1udia de Oliveira, do Estado do Paran\u00e1. Acesse o blog da professora e conhe\u00e7a exemplos de quadros, legendas, bal\u00f5es, onomatopeias e outros elementos das HQs.<br>A partir dos exemplos dispon\u00edveis no blog, crie uma hist\u00f3ria em quadrinhos, em seu caderno.<br>Use sua imagina\u00e7\u00e3o para criar os personagens e abuse da criatividade! Capriche, fa\u00e7a seu melhor, mesmo n\u00e3o sendo um cartunista\/quadrinista profissional.<br>Se voc\u00ea tiver curiosidade e quiser conhecer todos os personagens e a trajet\u00f3ria do quadrinista Maur\u00edcio de Sousa, clique no link abaixo.<br><\/p>\n\n\n\n<hr class=\"wp-block-separator\"\/>\n\n\n\n<figure class=\"wp-block-embed is-type-video is-provider-youtube wp-block-embed-youtube wp-embed-aspect-16-9 wp-has-aspect-ratio\"><div class=\"wp-block-embed__wrapper\">\n<p class=\"responsive-video-wrap clr\"><iframe title=\"Maur\u00edcio de Sousa - Criando a Turma da M\u00f4nica\" width=\"1200\" height=\"675\" src=\"https:\/\/www.youtube.com\/embed\/u_WQT4dmZhc?feature=oembed\" frameborder=\"0\" allow=\"accelerometer; autoplay; clipboard-write; encrypted-media; gyroscope; picture-in-picture\" allowfullscreen><\/iframe><\/p>\n<\/div><figcaption>Maur\u00edcio de Sousa &#8211; Criando a Turma da M\u00f4nica &#8211; https:\/\/www.youtube.com\/watch?v=u_WQT4dmZhc<\/figcaption><\/figure>\n\n\n\n<hr class=\"wp-block-separator\"\/>\n\n\n\n<p class=\"has-text-align-center has-medium-font-size\">&nbsp;At\u00e9 a pr\u00f3xima!<\/p>\n\n\n\n<hr class=\"wp-block-separator\"\/>\n\n\n\n<p><strong>Habilidades estruturantes\/Habilidades complementares<\/strong><\/p>\n\n\n\n<p>(GO-EF07AR05-A) Distinguir, explorar, compreender e\u00a0 empregar diferentes formas de express\u00e3o art\u00edstica existentes, tais\u00a0 como: desenhos, pinturas, gravuras, colagens, HQ, zines, memes,\u00a0 interven\u00e7\u00f5es art\u00edsticas, dobraduras, esculturas, modelagens,\u00a0 instala\u00e7\u00f5es, v\u00eddeos, fotografias, performances, grafite, tecelagens,\u00a0 entre outras possibilidades expressivas. Fazer uso sustent\u00e1vel de\u00a0 materiais, instrumentos, recursos e t\u00e9cnicas convencionais e n\u00e3o\u00a0 convencionais, bem como experimentar e compreender os\u00a0 processos de cria\u00e7\u00e3o art\u00edstica e suas possibilidades distintas na\u00a0 bidimensionalidade e na tridimensionalidade.<\/p>\n\n\n\n<hr class=\"wp-block-separator\"\/>\n\n\n\n<p class=\"has-small-font-size\">Atividade adaptada e atualizada por Maria M. de O. e Sousa em 29\/11\/2021<\/p>\n","protected":false},"author":8,"featured_media":1028,"template":"","ef_categoria":[],"ef_ano":[90],"ef_componente":[99],"class_list":["post-1027","ensino_fundamental","type-ensino_fundamental","status-publish","has-post-thumbnail","hentry","ef_ano-7o-ano","ef_componente-arte-ef","entry","has-media"],"acf":[],"_links":{"self":[{"href":"https:\/\/sme.goiania.go.gov.br\/conexaoescola\/wp-json\/wp\/v2\/ensino_fundamental\/1027","targetHints":{"allow":["GET"]}}],"collection":[{"href":"https:\/\/sme.goiania.go.gov.br\/conexaoescola\/wp-json\/wp\/v2\/ensino_fundamental"}],"about":[{"href":"https:\/\/sme.goiania.go.gov.br\/conexaoescola\/wp-json\/wp\/v2\/types\/ensino_fundamental"}],"author":[{"embeddable":true,"href":"https:\/\/sme.goiania.go.gov.br\/conexaoescola\/wp-json\/wp\/v2\/users\/8"}],"version-history":[{"count":0,"href":"https:\/\/sme.goiania.go.gov.br\/conexaoescola\/wp-json\/wp\/v2\/ensino_fundamental\/1027\/revisions"}],"wp:featuredmedia":[{"embeddable":true,"href":"https:\/\/sme.goiania.go.gov.br\/conexaoescola\/wp-json\/wp\/v2\/media\/1028"}],"wp:attachment":[{"href":"https:\/\/sme.goiania.go.gov.br\/conexaoescola\/wp-json\/wp\/v2\/media?parent=1027"}],"wp:term":[{"taxonomy":"ef_categoria","embeddable":true,"href":"https:\/\/sme.goiania.go.gov.br\/conexaoescola\/wp-json\/wp\/v2\/ef_categoria?post=1027"},{"taxonomy":"ef_ano","embeddable":true,"href":"https:\/\/sme.goiania.go.gov.br\/conexaoescola\/wp-json\/wp\/v2\/ef_ano?post=1027"},{"taxonomy":"ef_componente","embeddable":true,"href":"https:\/\/sme.goiania.go.gov.br\/conexaoescola\/wp-json\/wp\/v2\/ef_componente?post=1027"}],"curies":[{"name":"wp","href":"https:\/\/api.w.org\/{rel}","templated":true}]}}