{"id":58709,"date":"2020-11-09T07:00:00","date_gmt":"2020-11-09T09:00:00","guid":{"rendered":"https:\/\/sme.goiania.go.gov.br\/conexaoescola\/?post_type=educacao_infantil&#038;p=58709"},"modified":"2020-11-09T09:22:14","modified_gmt":"2020-11-09T11:22:14","slug":"brincando-e-explorando-as-possibilidades-do-corpo","status":"publish","type":"educacao_infantil","link":"https:\/\/sme.goiania.go.gov.br\/conexaoescola\/educacao_infantil\/brincando-e-explorando-as-possibilidades-do-corpo\/","title":{"rendered":"Brincando e explorando as possibilidades do corpo"},"content":{"rendered":"\n<figure class=\"wp-block-image size-large is-style-rounded\"><img fetchpriority=\"high\" decoding=\"async\" width=\"564\" height=\"405\" src=\"https:\/\/sme.goiania.go.gov.br\/conexaoescola\/wp-content\/uploads\/2020\/11\/canal-massacuca-bebe-e1604594806484.jpg\" alt=\"\" class=\"wp-image-58710\" srcset=\"https:\/\/sme.goiania.go.gov.br\/conexaoescola\/wp-content\/uploads\/2020\/11\/canal-massacuca-bebe-e1604594806484.jpg 564w, https:\/\/sme.goiania.go.gov.br\/conexaoescola\/wp-content\/uploads\/2020\/11\/canal-massacuca-bebe-e1604594806484-300x215.jpg 300w\" sizes=\"(max-width: 564px) 100vw, 564px\" \/><figcaption>Fonte: Canal Massacuca <\/figcaption><\/figure>\n\n\n\n<p style=\"background-color:#e7a67e\" class=\"has-text-color has-background has-drop-cap has-medium-font-size has-very-dark-gray-color\"><strong>Atrav\u00e9s do corpo, as crian\u00e7as exploram o mundo, espa\u00e7os e os objetos do seu entorno, estabelecem rela\u00e7\u00f5es com o meio f\u00edsico e natural, conhecem e  percebem as suas possibilidades e os  seus limites,  expressam-se, brincam e produzem conhecimento sobre si, sobre o outro, sobre o universo social e cultural.<\/strong><\/p>\n\n\n\n<p class=\"has-background has-medium-font-size has-luminous-vivid-amber-background-color\"><strong>Desde cedo, as crian\u00e7as devem ser incentivadas a explorarem as possibilidades do corpo, seus gestos e movimentos em variados contextos e com utiliza\u00e7\u00e3o de diversificados materiais, como por exemplo, tecidos com texturas, cores, tamanhos e estampas diferentes.<\/strong><\/p>\n\n\n\n<p class=\"has-background has-medium-font-size has-pale-cyan-blue-background-color\"><strong>A professora Priscilla do CMEI Sara e Rebeca conhece bem a import\u00e2ncia de explorarmos o trabalho com o corpo na Educa\u00e7\u00e3o Infantil. Vejam o recadinho dela: <\/strong><\/p>\n\n\n\n<figure class=\"wp-block-embed-youtube wp-block-embed is-type-video is-provider-youtube wp-embed-aspect-16-9 wp-has-aspect-ratio\"><div class=\"wp-block-embed__wrapper\">\n<p class=\"responsive-video-wrap clr\"><iframe title=\"Professora Priscilla  - Corpo\" width=\"1200\" height=\"675\" src=\"https:\/\/www.youtube.com\/embed\/DNwh6JS4EVw?feature=oembed\" frameborder=\"0\" allow=\"accelerometer; autoplay; clipboard-write; encrypted-media; gyroscope; picture-in-picture\" allowfullscreen><\/iframe><\/p>\n<\/div><figcaption>Fonte: Canal do Youtube &#8211; Conex\u00e3o Escola <\/figcaption><\/figure>\n\n\n\n<p style=\"background-color:#ee7f71\" class=\"has-background has-text-align-left has-medium-font-size\"><strong>Que tal separar tecidos que n\u00e3o est\u00e3o sendo utilizados, retalhos de diferentes tamanhos e texturas e explorar as possibilidades de brincadeira com o seu beb\u00ea?<\/strong><\/p>\n\n\n\n<p style=\"background-color:#cda7f0\" class=\"has-background has-medium-font-size\"><strong>A proposta \u201cO corpo e suas possibilidades\u201d fez parte do Programa Conex\u00e3o Escola com o tema <em>Corpo, Gesto e Movimento<\/em><\/strong>, <strong>transmitido pelas TV Sagres (Canal 26) e TV UFG (Canal 15.1 UHF | 21 NET).Quer assistir na \u00edntegra? Acesse os links abaixo!<\/strong><\/p>\n\n\n\n<figure class=\"wp-block-embed-youtube alignleft wp-block-embed is-type-video is-provider-youtube wp-embed-aspect-16-9 wp-has-aspect-ratio\"><div class=\"wp-block-embed__wrapper\">\n <p class=\"responsive-video-wrap clr\"><iframe title=\"Corpo, gesto e movimento - Ed. Infantil - 21\/09 - Bloco 1\" width=\"1200\" height=\"675\" src=\"https:\/\/www.youtube.com\/embed\/K4JNpXEsT7c?feature=oembed\" frameborder=\"0\" allow=\"accelerometer; autoplay; clipboard-write; encrypted-media; gyroscope; picture-in-picture\" allowfullscreen><\/iframe><\/p>\n<\/div><\/figure>\n\n\n\n<p><\/p>\n\n\n\n<p><\/p>\n\n\n\n<figure class=\"wp-block-embed-youtube alignleft wp-block-embed is-type-video is-provider-youtube wp-embed-aspect-16-9 wp-has-aspect-ratio\"><div class=\"wp-block-embed__wrapper\">\n<p class=\"responsive-video-wrap clr\"><iframe title=\"Corpo, gesto e movimento - Ed. Infantil - 21\/09 - Bloco 2\" width=\"1200\" height=\"675\" src=\"https:\/\/www.youtube.com\/embed\/l3shIi2u5Ro?feature=oembed\" frameborder=\"0\" allow=\"accelerometer; autoplay; clipboard-write; encrypted-media; gyroscope; picture-in-picture\" allowfullscreen><\/iframe><\/p>\n<\/div><\/figure>\n\n\n\n<p><\/p>\n\n\n\n<p><\/p>\n\n\n\n<figure class=\"wp-block-embed-youtube alignleft wp-block-embed is-type-video is-provider-youtube wp-embed-aspect-16-9 wp-has-aspect-ratio\"><div class=\"wp-block-embed__wrapper\">\n<p class=\"responsive-video-wrap clr\"><iframe title=\"Corpo, gesto e movimento - Ed. Infantil - 21\/09 - Bloco 3\" width=\"1200\" height=\"675\" src=\"https:\/\/www.youtube.com\/embed\/k0OHhqzQJu0?feature=oembed\" frameborder=\"0\" allow=\"accelerometer; autoplay; clipboard-write; encrypted-media; gyroscope; picture-in-picture\" allowfullscreen><\/iframe><\/p>\n<\/div><\/figure>\n\n\n\n<p><\/p>\n\n\n\n<p><\/p>\n\n\n\n<p><\/p>\n\n\n\n<figure class=\"wp-block-table is-style-stripes\"><table><tbody><tr><td>Proponentes\/Curadoria<\/td><td>NEC<\/td><\/tr><tr><td>Professor(a) convidada<\/td><td>Profa. Priscilla &#8211; Cmei Sara e Rebeca<\/td><\/tr><tr><td>Parceiros\/Autoriza\u00e7\u00e3o<\/td><td>Profa. D\u00e9bora Machado<br>Profa. Sabrina Cafu\u00e9e<br>Canal Massacuca<br>Canal Luiza Rabello<\/td><\/tr><\/tbody><\/table><figcaption><br>Educa\u00e7\u00e3o Infantil &#8211; Beb\u00eas<\/figcaption><\/figure>\n\n\n\n<p><\/p>\n","protected":false},"author":30,"featured_media":58710,"template":"","ei_categoria":[10],"class_list":["post-58709","educacao_infantil","type-educacao_infantil","status-publish","has-post-thumbnail","hentry","ei_categoria-bebes","entry","has-media"],"acf":[],"_links":{"self":[{"href":"https:\/\/sme.goiania.go.gov.br\/conexaoescola\/wp-json\/wp\/v2\/educacao_infantil\/58709","targetHints":{"allow":["GET"]}}],"collection":[{"href":"https:\/\/sme.goiania.go.gov.br\/conexaoescola\/wp-json\/wp\/v2\/educacao_infantil"}],"about":[{"href":"https:\/\/sme.goiania.go.gov.br\/conexaoescola\/wp-json\/wp\/v2\/types\/educacao_infantil"}],"author":[{"embeddable":true,"href":"https:\/\/sme.goiania.go.gov.br\/conexaoescola\/wp-json\/wp\/v2\/users\/30"}],"wp:featuredmedia":[{"embeddable":true,"href":"https:\/\/sme.goiania.go.gov.br\/conexaoescola\/wp-json\/wp\/v2\/media\/58710"}],"wp:attachment":[{"href":"https:\/\/sme.goiania.go.gov.br\/conexaoescola\/wp-json\/wp\/v2\/media?parent=58709"}],"wp:term":[{"taxonomy":"ei_categoria","embeddable":true,"href":"https:\/\/sme.goiania.go.gov.br\/conexaoescola\/wp-json\/wp\/v2\/ei_categoria?post=58709"}],"curies":[{"name":"wp","href":"https:\/\/api.w.org\/{rel}","templated":true}]}}