{"id":4151,"date":"2020-09-07T07:00:00","date_gmt":"2020-09-07T10:00:00","guid":{"rendered":"http:\/\/sme.goiania.go.gov.br\/conexaoescola\/?post_type=educacao_infantil&#038;p=4151"},"modified":"2020-09-06T22:55:43","modified_gmt":"2020-09-07T01:55:43","slug":"barulhinho-bom","status":"publish","type":"educacao_infantil","link":"https:\/\/sme.goiania.go.gov.br\/conexaoescola\/educacao_infantil\/barulhinho-bom\/","title":{"rendered":"Barulhinho bom"},"content":{"rendered":"\n<figure class=\"wp-block-embed-youtube wp-block-embed is-type-video is-provider-youtube wp-embed-aspect-16-9 wp-has-aspect-ratio\"><div class=\"wp-block-embed__wrapper\">\n<p class=\"responsive-video-wrap clr\"><iframe title=\"Beb\u00eas - Barulhinho Bom\" width=\"1200\" height=\"675\" src=\"https:\/\/www.youtube.com\/embed\/pr8tSZ1SQno?feature=oembed\" frameborder=\"0\" allow=\"accelerometer; autoplay; encrypted-media; gyroscope; picture-in-picture\" allowfullscreen><\/iframe><\/p>\n<\/div><figcaption>Fonte: Canal conex\u00e3o escola <\/figcaption><\/figure>\n\n\n\n<p>O Grupo Triii \u00e9 formado por F\u00ea Stok, Marina Pittier e Ed Encarna\u00e7\u00e3o, re\u00fane m\u00fasicas e brincadeiras com repert\u00f3rio autoral e da cultura popular brasileira, com a proposta de interagir com crian\u00e7as e familiares. O grupo usa diferentes instrumentos musicais, tira sons de objetos e do pr\u00f3prio corpo.&nbsp;<\/p>\n\n\n\n<hr class=\"wp-block-separator\"\/>\n\n\n\n<p>Os elementos utilizados pelo grupo contribuem para que os beb\u00eas conhe\u00e7am novos sons, ritmos e as possibilidades de seu corpo, al\u00e9m de favorecer a imita\u00e7\u00e3o e a descoberta de movimentos do pr\u00f3prio corpo.&nbsp;<\/p>\n\n\n\n<p>Nessa sele\u00e7\u00e3o o grupo canta m\u00fasicas que exploram ritmos, sons de diversos instrumentos musicais e do corpo, como o da boca e das m\u00e3os.<\/p>\n\n\n\n<hr class=\"wp-block-separator\"\/>\n\n\n\n<p>Aproveite essas m\u00fasicas junto com seu beb\u00ea, no momento do sono, do banho ou em outros que voc\u00ea desejar!<\/p>\n\n\n\n<hr class=\"wp-block-separator\"\/>\n\n\n\n<p>Corujinha<\/p>\n\n\n\n<figure class=\"wp-block-embed-youtube wp-block-embed is-type-video is-provider-youtube wp-embed-aspect-16-9 wp-has-aspect-ratio\"><div class=\"wp-block-embed__wrapper\">\n <p class=\"responsive-video-wrap clr\"><iframe title=\"Grupo Triii - Corujinha\" width=\"1200\" height=\"675\" src=\"https:\/\/www.youtube.com\/embed\/nqrbj2GnGeo?feature=oembed\" frameborder=\"0\" allow=\"accelerometer; autoplay; encrypted-media; gyroscope; picture-in-picture\" allowfullscreen><\/iframe><\/p>\n<\/div><figcaption>Fonte &#8211; Canal do Youtube &#8211; Grupo Triii<\/figcaption><\/figure>\n\n\n\n<p>Vou-me embora<\/p>\n\n\n\n<figure class=\"wp-block-embed-youtube wp-block-embed is-type-video is-provider-youtube wp-embed-aspect-16-9 wp-has-aspect-ratio\"><div class=\"wp-block-embed__wrapper\">\n<p class=\"responsive-video-wrap clr\"><iframe title=\"Grupo Triii - Vou-me Embora\" width=\"1200\" height=\"675\" src=\"https:\/\/www.youtube.com\/embed\/sXIv4xHYpmQ?feature=oembed\" frameborder=\"0\" allow=\"accelerometer; autoplay; encrypted-media; gyroscope; picture-in-picture\" allowfullscreen><\/iframe><\/p>\n<\/div><figcaption>Fonte &#8211; Canal do Youtube &#8211; Grupo Triii<\/figcaption><\/figure>\n\n\n\n<p>Vai e vem<\/p>\n\n\n\n<figure class=\"wp-block-embed-youtube wp-block-embed is-type-video is-provider-youtube wp-embed-aspect-16-9 wp-has-aspect-ratio\"><div class=\"wp-block-embed__wrapper\">\n <p class=\"responsive-video-wrap clr\"><iframe title=\"Grupo Triii - Vai e vem\" width=\"1200\" height=\"675\" src=\"https:\/\/www.youtube.com\/embed\/yLUAufpNtq8?feature=oembed\" frameborder=\"0\" allow=\"accelerometer; autoplay; encrypted-media; gyroscope; picture-in-picture\" allowfullscreen><\/iframe><\/p>\n<\/div><figcaption>Fonte &#8211; Canal do Youtube &#8211; Grupo Triii<\/figcaption><\/figure>\n\n\n\n<figure class=\"wp-block-table\"><table><tbody><tr><td>Proponentes<\/td><td>Ger\u00eancia de Educa\u00e7\u00e3o Infantil\/NEC<\/td><\/tr><tr><td>Curadoria <\/td><td>Ger\u00eancia de Educa\u00e7\u00e3o Infantil\/NEC<\/td><\/tr><tr><td>Professora Convidada<\/td><td>Luciana dos Santos <\/td><\/tr><tr><td>Autoriza\u00e7\u00e3o\/ Parceria<\/td><td>Grupo Triii<\/td><\/tr><\/tbody><\/table><\/figure>\n\n\n\n<p>Educa\u00e7\u00e3o Infantil &#8211; Beb\u00eas<\/p>\n","protected":false},"author":16,"featured_media":4152,"template":"","ei_categoria":[10],"class_list":["post-4151","educacao_infantil","type-educacao_infantil","status-publish","has-post-thumbnail","hentry","ei_categoria-bebes","entry","has-media"],"acf":[],"_links":{"self":[{"href":"https:\/\/sme.goiania.go.gov.br\/conexaoescola\/wp-json\/wp\/v2\/educacao_infantil\/4151","targetHints":{"allow":["GET"]}}],"collection":[{"href":"https:\/\/sme.goiania.go.gov.br\/conexaoescola\/wp-json\/wp\/v2\/educacao_infantil"}],"about":[{"href":"https:\/\/sme.goiania.go.gov.br\/conexaoescola\/wp-json\/wp\/v2\/types\/educacao_infantil"}],"author":[{"embeddable":true,"href":"https:\/\/sme.goiania.go.gov.br\/conexaoescola\/wp-json\/wp\/v2\/users\/16"}],"wp:featuredmedia":[{"embeddable":true,"href":"https:\/\/sme.goiania.go.gov.br\/conexaoescola\/wp-json\/wp\/v2\/media\/4152"}],"wp:attachment":[{"href":"https:\/\/sme.goiania.go.gov.br\/conexaoescola\/wp-json\/wp\/v2\/media?parent=4151"}],"wp:term":[{"taxonomy":"ei_categoria","embeddable":true,"href":"https:\/\/sme.goiania.go.gov.br\/conexaoescola\/wp-json\/wp\/v2\/ei_categoria?post=4151"}],"curies":[{"name":"wp","href":"https:\/\/api.w.org\/{rel}","templated":true}]}}