{"id":3719,"date":"2020-08-17T22:51:12","date_gmt":"2020-08-18T01:51:12","guid":{"rendered":"http:\/\/sme.goiania.go.gov.br\/conexaoescola\/?post_type=educacao_infantil&#038;p=3719"},"modified":"2020-08-24T20:17:31","modified_gmt":"2020-08-24T23:17:31","slug":"a-arte-e-suas-linguagens","status":"publish","type":"educacao_infantil","link":"https:\/\/sme.goiania.go.gov.br\/conexaoescola\/educacao_infantil\/a-arte-e-suas-linguagens\/","title":{"rendered":"A Arte e suas linguagens"},"content":{"rendered":"\n<figure class=\"wp-block-image size-large\"><img fetchpriority=\"high\" decoding=\"async\" width=\"1024\" height=\"683\" src=\"http:\/\/sme.goiania.go.gov.br\/conexaoescola\/wp-content\/uploads\/2020\/08\/music-818459_1920-e1597716122110-1024x683.jpg\" alt=\"\" class=\"wp-image-3725\" srcset=\"https:\/\/sme.goiania.go.gov.br\/conexaoescola\/wp-content\/uploads\/2020\/08\/music-818459_1920-e1597716122110-1024x683.jpg 1024w, https:\/\/sme.goiania.go.gov.br\/conexaoescola\/wp-content\/uploads\/2020\/08\/music-818459_1920-e1597716122110-300x200.jpg 300w, https:\/\/sme.goiania.go.gov.br\/conexaoescola\/wp-content\/uploads\/2020\/08\/music-818459_1920-e1597716122110-768x512.jpg 768w, https:\/\/sme.goiania.go.gov.br\/conexaoescola\/wp-content\/uploads\/2020\/08\/music-818459_1920-e1597716122110-1536x1024.jpg 1536w, https:\/\/sme.goiania.go.gov.br\/conexaoescola\/wp-content\/uploads\/2020\/08\/music-818459_1920-e1597716122110.jpg 1920w\" sizes=\"(max-width: 1024px) 100vw, 1024px\" \/><figcaption>Fonte da imagem: Pixabay &#8211; <a href=\"https:\/\/pixabay.com\/pt\/photos\/m%C3%BAsicas-crian%C3%A7as-jogar-xilofone-818459\/\">https:\/\/pixabay.com\/pt\/photos\/m%C3%BAsicas-crian%C3%A7as-jogar-xilofone-818459\/<\/a><\/figcaption><\/figure>\n\n\n\n<p>Voc\u00ea sabia que os beb\u00eas s\u00e3o capazes de perceber o mundo atrav\u00e9s do seu corpo, ao observar, ao examinar, tudo o que os rodeiam? A Arte e suas linguagens permeiam esse mundo, e \u00e9 atrav\u00e9s dela que as crian\u00e7as  desenvolvem diferentes sentidos e saberes, inclusive os beb\u00eas.<\/p>\n\n\n\n<hr class=\"wp-block-separator\"\/>\n\n\n\n<p>Al\u00e9m disso, todas as linguagens art\u00edsticas s\u00e3o importantes no desenvolvimento das crian\u00e7as, seja a dan\u00e7a, a m\u00fasica, o teatro ou as artes visuais. Por isso, conhecer cores, sons, texturas, maneiras de dan\u00e7ar e diferentes artistas amplia o repert\u00f3rio cultural e desenvolve as potencialidades das crian\u00e7as. <\/p>\n\n\n\n<hr class=\"wp-block-separator\"\/>\n\n\n\n<p> Toda a crian\u00e7a \u00e9 capaz de perceber, sentir e produzir Arte, mesmo as mais pequenas.  E nesse contexto o papel da fam\u00edlia \u00e9 fundamental , valorizando suas produ\u00e7\u00f5es e suas descobertas.<\/p>\n\n\n\n<p>Que tal, organizar um ambiente para o seu beb\u00ea experienciar diferentes texturas, sons e maneiras de dan\u00e7ar? Assista o v\u00eddeo da professora Luiza Rabello e se inspire para criar esse ambiente para seu beb\u00ea. <\/p>\n\n\n\n<figure class=\"wp-block-embed-youtube wp-block-embed is-type-video is-provider-youtube wp-embed-aspect-16-9 wp-has-aspect-ratio\"><div class=\"wp-block-embed__wrapper\">\n<p class=\"responsive-video-wrap clr\"><iframe title=\"Roda do Cerrado - Lu\u00edza Rabello\" width=\"1200\" height=\"675\" src=\"https:\/\/www.youtube.com\/embed\/Fsm_kSO_Li8?feature=oembed\" frameborder=\"0\" allow=\"accelerometer; autoplay; clipboard-write; encrypted-media; gyroscope; picture-in-picture\" allowfullscreen><\/iframe><\/p>\n<\/div><figcaption>Fonte &#8211; Canal do Youtube Luiza Rabello <\/figcaption><\/figure>\n\n\n\n<hr class=\"wp-block-separator\"\/>\n\n\n\n<figure class=\"wp-block-table\"><table><tbody><tr><td>Proponentes\/Curadoria<\/td><td>N\u00facleo de Educa\u00e7\u00e3o Conectada (NEC)<\/td><\/tr><tr><td>Parceiros<\/td><td>Canal: Luiza Rabello <\/td><\/tr><\/tbody><\/table><\/figure>\n\n\n\n<hr class=\"wp-block-separator\"\/>\n\n\n\n<p class=\"has-text-align-center\">Educa\u00e7\u00e3o Infantil \u2013 Beb\u00eas<\/p>\n","protected":false},"author":15,"featured_media":3725,"template":"","ei_categoria":[10],"class_list":["post-3719","educacao_infantil","type-educacao_infantil","status-publish","has-post-thumbnail","hentry","ei_categoria-bebes","entry","has-media"],"acf":[],"_links":{"self":[{"href":"https:\/\/sme.goiania.go.gov.br\/conexaoescola\/wp-json\/wp\/v2\/educacao_infantil\/3719","targetHints":{"allow":["GET"]}}],"collection":[{"href":"https:\/\/sme.goiania.go.gov.br\/conexaoescola\/wp-json\/wp\/v2\/educacao_infantil"}],"about":[{"href":"https:\/\/sme.goiania.go.gov.br\/conexaoescola\/wp-json\/wp\/v2\/types\/educacao_infantil"}],"author":[{"embeddable":true,"href":"https:\/\/sme.goiania.go.gov.br\/conexaoescola\/wp-json\/wp\/v2\/users\/15"}],"wp:featuredmedia":[{"embeddable":true,"href":"https:\/\/sme.goiania.go.gov.br\/conexaoescola\/wp-json\/wp\/v2\/media\/3725"}],"wp:attachment":[{"href":"https:\/\/sme.goiania.go.gov.br\/conexaoescola\/wp-json\/wp\/v2\/media?parent=3719"}],"wp:term":[{"taxonomy":"ei_categoria","embeddable":true,"href":"https:\/\/sme.goiania.go.gov.br\/conexaoescola\/wp-json\/wp\/v2\/ei_categoria?post=3719"}],"curies":[{"name":"wp","href":"https:\/\/api.w.org\/{rel}","templated":true}]}}