{"id":2181,"date":"2020-06-08T14:51:18","date_gmt":"2020-06-08T17:51:18","guid":{"rendered":"http:\/\/sme.goiania.go.gov.br\/conexaoescola\/?post_type=educacao_infantil&#038;p=2181"},"modified":"2020-06-24T18:32:31","modified_gmt":"2020-06-24T21:32:31","slug":"uma-caixa-muitas-memorias","status":"publish","type":"educacao_infantil","link":"https:\/\/sme.goiania.go.gov.br\/conexaoescola\/educacao_infantil\/uma-caixa-muitas-memorias\/","title":{"rendered":"Uma caixa: muitas mem\u00f3rias!"},"content":{"rendered":"\n<figure class=\"wp-block-embed-youtube wp-block-embed is-type-video is-provider-youtube wp-embed-aspect-16-9 wp-has-aspect-ratio\"><div class=\"wp-block-embed__wrapper\">\n<p class=\"responsive-video-wrap clr\"><iframe title=\"Uma caixa: muitas mem\u00f3rias!\" width=\"1200\" height=\"675\" src=\"https:\/\/www.youtube.com\/embed\/zu-U0_yktp4?feature=oembed\" frameborder=\"0\" allow=\"accelerometer; autoplay; encrypted-media; gyroscope; picture-in-picture\" allowfullscreen><\/iframe><\/p>\n<\/div><figcaption>Fonte: Youtube, &#8220;Uma caixa: muitas mem\u00f3rias!&#8221; do canal GEREIN SME<\/figcaption><\/figure>\n\n\n\n<p class=\"has-medium-font-size\">Organizar ou rever \u00e1lbuns de fotos antigas ou fotos digitais, como aquelas do celular,&nbsp; \u00e9 uma boa oportunidade de revisitar o passado e relembrar momentos vividos que marcaram e fizeram parte da hist\u00f3ria, constituindo a identidade da fam\u00edlia.&nbsp;&nbsp;<\/p>\n\n\n\n<p class=\"has-medium-font-size\">Em cada imagem h\u00e1 uma hist\u00f3ria que pode ser resgatada e compartilhada com os beb\u00eas, em casa, e com a fam\u00edlia toda. Esta \u00e9 uma maneira de aproximar e fortalecer os v\u00ednculos familiares e de manter viva a hist\u00f3ria.&nbsp;<\/p>\n\n\n\n<p class=\"has-medium-font-size\">As fotos antigas s\u00e3o importantes para o beb\u00ea conhecer ou reconhecer pessoas que comp\u00f5em sua fam\u00edlia e conhecer hist\u00f3rias que o adulto pode contar. <span class=\"has-inline-color has-vivid-cyan-blue-color\">Ent\u00e3o, que tal mostrar essas fotos para seu beb\u00ea e contar suas hist\u00f3rias?<\/span> Lembre-se: Conversa boa vem de ber\u00e7o!&nbsp;<\/p>\n\n\n\n<p class=\"has-medium-font-size\">Al\u00e9m de um \u00e1lbum com fotos ou um livro do beb\u00ea, as mem\u00f3rias da fam\u00edlia tamb\u00e9m podem ser guardadas de outra forma, como em uma caixa com objetos importantes, que marcaram um momento do beb\u00ea ou da fam\u00edlia, por exemplo uma roupa, bicho de pel\u00facia, brinquedo, objetos que tenham sons, que guardam cheiros ou que remetam a sabores.&nbsp;&nbsp;&nbsp;<\/p>\n\n\n\n<p class=\"has-medium-font-size\">Voc\u00ea pode construir uma caixa de mem\u00f3rias escolhendo objetos e fotos atuais, que guardam a mem\u00f3ria deste per\u00edodo de isolamento social para que depois possam ser compartilhados com o beb\u00ea ou com outras pessoas.<\/p>\n\n\n\n<div class=\"wp-block-image\"><figure class=\"aligncenter size-large is-resized\"><img fetchpriority=\"high\" decoding=\"async\" src=\"http:\/\/sme.goiania.go.gov.br\/conexaoescola\/wp-content\/uploads\/2020\/06\/Caixa-de-memoria-e1591637899675.png\" alt=\"\" class=\"wp-image-2185\" width=\"584\" height=\"463\"\/><figcaption>Fonte da imagem:  Diy: Caixa de Mem\u00f3ria do Site Conxita Maria. Dispon\u00edvel em: <a rel=\"noreferrer noopener\" href=\"https:\/\/conxitamaria.com\/2019\/09\/28\/caixa-de-memorias\/\" target=\"_blank\">https:\/\/conxitamaria.com\/2019\/09\/28\/caixa-de-memorias\/<\/a><\/figcaption><\/figure><\/div>\n\n\n\n<p><\/p>\n","protected":false},"author":13,"featured_media":2185,"template":"","ei_categoria":[10],"class_list":["post-2181","educacao_infantil","type-educacao_infantil","status-publish","has-post-thumbnail","hentry","ei_categoria-bebes","entry","has-media"],"acf":[],"_links":{"self":[{"href":"https:\/\/sme.goiania.go.gov.br\/conexaoescola\/wp-json\/wp\/v2\/educacao_infantil\/2181","targetHints":{"allow":["GET"]}}],"collection":[{"href":"https:\/\/sme.goiania.go.gov.br\/conexaoescola\/wp-json\/wp\/v2\/educacao_infantil"}],"about":[{"href":"https:\/\/sme.goiania.go.gov.br\/conexaoescola\/wp-json\/wp\/v2\/types\/educacao_infantil"}],"author":[{"embeddable":true,"href":"https:\/\/sme.goiania.go.gov.br\/conexaoescola\/wp-json\/wp\/v2\/users\/13"}],"wp:featuredmedia":[{"embeddable":true,"href":"https:\/\/sme.goiania.go.gov.br\/conexaoescola\/wp-json\/wp\/v2\/media\/2185"}],"wp:attachment":[{"href":"https:\/\/sme.goiania.go.gov.br\/conexaoescola\/wp-json\/wp\/v2\/media?parent=2181"}],"wp:term":[{"taxonomy":"ei_categoria","embeddable":true,"href":"https:\/\/sme.goiania.go.gov.br\/conexaoescola\/wp-json\/wp\/v2\/ei_categoria?post=2181"}],"curies":[{"name":"wp","href":"https:\/\/api.w.org\/{rel}","templated":true}]}}