{"id":154974,"date":"2022-12-05T13:31:23","date_gmt":"2022-12-05T16:31:23","guid":{"rendered":"https:\/\/sme.goiania.go.gov.br\/conexaoescola\/?post_type=educacao_infantil&#038;p=154974"},"modified":"2023-10-11T19:47:27","modified_gmt":"2023-10-11T22:47:27","slug":"um-pergunta-muitas-possibilidades","status":"publish","type":"educacao_infantil","link":"https:\/\/sme.goiania.go.gov.br\/conexaoescola\/educacao_infantil\/um-pergunta-muitas-possibilidades\/","title":{"rendered":"A pergunta, muitas possibilidades!"},"content":{"rendered":"<div class=\"wp-block-image is-style-default\">\n<figure class=\"aligncenter size-large is-resized\"><img fetchpriority=\"high\" decoding=\"async\" src=\"https:\/\/sme.goiania.go.gov.br\/conexaoescola\/wp-content\/uploads\/2022\/12\/interrogacaoooooo-e1670259844872-1024x1012.png\" alt=\"\" class=\"wp-image-154995\" width=\"740\" height=\"731\"\/><figcaption class=\"wp-element-caption\">Crian\u00e7a pensando. Dispon\u00edvel em: https:\/\/br.freepik.com\/<\/figcaption><\/figure><\/div>\n\n\n<p class=\"has-text-align-center has-black-color has-luminous-vivid-orange-background-color has-text-color has-background has-medium-font-size\"><strong>Desde os primeiros dias de vida, a crian\u00e7a se mostra <mark style=\"background-color:rgba(0, 0, 0, 0)\" class=\"has-inline-color has-white-color\">curiosa<\/mark> sobre o mundo ao seu redor<\/strong>.<\/p>\n\n\n\n<p class=\"has-text-align-center has-black-color has-text-color has-background has-medium-font-size\" style=\"background-color:#fcebde\"><strong>\u00c0 medida que vai crescendo, ela come\u00e7a a querer saber o porqu\u00ea de tudo: Por que chove? Por que o c\u00e9u \u00e9 azul? Por que o sol \u00e9 quente?<\/strong><\/p>\n\n\n\n<p class=\"has-text-align-center has-black-color has-luminous-vivid-orange-background-color has-text-color has-background has-medium-font-size\" style=\"background-color:#fcebde\"><strong>S\u00e3o perguntas de diferentes assuntos que v\u00e3o desde origem do universo at\u00e9 quest\u00f5es sobre as transforma\u00e7\u00f5es da natureza, as rela\u00e7\u00f5es entre os elementos naturais, a vida dos animais e etc. <\/strong><\/p>\n\n\n\n<p class=\"has-text-align-center has-black-color has-text-color has-background has-medium-font-size\" style=\"background-color:#fbe5d5\"><strong>E como responder a todas essas curiosidades? <\/strong><\/p>\n\n\n\n<p class=\"has-text-align-center has-black-color has-luminous-vivid-orange-background-color has-text-color has-background has-medium-font-size\"><strong> O mais importante \u00e9 <mark style=\"background-color:rgba(0, 0, 0, 0)\" class=\"has-inline-color has-white-color\">construir juntos<\/mark> o caminho para as repostas. E sempre abrir oportunidades para novas d\u00favidas e curiosidades. <\/strong><\/p>\n\n\n\n<p class=\"has-text-align-center has-black-color has-text-color has-background has-medium-font-size\" style=\"background-color:#fbe5d5\"><strong>Que tal conversar com a sua crian\u00e7a sobre o porqu\u00ea de algumas quest\u00f5es da vida cotidiana? Clique no v\u00eddeo abaixo e se inspire! <\/strong><\/p>\n\n\n\n<hr class=\"wp-block-separator has-css-opacity\"\/>\n\n\n\n<figure class=\"wp-block-embed is-type-video is-provider-youtube wp-block-embed-youtube wp-embed-aspect-16-9 wp-has-aspect-ratio\"><div class=\"wp-block-embed__wrapper\">\n<p class=\"responsive-video-wrap clr\"><iframe title=\"Por que choramos ao cortar cebola?\" width=\"1200\" height=\"675\" src=\"https:\/\/www.youtube.com\/embed\/TTD7HUKZ8_0?feature=oembed\" frameborder=\"0\" allow=\"accelerometer; autoplay; clipboard-write; encrypted-media; gyroscope; picture-in-picture; web-share\" allowfullscreen><\/iframe><\/p>\n<\/div><figcaption class=\"wp-element-caption\">Canal As Cafu\u00e9s. Dispon\u00edvel em: https:\/\/youtu.be\/TTD7HUKZ8_0<\/figcaption><\/figure>\n\n\n\n<figure class=\"wp-block-embed is-type-video is-provider-youtube wp-block-embed-youtube wp-embed-aspect-16-9 wp-has-aspect-ratio\"><div class=\"wp-block-embed__wrapper\">\n<p class=\"responsive-video-wrap clr\"><iframe title=\"MIAULA 01 - Por que os ursos hibernam?\" width=\"1200\" height=\"675\" src=\"https:\/\/www.youtube.com\/embed\/ml7-szVcdrw?feature=oembed\" frameborder=\"0\" allow=\"accelerometer; autoplay; clipboard-write; encrypted-media; gyroscope; picture-in-picture; web-share\" allowfullscreen><\/iframe><\/p>\n<\/div><figcaption class=\"wp-element-caption\">Canal As Aventuras do Miau: Dispon\u00edvel em: https:\/\/youtu.be\/ml7-szVcdrw<\/figcaption><\/figure>\n\n\n\n<hr class=\"wp-block-separator has-css-opacity\"\/>\n\n\n\n<figure class=\"wp-block-embed is-type-video is-provider-youtube wp-block-embed-youtube wp-embed-aspect-16-9 wp-has-aspect-ratio\"><div class=\"wp-block-embed__wrapper\">\n<p class=\"responsive-video-wrap clr\"><iframe title=\"Por que a Lua muda de formato?\" width=\"1200\" height=\"675\" src=\"https:\/\/www.youtube.com\/embed\/HB4WwvXIPqw?feature=oembed\" frameborder=\"0\" allow=\"accelerometer; autoplay; clipboard-write; encrypted-media; gyroscope; picture-in-picture; web-share\" allowfullscreen><\/iframe><\/p>\n<\/div><figcaption class=\"wp-element-caption\"> Canal As cafu\u00e9s.  Dispon\u00edvel em: https:\/\/youtu.be\/HB4WwvXIPqw<\/figcaption><\/figure>\n\n\n\n<figure class=\"wp-block-table is-style-stripes\"><table><tbody><tr><td>Proponentes\/Curadoria<\/td><td>NEC<\/td><\/tr><tr><td>Parceiros<\/td><td>Canal Aventuras do Miau e As Cafu\u00e9s<\/td><\/tr><\/tbody><\/table><figcaption class=\"wp-element-caption\">Educa\u00e7\u00e3o Infantil &#8211; Crian\u00e7a pequenas<\/figcaption><\/figure>\n","protected":false},"author":15,"featured_media":154995,"template":"","ei_categoria":[11],"class_list":["post-154974","educacao_infantil","type-educacao_infantil","status-publish","has-post-thumbnail","hentry","ei_categoria-criancas-bem-pequenas","entry","has-media"],"acf":[],"_links":{"self":[{"href":"https:\/\/sme.goiania.go.gov.br\/conexaoescola\/wp-json\/wp\/v2\/educacao_infantil\/154974","targetHints":{"allow":["GET"]}}],"collection":[{"href":"https:\/\/sme.goiania.go.gov.br\/conexaoescola\/wp-json\/wp\/v2\/educacao_infantil"}],"about":[{"href":"https:\/\/sme.goiania.go.gov.br\/conexaoescola\/wp-json\/wp\/v2\/types\/educacao_infantil"}],"author":[{"embeddable":true,"href":"https:\/\/sme.goiania.go.gov.br\/conexaoescola\/wp-json\/wp\/v2\/users\/15"}],"wp:featuredmedia":[{"embeddable":true,"href":"https:\/\/sme.goiania.go.gov.br\/conexaoescola\/wp-json\/wp\/v2\/media\/154995"}],"wp:attachment":[{"href":"https:\/\/sme.goiania.go.gov.br\/conexaoescola\/wp-json\/wp\/v2\/media?parent=154974"}],"wp:term":[{"taxonomy":"ei_categoria","embeddable":true,"href":"https:\/\/sme.goiania.go.gov.br\/conexaoescola\/wp-json\/wp\/v2\/ei_categoria?post=154974"}],"curies":[{"name":"wp","href":"https:\/\/api.w.org\/{rel}","templated":true}]}}