{"id":153056,"date":"2022-10-26T17:32:01","date_gmt":"2022-10-26T20:32:01","guid":{"rendered":"https:\/\/sme.goiania.go.gov.br\/conexaoescola\/?post_type=educacao_infantil&#038;p=153056"},"modified":"2023-02-21T22:08:37","modified_gmt":"2023-02-22T01:08:37","slug":"vamos-cantar-e-dancar","status":"publish","type":"educacao_infantil","link":"https:\/\/sme.goiania.go.gov.br\/conexaoescola\/educacao_infantil\/vamos-cantar-e-dancar\/","title":{"rendered":"Vamos cantar e dan\u00e7ar?"},"content":{"rendered":"<div class=\"wp-block-image\">\n<figure class=\"aligncenter size-full\"><img fetchpriority=\"high\" decoding=\"async\" width=\"993\" height=\"565\" src=\"https:\/\/sme.goiania.go.gov.br\/conexaoescola\/wp-content\/uploads\/2022\/10\/musica.png\" alt=\"\" class=\"wp-image-153073\" srcset=\"https:\/\/sme.goiania.go.gov.br\/conexaoescola\/wp-content\/uploads\/2022\/10\/musica.png 993w, https:\/\/sme.goiania.go.gov.br\/conexaoescola\/wp-content\/uploads\/2022\/10\/musica-300x171.png 300w, https:\/\/sme.goiania.go.gov.br\/conexaoescola\/wp-content\/uploads\/2022\/10\/musica-768x437.png 768w\" sizes=\"(max-width: 993px) 100vw, 993px\" \/><figcaption class=\"wp-element-caption\">Crian\u00e7a dan\u00e7ando. Fonte: https:\/\/lunetas.com.br\/musicas-infantis-sobre-ser-diferente\/<\/figcaption><\/figure><\/div>\n\n\n<p class=\"has-text-align-center has-black-color has-text-color has-background has-medium-font-size\" style=\"background-color:#fbc83b\"><strong>A <span class=\"has-inline-color has-white-color\">m\u00fasica<\/span> se constitui como uma importante linguagem na inf\u00e2ncia!<\/strong><\/p>\n\n\n\n<p class=\"has-text-align-center has-black-color has-cyan-bluish-gray-background-color has-text-color has-background has-medium-font-size\"><strong>Inicialmente, as crian\u00e7as exploram os <mark style=\"background-color:rgba(0, 0, 0, 0)\" class=\"has-inline-color has-white-color\">sons e barulhos<\/mark> do seu corpo e do mundo ao seu redor.\u00a0O sil\u00eancio, os sons e a m\u00fasica est\u00e3o presentes desde os primeiros anos de vida delas.<\/strong><\/p>\n\n\n\n<p class=\"has-text-align-center has-black-color has-text-color has-background has-medium-font-size\" style=\"background-color:#fc9494\"><strong>\u00c9 atrav\u00e9s da <span class=\"has-inline-color has-white-color\">linguagem musical<\/span> que elas comunicam e expressam sensa\u00e7\u00f5es, aprendem e fazem descobertas que as acompanham por toda a vida.<\/strong><\/p>\n\n\n\n<p class=\"has-text-align-center has-black-color has-text-color has-background has-medium-font-size\" style=\"background-color:#fbc83b\"><strong>Que tal convidar seu filho(a) para ouvir, <span class=\"has-inline-color has-white-color\">cantar e se movimentar<\/span> com diferentes m\u00fasicas? <\/strong><\/p>\n\n\n\n<figure class=\"wp-block-embed is-type-video is-provider-youtube wp-block-embed-youtube wp-embed-aspect-16-9 wp-has-aspect-ratio\"><div class=\"wp-block-embed__wrapper\">\n<p class=\"responsive-video-wrap clr\"><iframe title=\"Coruja EmCena Canta: MARINHEIRO S\u00d3!\" width=\"1200\" height=\"675\" src=\"https:\/\/www.youtube.com\/embed\/Gh0IISnYA90?feature=oembed\" frameborder=\"0\" allow=\"accelerometer; autoplay; clipboard-write; encrypted-media; gyroscope; picture-in-picture\" allowfullscreen><\/iframe><\/p>\n<\/div><figcaption class=\"wp-element-caption\">Dispon\u00edvel em: https:\/\/youtu.be\/Gh0IISnYA90<\/figcaption><\/figure>\n\n\n\n<figure class=\"wp-block-embed is-type-video is-provider-youtube wp-block-embed-youtube wp-embed-aspect-16-9 wp-has-aspect-ratio\"><div class=\"wp-block-embed__wrapper\">\n<p class=\"responsive-video-wrap clr\"><iframe title=\"TCHU TCHU A - Coruja EmCena\" width=\"1200\" height=\"675\" src=\"https:\/\/www.youtube.com\/embed\/w-zy0B698IE?feature=oembed\" frameborder=\"0\" allow=\"accelerometer; autoplay; clipboard-write; encrypted-media; gyroscope; picture-in-picture\" allowfullscreen><\/iframe><\/p>\n<\/div><figcaption class=\"wp-element-caption\">Dispon\u00edvel em: https:\/\/youtu.be\/w-zy0B698IE<\/figcaption><\/figure>\n\n\n\n<figure class=\"wp-block-table is-style-stripes\"><table><tbody><tr><td>Proponente\/Curadoria<\/td><td>NEC<\/td><\/tr><tr><td>Parceiros<\/td><td>Canal Coruja em Cena<\/td><\/tr><\/tbody><\/table><figcaption class=\"wp-element-caption\">Educa\u00e7\u00e3o Infantil &#8211; NEC<\/figcaption><\/figure>\n\n\n\n<p><\/p>\n","protected":false},"author":15,"featured_media":153073,"template":"","ei_categoria":[12],"class_list":["post-153056","educacao_infantil","type-educacao_infantil","status-publish","has-post-thumbnail","hentry","ei_categoria-criancas-pequenas","entry","has-media"],"acf":[],"_links":{"self":[{"href":"https:\/\/sme.goiania.go.gov.br\/conexaoescola\/wp-json\/wp\/v2\/educacao_infantil\/153056","targetHints":{"allow":["GET"]}}],"collection":[{"href":"https:\/\/sme.goiania.go.gov.br\/conexaoescola\/wp-json\/wp\/v2\/educacao_infantil"}],"about":[{"href":"https:\/\/sme.goiania.go.gov.br\/conexaoescola\/wp-json\/wp\/v2\/types\/educacao_infantil"}],"author":[{"embeddable":true,"href":"https:\/\/sme.goiania.go.gov.br\/conexaoescola\/wp-json\/wp\/v2\/users\/15"}],"wp:featuredmedia":[{"embeddable":true,"href":"https:\/\/sme.goiania.go.gov.br\/conexaoescola\/wp-json\/wp\/v2\/media\/153073"}],"wp:attachment":[{"href":"https:\/\/sme.goiania.go.gov.br\/conexaoescola\/wp-json\/wp\/v2\/media?parent=153056"}],"wp:term":[{"taxonomy":"ei_categoria","embeddable":true,"href":"https:\/\/sme.goiania.go.gov.br\/conexaoescola\/wp-json\/wp\/v2\/ei_categoria?post=153056"}],"curies":[{"name":"wp","href":"https:\/\/api.w.org\/{rel}","templated":true}]}}