{"id":1529,"date":"2020-05-18T07:00:00","date_gmt":"2020-05-18T10:00:00","guid":{"rendered":"http:\/\/sme.goiania.go.gov.br\/conexaoescola\/?post_type=educacao_infantil&#038;p=1529"},"modified":"2020-06-24T18:22:09","modified_gmt":"2020-06-24T21:22:09","slug":"vinculos-que-sustentam-a-vida","status":"publish","type":"educacao_infantil","link":"https:\/\/sme.goiania.go.gov.br\/conexaoescola\/educacao_infantil\/vinculos-que-sustentam-a-vida\/","title":{"rendered":"V\u00ednculos que sustentam a vida!"},"content":{"rendered":"\n<figure class=\"wp-block-embed-youtube wp-block-embed is-type-video is-provider-youtube wp-embed-aspect-16-9 wp-has-aspect-ratio\"><div class=\"wp-block-embed__wrapper\">\n<p class=\"responsive-video-wrap clr\"><iframe title=\"Beb\u00eas - V\u00ednculos que sustentam a vida!\" width=\"1200\" height=\"675\" src=\"https:\/\/www.youtube.com\/embed\/2OaGp9g8Jdw?feature=oembed\" frameborder=\"0\" allow=\"accelerometer; autoplay; encrypted-media; gyroscope; picture-in-picture\" allowfullscreen><\/iframe><\/p>\n<\/div><figcaption>Fonte: YouTube. Beb\u00eas &#8211; V\u00ednculos que sustentam a vida! Canal: GEREIN SME<\/figcaption><\/figure>\n\n\n\n<p>Por que os v\u00ednculos s\u00e3o t\u00e3o importantes para o desenvolvimento infantil?<\/p>\n\n\n\n<p>Essa pergunta \u00e9 respondida por especialistas de diferentes \u00e1reas, no document\u00e1rio <em>O Come\u00e7o da Vida<\/em>, da diretora Estela Renner, no v\u00eddeo <em>V\u00ednculo<\/em>.<\/p>\n\n\n\n<p>Os beb\u00eas t\u00eam predisposi\u00e7\u00e3o para estabelecer v\u00ednculos afetivos, por meio de uma rela\u00e7\u00e3o pr\u00f3xima e intensa com os adultos, o que lhes garante prote\u00e7\u00e3o, seguran\u00e7a f\u00edsica e emocional. Os adultos, por sua vez, precisam de estar juntos, conectar-se com seus filhos nas a\u00e7\u00f5es do dia a dia, nas refei\u00e7\u00f5es, nas trocas de fraldas, no banho, nas brincadeiras e nas conversas, de forma cuidadosa e afetiva.<\/p>\n\n\n\n<p>J\u00e1 se perguntaram o quanto \u00e9 importante e significativo um momento compartilhado?<\/p>\n\n\n\n<p>N\u00e3o percam tempo!<\/p>\n\n\n\n<p>Cliquem na imagem para assistir ao document\u00e1rio e aproveitem as sugest\u00f5es postadas no portal Conex\u00e3o Escola para fortalecer ainda mais os v\u00ednculos com seu beb\u00ea!<\/p>\n\n\n\n<figure class=\"wp-block-image\"><a href=\"https:\/\/ocomecodavida.com.br\/vinculo\/\"><img decoding=\"async\" src=\"https:\/\/lh6.googleusercontent.com\/LwoYURHGay3sRfJCe2o6OThJUAmWK2K8ycwFyzUnyRLCqx14-JLguDR1L32ro8pZbhh8o-fjOqDIxsFfyjmwnPG5JrjT1wLNAtChe_BBs2uYhGc6A-CcUO8YmYCJqytSacvfDQgS\" alt=\"\"\/><\/a><\/figure>\n\n\n\n<p><\/p>\n\n\n\n<hr class=\"wp-block-separator\"\/>\n\n\n\n<p class=\"has-text-align-center\"><br><a href=\"http:\/\/sme.goiania.go.gov.br\/conexaoescola\/ei_categoria\/criancas-pequenas\/\">Educa\u00e7\u00e3o Infantil &#8211; Beb\u00eas<\/a><\/p>\n","protected":false},"author":13,"featured_media":1531,"template":"","ei_categoria":[10],"class_list":["post-1529","educacao_infantil","type-educacao_infantil","status-publish","has-post-thumbnail","hentry","ei_categoria-bebes","entry","has-media"],"acf":[],"_links":{"self":[{"href":"https:\/\/sme.goiania.go.gov.br\/conexaoescola\/wp-json\/wp\/v2\/educacao_infantil\/1529","targetHints":{"allow":["GET"]}}],"collection":[{"href":"https:\/\/sme.goiania.go.gov.br\/conexaoescola\/wp-json\/wp\/v2\/educacao_infantil"}],"about":[{"href":"https:\/\/sme.goiania.go.gov.br\/conexaoescola\/wp-json\/wp\/v2\/types\/educacao_infantil"}],"author":[{"embeddable":true,"href":"https:\/\/sme.goiania.go.gov.br\/conexaoescola\/wp-json\/wp\/v2\/users\/13"}],"wp:featuredmedia":[{"embeddable":true,"href":"https:\/\/sme.goiania.go.gov.br\/conexaoescola\/wp-json\/wp\/v2\/media\/1531"}],"wp:attachment":[{"href":"https:\/\/sme.goiania.go.gov.br\/conexaoescola\/wp-json\/wp\/v2\/media?parent=1529"}],"wp:term":[{"taxonomy":"ei_categoria","embeddable":true,"href":"https:\/\/sme.goiania.go.gov.br\/conexaoescola\/wp-json\/wp\/v2\/ei_categoria?post=1529"}],"curies":[{"name":"wp","href":"https:\/\/api.w.org\/{rel}","templated":true}]}}