{"id":152369,"date":"2022-10-10T11:24:45","date_gmt":"2022-10-10T14:24:45","guid":{"rendered":"https:\/\/sme.goiania.go.gov.br\/conexaoescola\/?post_type=educacao_infantil&#038;p=152369"},"modified":"2023-02-21T22:12:03","modified_gmt":"2023-02-22T01:12:03","slug":"criancas-vamos-ler-com-a-lele","status":"publish","type":"educacao_infantil","link":"https:\/\/sme.goiania.go.gov.br\/conexaoescola\/educacao_infantil\/criancas-vamos-ler-com-a-lele\/","title":{"rendered":"Crian\u00e7as vamos ler com a Lel\u00ea?"},"content":{"rendered":"<div class=\"wp-block-image is-style-default\">\n<figure class=\"aligncenter size-full\"><img fetchpriority=\"high\" decoding=\"async\" width=\"610\" height=\"763\" src=\"https:\/\/sme.goiania.go.gov.br\/conexaoescola\/wp-content\/uploads\/2022\/10\/conta-leleee-e1665411335308.png\" alt=\"\" class=\"wp-image-152370\" srcset=\"https:\/\/sme.goiania.go.gov.br\/conexaoescola\/wp-content\/uploads\/2022\/10\/conta-leleee-e1665411335308.png 610w, https:\/\/sme.goiania.go.gov.br\/conexaoescola\/wp-content\/uploads\/2022\/10\/conta-leleee-e1665411335308-240x300.png 240w\" sizes=\"(max-width: 610px) 100vw, 610px\" \/><figcaption class=\"wp-element-caption\">Contadora de hist\u00f3ria segurando pandeiro: &nbsp;Fonte: Canal da Lel\u00ea. Dispon\u00edvel em:&nbsp;http:\/\/contalele.com.br\/<\/figcaption><\/figure><\/div>\n\n\n<p class=\"has-text-align-center wp-embed-aspect-16-9 wp-has-aspect-ratio has-black-color has-luminous-vivid-orange-background-color has-text-color has-background has-medium-font-size\"><strong>Quanto mais cedo a crian\u00e7a \u00e9 inserida no mundo das hist\u00f3rias maiores s\u00e3o as possibilidades dela apreciar e gostar da leitura.  <\/strong><\/p>\n\n\n\n<p class=\"has-text-align-center wp-embed-aspect-16-9 wp-has-aspect-ratio has-black-color has-text-color has-background has-medium-font-size\" style=\"background-color:#fed3b4\"><strong>E o primeiro contato com o mundo das hist\u00f3rias se d\u00e1 pela media\u00e7\u00e3o do adulto. \u00c9 o adulto que apresenta o livro, as figuras, os personagens, que l\u00ea e encena para a crian\u00e7a. <\/strong><\/p>\n\n\n\n<p class=\"has-text-align-center wp-embed-aspect-16-9 wp-has-aspect-ratio has-black-color has-luminous-vivid-orange-background-color has-text-color has-background has-medium-font-size\"><strong>Por isso, \u00e9 fundamental que cotidianamente seja oportunizado a elas a aprecia\u00e7\u00e3o de hist\u00f3rias orais e escritas.<\/strong><\/p>\n\n\n\n<p class=\"has-text-align-center wp-embed-aspect-16-9 wp-has-aspect-ratio has-black-color has-text-color has-background has-medium-font-size\" style=\"background-color:#fed3b4\"><strong>O movimento de apreciar e ler hist\u00f3rias em fam\u00edlia proporciona \u00e0 crian\u00e7a momentos de descobertas, de amplia\u00e7\u00e3o dos la\u00e7os afetivos, favorece a constru\u00e7\u00e3o do h\u00e1bito de leitura e, consequentemente, promove desenvolvimento.<\/strong><\/p>\n\n\n\n<p class=\"has-text-align-center wp-embed-aspect-16-9 wp-has-aspect-ratio has-black-color has-luminous-vivid-orange-background-color has-text-color has-background has-medium-font-size\"><strong>Que tal convidar o seu filho(a) para apreciar juntos a conta\u00e7\u00e3o de algumas hist\u00f3rias?<\/strong><\/p>\n\n\n\n<p class=\"has-text-align-center has-black-color has-text-color has-background has-medium-font-size\" style=\"background-color:#fed3b4\"><strong>O canal no youtube &#8220;Conta Lel\u00ea&#8221;, produzido pela atriz, poetisa, cordelista e contadora de hist\u00f3rias Let\u00edcia Mour\u00e3o, possui um conjunto de hist\u00f3rias que podem deixar as trocas familiares ainda mais prazerosas. Vamos conferir?<\/strong><\/p>\n\n\n\n<hr class=\"wp-block-separator has-css-opacity\"\/>\n\n\n\n<figure class=\"wp-block-embed is-type-video is-provider-youtube wp-block-embed-youtube wp-embed-aspect-16-9 wp-has-aspect-ratio\"><div class=\"wp-block-embed__wrapper\">\n<p class=\"responsive-video-wrap clr\"><iframe title=\"Hist\u00f3ria: O SANDU\u00cdCHE DA MARICOTA de AVELINO GUEDES\" width=\"1200\" height=\"675\" src=\"https:\/\/www.youtube.com\/embed\/wN0CnuSv23c?feature=oembed\" frameborder=\"0\" allow=\"accelerometer; autoplay; clipboard-write; encrypted-media; gyroscope; picture-in-picture; web-share\" allowfullscreen><\/iframe><\/p>\n<\/div><figcaption class=\"wp-element-caption\"> Canal: Conta lel\u00ea. Dispon\u00edvel em:  https:\/\/youtu.be\/wN0CnuSv23c<\/figcaption><\/figure>\n\n\n\n<figure class=\"wp-block-embed is-type-video is-provider-youtube wp-block-embed-youtube wp-embed-aspect-16-9 wp-has-aspect-ratio\"><div class=\"wp-block-embed__wrapper\">\n<p class=\"responsive-video-wrap clr\"><iframe title=\"Hist\u00f3ria: A PRIMAVERA DA LAGARTA de RUTH ROCHA|Conta Lel\u00ea\" width=\"1200\" height=\"675\" src=\"https:\/\/www.youtube.com\/embed\/b8RnKYd-GtQ?feature=oembed\" frameborder=\"0\" allow=\"accelerometer; autoplay; clipboard-write; encrypted-media; gyroscope; picture-in-picture; web-share\" allowfullscreen><\/iframe><\/p>\n<\/div><figcaption class=\"wp-element-caption\">  Canal: Conta lel\u00ea. Dispon\u00edvel em:  <a href=\"https:\/\/youtu.be\/b8RnKYd-GtQ\">https:\/\/youtu.be\/wN0CnuSv23c <\/a><\/figcaption><\/figure>\n\n\n\n<figure class=\"wp-block-embed is-type-video is-provider-youtube wp-block-embed-youtube wp-embed-aspect-16-9 wp-has-aspect-ratio\"><div class=\"wp-block-embed__wrapper\">\n<p class=\"responsive-video-wrap clr\"><iframe title=\"Hist\u00f3ria em: O JACAREZINHO EGO\u00cdSTA de  CHLORIS ARRUDA DE ARAUJO|Conta Lel\u00ea\" width=\"1200\" height=\"675\" src=\"https:\/\/www.youtube.com\/embed\/8xYPdy9WRQM?feature=oembed\" frameborder=\"0\" allow=\"accelerometer; autoplay; clipboard-write; encrypted-media; gyroscope; picture-in-picture; web-share\" allowfullscreen><\/iframe><\/p>\n<\/div><figcaption class=\"wp-element-caption\">  Canal: Conta lel\u00ea. Dispon\u00edvel em:  https:\/\/youtu.be\/8xYPdy9WRQM<\/figcaption><\/figure>\n\n\n\n<figure class=\"wp-block-table is-style-stripes\"><table><tbody><tr><td>Proponentes\/Curadoria<\/td><td>NEC<\/td><\/tr><tr><td>Parceiros<\/td><td>Conta Lel\u00ea<\/td><\/tr><\/tbody><\/table><figcaption class=\"wp-element-caption\">Educa\u00e7\u00e3o Infantil &#8211; Crian\u00e7as bem pequenas<\/figcaption><\/figure>\n\n\n\n<p><\/p>\n","protected":false},"author":16,"featured_media":152370,"template":"","ei_categoria":[12],"class_list":["post-152369","educacao_infantil","type-educacao_infantil","status-publish","has-post-thumbnail","hentry","ei_categoria-criancas-pequenas","entry","has-media"],"acf":[],"_links":{"self":[{"href":"https:\/\/sme.goiania.go.gov.br\/conexaoescola\/wp-json\/wp\/v2\/educacao_infantil\/152369","targetHints":{"allow":["GET"]}}],"collection":[{"href":"https:\/\/sme.goiania.go.gov.br\/conexaoescola\/wp-json\/wp\/v2\/educacao_infantil"}],"about":[{"href":"https:\/\/sme.goiania.go.gov.br\/conexaoescola\/wp-json\/wp\/v2\/types\/educacao_infantil"}],"author":[{"embeddable":true,"href":"https:\/\/sme.goiania.go.gov.br\/conexaoescola\/wp-json\/wp\/v2\/users\/16"}],"wp:featuredmedia":[{"embeddable":true,"href":"https:\/\/sme.goiania.go.gov.br\/conexaoescola\/wp-json\/wp\/v2\/media\/152370"}],"wp:attachment":[{"href":"https:\/\/sme.goiania.go.gov.br\/conexaoescola\/wp-json\/wp\/v2\/media?parent=152369"}],"wp:term":[{"taxonomy":"ei_categoria","embeddable":true,"href":"https:\/\/sme.goiania.go.gov.br\/conexaoescola\/wp-json\/wp\/v2\/ei_categoria?post=152369"}],"curies":[{"name":"wp","href":"https:\/\/api.w.org\/{rel}","templated":true}]}}