{"id":147964,"date":"2022-08-15T22:02:53","date_gmt":"2022-08-16T01:02:53","guid":{"rendered":"https:\/\/sme.goiania.go.gov.br\/conexaoescola\/?post_type=educacao_infantil&#038;p=147964"},"modified":"2022-08-15T22:02:54","modified_gmt":"2022-08-16T01:02:54","slug":"bebe-vamos-conhecer-o-territorio-do-brincar","status":"publish","type":"educacao_infantil","link":"https:\/\/sme.goiania.go.gov.br\/conexaoescola\/educacao_infantil\/bebe-vamos-conhecer-o-territorio-do-brincar\/","title":{"rendered":"Beb\u00ea, vamos conhecer o Territ\u00f3rio do Brincar?"},"content":{"rendered":"\n<div class=\"wp-block-image\"><figure class=\"aligncenter size-large\"><img fetchpriority=\"high\" decoding=\"async\" width=\"1024\" height=\"1024\" src=\"https:\/\/sme.goiania.go.gov.br\/conexaoescola\/wp-content\/uploads\/2022\/08\/WhatsApp-Image-2022-08-15-at-16.22.00-e1660591531433-1024x1024.jpeg\" alt=\"\" class=\"wp-image-147965\" srcset=\"https:\/\/sme.goiania.go.gov.br\/conexaoescola\/wp-content\/uploads\/2022\/08\/WhatsApp-Image-2022-08-15-at-16.22.00-e1660591531433-1024x1024.jpeg 1024w, https:\/\/sme.goiania.go.gov.br\/conexaoescola\/wp-content\/uploads\/2022\/08\/WhatsApp-Image-2022-08-15-at-16.22.00-e1660591531433-300x300.jpeg 300w, https:\/\/sme.goiania.go.gov.br\/conexaoescola\/wp-content\/uploads\/2022\/08\/WhatsApp-Image-2022-08-15-at-16.22.00-e1660591531433-150x150.jpeg 150w, https:\/\/sme.goiania.go.gov.br\/conexaoescola\/wp-content\/uploads\/2022\/08\/WhatsApp-Image-2022-08-15-at-16.22.00-e1660591531433-768x767.jpeg 768w, https:\/\/sme.goiania.go.gov.br\/conexaoescola\/wp-content\/uploads\/2022\/08\/WhatsApp-Image-2022-08-15-at-16.22.00-e1660591531433.jpeg 1080w\" sizes=\"(max-width: 1024px) 100vw, 1024px\" \/><figcaption>Foto: Instagram Territ\u00f3rio do Brincar<\/figcaption><\/figure><\/div>\n\n\n\n<p class=\"has-text-align-center has-black-color has-text-color has-background has-medium-font-size\" style=\"background-color:#5e8fab\"><strong>A <span class=\"has-inline-color has-white-color\">brincadeira<\/span><span class=\"has-inline-color has-black-color\"> \u00e9 a p<\/span>rincipal atividade da crian\u00e7a<\/strong> <strong>e \u00e9 fundamental para o processo de aprendizagem, desenvolvimento e forma\u00e7\u00e3o humana. <\/strong> <\/p>\n\n\n\n<p class=\"has-text-align-center has-black-color has-text-color has-background has-medium-font-size\" style=\"background-color:#47b88f\"> <strong>E como a<span class=\"has-inline-color has-black-color\"> crian\u00e7a a<\/span>prende a <span class=\"has-inline-color has-white-color\">brincar<\/span>?  <\/strong><\/p>\n\n\n\n<p class=\"has-text-align-center has-black-color has-text-color has-background has-medium-font-size\" style=\"background-color:#5e8fab\"> <strong>Desde o seu nascimento a partir das m\u00faltiplas rela\u00e7\u00f5es com o outro e com o mundo.<\/strong> <\/p>\n\n\n\n<p class=\"has-text-align-center has-black-color has-text-color has-background has-medium-font-size\" style=\"background-color:#47b88f\"> <strong>Ao <span class=\"has-inline-color has-white-color\">brincar<\/span> a crian\u00e7a insere-se em diferentes contextos de aprendizagens e de apropria\u00e7\u00e3o cultural. <\/strong> <\/p>\n\n\n\n<p class=\"has-black-color has-text-color has-background has-medium-font-size\" style=\"background-color:#c1e0ed\"> <strong>Por isso, \u00e9 fundamental que <span class=\"has-inline-color has-white-color\">cotidianamente<\/span> ela conhe\u00e7a<span class=\"has-inline-color has-black-color\">, aprenda e brinque <\/span>de diferentes formas, em diferentes<span class=\"has-inline-color has-black-color\"> tempos e espa\u00e7os <\/span>com outras crian\u00e7as e adultos. <\/strong> <\/p>\n\n\n\n<p class=\"has-text-align-center has-black-color has-text-color has-background has-medium-font-size\" style=\"background-color:#5e8fab\"> <strong>Voc\u00ea j\u00e1 ouviu falar do programa<span class=\"has-inline-color has-black-color\"> <\/span><span class=\"has-inline-color has-white-color\">&#8220;Territ\u00f3rio do Brincar&#8221;<\/span><span class=\"has-inline-color has-black-color\">? <\/span><\/strong> <\/p>\n\n\n\n<p class=\"has-text-align-center has-black-color has-text-color has-background has-medium-font-size\" style=\"background-color:#47b88f\"> <strong>O<span class=\"has-inline-color has-black-color\"> <\/span><span class=\"has-inline-color has-white-color\">Territ\u00f3rio do Brincar<\/span><span class=\"has-inline-color has-black-color\"> \u00e9 u<\/span>m programa que contempla um trabalho de escuta, interc\u00e2mbio de saberes, de registro e difus\u00e3o da cultura infantil<\/strong>. <strong>Ele \u00e9 coordenado pela educadora Renata Meirelles e pelo documentarista David Reeks e correalizado pelo Instituto Alana.<\/strong> <\/p>\n\n\n\n<p class=\"has-text-align-center has-black-color has-text-color has-background has-medium-font-size\" style=\"background-color:#47b88f\"><strong>Vamos apreciar? <\/strong> <\/p>\n\n\n\n<hr class=\"wp-block-separator\"\/>\n\n\n\n<figure class=\"wp-block-embed is-type-video is-provider-youtube wp-block-embed-youtube wp-embed-aspect-16-9 wp-has-aspect-ratio\"><div class=\"wp-block-embed__wrapper\">\n<p class=\"responsive-video-wrap clr\"><iframe title=\"Por tr\u00e1s do Filme - 02 - Temas do Brincar\" width=\"1200\" height=\"675\" src=\"https:\/\/www.youtube.com\/embed\/uN4JUFnSFaw?feature=oembed\" frameborder=\"0\" allow=\"accelerometer; autoplay; clipboard-write; encrypted-media; gyroscope; picture-in-picture; web-share\" allowfullscreen><\/iframe><\/p>\n<\/div><\/figure>\n\n\n\n<p class=\"has-text-align-center has-black-color has-text-color has-background has-medium-font-size\" style=\"background-color:#c1e0ed\"><strong>Nas propostas \u00e9 poss\u00edvel conhecer as mais variadas  formas de brincar em todos os cantos do Brasil. Que tal conhecer out<\/strong><span class=\"has-inline-color has-black-color\"><strong>ras <\/strong><\/span><strong><span class=\"has-inline-color has-white-color\">culturas do brincar<\/span><\/strong><span class=\"has-inline-color has-black-color\"><strong>? <\/strong> <\/span><\/p>\n\n\n\n<p class=\"has-text-align-center has-black-color has-text-color has-background has-medium-font-size\" style=\"background-color:#47b88f\"> <strong>Convide toda a fam\u00edlia para conhecer e se inspirar. Afinal, para aprender e<span class=\"has-inline-color has-black-color\"> <\/span><span class=\"has-inline-color has-white-color\">brincar<\/span><span class=\"has-inline-color has-black-color\"> \u00e9 <\/span>s\u00f3 come\u00e7ar!<\/strong> <\/p>\n\n\n\n<hr class=\"wp-block-separator\"\/>\n\n\n\n<figure class=\"wp-block-embed is-type-video is-provider-youtube wp-block-embed-youtube wp-embed-aspect-16-9 wp-has-aspect-ratio\"><div class=\"wp-block-embed__wrapper\">\n<p class=\"responsive-video-wrap clr\"><iframe title=\"Rastros da Pandemia (SP) I Brincar Livre: de dentro para fora (2022)\" width=\"1200\" height=\"675\" src=\"https:\/\/www.youtube.com\/embed\/i3dpRaC38Ns?feature=oembed\" frameborder=\"0\" allow=\"accelerometer; autoplay; clipboard-write; encrypted-media; gyroscope; picture-in-picture; web-share\" allowfullscreen><\/iframe><\/p>\n<\/div><\/figure>\n\n\n\n<figure class=\"wp-block-embed is-type-video is-provider-youtube wp-block-embed-youtube wp-embed-aspect-16-9 wp-has-aspect-ratio\"><div class=\"wp-block-embed__wrapper\">\n<p class=\"responsive-video-wrap clr\"><iframe title=\"Trailer | Brincar Livre: de dentro para fora (SP) (2022) | Legendas e Libras\" width=\"1200\" height=\"675\" src=\"https:\/\/www.youtube.com\/embed\/CblpHXqOav4?feature=oembed\" frameborder=\"0\" allow=\"accelerometer; autoplay; clipboard-write; encrypted-media; gyroscope; picture-in-picture; web-share\" allowfullscreen><\/iframe><\/p>\n<\/div><\/figure>\n\n\n\n<figure class=\"wp-block-table is-style-stripes\"><table><tbody><tr><td>Proponentes\/Curadoria<\/td><td>NEC<\/td><\/tr><tr><td>Parceiros\/Autoriza\u00e7\u00e3o<\/td><td>Territ\u00f3rio do brincar<\/td><\/tr><\/tbody><\/table><figcaption>Educa\u00e7\u00e3o Infantil &#8211; Beb\u00eas<\/figcaption><\/figure>\n","protected":false},"author":15,"featured_media":147965,"template":"","ei_categoria":[10],"class_list":["post-147964","educacao_infantil","type-educacao_infantil","status-publish","has-post-thumbnail","hentry","ei_categoria-bebes","entry","has-media"],"acf":[],"_links":{"self":[{"href":"https:\/\/sme.goiania.go.gov.br\/conexaoescola\/wp-json\/wp\/v2\/educacao_infantil\/147964","targetHints":{"allow":["GET"]}}],"collection":[{"href":"https:\/\/sme.goiania.go.gov.br\/conexaoescola\/wp-json\/wp\/v2\/educacao_infantil"}],"about":[{"href":"https:\/\/sme.goiania.go.gov.br\/conexaoescola\/wp-json\/wp\/v2\/types\/educacao_infantil"}],"author":[{"embeddable":true,"href":"https:\/\/sme.goiania.go.gov.br\/conexaoescola\/wp-json\/wp\/v2\/users\/15"}],"wp:featuredmedia":[{"embeddable":true,"href":"https:\/\/sme.goiania.go.gov.br\/conexaoescola\/wp-json\/wp\/v2\/media\/147965"}],"wp:attachment":[{"href":"https:\/\/sme.goiania.go.gov.br\/conexaoescola\/wp-json\/wp\/v2\/media?parent=147964"}],"wp:term":[{"taxonomy":"ei_categoria","embeddable":true,"href":"https:\/\/sme.goiania.go.gov.br\/conexaoescola\/wp-json\/wp\/v2\/ei_categoria?post=147964"}],"curies":[{"name":"wp","href":"https:\/\/api.w.org\/{rel}","templated":true}]}}