{"id":144710,"date":"2022-05-26T09:16:46","date_gmt":"2022-05-26T12:16:46","guid":{"rendered":"https:\/\/sme.goiania.go.gov.br\/conexaoescola\/?post_type=educacao_infantil&#038;p=144710"},"modified":"2023-02-22T13:34:07","modified_gmt":"2023-02-22T16:34:07","slug":"cantar-e-dancar-com-o-ma-me-mi-mo-musica","status":"publish","type":"educacao_infantil","link":"https:\/\/sme.goiania.go.gov.br\/conexaoescola\/educacao_infantil\/cantar-e-dancar-com-o-ma-me-mi-mo-musica\/","title":{"rendered":"Cantar e dan\u00e7ar com o Ma-me-mi-mo-m\u00fasica!"},"content":{"rendered":"<div class=\"wp-block-image is-style-rounded\">\n<figure class=\"aligncenter size-large\"><img fetchpriority=\"high\" decoding=\"async\" width=\"1024\" height=\"685\" src=\"https:\/\/sme.goiania.go.gov.br\/conexaoescola\/wp-content\/uploads\/2022\/05\/WhatsApp-Image-2022-05-25-at-12.00.00-1-1024x685.jpeg\" alt=\"\" class=\"wp-image-144717\" srcset=\"https:\/\/sme.goiania.go.gov.br\/conexaoescola\/wp-content\/uploads\/2022\/05\/WhatsApp-Image-2022-05-25-at-12.00.00-1-1024x685.jpeg 1024w, https:\/\/sme.goiania.go.gov.br\/conexaoescola\/wp-content\/uploads\/2022\/05\/WhatsApp-Image-2022-05-25-at-12.00.00-1-300x201.jpeg 300w, https:\/\/sme.goiania.go.gov.br\/conexaoescola\/wp-content\/uploads\/2022\/05\/WhatsApp-Image-2022-05-25-at-12.00.00-1-768x514.jpeg 768w, https:\/\/sme.goiania.go.gov.br\/conexaoescola\/wp-content\/uploads\/2022\/05\/WhatsApp-Image-2022-05-25-at-12.00.00-1.jpeg 1078w\" sizes=\"(max-width: 1024px) 100vw, 1024px\" \/><figcaption class=\"wp-element-caption\">Artistas Ma Me Mi Mo M\u00fasica. Foto: Instagram Ma-me-mi-mo-m\u00fasica<\/figcaption><\/figure><\/div>\n\n\n<p class=\"has-text-align-center wp-embed-aspect-16-9 wp-has-aspect-ratio has-black-color has-text-color has-background has-medium-font-size\" style=\"background-color:#f7802b\"> <strong>Conhecer as diferentes <span class=\"has-inline-color has-white-color\">manifesta\u00e7\u00f5es culturais<\/span> e <span class=\"has-inline-color has-white-color\">art\u00edsticas<\/span> \u00e9 um&nbsp;direito de todas as crian\u00e7as. <\/strong><\/p>\n\n\n\n<p class=\"has-text-align-center wp-embed-aspect-16-9 wp-has-aspect-ratio has-black-color has-text-color has-background has-medium-font-size\" style=\"background-color:#f26666\"><strong>\u00c9 importante que elas tenham a oportunidade de&nbsp;<span class=\"has-inline-color has-white-color\">apreciar<\/span>, <span class=\"has-inline-color has-white-color\">conhecer<\/span> e <span class=\"has-inline-color has-white-color\">identificar<\/span>&nbsp;diferentes artistas e g\u00eaneros musicais.<\/strong> <\/p>\n\n\n\n<p class=\"has-text-align-center wp-embed-aspect-16-9 wp-has-aspect-ratio has-black-color has-text-color has-background has-medium-font-size\" style=\"background-color:#ffa96b\"><strong>Atrav\u00e9s da m\u00fasica, as crian\u00e7as podem desenvolver diferentes aspectos da vida, tais como:\u00a0a sensibilidade, a capacidade de comunica\u00e7\u00e3o, a express\u00e3o de diferentes sentimentos e a constru\u00e7\u00e3o de <mark style=\"background-color:rgba(0, 0, 0, 0)\" class=\"has-inline-color has-white-color\">repert\u00f3rio<\/mark>.<\/strong> <\/p>\n\n\n\n<p class=\"has-text-align-center wp-embed-aspect-16-9 wp-has-aspect-ratio has-black-color has-text-color has-background has-medium-font-size\" style=\"background-color:#f7802b\"><strong>Que tal conhecer o canal <span class=\"has-inline-color has-white-color\">Ma-me-mi-mo-m\u00fasica<\/span>, idealizado pelos artistas Rodrigo Carneiro, Diego Sangali e Mayara Pereira? <\/strong><\/p>\n\n\n\n<p class=\"has-text-align-center wp-embed-aspect-16-9 wp-has-aspect-ratio has-black-color has-text-color has-background has-medium-font-size\" style=\"background-color:#f26666\"> <strong>A ideia do canal \u00e9 que pais e filhos possam brincar de embarcar juntos no universo da <mark style=\"background-color:rgba(0, 0, 0, 0)\" class=\"has-inline-color has-white-color\">m\u00fasica<\/mark>. Vamos conhecer?<\/strong> <\/p>\n\n\n\n<figure class=\"wp-block-embed is-type-video is-provider-youtube wp-block-embed-youtube wp-embed-aspect-16-9 wp-has-aspect-ratio\"><div class=\"wp-block-embed__wrapper\">\n<p class=\"responsive-video-wrap clr\"><iframe title=\"Para um Mundo Melhor.\" width=\"1200\" height=\"675\" src=\"https:\/\/www.youtube.com\/embed\/dnmAcSeygmY?feature=oembed\" frameborder=\"0\" allow=\"accelerometer; autoplay; clipboard-write; encrypted-media; gyroscope; picture-in-picture; web-share\" allowfullscreen><\/iframe><\/p>\n<\/div><figcaption class=\"wp-element-caption\"> Canal  Ma Me Mi Mo M\u00fasica. Dispon\u00edvel em:  https:\/\/youtu.be\/dnmAcSeygmY<\/figcaption><\/figure>\n\n\n\n<figure class=\"wp-block-embed is-type-video is-provider-youtube wp-block-embed-youtube wp-embed-aspect-16-9 wp-has-aspect-ratio\"><div class=\"wp-block-embed__wrapper\">\n<p class=\"responsive-video-wrap clr\"><iframe title=\"Para um Mundo Melhor.\" width=\"1200\" height=\"675\" src=\"https:\/\/www.youtube.com\/embed\/dnmAcSeygmY?feature=oembed\" frameborder=\"0\" allow=\"accelerometer; autoplay; clipboard-write; encrypted-media; gyroscope; picture-in-picture; web-share\" allowfullscreen><\/iframe><\/p>\n<\/div><figcaption class=\"wp-element-caption\"> Canal  Ma Me Mi Mo M\u00fasica. Dispon\u00edvel em:  https:\/\/youtu.be\/dnmAcSeygmY<\/figcaption><\/figure>\n\n\n\n<figure class=\"wp-block-table wp-embed-aspect-16-9 wp-has-aspect-ratio\"><table><tbody><tr><td>Proponentes\/Curadoria<\/td><td>NEC<\/td><\/tr><tr><td>Parceiros<\/td><td>Ma Me Mo M\u00fasica<\/td><\/tr><\/tbody><\/table><figcaption class=\"wp-element-caption\"> Canal  Ma Me Mi Mo M\u00fasica. Dispon\u00edvel em:  https:\/\/youtu.be\/dnmAcSeygmY<\/figcaption><\/figure>\n","protected":false},"author":15,"featured_media":144717,"template":"","ei_categoria":[12],"class_list":["post-144710","educacao_infantil","type-educacao_infantil","status-publish","has-post-thumbnail","hentry","ei_categoria-criancas-pequenas","entry","has-media"],"acf":[],"_links":{"self":[{"href":"https:\/\/sme.goiania.go.gov.br\/conexaoescola\/wp-json\/wp\/v2\/educacao_infantil\/144710","targetHints":{"allow":["GET"]}}],"collection":[{"href":"https:\/\/sme.goiania.go.gov.br\/conexaoescola\/wp-json\/wp\/v2\/educacao_infantil"}],"about":[{"href":"https:\/\/sme.goiania.go.gov.br\/conexaoescola\/wp-json\/wp\/v2\/types\/educacao_infantil"}],"author":[{"embeddable":true,"href":"https:\/\/sme.goiania.go.gov.br\/conexaoescola\/wp-json\/wp\/v2\/users\/15"}],"wp:featuredmedia":[{"embeddable":true,"href":"https:\/\/sme.goiania.go.gov.br\/conexaoescola\/wp-json\/wp\/v2\/media\/144717"}],"wp:attachment":[{"href":"https:\/\/sme.goiania.go.gov.br\/conexaoescola\/wp-json\/wp\/v2\/media?parent=144710"}],"wp:term":[{"taxonomy":"ei_categoria","embeddable":true,"href":"https:\/\/sme.goiania.go.gov.br\/conexaoescola\/wp-json\/wp\/v2\/ei_categoria?post=144710"}],"curies":[{"name":"wp","href":"https:\/\/api.w.org\/{rel}","templated":true}]}}