{"id":142336,"date":"2022-04-25T11:17:58","date_gmt":"2022-04-25T14:17:58","guid":{"rendered":"https:\/\/sme.goiania.go.gov.br\/conexaoescola\/?post_type=educacao_infantil&#038;p=142336"},"modified":"2023-02-22T13:43:40","modified_gmt":"2023-02-22T16:43:40","slug":"olha-bebe-aqui-tem-arte","status":"publish","type":"educacao_infantil","link":"https:\/\/sme.goiania.go.gov.br\/conexaoescola\/educacao_infantil\/olha-bebe-aqui-tem-arte\/","title":{"rendered":"Olha beb\u00ea, aqui tem Arte!"},"content":{"rendered":"<div class=\"wp-block-image is-style-default\">\n<figure class=\"aligncenter size-full\"><img decoding=\"async\" src=\"https:\/\/sme.goiania.go.gov.br\/conexaoescola\/wp-content\/uploads\/2022\/04\/araras-aproveite-a-cidade-e1650895000247.png\" alt=\"\" class=\"wp-image-142356\"\/><figcaption class=\"wp-element-caption\">Arte Urbana. Dispon\u00edvem em: Instagram Aproveite a Cidade<\/figcaption><\/figure><\/div>\n\n\n<p class=\"has-text-align-center has-black-color has-text-color has-background has-medium-font-size\" style=\"background-color:#00d0b8\"><strong>A crian\u00e7a constr\u00f3i a sua&nbsp;<span class=\"has-inline-color has-white-color\">identidade pessoal e cultural&nbsp;<\/span>se relacionando com as pessoas e com o mundo ao seu redor. E \u00e9 nessa rela\u00e7\u00e3o com o outro e com tudo a sua volta que&nbsp;ela <span class=\"has-inline-color has-white-color\">aprende e se desenvolve<\/span>.<\/strong><\/p>\n\n\n\n<p class=\"has-text-align-center has-black-color has-text-color has-background has-medium-font-size\" style=\"background-color:#f6bbe3\"><strong>Por isso, \u00e9 fundamental que desde beb\u00ea a crian\u00e7a tenha acesso a experi\u00eancias&nbsp;que possibilitem<span class=\"has-inline-color has-black-color\"> a amplia\u00e7\u00e3o do seu repert\u00f3rio&nbsp;art\u00edstico, cultural, cient\u00edfico e&nbsp;etc.<\/span><\/strong><\/p>\n\n\n\n<p class=\"has-text-align-center has-black-color has-text-color has-background has-medium-font-size\" style=\"background-color:#00d0b8\"><strong>Por exemplo, ter acesso \u00e0s diferentes express\u00f5es art\u00edsticas e culturais da sua cidade \u00e9 um\u00a0<mark style=\"background-color:rgba(0, 0, 0, 0)\" class=\"has-inline-color has-white-color\">direito de toda crian\u00e7a<\/mark><\/strong>,\u00a0<strong>al\u00e9m de ser uma oportunidade para\u00a0<mark style=\"background-color:rgba(0, 0, 0, 0)\" class=\"has-inline-color has-white-color\">conhecer, apreciar e se apropriar<\/mark>\u00a0do mundo ao seu redor.<\/strong><\/p>\n\n\n\n<p class=\"has-text-align-center has-black-color has-text-color has-background has-medium-font-size\" style=\"background-color:#f6bbe3\"><strong>J\u00e1 ouviu falar em <span class=\"has-inline-color has-black-color\">Arte Urbana?<\/span>&nbsp;J\u00e1 parou para observar a arte cotidiana espalhada pelas ruas?<\/strong><\/p>\n\n\n\n<p class=\"has-text-align-center has-black-color has-text-color has-background has-medium-font-size\" style=\"background-color:#00d0b8\"><strong>A&nbsp;Arte&nbsp;se apresenta de diferentes formas, em diferentes tempos e espa\u00e7os!<\/strong><\/p>\n\n\n\n<p class=\"has-text-align-center has-black-color has-text-color has-background has-medium-font-size\" style=\"background-color:#f6bbe3\"><strong>O Cana<span class=\"has-inline-color has-black-color\">l&nbsp;Aproveite a Cidade&nbsp;fez <\/span>um tour pelas ruas de Goi\u00e2nia e descobriu diferentes pontos em que a Arte Urbana se faz presente.<\/strong><\/p>\n\n\n\n<p class=\"has-text-align-center has-black-color has-text-color has-background has-medium-font-size\" style=\"background-color:#00d0b8\"><strong>Quer conferir? Clique na imagem a seguir:<\/strong><\/p>\n\n\n\n<figure class=\"wp-block-embed is-type-video is-provider-youtube wp-block-embed-youtube wp-embed-aspect-16-9 wp-has-aspect-ratio\"><div class=\"wp-block-embed__wrapper\">\n<p class=\"responsive-video-wrap clr\"><iframe title=\"6 murais maravilhosos em Goi\u00e2nia e que voc\u00ea tem que conhecer! #shorts\" width=\"1200\" height=\"675\" src=\"https:\/\/www.youtube.com\/embed\/tV1zhxRdoCw?feature=oembed\" frameborder=\"0\" allow=\"accelerometer; autoplay; clipboard-write; encrypted-media; gyroscope; picture-in-picture\" allowfullscreen><\/iframe><\/p>\n<\/div><figcaption class=\"wp-element-caption\"> Canal do Youtube \u2013 Aproveite a Cidade. Dispon\u00edvel em: https:\/\/youtu.be\/tV1zhxRdoCw<\/figcaption><\/figure>\n\n\n\n<p class=\"has-text-align-center has-black-color has-text-color has-background has-medium-font-size\" style=\"background-color:#faf400\"><strong>Que tal fazer um passeio com seu <mark style=\"background-color:rgba(0, 0, 0, 0)\" class=\"has-inline-color has-vivid-red-color\">beb\u00ea<\/mark> para apreciar a Arte Urbana? <\/strong><\/p>\n\n\n\n<figure class=\"wp-block-table is-style-stripes\"><table><tbody><tr><td>Proponentes\/Curadoria<\/td><td>NEC<\/td><\/tr><tr><td>Parceiros<\/td><td>Aproveite a Cidade<\/td><\/tr><\/tbody><\/table><figcaption class=\"wp-element-caption\">Educa\u00e7\u00e3o Infantil &#8211; Beb\u00eas <\/figcaption><\/figure>\n","protected":false},"author":16,"featured_media":142356,"template":"","ei_categoria":[10],"class_list":["post-142336","educacao_infantil","type-educacao_infantil","status-publish","has-post-thumbnail","hentry","ei_categoria-bebes","entry","has-media"],"acf":[],"_links":{"self":[{"href":"https:\/\/sme.goiania.go.gov.br\/conexaoescola\/wp-json\/wp\/v2\/educacao_infantil\/142336","targetHints":{"allow":["GET"]}}],"collection":[{"href":"https:\/\/sme.goiania.go.gov.br\/conexaoescola\/wp-json\/wp\/v2\/educacao_infantil"}],"about":[{"href":"https:\/\/sme.goiania.go.gov.br\/conexaoescola\/wp-json\/wp\/v2\/types\/educacao_infantil"}],"author":[{"embeddable":true,"href":"https:\/\/sme.goiania.go.gov.br\/conexaoescola\/wp-json\/wp\/v2\/users\/16"}],"wp:featuredmedia":[{"embeddable":true,"href":"https:\/\/sme.goiania.go.gov.br\/conexaoescola\/wp-json\/wp\/v2\/media\/142356"}],"wp:attachment":[{"href":"https:\/\/sme.goiania.go.gov.br\/conexaoescola\/wp-json\/wp\/v2\/media?parent=142336"}],"wp:term":[{"taxonomy":"ei_categoria","embeddable":true,"href":"https:\/\/sme.goiania.go.gov.br\/conexaoescola\/wp-json\/wp\/v2\/ei_categoria?post=142336"}],"curies":[{"name":"wp","href":"https:\/\/api.w.org\/{rel}","templated":true}]}}