{"id":141063,"date":"2022-04-11T09:15:29","date_gmt":"2022-04-11T12:15:29","guid":{"rendered":"https:\/\/sme.goiania.go.gov.br\/conexaoescola\/?post_type=educacao_infantil&#038;p=141063"},"modified":"2023-02-22T15:23:35","modified_gmt":"2023-02-22T18:23:35","slug":"conviver-alimentar-e-estar-junto","status":"publish","type":"educacao_infantil","link":"https:\/\/sme.goiania.go.gov.br\/conexaoescola\/educacao_infantil\/conviver-alimentar-e-estar-junto\/","title":{"rendered":"Conviver, alimentar e estar junto!"},"content":{"rendered":"<div class=\"wp-block-image is-style-default\">\n<figure class=\"aligncenter size-large is-resized\"><img fetchpriority=\"high\" decoding=\"async\" src=\"https:\/\/sme.goiania.go.gov.br\/conexaoescola\/wp-content\/uploads\/2022\/04\/WhatsApp-Image-2022-04-08-at-10.56.24-e1649678434333-1024x683.jpeg\" alt=\"\" class=\"wp-image-141541\" width=\"653\" height=\"435\" srcset=\"https:\/\/sme.goiania.go.gov.br\/conexaoescola\/wp-content\/uploads\/2022\/04\/WhatsApp-Image-2022-04-08-at-10.56.24-e1649678434333-1024x683.jpeg 1024w, https:\/\/sme.goiania.go.gov.br\/conexaoescola\/wp-content\/uploads\/2022\/04\/WhatsApp-Image-2022-04-08-at-10.56.24-e1649678434333-300x200.jpeg 300w, https:\/\/sme.goiania.go.gov.br\/conexaoescola\/wp-content\/uploads\/2022\/04\/WhatsApp-Image-2022-04-08-at-10.56.24-e1649678434333-768x512.jpeg 768w, https:\/\/sme.goiania.go.gov.br\/conexaoescola\/wp-content\/uploads\/2022\/04\/WhatsApp-Image-2022-04-08-at-10.56.24-e1649678434333.jpeg 1280w\" sizes=\"(max-width: 653px) 100vw, 653px\" \/><figcaption class=\"wp-element-caption\">Crian\u00e7as segurando uma ma\u00e7\u00e3 na m\u00e3o. Dispon\u00edvel em: pixabay<\/figcaption><\/figure><\/div>\n\n\n<p class=\"has-text-align-center has-text-color has-background has-medium-font-size\" style=\"color:#01080b;background-color:#fbab73\"><strong>O ato de se alimentar, al\u00e9m de uma necessidade biol\u00f3gica \u00e9 tamb\u00e9m uma <span class=\"has-inline-color has-white-color\">pr\u00e1tica cultural<\/span> vivenciada pelo homem desde a sua chegada ao mundo. <\/strong><\/p>\n\n\n\n<p class=\"has-text-align-center has-text-color has-background has-medium-font-size\" style=\"color:#01080b;background-color:#e1cdf4\"><strong><mark style=\"background-color:rgba(0, 0, 0, 0)\" class=\"has-inline-color has-black-color\"> A rela\u00e7\u00e3o que estabelecemos com os alimentos envolve diversos aspectos: prefer\u00eancias, formas, ritmos de se alimentar, o cuidado com o outro,  intera\u00e7\u00f5es e o estabelecimento de rela\u00e7\u00f5es sociais.<\/mark><\/strong><\/p>\n\n\n\n<p class=\"has-text-align-center has-background has-medium-font-size\" style=\"background-color:#fbab73\"><strong>Por isso, \u00e9  fundamental que seja oportunizado para as crian\u00e7as desde beb\u00eas, situa\u00e7\u00f5es que envolvam <span class=\"has-inline-color has-white-color\">o conhecimento acerca das caracter\u00edsticas dos alimentos<\/span>, da <span class=\"has-inline-color has-white-color\">fun\u00e7\u00e3o social da alimenta\u00e7\u00e3o<\/span> e suas <span class=\"has-inline-color has-white-color\">pr\u00e1ticas culturais<\/span>.<\/strong><\/p>\n\n\n\n<p class=\"has-text-align-center has-background has-medium-font-size\" style=\"background-color:#fbab73\"><strong>O momento da alimenta\u00e7\u00e3o representa mais do que a ingest\u00e3o de alimentos necess\u00e1rios para o bom funcionamento do corpo das crian\u00e7as. Esses momentos envolvem a <span class=\"has-inline-color has-white-color\">constru\u00e7\u00e3o de mem\u00f3rias, de v\u00ednculos afetivos, a amplia\u00e7\u00e3o de conhecimentos<\/span>, dentre outros aspectos. <\/strong><\/p>\n\n\n\n<p class=\"has-text-align-center has-black-color has-text-color has-background has-medium-font-size\" style=\"background-color:#e1cdf4\"><strong>A coordenador<mark style=\"background-color:rgba(0, 0, 0, 0)\" class=\"has-inline-color has-black-color\">a Nara Mendes, do CMEI Jardim Colorado, gr<\/mark>avou um v\u00eddeo para as crian\u00e7as e fam\u00edlias da RME explicando sobre a import\u00e2ncia da alimenta\u00e7\u00e3o saud\u00e1vel no cotidiano familiar e, ao final, sugere uma brincadeira bem divertida.  <\/strong><\/p>\n\n\n\n<p class=\"has-text-align-center has-background has-medium-font-size\" style=\"background-color:#fbab73\"><strong>Clique no v\u00eddeo e divirtam-se!<\/strong><\/p>\n\n\n\n<figure class=\"wp-block-embed is-type-video is-provider-youtube wp-block-embed-youtube wp-embed-aspect-16-9 wp-has-aspect-ratio\"><div class=\"wp-block-embed__wrapper\">\n<p class=\"responsive-video-wrap clr\"><iframe title=\"Chegou a Hora da Brincadeira da Comida Brasileira!\" width=\"1200\" height=\"675\" src=\"https:\/\/www.youtube.com\/embed\/RN0-5lp9124?feature=oembed\" frameborder=\"0\" allow=\"accelerometer; autoplay; clipboard-write; encrypted-media; gyroscope; picture-in-picture; web-share\" allowfullscreen><\/iframe><\/p>\n<\/div><figcaption class=\"wp-element-caption\">Canal do Youtube CMEI Jardim Colorado. Dispon\u00edvel em: https:\/\/youtu.be\/RN0-5lp9124<\/figcaption><\/figure>\n\n\n\n<hr class=\"wp-block-separator has-css-opacity\"\/>\n\n\n\n<p class=\"has-text-align-center has-background has-medium-font-size\" style=\"background-color:#e1cdf4\"><strong>Que tal promover situa\u00e7\u00f5es de<span class=\"has-inline-color has-black-color\"> intera\u00e7\u00f5es e trocas familiares nos momentos das refei\u00e7\u00f5es? <\/span><\/strong><\/p>\n\n\n\n<p class=\"has-text-align-center has-background has-medium-font-size\" style=\"background-color:#fbab73\">&#8211; <strong>Fa\u00e7am refei\u00e7\u00f5es sempre que puderem juntos(as); <\/strong><\/p>\n\n\n\n<p class=\"has-text-align-center has-background has-medium-font-size\" style=\"background-color:#fbab73\">&#8211;<strong><span class=\"has-inline-color has-white-color\"> <\/span><span class=\"has-inline-color has-black-color\">Dialoguem<\/span> em fam\u00edlia sobre a origem e o descarte correto dos alimentos; <\/strong><\/p>\n\n\n\n<p class=\"has-text-align-center has-background has-medium-font-size\" style=\"background-color:#fbab73\"><strong>&#8211; Fa\u00e7am juntos, sempre que for poss\u00edvel, receitas tradicionais da fam\u00edlia.<\/strong>  <\/p>\n\n\n\n<hr class=\"wp-block-separator has-css-opacity\"\/>\n\n\n\n<p class=\"has-text-align-center has-pale-cyan-blue-background-color has-background has-normal-font-size\"><strong>Quer saber mais? Veja as dicas no Canal do Youtube da Christiana Lobo acerca da alimenta\u00e7\u00e3o saud\u00e1vel das crian\u00e7as. <\/strong><\/p>\n\n\n\n<hr class=\"wp-block-separator has-css-opacity\"\/>\n\n\n\n<figure class=\"wp-block-embed is-type-video is-provider-youtube wp-block-embed-youtube wp-embed-aspect-16-9 wp-has-aspect-ratio\"><div class=\"wp-block-embed__wrapper\">\n<p class=\"responsive-video-wrap clr\"><iframe title=\"PRATO COLORIDO - Dificuldades para seu filho comer? O que fazer?\" width=\"1200\" height=\"675\" src=\"https:\/\/www.youtube.com\/embed\/NxyPkG6G_vY?start=20&#038;feature=oembed\" frameborder=\"0\" allow=\"accelerometer; autoplay; clipboard-write; encrypted-media; gyroscope; picture-in-picture; web-share\" allowfullscreen><\/iframe><\/p>\n<\/div><figcaption class=\"wp-element-caption\">Canal do Youtube &#8211; Christiana Lobo. Dispon\u00edvel em: https:\/\/youtu.be\/NxyPkG6G_vY<\/figcaption><\/figure>\n\n\n\n<figure class=\"wp-block-table is-style-stripes\"><table><tbody><tr><td>Proponentes\/Curadoria<\/td><td>NEC<\/td><\/tr><tr><td>Professor(a) Convidada<\/td><td>Nara Mendes<\/td><\/tr><tr><td>Parceiros<\/td><td>Canal do Youtube Christiana Lobo<\/td><\/tr><\/tbody><\/table><figcaption class=\"wp-element-caption\">Educa\u00e7\u00e3o Infantil &#8211; Crian\u00e7as pequenas <\/figcaption><\/figure>\n","protected":false},"author":16,"featured_media":141541,"template":"","ei_categoria":[12],"class_list":["post-141063","educacao_infantil","type-educacao_infantil","status-publish","has-post-thumbnail","hentry","ei_categoria-criancas-pequenas","entry","has-media"],"acf":[],"_links":{"self":[{"href":"https:\/\/sme.goiania.go.gov.br\/conexaoescola\/wp-json\/wp\/v2\/educacao_infantil\/141063","targetHints":{"allow":["GET"]}}],"collection":[{"href":"https:\/\/sme.goiania.go.gov.br\/conexaoescola\/wp-json\/wp\/v2\/educacao_infantil"}],"about":[{"href":"https:\/\/sme.goiania.go.gov.br\/conexaoescola\/wp-json\/wp\/v2\/types\/educacao_infantil"}],"author":[{"embeddable":true,"href":"https:\/\/sme.goiania.go.gov.br\/conexaoescola\/wp-json\/wp\/v2\/users\/16"}],"wp:featuredmedia":[{"embeddable":true,"href":"https:\/\/sme.goiania.go.gov.br\/conexaoescola\/wp-json\/wp\/v2\/media\/141541"}],"wp:attachment":[{"href":"https:\/\/sme.goiania.go.gov.br\/conexaoescola\/wp-json\/wp\/v2\/media?parent=141063"}],"wp:term":[{"taxonomy":"ei_categoria","embeddable":true,"href":"https:\/\/sme.goiania.go.gov.br\/conexaoescola\/wp-json\/wp\/v2\/ei_categoria?post=141063"}],"curies":[{"name":"wp","href":"https:\/\/api.w.org\/{rel}","templated":true}]}}