{"id":131497,"date":"2021-09-06T21:20:40","date_gmt":"2021-09-07T00:20:40","guid":{"rendered":"https:\/\/sme.goiania.go.gov.br\/conexaoescola\/?post_type=educacao_infantil&#038;p=131497"},"modified":"2021-09-06T21:44:46","modified_gmt":"2021-09-07T00:44:46","slug":"vem-aprender-com-a-natureza","status":"publish","type":"educacao_infantil","link":"https:\/\/sme.goiania.go.gov.br\/conexaoescola\/educacao_infantil\/vem-aprender-com-a-natureza\/","title":{"rendered":"Vem aprender com a natureza!"},"content":{"rendered":"\n<figure class=\"wp-block-image is-resized is-style-rounded\"><img fetchpriority=\"high\" decoding=\"async\" src=\"https:\/\/lunetas.com.br\/wp-content\/uploads\/2015\/07\/brincadeiras-sensoriais.jpg.webp\" alt=\"A m\u00e3o de uma crian\u00e7a tocando uma flor vermelha, que nasceu no asfalto.\" width=\"833\" height=\"467\"\/><figcaption>Fonte: Portal Lunetas<\/figcaption><\/figure>\n\n\n\n<p class=\"has-text-align-center has-black-color has-text-color has-background has-medium-font-size\" style=\"background-color:#d14d2e\"><strong>A <span class=\"has-inline-color has-white-color\">natureza <\/span>\u00e9 fonte de descobertas e aprendizagens<\/strong>!<\/p>\n\n\n\n<p class=\"has-text-align-center has-black-color has-text-color has-background has-medium-font-size\" style=\"background-color:#e8f968\"><strong>O contato com a natureza \u00e9 muito importante para o <span class=\"has-inline-color has-vivid-red-color\">desenvolvimento integral<\/span> dos beb\u00eas. \u00c9 explorando os elementos que comp\u00f5em a natureza dentro e fora de casa que eles aprendem sobre sua <span class=\"has-inline-color has-vivid-red-color\">exist\u00eancia<\/span>, o <span class=\"has-inline-color has-vivid-red-color\">ciclo da vida<\/span> e a import\u00e2ncia de <span class=\"has-inline-color has-vivid-red-color\">respeitar e preservar o meio ambiente<\/span>.<\/strong><\/p>\n\n\n\n<p class=\"has-text-align-center has-black-color has-text-color has-background has-medium-font-size\" style=\"background-color:#87b0a1\"><strong>Por que brincar com a <span class=\"has-inline-color has-vivid-red-color\">natureza<\/span>?<\/strong><\/p>\n\n\n\n<p class=\"has-text-align-center has-black-color has-text-color has-background has-medium-font-size\" style=\"background-color:#fdb17b\"><strong>A idealizadora do Programa <span class=\"has-inline-color has-vivid-red-color\">&#8220;Ser Crian\u00e7a \u00e9 Natural&#8221;<\/span> do Instituto Rom\u00e3, Ana Carol Thom\u00e9 responde essa pergunta, vamos assistir?<\/strong><\/p>\n\n\n\n<figure class=\"wp-block-embed is-type-video is-provider-youtube wp-block-embed-youtube wp-embed-aspect-16-9 wp-has-aspect-ratio\"><div class=\"wp-block-embed__wrapper\">\n<p class=\"responsive-video-wrap clr\"><iframe title=\"Narrativas naturais | Por que brincar com a natureza?\" width=\"1200\" height=\"675\" src=\"https:\/\/www.youtube.com\/embed\/m-jUOChZwWA?feature=oembed\" frameborder=\"0\" allow=\"accelerometer; autoplay; clipboard-write; encrypted-media; gyroscope; picture-in-picture\" allowfullscreen><\/iframe><\/p>\n<\/div><figcaption>Canal: Ser Crian\u00e7a \u00e9 natural<\/figcaption><\/figure>\n\n\n\n<p class=\"has-text-align-center has-black-color has-text-color has-background has-medium-font-size\" style=\"background-color:#d14d2e\"><strong>Brincar na natureza permite as crian\u00e7as o<span class=\"has-inline-color has-white-color\"> livre olhar<\/span> e a <span class=\"has-inline-color has-white-color\">investiga\u00e7\u00e3o<\/span>! Que tal aproveitar as dicas da Ana Carol Thom\u00e9 do canal Ser Crian\u00e7a \u00e9 Natural? <\/strong><\/p>\n\n\n\n<p class=\"has-text-align-center has-black-color has-text-color has-background has-medium-font-size\" style=\"background-color:#e8f968\"><strong>Separe um tempinho com seu beb\u00ea para <span class=\"has-inline-color has-vivid-red-color\">explorar a natureza dentro e fora de casa<\/span>. Registre esses momentos por meio v\u00eddeos e fotos e compartilhe com a sua Institui\u00e7\u00e3o Educacional. <\/strong><\/p>\n\n\n\n<figure class=\"wp-block-table is-style-stripes\"><table><tbody><tr><td>Proponentes\/Curadoria<\/td><td>NEC<\/td><\/tr><tr><td>Parceiros\/Autoriza\u00e7\u00e3o<\/td><td>Canal do Youtube &#8220;Ser crian\u00e7a \u00e9 natural&#8221;<\/td><\/tr><\/tbody><\/table><figcaption>Educa\u00e7\u00e3o Infantil &#8211; Beb\u00eas<\/figcaption><\/figure>\n\n\n\n<p><\/p>\n","protected":false},"author":16,"featured_media":131500,"template":"","ei_categoria":[10],"class_list":["post-131497","educacao_infantil","type-educacao_infantil","status-publish","has-post-thumbnail","hentry","ei_categoria-bebes","entry","has-media"],"acf":[],"_links":{"self":[{"href":"https:\/\/sme.goiania.go.gov.br\/conexaoescola\/wp-json\/wp\/v2\/educacao_infantil\/131497","targetHints":{"allow":["GET"]}}],"collection":[{"href":"https:\/\/sme.goiania.go.gov.br\/conexaoescola\/wp-json\/wp\/v2\/educacao_infantil"}],"about":[{"href":"https:\/\/sme.goiania.go.gov.br\/conexaoescola\/wp-json\/wp\/v2\/types\/educacao_infantil"}],"author":[{"embeddable":true,"href":"https:\/\/sme.goiania.go.gov.br\/conexaoescola\/wp-json\/wp\/v2\/users\/16"}],"wp:featuredmedia":[{"embeddable":true,"href":"https:\/\/sme.goiania.go.gov.br\/conexaoescola\/wp-json\/wp\/v2\/media\/131500"}],"wp:attachment":[{"href":"https:\/\/sme.goiania.go.gov.br\/conexaoescola\/wp-json\/wp\/v2\/media?parent=131497"}],"wp:term":[{"taxonomy":"ei_categoria","embeddable":true,"href":"https:\/\/sme.goiania.go.gov.br\/conexaoescola\/wp-json\/wp\/v2\/ei_categoria?post=131497"}],"curies":[{"name":"wp","href":"https:\/\/api.w.org\/{rel}","templated":true}]}}